{"id":300,"date":"2009-10-10T23:27:51","date_gmt":"2009-10-10T21:27:51","guid":{"rendered":"http:\/\/www.heimatverein-delligsen.de\/hvd20\/?page_id=300"},"modified":"2009-12-10T13:47:10","modified_gmt":"2009-12-10T11:47:10","slug":"delligser-luftbilder","status":"publish","type":"page","link":"https:\/\/www.heimatverein-delligsen.de\/?page_id=300","title":{"rendered":"Delligser Luftbilder"},"content":{"rendered":"<div data-animation=\"no-animation\" data-icons-animation=\"wobble\" data-overlay=\"\" data-change-size=\"\" data-button-size=\"1\" style=\"font-size:1em!important;display:none;\" class=\"supsystic-social-sharing supsystic-social-sharing-package-flat supsystic-social-sharing-hide-on-homepage supsystic-social-sharing-hide-on-mobile supsystic-social-sharing-spacing supsystic-social-sharing-content supsystic-social-sharing-content-align-right\" data-text=\"\"><a data-networks=\"[]\" class=\"social-sharing-button sharer-flat sharer-flat-4 counter-standard without-counter facebook\" target=\"_blank\" title=\"Facebook\" href=\"http:\/\/www.facebook.com\/sharer.php?u=https%3A%2F%2Fwww.heimatverein-delligsen.de%2F%3Fpage_id%3D300\" data-main-href=\"http:\/\/www.facebook.com\/sharer.php?u={url}\" data-nid=\"1\" data-name=\"\" data-pid=\"1\" data-post-id=\"300\" data-url=\"https:\/\/www.heimatverein-delligsen.de\/hvd20\/wp-admin\/admin-ajax.php\" rel=\"nofollow\" data-mailto=\"\"><i class=\"fa-ssbs fa-ssbs-fw fa-ssbs-facebook\"><\/i><div class=\"counter-wrap standard\"><span class=\"counter\">0<\/span><\/div><\/a><a data-networks=\"[]\" class=\"social-sharing-button sharer-flat sharer-flat-4 counter-standard without-counter twitter\" target=\"_blank\" title=\"Twitter\" href=\"https:\/\/twitter.com\/share?url=https%3A%2F%2Fwww.heimatverein-delligsen.de%2F%3Fpage_id%3D300&text=Delligser+Luftbilder\" data-main-href=\"https:\/\/twitter.com\/share?url={url}&text={title}\" data-nid=\"2\" data-name=\"\" data-pid=\"1\" data-post-id=\"300\" data-url=\"https:\/\/www.heimatverein-delligsen.de\/hvd20\/wp-admin\/admin-ajax.php\" rel=\"nofollow\" data-mailto=\"\"><i class=\"fa-ssbs fa-ssbs-fw fa-ssbs-twitter\"><\/i><div class=\"counter-wrap standard\"><span class=\"counter\">0<\/span><\/div><\/a><a data-networks=\"[]\" class=\"social-sharing-button sharer-flat sharer-flat-4 counter-standard without-counter googleplus\" target=\"_blank\" title=\"Google+\" href=\"https:\/\/plus.google.com\/share?url=https%3A%2F%2Fwww.heimatverein-delligsen.de%2F%3Fpage_id%3D300\" data-main-href=\"https:\/\/plus.google.com\/share?url={url}\" data-nid=\"3\" data-name=\"\" data-pid=\"1\" data-post-id=\"300\" data-url=\"https:\/\/www.heimatverein-delligsen.de\/hvd20\/wp-admin\/admin-ajax.php\" rel=\"nofollow\" data-mailto=\"\"><i class=\"fa-ssbs fa-ssbs-fw fa-ssbs-google-plus\"><\/i><div class=\"counter-wrap standard\"><span class=\"counter\">0<\/span><\/div><\/a><a data-networks=\"[]\" class=\"social-sharing-button sharer-flat sharer-flat-4 counter-standard without-counter mail\" target=\"_blank\" title=\"Mail\" href=\"#\" data-main-href=\"#\" data-nid=\"16\" data-name=\"\" data-pid=\"1\" data-post-id=\"300\" data-url=\"https:\/\/www.heimatverein-delligsen.de\/hvd20\/wp-admin\/admin-ajax.php\" rel=\"nofollow\" data-mailto=\"\"><i class=\"fa-ssbs fa-ssbs-fw fa-ssbs-envelope-o\"><\/i><div class=\"counter-wrap standard\"><span class=\"counter\">0<\/span><\/div><\/a><a data-networks=\"[]\" class=\"social-sharing-button sharer-flat sharer-flat-4 counter-standard without-counter print\" target=\"_blank\" title=\"Drucken\" href=\"#\" data-main-href=\"#\" data-nid=\"14\" data-name=\"\" data-pid=\"1\" data-post-id=\"300\" data-url=\"https:\/\/www.heimatverein-delligsen.de\/hvd20\/wp-admin\/admin-ajax.php\" rel=\"nofollow\" data-mailto=\"\"><i class=\"fa-ssbs fa-ssbs-fw fa-ssbs-print\"><\/i><div class=\"counter-wrap standard\"><span class=\"counter\">0<\/span><\/div><\/a><\/div><div data-animation=\"no-animation\" data-icons-animation=\"no-animation\" data-overlay=\"\" data-change-size=\"\" data-button-size=\"0.7\" style=\"font-size:0.7em!important;display:none;\" class=\"supsystic-social-sharing supsystic-social-sharing-package-flat supsystic-social-sharing-hide-on-homepage supsystic-social-sharing-show-only-on-mobile supsystic-social-sharing-spacing supsystic-social-sharing-content supsystic-social-sharing-content-align-center\" data-text=\"\"><a data-networks=\"[]\" class=\"social-sharing-button sharer-flat sharer-flat-4 counter-standard without-counter facebook\" target=\"_blank\" title=\"Facebook\" href=\"http:\/\/www.facebook.com\/sharer.php?u=https%3A%2F%2Fwww.heimatverein-delligsen.de%2F%3Fpage_id%3D300\" data-main-href=\"http:\/\/www.facebook.com\/sharer.php?u={url}\" data-nid=\"1\" data-name=\"\" data-pid=\"2\" data-post-id=\"300\" data-url=\"https:\/\/www.heimatverein-delligsen.de\/hvd20\/wp-admin\/admin-ajax.php\" rel=\"nofollow\" data-mailto=\"\"><i class=\"fa-ssbs fa-ssbs-fw fa-ssbs-facebook\"><\/i><div class=\"counter-wrap standard\"><span class=\"counter\">1<\/span><\/div><\/a><a data-networks=\"[]\" class=\"social-sharing-button sharer-flat sharer-flat-4 counter-standard without-counter whatsapp\" target=\"_blank\" title=\"WhatsApp\" href=\"https:\/\/web.whatsapp.com\/send?text=https%3A%2F%2Fwww.heimatverein-delligsen.de%2F%3Fpage_id%3D300\" data-main-href=\"https:\/\/web.whatsapp.com\/send?text={url}\" data-nid=\"18\" data-name=\"\" data-pid=\"2\" data-post-id=\"300\" data-url=\"https:\/\/www.heimatverein-delligsen.de\/hvd20\/wp-admin\/admin-ajax.php\" rel=\"nofollow\" data-mailto=\"\"><i class=\"fa-ssbs fa-ssbs-fw fa-ssbs-whatsapp\"><\/i><div class=\"counter-wrap standard\"><span class=\"counter\">2<\/span><\/div><\/a><a data-networks=\"[]\" class=\"social-sharing-button sharer-flat sharer-flat-4 counter-standard without-counter twitter\" target=\"_blank\" title=\"Twitter\" href=\"https:\/\/twitter.com\/share?url=https%3A%2F%2Fwww.heimatverein-delligsen.de%2F%3Fpage_id%3D300&text=Delligser+Luftbilder\" data-main-href=\"https:\/\/twitter.com\/share?url={url}&text={title}\" data-nid=\"2\" data-name=\"\" data-pid=\"2\" data-post-id=\"300\" data-url=\"https:\/\/www.heimatverein-delligsen.de\/hvd20\/wp-admin\/admin-ajax.php\" rel=\"nofollow\" data-mailto=\"\"><i class=\"fa-ssbs fa-ssbs-fw fa-ssbs-twitter\"><\/i><div class=\"counter-wrap standard\"><span class=\"counter\">0<\/span><\/div><\/a><a data-networks=\"[]\" class=\"social-sharing-button sharer-flat sharer-flat-4 counter-standard without-counter googleplus\" target=\"_blank\" title=\"Google+\" href=\"https:\/\/plus.google.com\/share?url=https%3A%2F%2Fwww.heimatverein-delligsen.de%2F%3Fpage_id%3D300\" data-main-href=\"https:\/\/plus.google.com\/share?url={url}\" data-nid=\"3\" data-name=\"\" data-pid=\"2\" data-post-id=\"300\" data-url=\"https:\/\/www.heimatverein-delligsen.de\/hvd20\/wp-admin\/admin-ajax.php\" rel=\"nofollow\" data-mailto=\"\"><i class=\"fa-ssbs fa-ssbs-fw fa-ssbs-google-plus\"><\/i><div class=\"counter-wrap standard\"><span class=\"counter\">0<\/span><\/div><\/a><a data-networks=\"[]\" class=\"social-sharing-button sharer-flat sharer-flat-4 counter-standard without-counter mail\" target=\"_blank\" title=\"Mail\" href=\"#\" data-main-href=\"#\" data-nid=\"16\" data-name=\"\" data-pid=\"2\" data-post-id=\"300\" data-url=\"https:\/\/www.heimatverein-delligsen.de\/hvd20\/wp-admin\/admin-ajax.php\" rel=\"nofollow\" data-mailto=\"\"><i class=\"fa-ssbs fa-ssbs-fw fa-ssbs-envelope-o\"><\/i><div class=\"counter-wrap standard\"><span class=\"counter\">2<\/span><\/div><\/a><\/div><p><strong>F\u00fcr vergr\u00f6\u00dferte Ansicht auf die Bilder klicken!<\/strong><br \/>\nAchtung: Das Laden des Bildes kann etwas l\u00e4nger dauern, es sind sehr gro\u00dfe Dateien!<\/p>\n<table border=\"0\">\n<tbody>\n<tr>\n<td><a href=\"http:\/\/www.heimatverein-delligsen.de\/luftbilder\/data\/Delligsen_vom_Birkholz.jpg\" target=\"about_blank\"> <\/a><a href=\"http:\/\/www.heimatverein-delligsen.de\/luftbilder\/data\/Delligsen_vom_Birkholz.jpg\" target=\"about_blank\"><img decoding=\"async\" src=\"http:\/\/www.heimatverein-delligsen.de\/luftbilder\/Delligsen_vom_Birkholz.jpg\" alt=\"\" \/><br \/>\n<\/a><\/td>\n<td>Delligsen: Ortsansicht, aus Richtung Birkholz fotografiert<\/p>\n<p>Bildgr\u00f6\u00dfe: 0,98 MB<\/td>\n<\/tr>\n<\/tbody>\n<\/table>\n<table border=\"0\">\n<tbody>\n<tr>\n<td><a href=\"http:\/\/www.heimatverein-delligsen.de\/luftbilder\/data\/Delligsen_Mitte.jpg\" target=\"about_blank\"><br \/>\n<img decoding=\"async\" src=\"http:\/\/www.heimatverein-delligsen.de\/luftbilder\/Delligsen_Mitte.jpg\" alt=\"\" \/><br \/>\n<\/a><\/td>\n<td>Delligsen: Ortsmitte, aus Richtung R\u00f6hnberg fotografiert<\/p>\n<p>Bildgr\u00f6\u00dfe: 1,12 MB<\/td>\n<\/tr>\n<\/tbody>\n<\/table>\n<table border=\"0\">\n<tbody>\n<tr>\n<td><a href=\"http:\/\/www.heimatverein-delligsen.de\/luftbilder\/data\/Delligsen_Guelderweg.jpg\" target=\"about_blank\"><br \/>\n<img decoding=\"async\" src=\"http:\/\/www.heimatverein-delligsen.de\/luftbilder\/Delligsen_Guelderweg.jpg\" alt=\"\" \/><br \/>\n<\/a><\/td>\n<td>Delligsen: G\u00fclder Weg und Hilsstra\u00dfe<\/p>\n<p>Bildgr\u00f6\u00dfe: 1,03 MB<\/td>\n<\/tr>\n<\/tbody>\n<\/table>\n<table border=\"0\">\n<tbody>\n<tr>\n<td><a href=\"http:\/\/www.heimatverein-delligsen.de\/luftbilder\/data\/Delligsen_Hasselhorst.jpg\" target=\"about_blank\"><br \/>\n<img decoding=\"async\" src=\"http:\/\/www.heimatverein-delligsen.de\/luftbilder\/Delligsen_Hasselhorst.jpg\" alt=\"\" \/><br \/>\n<\/a><\/td>\n<td>Delligsen: Hasselhorst, Ahornweg und Birkenweg<\/p>\n<p>Bildgr\u00f6\u00dfe: 1,03 MB<\/td>\n<\/tr>\n<\/tbody>\n<\/table>\n<table border=\"0\">\n<tbody>\n<tr>\n<td><a href=\"http:\/\/www.heimatverein-delligsen.de\/luftbilder\/data\/Delligsen_Hilsstr.jpg\" target=\"about_blank\"><br \/>\n<img decoding=\"async\" src=\"http:\/\/www.heimatverein-delligsen.de\/luftbilder\/Delligsen_Hilsstr.jpg\" alt=\"\" \/><br \/>\n<\/a><\/td>\n<td>Delligsen: Hilsstra\u00dfe, aus Richtung Steinberg \/ Maschstra\u00dfe fotografiertBildgr\u00f6\u00dfe: 1,24 MB<\/td>\n<\/tr>\n<\/tbody>\n<\/table>\n<table border=\"0\">\n<tbody>\n<tr>\n<td><a href=\"http:\/\/www.heimatverein-delligsen.de\/luftbilder\/data\/Delligsen_Hinter_dem_Wasser.jpg\" target=\"about_blank\"><br \/>\n<img decoding=\"async\" src=\"http:\/\/www.heimatverein-delligsen.de\/luftbilder\/Delligsen_Hinter_dem_Wasser.jpg\" alt=\"\" \/><br \/>\n<\/a><\/td>\n<td>Delligsen: Hinter dem Wasser und Hilsstra\u00dfe<\/p>\n<p>Bildgr\u00f6\u00dfe: 1,02 MB<\/td>\n<\/tr>\n<\/tbody>\n<\/table>\n<table border=\"0\">\n<tbody>\n<tr>\n<td><a href=\"http:\/\/www.heimatverein-delligsen.de\/luftbilder\/data\/Delligsen_Hochstr.jpg\" target=\"about_blank\"><br \/>\n<img decoding=\"async\" src=\"http:\/\/www.heimatverein-delligsen.de\/luftbilder\/Delligsen_Hochstr.jpg\" alt=\"\" \/> <\/a><\/td>\n<td>Delligsen: Am Campe und Hochstra\u00dfe<\/p>\n<p>Bildgr\u00f6\u00dfe: 0,97 MB<\/td>\n<\/tr>\n<\/tbody>\n<\/table>\n<table border=\"0\">\n<tbody>\n<tr>\n<td><a href=\"http:\/\/www.heimatverein-delligsen.de\/luftbilder\/data\/Delligsen_Kleingaerten.jpg\" target=\"about_blank\"><br \/>\n<img decoding=\"async\" src=\"http:\/\/www.heimatverein-delligsen.de\/luftbilder\/Delligsen_Kleingaerten.jpg\" alt=\"\" \/><br \/>\n<\/a><\/td>\n<td>Delligsen: Kleingartenanlage am Steinberg<\/p>\n<p>Bildgr\u00f6\u00dfe: 1,31 MB<\/td>\n<\/tr>\n<\/tbody>\n<\/table>\n<table border=\"0\">\n<tbody>\n<tr>\n<td><a href=\"http:\/\/www.heimatverein-delligsen.de\/luftbilder\/data\/Delligsen_Pestalozziweg.jpg\" target=\"about_blank\"><br \/>\n<img decoding=\"async\" src=\"http:\/\/www.heimatverein-delligsen.de\/luftbilder\/Delligsen_Pestalozziweg.jpg\" alt=\"\" \/><br \/>\n<\/a><\/td>\n<td>Delligsen: Pestalozziweg \/ R\u00f6hnbergstra\u00dfe<\/p>\n<p>Bildgr\u00f6\u00dfe: 1,17 MB<\/td>\n<\/tr>\n<\/tbody>\n<\/table>\n<table border=\"0\">\n<tbody>\n<tr>\n<td><a href=\"http:\/\/www.heimatverein-delligsen.de\/luftbilder\/data\/Delligsen_Rhoenbergstr.jpg\" target=\"about_blank\"><br \/>\n<img decoding=\"async\" src=\"http:\/\/www.heimatverein-delligsen.de\/luftbilder\/Delligsen_Mitte.jpg\" alt=\"\" \/><br \/>\n<\/a><\/td>\n<td>Delligsen: R\u00f6nhbergstra\u00dfe \/ Hochstra\u00dfe, aus Richtung Steinberg fotografiert<\/p>\n<p>Bildgr\u00f6\u00dfe: 1,10 MB<\/td>\n<\/tr>\n<\/tbody>\n<\/table>\n<table border=\"0\">\n<tbody>\n<tr>\n<td><a href=\"http:\/\/www.heimatverein-delligsen.de\/luftbilder\/data\/Delligsen_Schulstr.jpg\" target=\"about_blank\"><br \/>\n<img decoding=\"async\" src=\"http:\/\/www.heimatverein-delligsen.de\/luftbilder\/Delligsen_Schulstr.jpg\" alt=\"\" \/><br \/>\n<\/a><\/td>\n<td>Delligsen: Schulstra\u00dfe und katholische Kirche<\/p>\n<p>Bildgr\u00f6\u00dfe: 0,98 MB<\/td>\n<\/tr>\n<\/tbody>\n<\/table>\n<table border=\"0\">\n<tbody>\n<tr>\n<td><a href=\"http:\/\/www.heimatverein-delligsen.de\/luftbilder\/data\/Delligsen_Supermaerkte.jpg\" target=\"about_blank\"><br \/>\n<img decoding=\"async\" src=\"http:\/\/www.heimatverein-delligsen.de\/luftbilder\/Delligsen_Supermaerkte.jpg\" alt=\"\" \/><br \/>\n<\/a><\/td>\n<td>Delligsen: Superm\u00e4rkte im Unterdorf und Dr.-Jasper-Stra\u00dfe, aus Richtung Steinberg fotografiertBildgr\u00f6\u00dfe: 0,98 MB<\/td>\n<\/tr>\n<\/tbody>\n<\/table>\n<table border=\"0\">\n<tbody>\n<tr>\n<td><a href=\"http:\/\/www.heimatverein-delligsen.de\/luftbilder\/data\/Delligsen_Winkelstr.jpg\" target=\"about_blank\"><br \/>\n<img decoding=\"async\" src=\"http:\/\/www.heimatverein-delligsen.de\/luftbilder\/Delligsen_Winkelstr.jpg\" alt=\"\" \/><br \/>\n<\/a><\/td>\n<td>Delligsen: Untere Winkelstra\u00dfe, Festsaal und Schulen<\/p>\n<p>Bildgr\u00f6\u00dfe: 1,04 MB<\/td>\n<\/tr>\n<\/tbody>\n<\/table>\n<table border=\"0\">\n<tbody>\n<tr>\n<td><a href=\"http:\/\/www.heimatverein-delligsen.de\/luftbilder\/data\/Doerpmuehle.jpg\" target=\"about_blank\"><br \/>\n<img decoding=\"async\" src=\"http:\/\/www.heimatverein-delligsen.de\/luftbilder\/Doerpmuehle.jpg\" alt=\"\" \/> <\/a><\/td>\n<td>Delligsen: Die D\u00f6rpm\u00fchle des Heimatvereins<\/p>\n<p>Bildgr\u00f6\u00dfe: 0,12 MB<\/td>\n<\/tr>\n<\/tbody>\n<\/table>\n<table border=\"0\">\n<tbody>\n<tr>\n<td><a href=\"http:\/\/www.heimatverein-delligsen.de\/luftbilder\/data\/Gruenenplan.jpg\" target=\"about_blank\"><br \/>\n<img decoding=\"async\" src=\"http:\/\/www.heimatverein-delligsen.de\/luftbilder\/Gruenenplan.jpg\" alt=\"\" \/><br \/>\n<\/a><\/td>\n<td>Gr\u00fcnenplan: Blick auf die Ortsmitte<\/p>\n<p>Bildgr\u00f6\u00dfe: 0,59 MB<\/td>\n<\/tr>\n<\/tbody>\n<\/table>\n<p align=\"left\">Die Bilder wurden am 25. Juli 2007 aus einem Kleinflugzeug aufgenommen. Fotografiert hat Jan Wiedemann. Pilot Armin Munke vom <a href=\"http:\/\/www.segelflug.de\/vereine\/eschershausen\/index.html\" target=\"about_blank\">Luftsportverein Ith Eschershausen<\/a> steuerte die Maschine.<\/p>\n<p><img decoding=\"async\" src=\"http:\/\/www.heimatverein-delligsen.de\/luftbilder\/flugzeug.jpg\" alt=\"\" \/><\/p>\n<p>Rechtlicher Hinweis:<\/p>\n<p><strong>Die Bilder sind ausschlie\u00dflich f\u00fcr den privaten Gebrauch bestimmt. Eine gewerbliche Nutzung ist ausdr\u00fccklich untersagt.<\/strong><\/p>\n<div data-animation=\"no-animation\" data-icons-animation=\"wobble\" data-overlay=\"\" data-change-size=\"\" data-button-size=\"1\" style=\"font-size:1em!important;display:none;\" class=\"supsystic-social-sharing supsystic-social-sharing-package-flat supsystic-social-sharing-hide-on-homepage supsystic-social-sharing-hide-on-mobile supsystic-social-sharing-spacing supsystic-social-sharing-content supsystic-social-sharing-content-align-right\" data-text=\"\"><a data-networks=\"[]\" class=\"social-sharing-button sharer-flat sharer-flat-4 counter-standard without-counter facebook\" target=\"_blank\" title=\"Facebook\" href=\"http:\/\/www.facebook.com\/sharer.php?u=https%3A%2F%2Fwww.heimatverein-delligsen.de%2F%3Fpage_id%3D300\" data-main-href=\"http:\/\/www.facebook.com\/sharer.php?u={url}\" data-nid=\"1\" data-name=\"\" data-pid=\"1\" data-post-id=\"300\" data-url=\"https:\/\/www.heimatverein-delligsen.de\/hvd20\/wp-admin\/admin-ajax.php\" rel=\"nofollow\" data-mailto=\"\"><i class=\"fa-ssbs fa-ssbs-fw fa-ssbs-facebook\"><\/i><div class=\"counter-wrap standard\"><span class=\"counter\">0<\/span><\/div><\/a><a data-networks=\"[]\" class=\"social-sharing-button sharer-flat sharer-flat-4 counter-standard without-counter twitter\" target=\"_blank\" title=\"Twitter\" href=\"https:\/\/twitter.com\/share?url=https%3A%2F%2Fwww.heimatverein-delligsen.de%2F%3Fpage_id%3D300&text=Delligser+Luftbilder\" data-main-href=\"https:\/\/twitter.com\/share?url={url}&text={title}\" data-nid=\"2\" data-name=\"\" data-pid=\"1\" data-post-id=\"300\" data-url=\"https:\/\/www.heimatverein-delligsen.de\/hvd20\/wp-admin\/admin-ajax.php\" rel=\"nofollow\" data-mailto=\"\"><i class=\"fa-ssbs fa-ssbs-fw fa-ssbs-twitter\"><\/i><div class=\"counter-wrap standard\"><span class=\"counter\">0<\/span><\/div><\/a><a data-networks=\"[]\" class=\"social-sharing-button sharer-flat sharer-flat-4 counter-standard without-counter googleplus\" target=\"_blank\" title=\"Google+\" href=\"https:\/\/plus.google.com\/share?url=https%3A%2F%2Fwww.heimatverein-delligsen.de%2F%3Fpage_id%3D300\" data-main-href=\"https:\/\/plus.google.com\/share?url={url}\" data-nid=\"3\" data-name=\"\" data-pid=\"1\" data-post-id=\"300\" data-url=\"https:\/\/www.heimatverein-delligsen.de\/hvd20\/wp-admin\/admin-ajax.php\" rel=\"nofollow\" data-mailto=\"\"><i class=\"fa-ssbs fa-ssbs-fw fa-ssbs-google-plus\"><\/i><div class=\"counter-wrap standard\"><span class=\"counter\">0<\/span><\/div><\/a><a data-networks=\"[]\" class=\"social-sharing-button sharer-flat sharer-flat-4 counter-standard without-counter mail\" target=\"_blank\" title=\"Mail\" href=\"#\" data-main-href=\"#\" data-nid=\"16\" data-name=\"\" data-pid=\"1\" data-post-id=\"300\" data-url=\"https:\/\/www.heimatverein-delligsen.de\/hvd20\/wp-admin\/admin-ajax.php\" rel=\"nofollow\" data-mailto=\"\"><i class=\"fa-ssbs fa-ssbs-fw fa-ssbs-envelope-o\"><\/i><div class=\"counter-wrap standard\"><span class=\"counter\">0<\/span><\/div><\/a><a data-networks=\"[]\" class=\"social-sharing-button sharer-flat sharer-flat-4 counter-standard without-counter print\" target=\"_blank\" title=\"Drucken\" href=\"#\" data-main-href=\"#\" data-nid=\"14\" data-name=\"\" data-pid=\"1\" data-post-id=\"300\" data-url=\"https:\/\/www.heimatverein-delligsen.de\/hvd20\/wp-admin\/admin-ajax.php\" rel=\"nofollow\" data-mailto=\"\"><i class=\"fa-ssbs fa-ssbs-fw fa-ssbs-print\"><\/i><div class=\"counter-wrap standard\"><span class=\"counter\">0<\/span><\/div><\/a><\/div>","protected":false},"excerpt":{"rendered":"<div data-animation=\"no-animation\" data-icons-animation=\"wobble\" data-overlay=\"\" data-change-size=\"\" data-button-size=\"1\" style=\"font-size:1em!important;display:none;\" class=\"supsystic-social-sharing supsystic-social-sharing-package-flat supsystic-social-sharing-hide-on-homepage supsystic-social-sharing-hide-on-mobile supsystic-social-sharing-spacing supsystic-social-sharing-content supsystic-social-sharing-content-align-right\" data-text=\"\"><a data-networks=\"[]\" class=\"social-sharing-button sharer-flat sharer-flat-4 counter-standard without-counter facebook\" target=\"_blank\" title=\"Facebook\" href=\"http:\/\/www.facebook.com\/sharer.php?u=https%3A%2F%2Fwww.heimatverein-delligsen.de%2F%3Fpage_id%3D300\" data-main-href=\"http:\/\/www.facebook.com\/sharer.php?u={url}\" data-nid=\"1\" data-name=\"\" data-pid=\"1\" data-post-id=\"300\" data-url=\"https:\/\/www.heimatverein-delligsen.de\/hvd20\/wp-admin\/admin-ajax.php\" rel=\"nofollow\" data-mailto=\"\"><i class=\"fa-ssbs fa-ssbs-fw fa-ssbs-facebook\"><\/i><div class=\"counter-wrap standard\"><span class=\"counter\">0<\/span><\/div><\/a><a data-networks=\"[]\" class=\"social-sharing-button sharer-flat sharer-flat-4 counter-standard without-counter twitter\" target=\"_blank\" title=\"Twitter\" href=\"https:\/\/twitter.com\/share?url=https%3A%2F%2Fwww.heimatverein-delligsen.de%2F%3Fpage_id%3D300&text=Delligser+Luftbilder\" data-main-href=\"https:\/\/twitter.com\/share?url={url}&text={title}\" data-nid=\"2\" data-name=\"\" data-pid=\"1\" data-post-id=\"300\" data-url=\"https:\/\/www.heimatverein-delligsen.de\/hvd20\/wp-admin\/admin-ajax.php\" rel=\"nofollow\" data-mailto=\"\"><i class=\"fa-ssbs fa-ssbs-fw fa-ssbs-twitter\"><\/i><div class=\"counter-wrap standard\"><span class=\"counter\">0<\/span><\/div><\/a><a data-networks=\"[]\" class=\"social-sharing-button sharer-flat sharer-flat-4 counter-standard without-counter googleplus\" target=\"_blank\" title=\"Google+\" href=\"https:\/\/plus.google.com\/share?url=https%3A%2F%2Fwww.heimatverein-delligsen.de%2F%3Fpage_id%3D300\" data-main-href=\"https:\/\/plus.google.com\/share?url={url}\" data-nid=\"3\" data-name=\"\" data-pid=\"1\" data-post-id=\"300\" data-url=\"https:\/\/www.heimatverein-delligsen.de\/hvd20\/wp-admin\/admin-ajax.php\" rel=\"nofollow\" data-mailto=\"\"><i class=\"fa-ssbs fa-ssbs-fw fa-ssbs-google-plus\"><\/i><div class=\"counter-wrap standard\"><span class=\"counter\">0<\/span><\/div><\/a><a data-networks=\"[]\" class=\"social-sharing-button sharer-flat sharer-flat-4 counter-standard without-counter mail\" target=\"_blank\" title=\"Mail\" href=\"#\" data-main-href=\"#\" data-nid=\"16\" data-name=\"\" data-pid=\"1\" data-post-id=\"300\" data-url=\"https:\/\/www.heimatverein-delligsen.de\/hvd20\/wp-admin\/admin-ajax.php\" rel=\"nofollow\" data-mailto=\"\"><i class=\"fa-ssbs fa-ssbs-fw fa-ssbs-envelope-o\"><\/i><div class=\"counter-wrap standard\"><span class=\"counter\">0<\/span><\/div><\/a><a data-networks=\"[]\" class=\"social-sharing-button sharer-flat sharer-flat-4 counter-standard without-counter print\" target=\"_blank\" title=\"Drucken\" href=\"#\" data-main-href=\"#\" data-nid=\"14\" data-name=\"\" data-pid=\"1\" data-post-id=\"300\" data-url=\"https:\/\/www.heimatverein-delligsen.de\/hvd20\/wp-admin\/admin-ajax.php\" rel=\"nofollow\" data-mailto=\"\"><i class=\"fa-ssbs fa-ssbs-fw fa-ssbs-print\"><\/i><div class=\"counter-wrap standard\"><span class=\"counter\">0<\/span><\/div><\/a><\/div><div data-animation=\"no-animation\" data-icons-animation=\"no-animation\" data-overlay=\"\" data-change-size=\"\" data-button-size=\"0.7\" style=\"font-size:0.7em!important;display:none;\" class=\"supsystic-social-sharing supsystic-social-sharing-package-flat supsystic-social-sharing-hide-on-homepage supsystic-social-sharing-show-only-on-mobile supsystic-social-sharing-spacing supsystic-social-sharing-content supsystic-social-sharing-content-align-center\" data-text=\"\"><a data-networks=\"[]\" class=\"social-sharing-button sharer-flat sharer-flat-4 counter-standard without-counter facebook\" target=\"_blank\" title=\"Facebook\" href=\"http:\/\/www.facebook.com\/sharer.php?u=https%3A%2F%2Fwww.heimatverein-delligsen.de%2F%3Fpage_id%3D300\" data-main-href=\"http:\/\/www.facebook.com\/sharer.php?u={url}\" data-nid=\"1\" data-name=\"\" data-pid=\"2\" data-post-id=\"300\" data-url=\"https:\/\/www.heimatverein-delligsen.de\/hvd20\/wp-admin\/admin-ajax.php\" rel=\"nofollow\" data-mailto=\"\"><i class=\"fa-ssbs fa-ssbs-fw fa-ssbs-facebook\"><\/i><div class=\"counter-wrap standard\"><span class=\"counter\">1<\/span><\/div><\/a><a data-networks=\"[]\" class=\"social-sharing-button sharer-flat sharer-flat-4 counter-standard without-counter whatsapp\" target=\"_blank\" title=\"WhatsApp\" href=\"https:\/\/web.whatsapp.com\/send?text=https%3A%2F%2Fwww.heimatverein-delligsen.de%2F%3Fpage_id%3D300\" data-main-href=\"https:\/\/web.whatsapp.com\/send?text={url}\" data-nid=\"18\" data-name=\"\" data-pid=\"2\" data-post-id=\"300\" data-url=\"https:\/\/www.heimatverein-delligsen.de\/hvd20\/wp-admin\/admin-ajax.php\" rel=\"nofollow\" data-mailto=\"\"><i class=\"fa-ssbs fa-ssbs-fw fa-ssbs-whatsapp\"><\/i><div class=\"counter-wrap standard\"><span class=\"counter\">2<\/span><\/div><\/a><a data-networks=\"[]\" class=\"social-sharing-button sharer-flat sharer-flat-4 counter-standard without-counter twitter\" target=\"_blank\" title=\"Twitter\" href=\"https:\/\/twitter.com\/share?url=https%3A%2F%2Fwww.heimatverein-delligsen.de%2F%3Fpage_id%3D300&text=Delligser+Luftbilder\" data-main-href=\"https:\/\/twitter.com\/share?url={url}&text={title}\" data-nid=\"2\" data-name=\"\" data-pid=\"2\" data-post-id=\"300\" data-url=\"https:\/\/www.heimatverein-delligsen.de\/hvd20\/wp-admin\/admin-ajax.php\" rel=\"nofollow\" data-mailto=\"\"><i class=\"fa-ssbs fa-ssbs-fw fa-ssbs-twitter\"><\/i><div class=\"counter-wrap standard\"><span class=\"counter\">0<\/span><\/div><\/a><a data-networks=\"[]\" class=\"social-sharing-button sharer-flat sharer-flat-4 counter-standard without-counter googleplus\" target=\"_blank\" title=\"Google+\" href=\"https:\/\/plus.google.com\/share?url=https%3A%2F%2Fwww.heimatverein-delligsen.de%2F%3Fpage_id%3D300\" data-main-href=\"https:\/\/plus.google.com\/share?url={url}\" data-nid=\"3\" data-name=\"\" data-pid=\"2\" data-post-id=\"300\" data-url=\"https:\/\/www.heimatverein-delligsen.de\/hvd20\/wp-admin\/admin-ajax.php\" rel=\"nofollow\" data-mailto=\"\"><i class=\"fa-ssbs fa-ssbs-fw fa-ssbs-google-plus\"><\/i><div class=\"counter-wrap standard\"><span class=\"counter\">0<\/span><\/div><\/a><a data-networks=\"[]\" class=\"social-sharing-button sharer-flat sharer-flat-4 counter-standard without-counter mail\" target=\"_blank\" title=\"Mail\" href=\"#\" data-main-href=\"#\" data-nid=\"16\" data-name=\"\" data-pid=\"2\" data-post-id=\"300\" data-url=\"https:\/\/www.heimatverein-delligsen.de\/hvd20\/wp-admin\/admin-ajax.php\" rel=\"nofollow\" data-mailto=\"\"><i class=\"fa-ssbs fa-ssbs-fw fa-ssbs-envelope-o\"><\/i><div class=\"counter-wrap standard\"><span class=\"counter\">2<\/span><\/div><\/a><\/div><p>F\u00fcr vergr\u00f6\u00dferte Ansicht auf die Bilder klicken! Achtung: Das Laden des Bildes kann etwas l\u00e4nger dauern, es sind sehr gro\u00dfe<\/p>\n<div data-animation=\"no-animation\" data-icons-animation=\"wobble\" data-overlay=\"\" data-change-size=\"\" data-button-size=\"1\" style=\"font-size:1em!important;display:none;\" class=\"supsystic-social-sharing supsystic-social-sharing-package-flat supsystic-social-sharing-hide-on-homepage supsystic-social-sharing-hide-on-mobile supsystic-social-sharing-spacing supsystic-social-sharing-content supsystic-social-sharing-content-align-right\" data-text=\"\"><a data-networks=\"[]\" class=\"social-sharing-button sharer-flat sharer-flat-4 counter-standard without-counter facebook\" target=\"_blank\" title=\"Facebook\" href=\"http:\/\/www.facebook.com\/sharer.php?u=https%3A%2F%2Fwww.heimatverein-delligsen.de%2F%3Fpage_id%3D300\" data-main-href=\"http:\/\/www.facebook.com\/sharer.php?u={url}\" data-nid=\"1\" data-name=\"\" data-pid=\"1\" data-post-id=\"300\" data-url=\"https:\/\/www.heimatverein-delligsen.de\/hvd20\/wp-admin\/admin-ajax.php\" rel=\"nofollow\" data-mailto=\"\"><i class=\"fa-ssbs fa-ssbs-fw fa-ssbs-facebook\"><\/i><div class=\"counter-wrap standard\"><span class=\"counter\">0<\/span><\/div><\/a><a data-networks=\"[]\" class=\"social-sharing-button sharer-flat sharer-flat-4 counter-standard without-counter twitter\" target=\"_blank\" title=\"Twitter\" href=\"https:\/\/twitter.com\/share?url=https%3A%2F%2Fwww.heimatverein-delligsen.de%2F%3Fpage_id%3D300&text=Delligser+Luftbilder\" data-main-href=\"https:\/\/twitter.com\/share?url={url}&text={title}\" data-nid=\"2\" data-name=\"\" data-pid=\"1\" data-post-id=\"300\" data-url=\"https:\/\/www.heimatverein-delligsen.de\/hvd20\/wp-admin\/admin-ajax.php\" rel=\"nofollow\" data-mailto=\"\"><i class=\"fa-ssbs fa-ssbs-fw fa-ssbs-twitter\"><\/i><div class=\"counter-wrap standard\"><span class=\"counter\">0<\/span><\/div><\/a><a data-networks=\"[]\" class=\"social-sharing-button sharer-flat sharer-flat-4 counter-standard without-counter googleplus\" target=\"_blank\" title=\"Google+\" href=\"https:\/\/plus.google.com\/share?url=https%3A%2F%2Fwww.heimatverein-delligsen.de%2F%3Fpage_id%3D300\" data-main-href=\"https:\/\/plus.google.com\/share?url={url}\" data-nid=\"3\" data-name=\"\" data-pid=\"1\" data-post-id=\"300\" data-url=\"https:\/\/www.heimatverein-delligsen.de\/hvd20\/wp-admin\/admin-ajax.php\" rel=\"nofollow\" data-mailto=\"\"><i class=\"fa-ssbs fa-ssbs-fw fa-ssbs-google-plus\"><\/i><div class=\"counter-wrap standard\"><span class=\"counter\">0<\/span><\/div><\/a><a data-networks=\"[]\" class=\"social-sharing-button sharer-flat sharer-flat-4 counter-standard without-counter mail\" target=\"_blank\" title=\"Mail\" href=\"#\" data-main-href=\"#\" data-nid=\"16\" data-name=\"\" data-pid=\"1\" data-post-id=\"300\" data-url=\"https:\/\/www.heimatverein-delligsen.de\/hvd20\/wp-admin\/admin-ajax.php\" rel=\"nofollow\" data-mailto=\"\"><i class=\"fa-ssbs fa-ssbs-fw fa-ssbs-envelope-o\"><\/i><div class=\"counter-wrap standard\"><span class=\"counter\">0<\/span><\/div><\/a><a data-networks=\"[]\" class=\"social-sharing-button sharer-flat sharer-flat-4 counter-standard without-counter print\" target=\"_blank\" title=\"Drucken\" href=\"#\" data-main-href=\"#\" data-nid=\"14\" data-name=\"\" data-pid=\"1\" data-post-id=\"300\" data-url=\"https:\/\/www.heimatverein-delligsen.de\/hvd20\/wp-admin\/admin-ajax.php\" rel=\"nofollow\" data-mailto=\"\"><i class=\"fa-ssbs fa-ssbs-fw fa-ssbs-print\"><\/i><div class=\"counter-wrap standard\"><span class=\"counter\">0<\/span><\/div><\/a><\/div>","protected":false},"author":1,"featured_media":0,"parent":14,"menu_order":0,"comment_status":"open","ping_status":"open","template":"","meta":{"footnotes":""},"class_list":["post-300","page","type-page","status-publish","hentry"],"_links":{"self":[{"href":"https:\/\/www.heimatverein-delligsen.de\/index.php?rest_route=\/wp\/v2\/pages\/300","targetHints":{"allow":["GET"]}}],"collection":[{"href":"https:\/\/www.heimatverein-delligsen.de\/index.php?rest_route=\/wp\/v2\/pages"}],"about":[{"href":"https:\/\/www.heimatverein-delligsen.de\/index.php?rest_route=\/wp\/v2\/types\/page"}],"author":[{"embeddable":true,"href":"https:\/\/www.heimatverein-delligsen.de\/index.php?rest_route=\/wp\/v2\/users\/1"}],"replies":[{"embeddable":true,"href":"https:\/\/www.heimatverein-delligsen.de\/index.php?rest_route=%2Fwp%2Fv2%2Fcomments&post=300"}],"version-history":[{"count":5,"href":"https:\/\/www.heimatverein-delligsen.de\/index.php?rest_route=\/wp\/v2\/pages\/300\/revisions"}],"predecessor-version":[{"id":585,"href":"https:\/\/www.heimatverein-delligsen.de\/index.php?rest_route=\/wp\/v2\/pages\/300\/revisions\/585"}],"up":[{"embeddable":true,"href":"https:\/\/www.heimatverein-delligsen.de\/index.php?rest_route=\/wp\/v2\/pages\/14"}],"wp:attachment":[{"href":"https:\/\/www.heimatverein-delligsen.de\/index.php?rest_route=%2Fwp%2Fv2%2Fmedia&parent=300"}],"curies":[{"name":"wp","href":"https:\/\/api.w.org\/{rel}","templated":true}]}}