{"id":7731,"date":"2019-02-05T07:48:26","date_gmt":"2019-02-05T06:48:26","guid":{"rendered":"http:\/\/www.heimatverein-delligsen.de\/?page_id=7731"},"modified":"2020-01-20T16:42:19","modified_gmt":"2020-01-20T15:42:19","slug":"fotoalbum-2019","status":"publish","type":"page","link":"https:\/\/www.heimatverein-delligsen.de\/?page_id=7731","title":{"rendered":"Fotoalbum 2019"},"content":{"rendered":"<div data-animation=\"no-animation\" data-icons-animation=\"wobble\" data-overlay=\"\" data-change-size=\"\" data-button-size=\"1\" style=\"font-size:1em!important;display:none;\" class=\"supsystic-social-sharing supsystic-social-sharing-package-flat supsystic-social-sharing-hide-on-homepage supsystic-social-sharing-hide-on-mobile supsystic-social-sharing-spacing supsystic-social-sharing-content supsystic-social-sharing-content-align-right\" data-text=\"\"><a data-networks=\"[]\" class=\"social-sharing-button sharer-flat sharer-flat-4 counter-standard without-counter facebook\" target=\"_blank\" title=\"Facebook\" href=\"http:\/\/www.facebook.com\/sharer.php?u=https%3A%2F%2Fwww.heimatverein-delligsen.de%2F%3Fpage_id%3D7731\" data-main-href=\"http:\/\/www.facebook.com\/sharer.php?u={url}\" data-nid=\"1\" data-name=\"\" data-pid=\"1\" data-post-id=\"7731\" data-url=\"https:\/\/www.heimatverein-delligsen.de\/hvd20\/wp-admin\/admin-ajax.php\" rel=\"nofollow\" data-mailto=\"\"><i class=\"fa-ssbs fa-ssbs-fw fa-ssbs-facebook\"><\/i><div class=\"counter-wrap standard\"><span class=\"counter\">1<\/span><\/div><\/a><a data-networks=\"[]\" class=\"social-sharing-button sharer-flat sharer-flat-4 counter-standard without-counter twitter\" target=\"_blank\" title=\"Twitter\" href=\"https:\/\/twitter.com\/share?url=https%3A%2F%2Fwww.heimatverein-delligsen.de%2F%3Fpage_id%3D7731&text=Fotoalbum+2019\" data-main-href=\"https:\/\/twitter.com\/share?url={url}&text={title}\" data-nid=\"2\" data-name=\"\" data-pid=\"1\" data-post-id=\"7731\" data-url=\"https:\/\/www.heimatverein-delligsen.de\/hvd20\/wp-admin\/admin-ajax.php\" rel=\"nofollow\" data-mailto=\"\"><i class=\"fa-ssbs fa-ssbs-fw fa-ssbs-twitter\"><\/i><div class=\"counter-wrap standard\"><span class=\"counter\">0<\/span><\/div><\/a><a data-networks=\"[]\" class=\"social-sharing-button sharer-flat sharer-flat-4 counter-standard without-counter googleplus\" target=\"_blank\" title=\"Google+\" href=\"https:\/\/plus.google.com\/share?url=https%3A%2F%2Fwww.heimatverein-delligsen.de%2F%3Fpage_id%3D7731\" data-main-href=\"https:\/\/plus.google.com\/share?url={url}\" data-nid=\"3\" data-name=\"\" data-pid=\"1\" data-post-id=\"7731\" data-url=\"https:\/\/www.heimatverein-delligsen.de\/hvd20\/wp-admin\/admin-ajax.php\" rel=\"nofollow\" data-mailto=\"\"><i class=\"fa-ssbs fa-ssbs-fw fa-ssbs-google-plus\"><\/i><div class=\"counter-wrap standard\"><span class=\"counter\">0<\/span><\/div><\/a><a data-networks=\"[]\" class=\"social-sharing-button sharer-flat sharer-flat-4 counter-standard without-counter mail\" target=\"_blank\" title=\"Mail\" href=\"#\" data-main-href=\"#\" data-nid=\"16\" data-name=\"\" data-pid=\"1\" data-post-id=\"7731\" data-url=\"https:\/\/www.heimatverein-delligsen.de\/hvd20\/wp-admin\/admin-ajax.php\" rel=\"nofollow\" data-mailto=\"\"><i class=\"fa-ssbs fa-ssbs-fw fa-ssbs-envelope-o\"><\/i><div class=\"counter-wrap standard\"><span class=\"counter\">0<\/span><\/div><\/a><a data-networks=\"[]\" class=\"social-sharing-button sharer-flat sharer-flat-4 counter-standard without-counter print\" target=\"_blank\" title=\"Drucken\" href=\"#\" data-main-href=\"#\" data-nid=\"14\" data-name=\"\" data-pid=\"1\" data-post-id=\"7731\" data-url=\"https:\/\/www.heimatverein-delligsen.de\/hvd20\/wp-admin\/admin-ajax.php\" rel=\"nofollow\" data-mailto=\"\"><i class=\"fa-ssbs fa-ssbs-fw fa-ssbs-print\"><\/i><div class=\"counter-wrap standard\"><span class=\"counter\">0<\/span><\/div><\/a><\/div><div data-animation=\"no-animation\" data-icons-animation=\"no-animation\" data-overlay=\"\" data-change-size=\"\" data-button-size=\"0.7\" style=\"font-size:0.7em!important;display:none;\" class=\"supsystic-social-sharing supsystic-social-sharing-package-flat supsystic-social-sharing-hide-on-homepage supsystic-social-sharing-show-only-on-mobile supsystic-social-sharing-spacing supsystic-social-sharing-content supsystic-social-sharing-content-align-center\" data-text=\"\"><a data-networks=\"[]\" class=\"social-sharing-button sharer-flat sharer-flat-4 counter-standard without-counter facebook\" target=\"_blank\" title=\"Facebook\" href=\"http:\/\/www.facebook.com\/sharer.php?u=https%3A%2F%2Fwww.heimatverein-delligsen.de%2F%3Fpage_id%3D7731\" data-main-href=\"http:\/\/www.facebook.com\/sharer.php?u={url}\" data-nid=\"1\" data-name=\"\" data-pid=\"2\" data-post-id=\"7731\" data-url=\"https:\/\/www.heimatverein-delligsen.de\/hvd20\/wp-admin\/admin-ajax.php\" rel=\"nofollow\" data-mailto=\"\"><i class=\"fa-ssbs fa-ssbs-fw fa-ssbs-facebook\"><\/i><div class=\"counter-wrap standard\"><span class=\"counter\">0<\/span><\/div><\/a><a data-networks=\"[]\" class=\"social-sharing-button sharer-flat sharer-flat-4 counter-standard without-counter whatsapp\" target=\"_blank\" title=\"WhatsApp\" href=\"https:\/\/web.whatsapp.com\/send?text=https%3A%2F%2Fwww.heimatverein-delligsen.de%2F%3Fpage_id%3D7731\" data-main-href=\"https:\/\/web.whatsapp.com\/send?text={url}\" data-nid=\"18\" data-name=\"\" data-pid=\"2\" data-post-id=\"7731\" data-url=\"https:\/\/www.heimatverein-delligsen.de\/hvd20\/wp-admin\/admin-ajax.php\" rel=\"nofollow\" data-mailto=\"\"><i class=\"fa-ssbs fa-ssbs-fw fa-ssbs-whatsapp\"><\/i><div class=\"counter-wrap standard\"><span class=\"counter\">1<\/span><\/div><\/a><a data-networks=\"[]\" class=\"social-sharing-button sharer-flat sharer-flat-4 counter-standard without-counter twitter\" target=\"_blank\" title=\"Twitter\" href=\"https:\/\/twitter.com\/share?url=https%3A%2F%2Fwww.heimatverein-delligsen.de%2F%3Fpage_id%3D7731&text=Fotoalbum+2019\" data-main-href=\"https:\/\/twitter.com\/share?url={url}&text={title}\" data-nid=\"2\" data-name=\"\" data-pid=\"2\" data-post-id=\"7731\" data-url=\"https:\/\/www.heimatverein-delligsen.de\/hvd20\/wp-admin\/admin-ajax.php\" rel=\"nofollow\" data-mailto=\"\"><i class=\"fa-ssbs fa-ssbs-fw fa-ssbs-twitter\"><\/i><div class=\"counter-wrap standard\"><span class=\"counter\">1<\/span><\/div><\/a><a data-networks=\"[]\" class=\"social-sharing-button sharer-flat sharer-flat-4 counter-standard without-counter googleplus\" target=\"_blank\" title=\"Google+\" href=\"https:\/\/plus.google.com\/share?url=https%3A%2F%2Fwww.heimatverein-delligsen.de%2F%3Fpage_id%3D7731\" data-main-href=\"https:\/\/plus.google.com\/share?url={url}\" data-nid=\"3\" data-name=\"\" data-pid=\"2\" data-post-id=\"7731\" data-url=\"https:\/\/www.heimatverein-delligsen.de\/hvd20\/wp-admin\/admin-ajax.php\" rel=\"nofollow\" data-mailto=\"\"><i class=\"fa-ssbs fa-ssbs-fw fa-ssbs-google-plus\"><\/i><div class=\"counter-wrap standard\"><span class=\"counter\">1<\/span><\/div><\/a><a data-networks=\"[]\" class=\"social-sharing-button sharer-flat sharer-flat-4 counter-standard without-counter mail\" target=\"_blank\" title=\"Mail\" href=\"#\" data-main-href=\"#\" data-nid=\"16\" data-name=\"\" data-pid=\"2\" data-post-id=\"7731\" data-url=\"https:\/\/www.heimatverein-delligsen.de\/hvd20\/wp-admin\/admin-ajax.php\" rel=\"nofollow\" data-mailto=\"\"><i class=\"fa-ssbs fa-ssbs-fw fa-ssbs-envelope-o\"><\/i><div class=\"counter-wrap standard\"><span class=\"counter\">0<\/span><\/div><\/a><\/div><p style=\"text-align: center;\"><a href=\"http:\/\/www.heimatverein-delligsen.de\/?page_id=7445\">&lt; Fotoalbum 2018<\/a> | <a href=\"http:\/\/www.heimatverein-delligsen.de\/?page_id=14\">Jahres\u00fcbersicht<\/a> | <a href=\"http:\/\/www.heimatverein-delligsen.de\/?page_id=8178\">Fotoalbum 2020 &gt;<\/a><\/p>\n<p><div class=\"gmedia_gallery photomania_module is_bot\" id=\"GmediaGallery_177\" data-gmid=\"177\" data-module=\"photomania\"><style class='gmedia_module_style_import'>@import url('https:\/\/www.heimatverein-delligsen.de\/hvd20\/wp-content\/grand-media\/module\/photomania\/css\/styles.photomania.css?v=1.8') all;\/**** .photomania_module #GmediaGallery_177 ****\/\n#GmediaGallery_177 .gmpm_preload {opacity:0;}\n#GmediaGallery_177 .swiper-big-images img.gmpm_the_photo { max-height:100%; max-width:100%; display:inline; width:auto; height:auto; object-fit:unset; vertical-align:middle; border:none; }\n#GmediaGallery_177 .gmpm_focus .swiper-big-images img.gmpm_the_photo { width:auto; height:auto; object-fit:unset; }\n#GmediaGallery_177 .swiper-small-images img.gmpm_photo { max-width:none; max-height:none; }\n#GmediaGallery_177 .swiper-small-images img.gmpm_photo.gmpm_photo_landscape { width:auto; height:100%; }\n#GmediaGallery_177 .swiper-small-images img.gmpm_photo.gmpm_photo_portrait { width:100%; height:auto; }\n#GmediaGallery_177 .gmpm_gallery_sources_list p { margin:7px 0; padding:0; font-size:inherit; }\n#GmediaGallery_177 .gmpm_photo_details .gmpm_description_wrap a,\n#GmediaGallery_177 .gmpm_big_button_wrap .gmpm_button.gmpm_like.gmpm_liked,\n#GmediaGallery_177 .gmpm_big_button_wrap .gmpm_button.gmpm_like.gmpm_liked:hover {color:#096900;}\n#GmediaGallery_177 .gmpm_photo_show .gmpm_big_button {background-color:#096900;}\n#GmediaGallery_177 .swiper-small-images div.gmpm_photo.swiper-slide-active {border-color:#096900;}\n#GmediaGallery_177 .gmpm_photo_header .gmpm_name_wrap .gmpm_title_author a:hover,\n#GmediaGallery_177 .gmpm_photo_details .gmpm_description_wrap a:hover {color:#096900;}\n#GmediaGallery_177 .gmpm_photo_show .gmpm_big_button:hover,\n#GmediaGallery_177 .gmpm_focus_actions ul .gmpm_button.like.gmpm_liked {background-color:#096900;}<\/style>\n\t<div class=\"gmpm_photo_show gmpm_w960 gmpm_w640 gmpm_w480\">\n\n\t\t<div class=\"gmpm_photo_wrap has_prev_photo has_next_photo\">\n\t\t\t<div class=\"swiper-container swiper-big-images\">\n\t\t\t\t<div class=\"gmpm_photo_arrow_next gmpm_photo_arrow gmpm_next\">\n\t\t\t\t\t<div title=\"Next\" class=\"gmpm_arrow\"><\/div>\n\t\t\t\t<\/div>\n\t\t\t\t<div class=\"gmpm_photo_arrow_previous gmpm_photo_arrow gmpm_prev\">\n\t\t\t\t\t<div title=\"Previous\" class=\"gmpm_arrow\"><\/div>\n\t\t\t\t<\/div>\n\t\t\t\t<div class=\"swiper-wrapper\">\n\t\t\t\t\t\n\t\t<div class=\"swiper-slide\" data-hash=\"gmedia3457\" data-photo-id=\"3457\"><span class=\"gmpm_va\"><\/span><img decoding=\"async\" src=\"https:\/\/www.heimatverein-delligsen.de\/hvd20\/wp-content\/grand-media\/image\/Baerbel_NegraszusWinterwanderung-1.jpg\" data-src=\"https:\/\/www.heimatverein-delligsen.de\/hvd20\/wp-content\/grand-media\/image\/Baerbel_NegraszusWinterwanderung-1.jpg\" alt=\"12.01.2019: Winterwanderung\" data-protect=\"Eike Heuer\" class=\"noLazy gmpm_the_photo\"><\/div>\n\t\t<div class=\"swiper-slide\" data-hash=\"gmedia3444\" data-photo-id=\"3444\"><span class=\"gmpm_va\"><\/span><img decoding=\"async\" src=\"https:\/\/www.heimatverein-delligsen.de\/hvd20\/wp-content\/grand-media\/image\/Baerbel_NegraszusWinterwanderung-10.jpg\" data-src=\"https:\/\/www.heimatverein-delligsen.de\/hvd20\/wp-content\/grand-media\/image\/Baerbel_NegraszusWinterwanderung-10.jpg\" alt=\"12.01.2019: Winterwanderung\" data-protect=\"Eike Heuer\" class=\"noLazy gmpm_the_photo\"><\/div>\n\t\t<div class=\"swiper-slide\" data-hash=\"gmedia3445\" data-photo-id=\"3445\"><span class=\"gmpm_va\"><\/span><img decoding=\"async\" src=\"https:\/\/www.heimatverein-delligsen.de\/hvd20\/wp-content\/grand-media\/image\/Baerbel_NegraszusWinterwanderung-11.jpg\" data-src=\"https:\/\/www.heimatverein-delligsen.de\/hvd20\/wp-content\/grand-media\/image\/Baerbel_NegraszusWinterwanderung-11.jpg\" alt=\"12.01.2019: Winterwanderung\" data-protect=\"Eike Heuer\" class=\"noLazy gmpm_the_photo\"><\/div>\n\t\t<div class=\"swiper-slide\" data-hash=\"gmedia3446\" data-photo-id=\"3446\"><span class=\"gmpm_va\"><\/span><img decoding=\"async\" src=\"https:\/\/www.heimatverein-delligsen.de\/hvd20\/wp-content\/grand-media\/image\/Baerbel_NegraszusWinterwanderung-12.jpg\" data-src=\"https:\/\/www.heimatverein-delligsen.de\/hvd20\/wp-content\/grand-media\/image\/Baerbel_NegraszusWinterwanderung-12.jpg\" alt=\"12.01.2019: Winterwanderung\" data-protect=\"Eike Heuer\" class=\"noLazy gmpm_the_photo\"><\/div>\n\t\t<div class=\"swiper-slide\" data-hash=\"gmedia3447\" data-photo-id=\"3447\"><span class=\"gmpm_va\"><\/span><img decoding=\"async\" src=\"https:\/\/www.heimatverein-delligsen.de\/hvd20\/wp-content\/grand-media\/image\/Baerbel_NegraszusWinterwanderung-13.jpg\" data-src=\"https:\/\/www.heimatverein-delligsen.de\/hvd20\/wp-content\/grand-media\/image\/Baerbel_NegraszusWinterwanderung-13.jpg\" alt=\"12.01.2019: Winterwanderung\" data-protect=\"Eike Heuer\" class=\"noLazy gmpm_the_photo\"><\/div>\n\t\t<div class=\"swiper-slide\" data-hash=\"gmedia3448\" data-photo-id=\"3448\"><span class=\"gmpm_va\"><\/span><img decoding=\"async\" src=\"https:\/\/www.heimatverein-delligsen.de\/hvd20\/wp-content\/grand-media\/image\/Baerbel_NegraszusWinterwanderung-14.jpg\" data-src=\"https:\/\/www.heimatverein-delligsen.de\/hvd20\/wp-content\/grand-media\/image\/Baerbel_NegraszusWinterwanderung-14.jpg\" alt=\"12.01.2019: Winterwanderung\" data-protect=\"Eike Heuer\" class=\"noLazy gmpm_the_photo\"><\/div>\n\t\t<div class=\"swiper-slide\" data-hash=\"gmedia3449\" data-photo-id=\"3449\"><span class=\"gmpm_va\"><\/span><img decoding=\"async\" src=\"https:\/\/www.heimatverein-delligsen.de\/hvd20\/wp-content\/grand-media\/image\/Baerbel_NegraszusWinterwanderung-15.jpg\" data-src=\"https:\/\/www.heimatverein-delligsen.de\/hvd20\/wp-content\/grand-media\/image\/Baerbel_NegraszusWinterwanderung-15.jpg\" alt=\"12.01.2019: Winterwanderung\" data-protect=\"Eike Heuer\" class=\"noLazy gmpm_the_photo\"><\/div>\n\t\t<div class=\"swiper-slide\" data-hash=\"gmedia3450\" data-photo-id=\"3450\"><span class=\"gmpm_va\"><\/span><img decoding=\"async\" src=\"https:\/\/www.heimatverein-delligsen.de\/hvd20\/wp-content\/grand-media\/image\/Baerbel_NegraszusWinterwanderung-16.jpg\" data-src=\"https:\/\/www.heimatverein-delligsen.de\/hvd20\/wp-content\/grand-media\/image\/Baerbel_NegraszusWinterwanderung-16.jpg\" alt=\"12.01.2019: Winterwanderung\" data-protect=\"Eike Heuer\" class=\"noLazy gmpm_the_photo\"><\/div>\n\t\t<div class=\"swiper-slide\" data-hash=\"gmedia3451\" data-photo-id=\"3451\"><span class=\"gmpm_va\"><\/span><img decoding=\"async\" src=\"https:\/\/www.heimatverein-delligsen.de\/hvd20\/wp-content\/grand-media\/image\/Baerbel_NegraszusWinterwanderung-17.jpg\" data-src=\"https:\/\/www.heimatverein-delligsen.de\/hvd20\/wp-content\/grand-media\/image\/Baerbel_NegraszusWinterwanderung-17.jpg\" alt=\"12.01.2019: Winterwanderung\" data-protect=\"Eike Heuer\" class=\"noLazy gmpm_the_photo\"><\/div>\n\t\t<div class=\"swiper-slide\" data-hash=\"gmedia3452\" data-photo-id=\"3452\"><span class=\"gmpm_va\"><\/span><img decoding=\"async\" src=\"https:\/\/www.heimatverein-delligsen.de\/hvd20\/wp-content\/grand-media\/image\/Baerbel_NegraszusWinterwanderung-18.jpg\" data-src=\"https:\/\/www.heimatverein-delligsen.de\/hvd20\/wp-content\/grand-media\/image\/Baerbel_NegraszusWinterwanderung-18.jpg\" alt=\"12.01.2019: Winterwanderung\" data-protect=\"Eike Heuer\" class=\"noLazy gmpm_the_photo\"><\/div>\n\t\t<div class=\"swiper-slide\" data-hash=\"gmedia3453\" data-photo-id=\"3453\"><span class=\"gmpm_va\"><\/span><img decoding=\"async\" src=\"https:\/\/www.heimatverein-delligsen.de\/hvd20\/wp-content\/grand-media\/image\/Baerbel_NegraszusWinterwanderung-19.jpg\" data-src=\"https:\/\/www.heimatverein-delligsen.de\/hvd20\/wp-content\/grand-media\/image\/Baerbel_NegraszusWinterwanderung-19.jpg\" alt=\"12.01.2019: Winterwanderung\" data-protect=\"Eike Heuer\" class=\"noLazy gmpm_the_photo\"><\/div>\n\t\t<div class=\"swiper-slide\" data-hash=\"gmedia3458\" data-photo-id=\"3458\"><span class=\"gmpm_va\"><\/span><img decoding=\"async\" src=\"https:\/\/www.heimatverein-delligsen.de\/hvd20\/wp-content\/grand-media\/image\/Baerbel_NegraszusWinterwanderung-2.jpg\" data-src=\"https:\/\/www.heimatverein-delligsen.de\/hvd20\/wp-content\/grand-media\/image\/Baerbel_NegraszusWinterwanderung-2.jpg\" alt=\"12.01.2019: Winterwanderung\" data-protect=\"Eike Heuer\" class=\"noLazy gmpm_the_photo\"><\/div>\n\t\t<div class=\"swiper-slide\" data-hash=\"gmedia3454\" data-photo-id=\"3454\"><span class=\"gmpm_va\"><\/span><img decoding=\"async\" src=\"https:\/\/www.heimatverein-delligsen.de\/hvd20\/wp-content\/grand-media\/image\/Baerbel_NegraszusWinterwanderung-20.jpg\" data-src=\"https:\/\/www.heimatverein-delligsen.de\/hvd20\/wp-content\/grand-media\/image\/Baerbel_NegraszusWinterwanderung-20.jpg\" alt=\"12.01.2019: Winterwanderung\" data-protect=\"Eike Heuer\" class=\"noLazy gmpm_the_photo\"><\/div>\n\t\t<div class=\"swiper-slide\" data-hash=\"gmedia3455\" data-photo-id=\"3455\"><span class=\"gmpm_va\"><\/span><img decoding=\"async\" src=\"https:\/\/www.heimatverein-delligsen.de\/hvd20\/wp-content\/grand-media\/image\/Baerbel_NegraszusWinterwanderung-21.jpg\" data-src=\"https:\/\/www.heimatverein-delligsen.de\/hvd20\/wp-content\/grand-media\/image\/Baerbel_NegraszusWinterwanderung-21.jpg\" alt=\"12.01.2019: Winterwanderung\" data-protect=\"Eike Heuer\" class=\"noLazy gmpm_the_photo\"><\/div>\n\t\t<div class=\"swiper-slide\" data-hash=\"gmedia3456\" data-photo-id=\"3456\"><span class=\"gmpm_va\"><\/span><img decoding=\"async\" src=\"https:\/\/www.heimatverein-delligsen.de\/hvd20\/wp-content\/grand-media\/image\/Baerbel_NegraszusWinterwanderung-22.jpg\" data-src=\"https:\/\/www.heimatverein-delligsen.de\/hvd20\/wp-content\/grand-media\/image\/Baerbel_NegraszusWinterwanderung-22.jpg\" alt=\"12.01.2019: Winterwanderung\" data-protect=\"Eike Heuer\" class=\"noLazy gmpm_the_photo\"><\/div>\n\t\t<div class=\"swiper-slide\" data-hash=\"gmedia3459\" data-photo-id=\"3459\"><span class=\"gmpm_va\"><\/span><img decoding=\"async\" src=\"https:\/\/www.heimatverein-delligsen.de\/hvd20\/wp-content\/grand-media\/image\/Baerbel_NegraszusWinterwanderung-3.jpg\" data-src=\"https:\/\/www.heimatverein-delligsen.de\/hvd20\/wp-content\/grand-media\/image\/Baerbel_NegraszusWinterwanderung-3.jpg\" alt=\"12.01.2019: Winterwanderung\" data-protect=\"Eike Heuer\" class=\"noLazy gmpm_the_photo\"><\/div>\n\t\t<div class=\"swiper-slide\" data-hash=\"gmedia3460\" data-photo-id=\"3460\"><span class=\"gmpm_va\"><\/span><img decoding=\"async\" src=\"https:\/\/www.heimatverein-delligsen.de\/hvd20\/wp-content\/grand-media\/image\/Baerbel_NegraszusWinterwanderung-4.jpg\" data-src=\"https:\/\/www.heimatverein-delligsen.de\/hvd20\/wp-content\/grand-media\/image\/Baerbel_NegraszusWinterwanderung-4.jpg\" alt=\"12.01.2019: Winterwanderung\" data-protect=\"Eike Heuer\" class=\"noLazy gmpm_the_photo\"><\/div>\n\t\t<div class=\"swiper-slide\" data-hash=\"gmedia3439\" data-photo-id=\"3439\"><span class=\"gmpm_va\"><\/span><img decoding=\"async\" src=\"https:\/\/www.heimatverein-delligsen.de\/hvd20\/wp-content\/grand-media\/image\/Baerbel_NegraszusWinterwanderung-5.jpg\" data-src=\"https:\/\/www.heimatverein-delligsen.de\/hvd20\/wp-content\/grand-media\/image\/Baerbel_NegraszusWinterwanderung-5.jpg\" alt=\"12.01.2019: Winterwanderung\" data-protect=\"Eike Heuer\" class=\"noLazy gmpm_the_photo\"><\/div>\n\t\t<div class=\"swiper-slide\" data-hash=\"gmedia3440\" data-photo-id=\"3440\"><span class=\"gmpm_va\"><\/span><img decoding=\"async\" src=\"https:\/\/www.heimatverein-delligsen.de\/hvd20\/wp-content\/grand-media\/image\/Baerbel_NegraszusWinterwanderung-6.jpg\" data-src=\"https:\/\/www.heimatverein-delligsen.de\/hvd20\/wp-content\/grand-media\/image\/Baerbel_NegraszusWinterwanderung-6.jpg\" alt=\"12.01.2019: Winterwanderung\" data-protect=\"Eike Heuer\" class=\"noLazy gmpm_the_photo\"><\/div>\n\t\t<div class=\"swiper-slide\" data-hash=\"gmedia3441\" data-photo-id=\"3441\"><span class=\"gmpm_va\"><\/span><img decoding=\"async\" src=\"https:\/\/www.heimatverein-delligsen.de\/hvd20\/wp-content\/grand-media\/image\/Baerbel_NegraszusWinterwanderung-7.jpg\" data-src=\"https:\/\/www.heimatverein-delligsen.de\/hvd20\/wp-content\/grand-media\/image\/Baerbel_NegraszusWinterwanderung-7.jpg\" alt=\"12.01.2019: Winterwanderung\" data-protect=\"Eike Heuer\" class=\"noLazy gmpm_the_photo\"><\/div>\n\t\t<div class=\"swiper-slide\" data-hash=\"gmedia3442\" data-photo-id=\"3442\"><span class=\"gmpm_va\"><\/span><img decoding=\"async\" src=\"https:\/\/www.heimatverein-delligsen.de\/hvd20\/wp-content\/grand-media\/image\/Baerbel_NegraszusWinterwanderung-8.jpg\" data-src=\"https:\/\/www.heimatverein-delligsen.de\/hvd20\/wp-content\/grand-media\/image\/Baerbel_NegraszusWinterwanderung-8.jpg\" alt=\"12.01.2019: Winterwanderung\" data-protect=\"Eike Heuer\" class=\"noLazy gmpm_the_photo\"><\/div>\n\t\t<div class=\"swiper-slide\" data-hash=\"gmedia3443\" data-photo-id=\"3443\"><span class=\"gmpm_va\"><\/span><img decoding=\"async\" src=\"https:\/\/www.heimatverein-delligsen.de\/hvd20\/wp-content\/grand-media\/image\/Baerbel_NegraszusWinterwanderung-9.jpg\" data-src=\"https:\/\/www.heimatverein-delligsen.de\/hvd20\/wp-content\/grand-media\/image\/Baerbel_NegraszusWinterwanderung-9.jpg\" alt=\"12.01.2019: Winterwanderung\" data-protect=\"Eike Heuer\" class=\"noLazy gmpm_the_photo\"><\/div>\t\t\t\t<\/div>\n\t\t\t<\/div>\n\t\t<\/div>\n\n\t\t<div class=\"gmpm_photo_header\">\n\t\t\t<div class=\"gmpm_wrapper gmpm_clearfix\">\n\t\t\t\t<div class=\"gmpm_focus_actions\">\n\t\t\t\t\t\t\t\t\t\t\t\t\t\t\t<ul class=\"gmpm_focus_arrows gmpm_clearfix\">\n\t\t\t\t\t\t<li style=\"list-style:none;\"><a class=\"gmpm_button gmpm_photo_arrow_previous gmpm_prev\">Previous<\/a><\/li>\n\t\t\t\t\t\t<li style=\"list-style:none;\"><a class=\"gmpm_button gmpm_photo_arrow_next gmpm_next\">Next<\/a><\/li>\n\t\t\t\t\t<\/ul>\n\t\t\t\t<\/div>\n\t\t\t\t<div class=\"gmpm_name_wrap gmpm_clearfix gmpm_no_avatar\">\n\t\t\t\t\t\t\t\t\t\t<div class=\"gmpm_title_author\">\n\t\t\t\t\t\t<div class=\"gmpm_title\">12.01.2019: Winterwanderung<\/div>\n\t\t\t\t\t\t\t\t\t\t\t<\/div>\n\t\t\t\t<\/div>\n\t\t\t\t<div class=\"gmpm_actions gmpm_clearfix\">\n\t\t\t\t\t<div class=\"gmpm_carousel gmpm_has_previous gmpm_has_next\">\n\t\t\t\t\t\t<div class=\"gmpm_previous_button\"><\/div>\n\t\t\t\t\t\t<div class=\"gmpm_photo_carousel\">\n\t\t\t\t\t\t\t<div class=\"swiper-container swiper-small-images\">\n\t\t\t\t\t\t\t\t<div class=\"swiper-wrapper\">\n\t\t\t\t\t\t\t\t\t\n\t\t<div class=\"swiper-slide gmpm_photo\" data-photo-id=\"3457\"><img decoding=\"async\" src=\"https:\/\/www.heimatverein-delligsen.de\/hvd20\/wp-content\/grand-media\/image\/thumb\/Baerbel_NegraszusWinterwanderung-1.jpg\" data-src=\"https:\/\/www.heimatverein-delligsen.de\/hvd20\/wp-content\/grand-media\/image\/thumb\/Baerbel_NegraszusWinterwanderung-1.jpg\" alt=\"12.01.2019: Winterwanderung\" class=\"noLazy gmpm_photo swiper-lazy gmpm_photo_landscape\"><span class=\"swiper-lazy-preloader swiper-lazy-preloader-black\"><\/span><\/div>\n\t\t<div class=\"swiper-slide gmpm_photo\" data-photo-id=\"3444\"><img decoding=\"async\" src=\"https:\/\/www.heimatverein-delligsen.de\/hvd20\/wp-content\/grand-media\/image\/thumb\/Baerbel_NegraszusWinterwanderung-10.jpg\" data-src=\"https:\/\/www.heimatverein-delligsen.de\/hvd20\/wp-content\/grand-media\/image\/thumb\/Baerbel_NegraszusWinterwanderung-10.jpg\" alt=\"12.01.2019: Winterwanderung\" class=\"noLazy gmpm_photo swiper-lazy gmpm_photo_landscape\"><span class=\"swiper-lazy-preloader swiper-lazy-preloader-black\"><\/span><\/div>\n\t\t<div class=\"swiper-slide gmpm_photo\" data-photo-id=\"3445\"><img decoding=\"async\" src=\"https:\/\/www.heimatverein-delligsen.de\/hvd20\/wp-content\/grand-media\/image\/thumb\/Baerbel_NegraszusWinterwanderung-11.jpg\" data-src=\"https:\/\/www.heimatverein-delligsen.de\/hvd20\/wp-content\/grand-media\/image\/thumb\/Baerbel_NegraszusWinterwanderung-11.jpg\" alt=\"12.01.2019: Winterwanderung\" class=\"noLazy gmpm_photo swiper-lazy gmpm_photo_landscape\"><span class=\"swiper-lazy-preloader swiper-lazy-preloader-black\"><\/span><\/div>\n\t\t<div class=\"swiper-slide gmpm_photo\" data-photo-id=\"3446\"><img decoding=\"async\" src=\"https:\/\/www.heimatverein-delligsen.de\/hvd20\/wp-content\/grand-media\/image\/thumb\/Baerbel_NegraszusWinterwanderung-12.jpg\" data-src=\"https:\/\/www.heimatverein-delligsen.de\/hvd20\/wp-content\/grand-media\/image\/thumb\/Baerbel_NegraszusWinterwanderung-12.jpg\" alt=\"12.01.2019: Winterwanderung\" class=\"noLazy gmpm_photo swiper-lazy gmpm_photo_portrait\"><span class=\"swiper-lazy-preloader swiper-lazy-preloader-black\"><\/span><\/div>\n\t\t<div class=\"swiper-slide gmpm_photo\" data-photo-id=\"3447\"><img decoding=\"async\" src=\"https:\/\/www.heimatverein-delligsen.de\/hvd20\/wp-content\/grand-media\/image\/thumb\/Baerbel_NegraszusWinterwanderung-13.jpg\" data-src=\"https:\/\/www.heimatverein-delligsen.de\/hvd20\/wp-content\/grand-media\/image\/thumb\/Baerbel_NegraszusWinterwanderung-13.jpg\" alt=\"12.01.2019: Winterwanderung\" class=\"noLazy gmpm_photo swiper-lazy gmpm_photo_landscape\"><span class=\"swiper-lazy-preloader swiper-lazy-preloader-black\"><\/span><\/div>\n\t\t<div class=\"swiper-slide gmpm_photo\" data-photo-id=\"3448\"><img decoding=\"async\" src=\"https:\/\/www.heimatverein-delligsen.de\/hvd20\/wp-content\/grand-media\/image\/thumb\/Baerbel_NegraszusWinterwanderung-14.jpg\" data-src=\"https:\/\/www.heimatverein-delligsen.de\/hvd20\/wp-content\/grand-media\/image\/thumb\/Baerbel_NegraszusWinterwanderung-14.jpg\" alt=\"12.01.2019: Winterwanderung\" class=\"noLazy gmpm_photo swiper-lazy gmpm_photo_portrait\"><span class=\"swiper-lazy-preloader swiper-lazy-preloader-black\"><\/span><\/div>\n\t\t<div class=\"swiper-slide gmpm_photo\" data-photo-id=\"3449\"><img decoding=\"async\" src=\"https:\/\/www.heimatverein-delligsen.de\/hvd20\/wp-content\/grand-media\/image\/thumb\/Baerbel_NegraszusWinterwanderung-15.jpg\" data-src=\"https:\/\/www.heimatverein-delligsen.de\/hvd20\/wp-content\/grand-media\/image\/thumb\/Baerbel_NegraszusWinterwanderung-15.jpg\" alt=\"12.01.2019: Winterwanderung\" class=\"noLazy gmpm_photo swiper-lazy gmpm_photo_landscape\"><span class=\"swiper-lazy-preloader swiper-lazy-preloader-black\"><\/span><\/div>\n\t\t<div class=\"swiper-slide gmpm_photo\" data-photo-id=\"3450\"><img decoding=\"async\" src=\"https:\/\/www.heimatverein-delligsen.de\/hvd20\/wp-content\/grand-media\/image\/thumb\/Baerbel_NegraszusWinterwanderung-16.jpg\" data-src=\"https:\/\/www.heimatverein-delligsen.de\/hvd20\/wp-content\/grand-media\/image\/thumb\/Baerbel_NegraszusWinterwanderung-16.jpg\" alt=\"12.01.2019: Winterwanderung\" class=\"noLazy gmpm_photo swiper-lazy gmpm_photo_landscape\"><span class=\"swiper-lazy-preloader swiper-lazy-preloader-black\"><\/span><\/div>\n\t\t<div class=\"swiper-slide gmpm_photo\" data-photo-id=\"3451\"><img decoding=\"async\" src=\"https:\/\/www.heimatverein-delligsen.de\/hvd20\/wp-content\/grand-media\/image\/thumb\/Baerbel_NegraszusWinterwanderung-17.jpg\" data-src=\"https:\/\/www.heimatverein-delligsen.de\/hvd20\/wp-content\/grand-media\/image\/thumb\/Baerbel_NegraszusWinterwanderung-17.jpg\" alt=\"12.01.2019: Winterwanderung\" class=\"noLazy gmpm_photo swiper-lazy gmpm_photo_landscape\"><span class=\"swiper-lazy-preloader swiper-lazy-preloader-black\"><\/span><\/div>\n\t\t<div class=\"swiper-slide gmpm_photo\" data-photo-id=\"3452\"><img decoding=\"async\" src=\"https:\/\/www.heimatverein-delligsen.de\/hvd20\/wp-content\/grand-media\/image\/thumb\/Baerbel_NegraszusWinterwanderung-18.jpg\" data-src=\"https:\/\/www.heimatverein-delligsen.de\/hvd20\/wp-content\/grand-media\/image\/thumb\/Baerbel_NegraszusWinterwanderung-18.jpg\" alt=\"12.01.2019: Winterwanderung\" class=\"noLazy gmpm_photo swiper-lazy gmpm_photo_landscape\"><span class=\"swiper-lazy-preloader swiper-lazy-preloader-black\"><\/span><\/div>\n\t\t<div class=\"swiper-slide gmpm_photo\" data-photo-id=\"3453\"><img decoding=\"async\" src=\"https:\/\/www.heimatverein-delligsen.de\/hvd20\/wp-content\/grand-media\/image\/thumb\/Baerbel_NegraszusWinterwanderung-19.jpg\" data-src=\"https:\/\/www.heimatverein-delligsen.de\/hvd20\/wp-content\/grand-media\/image\/thumb\/Baerbel_NegraszusWinterwanderung-19.jpg\" alt=\"12.01.2019: Winterwanderung\" class=\"noLazy gmpm_photo swiper-lazy gmpm_photo_portrait\"><span class=\"swiper-lazy-preloader swiper-lazy-preloader-black\"><\/span><\/div>\n\t\t<div class=\"swiper-slide gmpm_photo\" data-photo-id=\"3458\"><img decoding=\"async\" src=\"https:\/\/www.heimatverein-delligsen.de\/hvd20\/wp-content\/grand-media\/image\/thumb\/Baerbel_NegraszusWinterwanderung-2.jpg\" data-src=\"https:\/\/www.heimatverein-delligsen.de\/hvd20\/wp-content\/grand-media\/image\/thumb\/Baerbel_NegraszusWinterwanderung-2.jpg\" alt=\"12.01.2019: Winterwanderung\" class=\"noLazy gmpm_photo swiper-lazy gmpm_photo_landscape\"><span class=\"swiper-lazy-preloader swiper-lazy-preloader-black\"><\/span><\/div>\n\t\t<div class=\"swiper-slide gmpm_photo\" data-photo-id=\"3454\"><img decoding=\"async\" src=\"https:\/\/www.heimatverein-delligsen.de\/hvd20\/wp-content\/grand-media\/image\/thumb\/Baerbel_NegraszusWinterwanderung-20.jpg\" data-src=\"https:\/\/www.heimatverein-delligsen.de\/hvd20\/wp-content\/grand-media\/image\/thumb\/Baerbel_NegraszusWinterwanderung-20.jpg\" alt=\"12.01.2019: Winterwanderung\" class=\"noLazy gmpm_photo swiper-lazy gmpm_photo_portrait\"><span class=\"swiper-lazy-preloader swiper-lazy-preloader-black\"><\/span><\/div>\n\t\t<div class=\"swiper-slide gmpm_photo\" data-photo-id=\"3455\"><img decoding=\"async\" src=\"https:\/\/www.heimatverein-delligsen.de\/hvd20\/wp-content\/grand-media\/image\/thumb\/Baerbel_NegraszusWinterwanderung-21.jpg\" data-src=\"https:\/\/www.heimatverein-delligsen.de\/hvd20\/wp-content\/grand-media\/image\/thumb\/Baerbel_NegraszusWinterwanderung-21.jpg\" alt=\"12.01.2019: Winterwanderung\" class=\"noLazy gmpm_photo swiper-lazy gmpm_photo_landscape\"><span class=\"swiper-lazy-preloader swiper-lazy-preloader-black\"><\/span><\/div>\n\t\t<div class=\"swiper-slide gmpm_photo\" data-photo-id=\"3456\"><img decoding=\"async\" src=\"https:\/\/www.heimatverein-delligsen.de\/hvd20\/wp-content\/grand-media\/image\/thumb\/Baerbel_NegraszusWinterwanderung-22.jpg\" data-src=\"https:\/\/www.heimatverein-delligsen.de\/hvd20\/wp-content\/grand-media\/image\/thumb\/Baerbel_NegraszusWinterwanderung-22.jpg\" alt=\"12.01.2019: Winterwanderung\" class=\"noLazy gmpm_photo swiper-lazy gmpm_photo_landscape\"><span class=\"swiper-lazy-preloader swiper-lazy-preloader-black\"><\/span><\/div>\n\t\t<div class=\"swiper-slide gmpm_photo\" data-photo-id=\"3459\"><img decoding=\"async\" src=\"https:\/\/www.heimatverein-delligsen.de\/hvd20\/wp-content\/grand-media\/image\/thumb\/Baerbel_NegraszusWinterwanderung-3.jpg\" data-src=\"https:\/\/www.heimatverein-delligsen.de\/hvd20\/wp-content\/grand-media\/image\/thumb\/Baerbel_NegraszusWinterwanderung-3.jpg\" alt=\"12.01.2019: Winterwanderung\" class=\"noLazy gmpm_photo swiper-lazy gmpm_photo_landscape\"><span class=\"swiper-lazy-preloader swiper-lazy-preloader-black\"><\/span><\/div>\n\t\t<div class=\"swiper-slide gmpm_photo\" data-photo-id=\"3460\"><img decoding=\"async\" src=\"https:\/\/www.heimatverein-delligsen.de\/hvd20\/wp-content\/grand-media\/image\/thumb\/Baerbel_NegraszusWinterwanderung-4.jpg\" data-src=\"https:\/\/www.heimatverein-delligsen.de\/hvd20\/wp-content\/grand-media\/image\/thumb\/Baerbel_NegraszusWinterwanderung-4.jpg\" alt=\"12.01.2019: Winterwanderung\" class=\"noLazy gmpm_photo swiper-lazy gmpm_photo_landscape\"><span class=\"swiper-lazy-preloader swiper-lazy-preloader-black\"><\/span><\/div>\n\t\t<div class=\"swiper-slide gmpm_photo\" data-photo-id=\"3439\"><img decoding=\"async\" src=\"https:\/\/www.heimatverein-delligsen.de\/hvd20\/wp-content\/grand-media\/image\/thumb\/Baerbel_NegraszusWinterwanderung-5.jpg\" data-src=\"https:\/\/www.heimatverein-delligsen.de\/hvd20\/wp-content\/grand-media\/image\/thumb\/Baerbel_NegraszusWinterwanderung-5.jpg\" alt=\"12.01.2019: Winterwanderung\" class=\"noLazy gmpm_photo swiper-lazy gmpm_photo_landscape\"><span class=\"swiper-lazy-preloader swiper-lazy-preloader-black\"><\/span><\/div>\n\t\t<div class=\"swiper-slide gmpm_photo\" data-photo-id=\"3440\"><img decoding=\"async\" src=\"https:\/\/www.heimatverein-delligsen.de\/hvd20\/wp-content\/grand-media\/image\/thumb\/Baerbel_NegraszusWinterwanderung-6.jpg\" data-src=\"https:\/\/www.heimatverein-delligsen.de\/hvd20\/wp-content\/grand-media\/image\/thumb\/Baerbel_NegraszusWinterwanderung-6.jpg\" alt=\"12.01.2019: Winterwanderung\" class=\"noLazy gmpm_photo swiper-lazy gmpm_photo_landscape\"><span class=\"swiper-lazy-preloader swiper-lazy-preloader-black\"><\/span><\/div>\n\t\t<div class=\"swiper-slide gmpm_photo\" data-photo-id=\"3441\"><img decoding=\"async\" src=\"https:\/\/www.heimatverein-delligsen.de\/hvd20\/wp-content\/grand-media\/image\/thumb\/Baerbel_NegraszusWinterwanderung-7.jpg\" data-src=\"https:\/\/www.heimatverein-delligsen.de\/hvd20\/wp-content\/grand-media\/image\/thumb\/Baerbel_NegraszusWinterwanderung-7.jpg\" alt=\"12.01.2019: Winterwanderung\" class=\"noLazy gmpm_photo swiper-lazy gmpm_photo_landscape\"><span class=\"swiper-lazy-preloader swiper-lazy-preloader-black\"><\/span><\/div>\n\t\t<div class=\"swiper-slide gmpm_photo\" data-photo-id=\"3442\"><img decoding=\"async\" src=\"https:\/\/www.heimatverein-delligsen.de\/hvd20\/wp-content\/grand-media\/image\/thumb\/Baerbel_NegraszusWinterwanderung-8.jpg\" data-src=\"https:\/\/www.heimatverein-delligsen.de\/hvd20\/wp-content\/grand-media\/image\/thumb\/Baerbel_NegraszusWinterwanderung-8.jpg\" alt=\"12.01.2019: Winterwanderung\" class=\"noLazy gmpm_photo swiper-lazy gmpm_photo_landscape\"><span class=\"swiper-lazy-preloader swiper-lazy-preloader-black\"><\/span><\/div>\n\t\t<div class=\"swiper-slide gmpm_photo\" data-photo-id=\"3443\"><img decoding=\"async\" src=\"https:\/\/www.heimatverein-delligsen.de\/hvd20\/wp-content\/grand-media\/image\/thumb\/Baerbel_NegraszusWinterwanderung-9.jpg\" data-src=\"https:\/\/www.heimatverein-delligsen.de\/hvd20\/wp-content\/grand-media\/image\/thumb\/Baerbel_NegraszusWinterwanderung-9.jpg\" alt=\"12.01.2019: Winterwanderung\" class=\"noLazy gmpm_photo swiper-lazy gmpm_photo_landscape\"><span class=\"swiper-lazy-preloader swiper-lazy-preloader-black\"><\/span><\/div>\t\t\t\t\t\t\t\t<\/div>\n\t\t\t\t\t\t\t<\/div>\n\t\t\t\t\t\t<\/div>\n\t\t\t\t\t\t<div class=\"gmpm_next_button\"><\/div>\n\t\t\t\t\t<\/div>\n\t\t\t\t\t\t\t\t\t\t\t\t\t\t\t\t\t\t\t\t\t\t\t\t<\/div>\n\t\t\t<\/div>\n\t\t<\/div>\n\t\t<div class=\"gmpm_focus_close_full\">\n\t\t\t<span><a class=\"gmpm_button gmpm_close\">Close<\/a><\/span>\n\t\t\t<span><a class=\"gmpm_button gmpm_full\">Full<\/a><\/span>\n\t\t<\/div>\n\t\t<div class=\"gmpm_photo_details\">\n\t\t\t<div class=\"gmpm_description_wrap empty-item-description\">\n\t\t\t\t\t\t\t<\/div>\n\t\t<\/div>\n\n\t\t<div class=\"gmpm_focus_footer\">\n\t\t\t<div class=\"gmpm_focus_keyboard\">\n\t\t\t\t<div class=\"gmpm_focus_keyboard_title\">Keyboard Shortcuts <a class=\"gmpm_focus_keyboard_dismiss\">Dismiss<\/a><\/div>\n\t\t\t\t<ul>\n\t\t\t\t\t<li style=\"list-style:none;\"><a data-key=\"p\" class=\"gmpm_key\">S<\/a><span class=\"gmpm_label\">Slideshow<\/span><\/li>\n\t\t\t\t\t<li style=\"list-style:none;\"><a data-key=\"m\" class=\"gmpm_key\">M<\/a><span class=\"gmpm_label\">Maximize<\/span><\/li>\n\t\t\t\t\t<li style=\"list-style:none;\"><a data-key=\"left\" class=\"gmpm_key\">&nbsp;<\/a><span class=\"gmpm_label\">Previous<\/span><\/li>\n\t\t\t\t\t<li style=\"list-style:none;\"><a data-key=\"right\" class=\"gmpm_key\">&nbsp;<\/a><span class=\"gmpm_label\">Next<\/span><\/li>\n\t\t\t\t\t<li style=\"list-style:none;\"><a data-key=\"escape\" class=\"gmpm_key gmpm_esc\">esc<\/a><span class=\"gmpm_label\">Close<\/span><\/li>\n\t\t\t\t<\/ul>\n\t\t\t<\/div>\n\t\t<\/div>\n\n\t<\/div>\n\n\t<script type=\"text\/javascript\">\n\t\t\tdocument.addEventListener( 'DOMContentLoaded', function() {\n\t\t\t\tjQuery( function( $ ) {\n\t\t\t\t\tvar settings = {\"show_comments\":\"0\",\"show_download_button\":\"0\",\"show_link_button\":\"0\",\"show_description\":\"0\",\"show_author_avatar\":\"0\",\"show_author_name\":\"0\",\"show_share_button\":\"0\",\"show_like_button\":\"0\",\"link_color\":\"096900\",\"link_color_hover\":\"096900\",\"description_title\":\"Beschreibung\",\"ID\":177,\"url\":\"https:\\\/\\\/www.heimatverein-delligsen.de?rest_route=%2Fwp%2Fv2%2Fpages%2F7731\",\"moduleUrl\":\"https:\\\/\\\/www.heimatverein-delligsen.de\\\/hvd20\\\/wp-content\\\/grand-media\\\/module\\\/photomania\",\"initial_slide\":0};\n\t\t\t\t\tvar content = {\"data\":[{\"id\":\"3457\",\"type\":\"image\",\"file\":\"Baerbel_NegraszusWinterwanderung-1.jpg\",\"meta\":{\"width\":1023,\"height\":682,\"views\":1259,\"likes\":0},\"title\":\"12.01.2019: Winterwanderung\",\"alt\":\"12.01.2019: Winterwanderung\",\"author\":{\"name\":\"Eike Heuer\",\"posts_link\":\"https:\\\/\\\/www.heimatverein-delligsen.de\\\/?author=1\"},\"post_link\":\"https:\\\/\\\/www.heimatverein-delligsen.de\\\/?gmedia=baerbel_negraszuswinterwanderung-1-jpg\",\"ratio\":1.5},{\"id\":\"3444\",\"type\":\"image\",\"file\":\"Baerbel_NegraszusWinterwanderung-10.jpg\",\"meta\":{\"width\":1023,\"height\":682,\"views\":114,\"likes\":0},\"title\":\"12.01.2019: Winterwanderung\",\"alt\":\"12.01.2019: Winterwanderung\",\"author\":{\"name\":\"Eike Heuer\",\"posts_link\":\"https:\\\/\\\/www.heimatverein-delligsen.de\\\/?author=1\"},\"post_link\":\"https:\\\/\\\/www.heimatverein-delligsen.de\\\/?gmedia=baerbel_negraszuswinterwanderung-10-jpg\",\"ratio\":1.5},{\"id\":\"3445\",\"type\":\"image\",\"file\":\"Baerbel_NegraszusWinterwanderung-11.jpg\",\"meta\":{\"width\":1023,\"height\":682,\"views\":72,\"likes\":0},\"title\":\"12.01.2019: Winterwanderung\",\"alt\":\"12.01.2019: Winterwanderung\",\"author\":{\"name\":\"Eike Heuer\",\"posts_link\":\"https:\\\/\\\/www.heimatverein-delligsen.de\\\/?author=1\"},\"post_link\":\"https:\\\/\\\/www.heimatverein-delligsen.de\\\/?gmedia=baerbel_negraszuswinterwanderung-11-jpg\",\"ratio\":1.5},{\"id\":\"3446\",\"type\":\"image\",\"file\":\"Baerbel_NegraszusWinterwanderung-12.jpg\",\"meta\":{\"width\":455,\"height\":682,\"views\":87,\"likes\":0},\"title\":\"12.01.2019: Winterwanderung\",\"alt\":\"12.01.2019: Winterwanderung\",\"author\":{\"name\":\"Eike Heuer\",\"posts_link\":\"https:\\\/\\\/www.heimatverein-delligsen.de\\\/?author=1\"},\"post_link\":\"https:\\\/\\\/www.heimatverein-delligsen.de\\\/?gmedia=baerbel_negraszuswinterwanderung-12-jpg\",\"ratio\":0.66715542521994131153206808448885567486286163330078125},{\"id\":\"3447\",\"type\":\"image\",\"file\":\"Baerbel_NegraszusWinterwanderung-13.jpg\",\"meta\":{\"width\":1023,\"height\":682,\"views\":78,\"likes\":0},\"title\":\"12.01.2019: Winterwanderung\",\"alt\":\"12.01.2019: Winterwanderung\",\"author\":{\"name\":\"Eike Heuer\",\"posts_link\":\"https:\\\/\\\/www.heimatverein-delligsen.de\\\/?author=1\"},\"post_link\":\"https:\\\/\\\/www.heimatverein-delligsen.de\\\/?gmedia=baerbel_negraszuswinterwanderung-13-jpg\",\"ratio\":1.5},{\"id\":\"3448\",\"type\":\"image\",\"file\":\"Baerbel_NegraszusWinterwanderung-14.jpg\",\"meta\":{\"width\":455,\"height\":682,\"views\":60,\"likes\":0},\"title\":\"12.01.2019: Winterwanderung\",\"alt\":\"12.01.2019: Winterwanderung\",\"author\":{\"name\":\"Eike Heuer\",\"posts_link\":\"https:\\\/\\\/www.heimatverein-delligsen.de\\\/?author=1\"},\"post_link\":\"https:\\\/\\\/www.heimatverein-delligsen.de\\\/?gmedia=baerbel_negraszuswinterwanderung-14-jpg\",\"ratio\":0.66715542521994131153206808448885567486286163330078125},{\"id\":\"3449\",\"type\":\"image\",\"file\":\"Baerbel_NegraszusWinterwanderung-15.jpg\",\"meta\":{\"width\":1023,\"height\":682,\"views\":57,\"likes\":0},\"title\":\"12.01.2019: Winterwanderung\",\"alt\":\"12.01.2019: Winterwanderung\",\"author\":{\"name\":\"Eike Heuer\",\"posts_link\":\"https:\\\/\\\/www.heimatverein-delligsen.de\\\/?author=1\"},\"post_link\":\"https:\\\/\\\/www.heimatverein-delligsen.de\\\/?gmedia=baerbel_negraszuswinterwanderung-15-jpg\",\"ratio\":1.5},{\"id\":\"3450\",\"type\":\"image\",\"file\":\"Baerbel_NegraszusWinterwanderung-16.jpg\",\"meta\":{\"width\":1023,\"height\":682,\"views\":41,\"likes\":0},\"title\":\"12.01.2019: Winterwanderung\",\"alt\":\"12.01.2019: Winterwanderung\",\"author\":{\"name\":\"Eike Heuer\",\"posts_link\":\"https:\\\/\\\/www.heimatverein-delligsen.de\\\/?author=1\"},\"post_link\":\"https:\\\/\\\/www.heimatverein-delligsen.de\\\/?gmedia=baerbel_negraszuswinterwanderung-16-jpg\",\"ratio\":1.5},{\"id\":\"3451\",\"type\":\"image\",\"file\":\"Baerbel_NegraszusWinterwanderung-17.jpg\",\"meta\":{\"width\":1023,\"height\":682,\"views\":57,\"likes\":0},\"title\":\"12.01.2019: Winterwanderung\",\"alt\":\"12.01.2019: Winterwanderung\",\"author\":{\"name\":\"Eike Heuer\",\"posts_link\":\"https:\\\/\\\/www.heimatverein-delligsen.de\\\/?author=1\"},\"post_link\":\"https:\\\/\\\/www.heimatverein-delligsen.de\\\/?gmedia=baerbel_negraszuswinterwanderung-17-jpg\",\"ratio\":1.5},{\"id\":\"3452\",\"type\":\"image\",\"file\":\"Baerbel_NegraszusWinterwanderung-18.jpg\",\"meta\":{\"width\":1023,\"height\":682,\"views\":34,\"likes\":0},\"title\":\"12.01.2019: Winterwanderung\",\"alt\":\"12.01.2019: Winterwanderung\",\"author\":{\"name\":\"Eike Heuer\",\"posts_link\":\"https:\\\/\\\/www.heimatverein-delligsen.de\\\/?author=1\"},\"post_link\":\"https:\\\/\\\/www.heimatverein-delligsen.de\\\/?gmedia=baerbel_negraszuswinterwanderung-18-jpg\",\"ratio\":1.5},{\"id\":\"3453\",\"type\":\"image\",\"file\":\"Baerbel_NegraszusWinterwanderung-19.jpg\",\"meta\":{\"width\":455,\"height\":682,\"views\":36,\"likes\":0},\"title\":\"12.01.2019: Winterwanderung\",\"alt\":\"12.01.2019: Winterwanderung\",\"author\":{\"name\":\"Eike Heuer\",\"posts_link\":\"https:\\\/\\\/www.heimatverein-delligsen.de\\\/?author=1\"},\"post_link\":\"https:\\\/\\\/www.heimatverein-delligsen.de\\\/?gmedia=baerbel_negraszuswinterwanderung-19-jpg\",\"ratio\":0.66715542521994131153206808448885567486286163330078125},{\"id\":\"3458\",\"type\":\"image\",\"file\":\"Baerbel_NegraszusWinterwanderung-2.jpg\",\"meta\":{\"width\":1023,\"height\":682,\"views\":37,\"likes\":0},\"title\":\"12.01.2019: Winterwanderung\",\"alt\":\"12.01.2019: Winterwanderung\",\"author\":{\"name\":\"Eike Heuer\",\"posts_link\":\"https:\\\/\\\/www.heimatverein-delligsen.de\\\/?author=1\"},\"post_link\":\"https:\\\/\\\/www.heimatverein-delligsen.de\\\/?gmedia=baerbel_negraszuswinterwanderung-2-jpg\",\"ratio\":1.5},{\"id\":\"3454\",\"type\":\"image\",\"file\":\"Baerbel_NegraszusWinterwanderung-20.jpg\",\"meta\":{\"width\":455,\"height\":682,\"views\":41,\"likes\":0},\"title\":\"12.01.2019: Winterwanderung\",\"alt\":\"12.01.2019: Winterwanderung\",\"author\":{\"name\":\"Eike Heuer\",\"posts_link\":\"https:\\\/\\\/www.heimatverein-delligsen.de\\\/?author=1\"},\"post_link\":\"https:\\\/\\\/www.heimatverein-delligsen.de\\\/?gmedia=baerbel_negraszuswinterwanderung-20-jpg\",\"ratio\":0.66715542521994131153206808448885567486286163330078125},{\"id\":\"3455\",\"type\":\"image\",\"file\":\"Baerbel_NegraszusWinterwanderung-21.jpg\",\"meta\":{\"width\":1023,\"height\":682,\"views\":85,\"likes\":0},\"title\":\"12.01.2019: Winterwanderung\",\"alt\":\"12.01.2019: Winterwanderung\",\"author\":{\"name\":\"Eike Heuer\",\"posts_link\":\"https:\\\/\\\/www.heimatverein-delligsen.de\\\/?author=1\"},\"post_link\":\"https:\\\/\\\/www.heimatverein-delligsen.de\\\/?gmedia=baerbel_negraszuswinterwanderung-21-jpg\",\"ratio\":1.5},{\"id\":\"3456\",\"type\":\"image\",\"file\":\"Baerbel_NegraszusWinterwanderung-22.jpg\",\"meta\":{\"width\":1023,\"height\":682,\"views\":58,\"likes\":0},\"title\":\"12.01.2019: Winterwanderung\",\"alt\":\"12.01.2019: Winterwanderung\",\"author\":{\"name\":\"Eike Heuer\",\"posts_link\":\"https:\\\/\\\/www.heimatverein-delligsen.de\\\/?author=1\"},\"post_link\":\"https:\\\/\\\/www.heimatverein-delligsen.de\\\/?gmedia=baerbel_negraszuswinterwanderung-22-jpg\",\"ratio\":1.5},{\"id\":\"3459\",\"type\":\"image\",\"file\":\"Baerbel_NegraszusWinterwanderung-3.jpg\",\"meta\":{\"width\":1023,\"height\":682,\"views\":38,\"likes\":0},\"title\":\"12.01.2019: Winterwanderung\",\"alt\":\"12.01.2019: Winterwanderung\",\"author\":{\"name\":\"Eike Heuer\",\"posts_link\":\"https:\\\/\\\/www.heimatverein-delligsen.de\\\/?author=1\"},\"post_link\":\"https:\\\/\\\/www.heimatverein-delligsen.de\\\/?gmedia=baerbel_negraszuswinterwanderung-3-jpg\",\"ratio\":1.5},{\"id\":\"3460\",\"type\":\"image\",\"file\":\"Baerbel_NegraszusWinterwanderung-4.jpg\",\"meta\":{\"width\":1023,\"height\":682,\"views\":40,\"likes\":0},\"title\":\"12.01.2019: Winterwanderung\",\"alt\":\"12.01.2019: Winterwanderung\",\"author\":{\"name\":\"Eike Heuer\",\"posts_link\":\"https:\\\/\\\/www.heimatverein-delligsen.de\\\/?author=1\"},\"post_link\":\"https:\\\/\\\/www.heimatverein-delligsen.de\\\/?gmedia=baerbel_negraszuswinterwanderung-4-jpg\",\"ratio\":1.5},{\"id\":\"3439\",\"type\":\"image\",\"file\":\"Baerbel_NegraszusWinterwanderung-5.jpg\",\"meta\":{\"width\":1023,\"height\":682,\"views\":26,\"likes\":0},\"title\":\"12.01.2019: Winterwanderung\",\"alt\":\"12.01.2019: Winterwanderung\",\"author\":{\"name\":\"Eike Heuer\",\"posts_link\":\"https:\\\/\\\/www.heimatverein-delligsen.de\\\/?author=1\"},\"post_link\":\"https:\\\/\\\/www.heimatverein-delligsen.de\\\/?gmedia=baerbel_negraszuswinterwanderung-5-jpg\",\"ratio\":1.5},{\"id\":\"3440\",\"type\":\"image\",\"file\":\"Baerbel_NegraszusWinterwanderung-6.jpg\",\"meta\":{\"width\":1023,\"height\":682,\"views\":34,\"likes\":0},\"title\":\"12.01.2019: Winterwanderung\",\"alt\":\"12.01.2019: Winterwanderung\",\"author\":{\"name\":\"Eike Heuer\",\"posts_link\":\"https:\\\/\\\/www.heimatverein-delligsen.de\\\/?author=1\"},\"post_link\":\"https:\\\/\\\/www.heimatverein-delligsen.de\\\/?gmedia=baerbel_negraszuswinterwanderung-6-jpg\",\"ratio\":1.5},{\"id\":\"3441\",\"type\":\"image\",\"file\":\"Baerbel_NegraszusWinterwanderung-7.jpg\",\"meta\":{\"width\":1023,\"height\":682,\"views\":19,\"likes\":0},\"title\":\"12.01.2019: Winterwanderung\",\"alt\":\"12.01.2019: Winterwanderung\",\"author\":{\"name\":\"Eike Heuer\",\"posts_link\":\"https:\\\/\\\/www.heimatverein-delligsen.de\\\/?author=1\"},\"post_link\":\"https:\\\/\\\/www.heimatverein-delligsen.de\\\/?gmedia=baerbel_negraszuswinterwanderung-7-jpg\",\"ratio\":1.5},{\"id\":\"3442\",\"type\":\"image\",\"file\":\"Baerbel_NegraszusWinterwanderung-8.jpg\",\"meta\":{\"width\":1023,\"height\":682,\"views\":29,\"likes\":0},\"title\":\"12.01.2019: Winterwanderung\",\"alt\":\"12.01.2019: Winterwanderung\",\"author\":{\"name\":\"Eike Heuer\",\"posts_link\":\"https:\\\/\\\/www.heimatverein-delligsen.de\\\/?author=1\"},\"post_link\":\"https:\\\/\\\/www.heimatverein-delligsen.de\\\/?gmedia=baerbel_negraszuswinterwanderung-8-jpg\",\"ratio\":1.5},{\"id\":\"3443\",\"type\":\"image\",\"file\":\"Baerbel_NegraszusWinterwanderung-9.jpg\",\"meta\":{\"width\":1023,\"height\":682,\"views\":87,\"likes\":0},\"title\":\"12.01.2019: Winterwanderung\",\"alt\":\"12.01.2019: Winterwanderung\",\"author\":{\"name\":\"Eike Heuer\",\"posts_link\":\"https:\\\/\\\/www.heimatverein-delligsen.de\\\/?author=1\"},\"post_link\":\"https:\\\/\\\/www.heimatverein-delligsen.de\\\/?gmedia=baerbel_negraszuswinterwanderung-9-jpg\",\"ratio\":1.5}],\"terms\":[]};\n\t\t\t\t\tvar container = $( '#GmediaGallery_177' );\n\t\t\t\t\tcontainer.photomania( settings, content );\n\t\t\t\t\twindow.GmediaGallery_177 = container.data( 'photomania' );\n\t\t\t\t} );\n\t\t\t} );\n\t<\/script><\/div><br \/>\n<div class=\"gmedia_gallery photomania_module is_bot\" id=\"GmediaGallery_178\" data-gmid=\"178\" data-module=\"photomania\"><style class='gmedia_module_style_import'>\/**** .photomania_module #GmediaGallery_178 ****\/\n#GmediaGallery_178 .gmpm_preload {opacity:0;}\n#GmediaGallery_178 .swiper-big-images img.gmpm_the_photo { max-height:100%; max-width:100%; display:inline; width:auto; height:auto; object-fit:unset; vertical-align:middle; border:none; }\n#GmediaGallery_178 .gmpm_focus .swiper-big-images img.gmpm_the_photo { width:auto; height:auto; object-fit:unset; }\n#GmediaGallery_178 .swiper-small-images img.gmpm_photo { max-width:none; max-height:none; }\n#GmediaGallery_178 .swiper-small-images img.gmpm_photo.gmpm_photo_landscape { width:auto; height:100%; }\n#GmediaGallery_178 .swiper-small-images img.gmpm_photo.gmpm_photo_portrait { width:100%; height:auto; }\n#GmediaGallery_178 .gmpm_gallery_sources_list p { margin:7px 0; padding:0; font-size:inherit; }\n#GmediaGallery_178 .gmpm_photo_details .gmpm_description_wrap a,\n#GmediaGallery_178 .gmpm_big_button_wrap .gmpm_button.gmpm_like.gmpm_liked,\n#GmediaGallery_178 .gmpm_big_button_wrap .gmpm_button.gmpm_like.gmpm_liked:hover {color:#096900;}\n#GmediaGallery_178 .gmpm_photo_show .gmpm_big_button {background-color:#096900;}\n#GmediaGallery_178 .swiper-small-images div.gmpm_photo.swiper-slide-active {border-color:#096900;}\n#GmediaGallery_178 .gmpm_photo_header .gmpm_name_wrap .gmpm_title_author a:hover,\n#GmediaGallery_178 .gmpm_photo_details .gmpm_description_wrap a:hover {color:#096900;}\n#GmediaGallery_178 .gmpm_photo_show .gmpm_big_button:hover,\n#GmediaGallery_178 .gmpm_focus_actions ul .gmpm_button.like.gmpm_liked {background-color:#096900;}<\/style>\n\t<div class=\"gmpm_photo_show gmpm_w960 gmpm_w640 gmpm_w480\">\n\n\t\t<div class=\"gmpm_photo_wrap has_prev_photo has_next_photo\">\n\t\t\t<div class=\"swiper-container swiper-big-images\">\n\t\t\t\t<div class=\"gmpm_photo_arrow_next gmpm_photo_arrow gmpm_next\">\n\t\t\t\t\t<div title=\"Next\" class=\"gmpm_arrow\"><\/div>\n\t\t\t\t<\/div>\n\t\t\t\t<div class=\"gmpm_photo_arrow_previous gmpm_photo_arrow gmpm_prev\">\n\t\t\t\t\t<div title=\"Previous\" class=\"gmpm_arrow\"><\/div>\n\t\t\t\t<\/div>\n\t\t\t\t<div class=\"swiper-wrapper\">\n\t\t\t\t\t\n\t\t<div class=\"swiper-slide\" data-hash=\"gmedia3470\" data-photo-id=\"3470\"><span class=\"gmpm_va\"><\/span><img decoding=\"async\" src=\"https:\/\/www.heimatverein-delligsen.de\/hvd20\/wp-content\/grand-media\/image\/WhatsApp_Image_2019-02-03_at_14.31.39.jpeg\" data-src=\"https:\/\/www.heimatverein-delligsen.de\/hvd20\/wp-content\/grand-media\/image\/WhatsApp_Image_2019-02-03_at_14.31.39.jpeg\" alt=\"03.02.2019: Braunkohlwanderung\" data-protect=\"Eike Heuer\" class=\"noLazy gmpm_the_photo\"><\/div>\n\t\t<div class=\"swiper-slide\" data-hash=\"gmedia3471\" data-photo-id=\"3471\"><span class=\"gmpm_va\"><\/span><img decoding=\"async\" src=\"https:\/\/www.heimatverein-delligsen.de\/hvd20\/wp-content\/grand-media\/image\/WhatsApp_Image_2019-02-03_at_14.31.40_1_.jpeg\" data-src=\"https:\/\/www.heimatverein-delligsen.de\/hvd20\/wp-content\/grand-media\/image\/WhatsApp_Image_2019-02-03_at_14.31.40_1_.jpeg\" alt=\"03.02.2019: Braunkohlwanderung\" data-protect=\"Eike Heuer\" class=\"noLazy gmpm_the_photo\"><\/div>\n\t\t<div class=\"swiper-slide\" data-hash=\"gmedia3472\" data-photo-id=\"3472\"><span class=\"gmpm_va\"><\/span><img decoding=\"async\" src=\"https:\/\/www.heimatverein-delligsen.de\/hvd20\/wp-content\/grand-media\/image\/WhatsApp_Image_2019-02-03_at_14.31.40_2_.jpeg\" data-src=\"https:\/\/www.heimatverein-delligsen.de\/hvd20\/wp-content\/grand-media\/image\/WhatsApp_Image_2019-02-03_at_14.31.40_2_.jpeg\" alt=\"03.02.2019: Braunkohlwanderung\" data-protect=\"Eike Heuer\" class=\"noLazy gmpm_the_photo\"><\/div>\n\t\t<div class=\"swiper-slide\" data-hash=\"gmedia3473\" data-photo-id=\"3473\"><span class=\"gmpm_va\"><\/span><img decoding=\"async\" src=\"https:\/\/www.heimatverein-delligsen.de\/hvd20\/wp-content\/grand-media\/image\/WhatsApp_Image_2019-02-03_at_14.31.40_3_.jpeg\" data-src=\"https:\/\/www.heimatverein-delligsen.de\/hvd20\/wp-content\/grand-media\/image\/WhatsApp_Image_2019-02-03_at_14.31.40_3_.jpeg\" alt=\"03.02.2019: Braunkohlwanderung\" data-protect=\"Eike Heuer\" class=\"noLazy gmpm_the_photo\"><\/div>\n\t\t<div class=\"swiper-slide\" data-hash=\"gmedia3461\" data-photo-id=\"3461\"><span class=\"gmpm_va\"><\/span><img decoding=\"async\" src=\"https:\/\/www.heimatverein-delligsen.de\/hvd20\/wp-content\/grand-media\/image\/WhatsApp_Image_2019-02-03_at_14.31.40.jpeg\" data-src=\"https:\/\/www.heimatverein-delligsen.de\/hvd20\/wp-content\/grand-media\/image\/WhatsApp_Image_2019-02-03_at_14.31.40.jpeg\" alt=\"03.02.2019: Braunkohlwanderung\" data-protect=\"Eike Heuer\" class=\"noLazy gmpm_the_photo\"><\/div>\n\t\t<div class=\"swiper-slide\" data-hash=\"gmedia3462\" data-photo-id=\"3462\"><span class=\"gmpm_va\"><\/span><img decoding=\"async\" src=\"https:\/\/www.heimatverein-delligsen.de\/hvd20\/wp-content\/grand-media\/image\/WhatsApp_Image_2019-02-03_at_14.31.41.jpeg\" data-src=\"https:\/\/www.heimatverein-delligsen.de\/hvd20\/wp-content\/grand-media\/image\/WhatsApp_Image_2019-02-03_at_14.31.41.jpeg\" alt=\"03.02.2019: Braunkohlwanderung\" data-protect=\"Eike Heuer\" class=\"noLazy gmpm_the_photo\"><\/div>\n\t\t<div class=\"swiper-slide\" data-hash=\"gmedia3463\" data-photo-id=\"3463\"><span class=\"gmpm_va\"><\/span><img decoding=\"async\" src=\"https:\/\/www.heimatverein-delligsen.de\/hvd20\/wp-content\/grand-media\/image\/WhatsApp_Image_2019-02-03_at_14.33.11.jpeg\" data-src=\"https:\/\/www.heimatverein-delligsen.de\/hvd20\/wp-content\/grand-media\/image\/WhatsApp_Image_2019-02-03_at_14.33.11.jpeg\" alt=\"03.02.2019: Braunkohlwanderung\" data-protect=\"Eike Heuer\" class=\"noLazy gmpm_the_photo\"><\/div>\n\t\t<div class=\"swiper-slide\" data-hash=\"gmedia3464\" data-photo-id=\"3464\"><span class=\"gmpm_va\"><\/span><img decoding=\"async\" src=\"https:\/\/www.heimatverein-delligsen.de\/hvd20\/wp-content\/grand-media\/image\/WhatsApp_Image_2019-02-03_at_14.33.12_1_.jpeg\" data-src=\"https:\/\/www.heimatverein-delligsen.de\/hvd20\/wp-content\/grand-media\/image\/WhatsApp_Image_2019-02-03_at_14.33.12_1_.jpeg\" alt=\"03.02.2019: Braunkohlwanderung\" data-protect=\"Eike Heuer\" class=\"noLazy gmpm_the_photo\"><\/div>\n\t\t<div class=\"swiper-slide\" data-hash=\"gmedia3465\" data-photo-id=\"3465\"><span class=\"gmpm_va\"><\/span><img decoding=\"async\" src=\"https:\/\/www.heimatverein-delligsen.de\/hvd20\/wp-content\/grand-media\/image\/WhatsApp_Image_2019-02-03_at_14.33.12.jpeg\" data-src=\"https:\/\/www.heimatverein-delligsen.de\/hvd20\/wp-content\/grand-media\/image\/WhatsApp_Image_2019-02-03_at_14.33.12.jpeg\" alt=\"03.02.2019: Braunkohlwanderung\" data-protect=\"Eike Heuer\" class=\"noLazy gmpm_the_photo\"><\/div>\n\t\t<div class=\"swiper-slide\" data-hash=\"gmedia3466\" data-photo-id=\"3466\"><span class=\"gmpm_va\"><\/span><img decoding=\"async\" src=\"https:\/\/www.heimatverein-delligsen.de\/hvd20\/wp-content\/grand-media\/image\/WhatsApp_Image_2019-02-03_at_14.33.13_1_.jpeg\" data-src=\"https:\/\/www.heimatverein-delligsen.de\/hvd20\/wp-content\/grand-media\/image\/WhatsApp_Image_2019-02-03_at_14.33.13_1_.jpeg\" alt=\"03.02.2019: Braunkohlwanderung\" data-protect=\"Eike Heuer\" class=\"noLazy gmpm_the_photo\"><\/div>\n\t\t<div class=\"swiper-slide\" data-hash=\"gmedia3467\" data-photo-id=\"3467\"><span class=\"gmpm_va\"><\/span><img decoding=\"async\" src=\"https:\/\/www.heimatverein-delligsen.de\/hvd20\/wp-content\/grand-media\/image\/WhatsApp_Image_2019-02-03_at_14.33.13_2_.jpeg\" data-src=\"https:\/\/www.heimatverein-delligsen.de\/hvd20\/wp-content\/grand-media\/image\/WhatsApp_Image_2019-02-03_at_14.33.13_2_.jpeg\" alt=\"03.02.2019: Braunkohlwanderung\" data-protect=\"Eike Heuer\" class=\"noLazy gmpm_the_photo\"><\/div>\n\t\t<div class=\"swiper-slide\" data-hash=\"gmedia3468\" data-photo-id=\"3468\"><span class=\"gmpm_va\"><\/span><img decoding=\"async\" src=\"https:\/\/www.heimatverein-delligsen.de\/hvd20\/wp-content\/grand-media\/image\/WhatsApp_Image_2019-02-03_at_14.33.13.jpeg\" data-src=\"https:\/\/www.heimatverein-delligsen.de\/hvd20\/wp-content\/grand-media\/image\/WhatsApp_Image_2019-02-03_at_14.33.13.jpeg\" alt=\"03.02.2019: Braunkohlwanderung\" data-protect=\"Eike Heuer\" class=\"noLazy gmpm_the_photo\"><\/div>\t\t\t\t<\/div>\n\t\t\t<\/div>\n\t\t<\/div>\n\n\t\t<div class=\"gmpm_photo_header\">\n\t\t\t<div class=\"gmpm_wrapper gmpm_clearfix\">\n\t\t\t\t<div class=\"gmpm_focus_actions\">\n\t\t\t\t\t\t\t\t\t\t\t\t\t\t\t<ul class=\"gmpm_focus_arrows gmpm_clearfix\">\n\t\t\t\t\t\t<li style=\"list-style:none;\"><a class=\"gmpm_button gmpm_photo_arrow_previous gmpm_prev\">Previous<\/a><\/li>\n\t\t\t\t\t\t<li style=\"list-style:none;\"><a class=\"gmpm_button gmpm_photo_arrow_next gmpm_next\">Next<\/a><\/li>\n\t\t\t\t\t<\/ul>\n\t\t\t\t<\/div>\n\t\t\t\t<div class=\"gmpm_name_wrap gmpm_clearfix gmpm_no_avatar\">\n\t\t\t\t\t\t\t\t\t\t<div class=\"gmpm_title_author\">\n\t\t\t\t\t\t<div class=\"gmpm_title\">03.02.2019: Braunkohlwanderung<\/div>\n\t\t\t\t\t\t\t\t\t\t\t<\/div>\n\t\t\t\t<\/div>\n\t\t\t\t<div class=\"gmpm_actions gmpm_clearfix\">\n\t\t\t\t\t<div class=\"gmpm_carousel gmpm_has_previous gmpm_has_next\">\n\t\t\t\t\t\t<div class=\"gmpm_previous_button\"><\/div>\n\t\t\t\t\t\t<div class=\"gmpm_photo_carousel\">\n\t\t\t\t\t\t\t<div class=\"swiper-container swiper-small-images\">\n\t\t\t\t\t\t\t\t<div class=\"swiper-wrapper\">\n\t\t\t\t\t\t\t\t\t\n\t\t<div class=\"swiper-slide gmpm_photo\" data-photo-id=\"3470\"><img decoding=\"async\" src=\"https:\/\/www.heimatverein-delligsen.de\/hvd20\/wp-content\/grand-media\/image\/thumb\/WhatsApp_Image_2019-02-03_at_14.31.39.jpeg\" data-src=\"https:\/\/www.heimatverein-delligsen.de\/hvd20\/wp-content\/grand-media\/image\/thumb\/WhatsApp_Image_2019-02-03_at_14.31.39.jpeg\" alt=\"03.02.2019: Braunkohlwanderung\" class=\"noLazy gmpm_photo swiper-lazy gmpm_photo_landscape\"><span class=\"swiper-lazy-preloader swiper-lazy-preloader-black\"><\/span><\/div>\n\t\t<div class=\"swiper-slide gmpm_photo\" data-photo-id=\"3471\"><img decoding=\"async\" src=\"https:\/\/www.heimatverein-delligsen.de\/hvd20\/wp-content\/grand-media\/image\/thumb\/WhatsApp_Image_2019-02-03_at_14.31.40_1_.jpeg\" data-src=\"https:\/\/www.heimatverein-delligsen.de\/hvd20\/wp-content\/grand-media\/image\/thumb\/WhatsApp_Image_2019-02-03_at_14.31.40_1_.jpeg\" alt=\"03.02.2019: Braunkohlwanderung\" class=\"noLazy gmpm_photo swiper-lazy gmpm_photo_landscape\"><span class=\"swiper-lazy-preloader swiper-lazy-preloader-black\"><\/span><\/div>\n\t\t<div class=\"swiper-slide gmpm_photo\" data-photo-id=\"3472\"><img decoding=\"async\" src=\"https:\/\/www.heimatverein-delligsen.de\/hvd20\/wp-content\/grand-media\/image\/thumb\/WhatsApp_Image_2019-02-03_at_14.31.40_2_.jpeg\" data-src=\"https:\/\/www.heimatverein-delligsen.de\/hvd20\/wp-content\/grand-media\/image\/thumb\/WhatsApp_Image_2019-02-03_at_14.31.40_2_.jpeg\" alt=\"03.02.2019: Braunkohlwanderung\" class=\"noLazy gmpm_photo swiper-lazy gmpm_photo_landscape\"><span class=\"swiper-lazy-preloader swiper-lazy-preloader-black\"><\/span><\/div>\n\t\t<div class=\"swiper-slide gmpm_photo\" data-photo-id=\"3473\"><img decoding=\"async\" src=\"https:\/\/www.heimatverein-delligsen.de\/hvd20\/wp-content\/grand-media\/image\/thumb\/WhatsApp_Image_2019-02-03_at_14.31.40_3_.jpeg\" data-src=\"https:\/\/www.heimatverein-delligsen.de\/hvd20\/wp-content\/grand-media\/image\/thumb\/WhatsApp_Image_2019-02-03_at_14.31.40_3_.jpeg\" alt=\"03.02.2019: Braunkohlwanderung\" class=\"noLazy gmpm_photo swiper-lazy gmpm_photo_landscape\"><span class=\"swiper-lazy-preloader swiper-lazy-preloader-black\"><\/span><\/div>\n\t\t<div class=\"swiper-slide gmpm_photo\" data-photo-id=\"3461\"><img decoding=\"async\" src=\"https:\/\/www.heimatverein-delligsen.de\/hvd20\/wp-content\/grand-media\/image\/thumb\/WhatsApp_Image_2019-02-03_at_14.31.40.jpeg\" data-src=\"https:\/\/www.heimatverein-delligsen.de\/hvd20\/wp-content\/grand-media\/image\/thumb\/WhatsApp_Image_2019-02-03_at_14.31.40.jpeg\" alt=\"03.02.2019: Braunkohlwanderung\" class=\"noLazy gmpm_photo swiper-lazy gmpm_photo_landscape\"><span class=\"swiper-lazy-preloader swiper-lazy-preloader-black\"><\/span><\/div>\n\t\t<div class=\"swiper-slide gmpm_photo\" data-photo-id=\"3462\"><img decoding=\"async\" src=\"https:\/\/www.heimatverein-delligsen.de\/hvd20\/wp-content\/grand-media\/image\/thumb\/WhatsApp_Image_2019-02-03_at_14.31.41.jpeg\" data-src=\"https:\/\/www.heimatverein-delligsen.de\/hvd20\/wp-content\/grand-media\/image\/thumb\/WhatsApp_Image_2019-02-03_at_14.31.41.jpeg\" alt=\"03.02.2019: Braunkohlwanderung\" class=\"noLazy gmpm_photo swiper-lazy gmpm_photo_landscape\"><span class=\"swiper-lazy-preloader swiper-lazy-preloader-black\"><\/span><\/div>\n\t\t<div class=\"swiper-slide gmpm_photo\" data-photo-id=\"3463\"><img decoding=\"async\" src=\"https:\/\/www.heimatverein-delligsen.de\/hvd20\/wp-content\/grand-media\/image\/thumb\/WhatsApp_Image_2019-02-03_at_14.33.11.jpeg\" data-src=\"https:\/\/www.heimatverein-delligsen.de\/hvd20\/wp-content\/grand-media\/image\/thumb\/WhatsApp_Image_2019-02-03_at_14.33.11.jpeg\" alt=\"03.02.2019: Braunkohlwanderung\" class=\"noLazy gmpm_photo swiper-lazy gmpm_photo_landscape\"><span class=\"swiper-lazy-preloader swiper-lazy-preloader-black\"><\/span><\/div>\n\t\t<div class=\"swiper-slide gmpm_photo\" data-photo-id=\"3464\"><img decoding=\"async\" src=\"https:\/\/www.heimatverein-delligsen.de\/hvd20\/wp-content\/grand-media\/image\/thumb\/WhatsApp_Image_2019-02-03_at_14.33.12_1_.jpeg\" data-src=\"https:\/\/www.heimatverein-delligsen.de\/hvd20\/wp-content\/grand-media\/image\/thumb\/WhatsApp_Image_2019-02-03_at_14.33.12_1_.jpeg\" alt=\"03.02.2019: Braunkohlwanderung\" class=\"noLazy gmpm_photo swiper-lazy gmpm_photo_landscape\"><span class=\"swiper-lazy-preloader swiper-lazy-preloader-black\"><\/span><\/div>\n\t\t<div class=\"swiper-slide gmpm_photo\" data-photo-id=\"3465\"><img decoding=\"async\" src=\"https:\/\/www.heimatverein-delligsen.de\/hvd20\/wp-content\/grand-media\/image\/thumb\/WhatsApp_Image_2019-02-03_at_14.33.12.jpeg\" data-src=\"https:\/\/www.heimatverein-delligsen.de\/hvd20\/wp-content\/grand-media\/image\/thumb\/WhatsApp_Image_2019-02-03_at_14.33.12.jpeg\" alt=\"03.02.2019: Braunkohlwanderung\" class=\"noLazy gmpm_photo swiper-lazy gmpm_photo_landscape\"><span class=\"swiper-lazy-preloader swiper-lazy-preloader-black\"><\/span><\/div>\n\t\t<div class=\"swiper-slide gmpm_photo\" data-photo-id=\"3466\"><img decoding=\"async\" src=\"https:\/\/www.heimatverein-delligsen.de\/hvd20\/wp-content\/grand-media\/image\/thumb\/WhatsApp_Image_2019-02-03_at_14.33.13_1_.jpeg\" data-src=\"https:\/\/www.heimatverein-delligsen.de\/hvd20\/wp-content\/grand-media\/image\/thumb\/WhatsApp_Image_2019-02-03_at_14.33.13_1_.jpeg\" alt=\"03.02.2019: Braunkohlwanderung\" class=\"noLazy gmpm_photo swiper-lazy gmpm_photo_landscape\"><span class=\"swiper-lazy-preloader swiper-lazy-preloader-black\"><\/span><\/div>\n\t\t<div class=\"swiper-slide gmpm_photo\" data-photo-id=\"3467\"><img decoding=\"async\" src=\"https:\/\/www.heimatverein-delligsen.de\/hvd20\/wp-content\/grand-media\/image\/thumb\/WhatsApp_Image_2019-02-03_at_14.33.13_2_.jpeg\" data-src=\"https:\/\/www.heimatverein-delligsen.de\/hvd20\/wp-content\/grand-media\/image\/thumb\/WhatsApp_Image_2019-02-03_at_14.33.13_2_.jpeg\" alt=\"03.02.2019: Braunkohlwanderung\" class=\"noLazy gmpm_photo swiper-lazy gmpm_photo_landscape\"><span class=\"swiper-lazy-preloader swiper-lazy-preloader-black\"><\/span><\/div>\n\t\t<div class=\"swiper-slide gmpm_photo\" data-photo-id=\"3468\"><img decoding=\"async\" src=\"https:\/\/www.heimatverein-delligsen.de\/hvd20\/wp-content\/grand-media\/image\/thumb\/WhatsApp_Image_2019-02-03_at_14.33.13.jpeg\" data-src=\"https:\/\/www.heimatverein-delligsen.de\/hvd20\/wp-content\/grand-media\/image\/thumb\/WhatsApp_Image_2019-02-03_at_14.33.13.jpeg\" alt=\"03.02.2019: Braunkohlwanderung\" class=\"noLazy gmpm_photo swiper-lazy gmpm_photo_landscape\"><span class=\"swiper-lazy-preloader swiper-lazy-preloader-black\"><\/span><\/div>\t\t\t\t\t\t\t\t<\/div>\n\t\t\t\t\t\t\t<\/div>\n\t\t\t\t\t\t<\/div>\n\t\t\t\t\t\t<div class=\"gmpm_next_button\"><\/div>\n\t\t\t\t\t<\/div>\n\t\t\t\t\t\t\t\t\t\t\t\t\t\t\t\t\t\t\t\t\t\t\t\t<\/div>\n\t\t\t<\/div>\n\t\t<\/div>\n\t\t<div class=\"gmpm_focus_close_full\">\n\t\t\t<span><a class=\"gmpm_button gmpm_close\">Close<\/a><\/span>\n\t\t\t<span><a class=\"gmpm_button gmpm_full\">Full<\/a><\/span>\n\t\t<\/div>\n\t\t<div class=\"gmpm_photo_details\">\n\t\t\t<div class=\"gmpm_description_wrap empty-item-description\">\n\t\t\t\t\t\t\t<\/div>\n\t\t<\/div>\n\n\t\t<div class=\"gmpm_focus_footer\">\n\t\t\t<div class=\"gmpm_focus_keyboard\">\n\t\t\t\t<div class=\"gmpm_focus_keyboard_title\">Keyboard Shortcuts <a class=\"gmpm_focus_keyboard_dismiss\">Dismiss<\/a><\/div>\n\t\t\t\t<ul>\n\t\t\t\t\t<li style=\"list-style:none;\"><a data-key=\"p\" class=\"gmpm_key\">S<\/a><span class=\"gmpm_label\">Slideshow<\/span><\/li>\n\t\t\t\t\t<li style=\"list-style:none;\"><a data-key=\"m\" class=\"gmpm_key\">M<\/a><span class=\"gmpm_label\">Maximize<\/span><\/li>\n\t\t\t\t\t<li style=\"list-style:none;\"><a data-key=\"left\" class=\"gmpm_key\">&nbsp;<\/a><span class=\"gmpm_label\">Previous<\/span><\/li>\n\t\t\t\t\t<li style=\"list-style:none;\"><a data-key=\"right\" class=\"gmpm_key\">&nbsp;<\/a><span class=\"gmpm_label\">Next<\/span><\/li>\n\t\t\t\t\t<li style=\"list-style:none;\"><a data-key=\"escape\" class=\"gmpm_key gmpm_esc\">esc<\/a><span class=\"gmpm_label\">Close<\/span><\/li>\n\t\t\t\t<\/ul>\n\t\t\t<\/div>\n\t\t<\/div>\n\n\t<\/div>\n\n\t<script type=\"text\/javascript\">\n\t\t\tdocument.addEventListener( 'DOMContentLoaded', function() {\n\t\t\t\tjQuery( function( $ ) {\n\t\t\t\t\tvar settings = {\"show_comments\":\"0\",\"show_download_button\":\"0\",\"show_link_button\":\"0\",\"show_description\":\"0\",\"show_author_avatar\":\"0\",\"show_author_name\":\"0\",\"show_share_button\":\"0\",\"show_like_button\":\"0\",\"link_color\":\"096900\",\"link_color_hover\":\"096900\",\"description_title\":\"Beschreibung\",\"ID\":178,\"url\":\"https:\\\/\\\/www.heimatverein-delligsen.de?rest_route=%2Fwp%2Fv2%2Fpages%2F7731\",\"moduleUrl\":\"https:\\\/\\\/www.heimatverein-delligsen.de\\\/hvd20\\\/wp-content\\\/grand-media\\\/module\\\/photomania\",\"initial_slide\":0};\n\t\t\t\t\tvar content = {\"data\":[{\"id\":\"3470\",\"type\":\"image\",\"file\":\"WhatsApp_Image_2019-02-03_at_14.31.39.jpeg\",\"meta\":{\"width\":1328,\"height\":747,\"views\":843,\"likes\":0},\"title\":\"03.02.2019: Braunkohlwanderung\",\"alt\":\"03.02.2019: Braunkohlwanderung\",\"author\":{\"name\":\"Eike Heuer\",\"posts_link\":\"https:\\\/\\\/www.heimatverein-delligsen.de\\\/?author=1\"},\"post_link\":\"https:\\\/\\\/www.heimatverein-delligsen.de\\\/?gmedia=whatsapp_image_2019-02-03_at_14-31-39-jpeg\",\"ratio\":1.77777777777777767909128669998608529567718505859375},{\"id\":\"3471\",\"type\":\"image\",\"file\":\"WhatsApp_Image_2019-02-03_at_14.31.40_1_.jpeg\",\"meta\":{\"width\":1328,\"height\":747,\"views\":127,\"likes\":0},\"title\":\"03.02.2019: Braunkohlwanderung\",\"alt\":\"03.02.2019: Braunkohlwanderung\",\"author\":{\"name\":\"Eike Heuer\",\"posts_link\":\"https:\\\/\\\/www.heimatverein-delligsen.de\\\/?author=1\"},\"post_link\":\"https:\\\/\\\/www.heimatverein-delligsen.de\\\/?gmedia=whatsapp_image_2019-02-03_at_14-31-40_1_-jpeg\",\"ratio\":1.77777777777777767909128669998608529567718505859375},{\"id\":\"3472\",\"type\":\"image\",\"file\":\"WhatsApp_Image_2019-02-03_at_14.31.40_2_.jpeg\",\"meta\":{\"width\":1328,\"height\":747,\"views\":124,\"likes\":0},\"title\":\"03.02.2019: Braunkohlwanderung\",\"alt\":\"03.02.2019: Braunkohlwanderung\",\"author\":{\"name\":\"Eike Heuer\",\"posts_link\":\"https:\\\/\\\/www.heimatverein-delligsen.de\\\/?author=1\"},\"post_link\":\"https:\\\/\\\/www.heimatverein-delligsen.de\\\/?gmedia=whatsapp_image_2019-02-03_at_14-31-40_2_-jpeg\",\"ratio\":1.77777777777777767909128669998608529567718505859375},{\"id\":\"3473\",\"type\":\"image\",\"file\":\"WhatsApp_Image_2019-02-03_at_14.31.40_3_.jpeg\",\"meta\":{\"width\":1328,\"height\":747,\"views\":114,\"likes\":0},\"title\":\"03.02.2019: Braunkohlwanderung\",\"alt\":\"03.02.2019: Braunkohlwanderung\",\"author\":{\"name\":\"Eike Heuer\",\"posts_link\":\"https:\\\/\\\/www.heimatverein-delligsen.de\\\/?author=1\"},\"post_link\":\"https:\\\/\\\/www.heimatverein-delligsen.de\\\/?gmedia=whatsapp_image_2019-02-03_at_14-31-40_3_-jpeg\",\"ratio\":1.77777777777777767909128669998608529567718505859375},{\"id\":\"3461\",\"type\":\"image\",\"file\":\"WhatsApp_Image_2019-02-03_at_14.31.40.jpeg\",\"meta\":{\"width\":1328,\"height\":747,\"views\":112,\"likes\":0},\"title\":\"03.02.2019: Braunkohlwanderung\",\"alt\":\"03.02.2019: Braunkohlwanderung\",\"author\":{\"name\":\"Eike Heuer\",\"posts_link\":\"https:\\\/\\\/www.heimatverein-delligsen.de\\\/?author=1\"},\"post_link\":\"https:\\\/\\\/www.heimatverein-delligsen.de\\\/?gmedia=whatsapp_image_2019-02-03_at_14-31-40-jpeg\",\"ratio\":1.77777777777777767909128669998608529567718505859375},{\"id\":\"3462\",\"type\":\"image\",\"file\":\"WhatsApp_Image_2019-02-03_at_14.31.41.jpeg\",\"meta\":{\"width\":1328,\"height\":747,\"views\":104,\"likes\":0},\"title\":\"03.02.2019: Braunkohlwanderung\",\"alt\":\"03.02.2019: Braunkohlwanderung\",\"author\":{\"name\":\"Eike Heuer\",\"posts_link\":\"https:\\\/\\\/www.heimatverein-delligsen.de\\\/?author=1\"},\"post_link\":\"https:\\\/\\\/www.heimatverein-delligsen.de\\\/?gmedia=whatsapp_image_2019-02-03_at_14-31-41-jpeg\",\"ratio\":1.77777777777777767909128669998608529567718505859375},{\"id\":\"3463\",\"type\":\"image\",\"file\":\"WhatsApp_Image_2019-02-03_at_14.33.11.jpeg\",\"meta\":{\"width\":1328,\"height\":747,\"views\":113,\"likes\":0},\"title\":\"03.02.2019: Braunkohlwanderung\",\"alt\":\"03.02.2019: Braunkohlwanderung\",\"author\":{\"name\":\"Eike Heuer\",\"posts_link\":\"https:\\\/\\\/www.heimatverein-delligsen.de\\\/?author=1\"},\"post_link\":\"https:\\\/\\\/www.heimatverein-delligsen.de\\\/?gmedia=whatsapp_image_2019-02-03_at_14-33-11-jpeg\",\"ratio\":1.77777777777777767909128669998608529567718505859375},{\"id\":\"3464\",\"type\":\"image\",\"file\":\"WhatsApp_Image_2019-02-03_at_14.33.12_1_.jpeg\",\"meta\":{\"width\":1328,\"height\":747,\"views\":111,\"likes\":0},\"title\":\"03.02.2019: Braunkohlwanderung\",\"alt\":\"03.02.2019: Braunkohlwanderung\",\"author\":{\"name\":\"Eike Heuer\",\"posts_link\":\"https:\\\/\\\/www.heimatverein-delligsen.de\\\/?author=1\"},\"post_link\":\"https:\\\/\\\/www.heimatverein-delligsen.de\\\/?gmedia=whatsapp_image_2019-02-03_at_14-33-12_1_-jpeg\",\"ratio\":1.77777777777777767909128669998608529567718505859375},{\"id\":\"3465\",\"type\":\"image\",\"file\":\"WhatsApp_Image_2019-02-03_at_14.33.12.jpeg\",\"meta\":{\"width\":1328,\"height\":747,\"views\":114,\"likes\":0},\"title\":\"03.02.2019: Braunkohlwanderung\",\"alt\":\"03.02.2019: Braunkohlwanderung\",\"author\":{\"name\":\"Eike Heuer\",\"posts_link\":\"https:\\\/\\\/www.heimatverein-delligsen.de\\\/?author=1\"},\"post_link\":\"https:\\\/\\\/www.heimatverein-delligsen.de\\\/?gmedia=whatsapp_image_2019-02-03_at_14-33-12-jpeg\",\"ratio\":1.77777777777777767909128669998608529567718505859375},{\"id\":\"3466\",\"type\":\"image\",\"file\":\"WhatsApp_Image_2019-02-03_at_14.33.13_1_.jpeg\",\"meta\":{\"width\":1328,\"height\":747,\"views\":108,\"likes\":0},\"title\":\"03.02.2019: Braunkohlwanderung\",\"alt\":\"03.02.2019: Braunkohlwanderung\",\"author\":{\"name\":\"Eike Heuer\",\"posts_link\":\"https:\\\/\\\/www.heimatverein-delligsen.de\\\/?author=1\"},\"post_link\":\"https:\\\/\\\/www.heimatverein-delligsen.de\\\/?gmedia=whatsapp_image_2019-02-03_at_14-33-13_1_-jpeg\",\"ratio\":1.77777777777777767909128669998608529567718505859375},{\"id\":\"3467\",\"type\":\"image\",\"file\":\"WhatsApp_Image_2019-02-03_at_14.33.13_2_.jpeg\",\"meta\":{\"width\":1328,\"height\":747,\"views\":108,\"likes\":0},\"title\":\"03.02.2019: Braunkohlwanderung\",\"alt\":\"03.02.2019: Braunkohlwanderung\",\"author\":{\"name\":\"Eike Heuer\",\"posts_link\":\"https:\\\/\\\/www.heimatverein-delligsen.de\\\/?author=1\"},\"post_link\":\"https:\\\/\\\/www.heimatverein-delligsen.de\\\/?gmedia=whatsapp_image_2019-02-03_at_14-33-13_2_-jpeg\",\"ratio\":1.77777777777777767909128669998608529567718505859375},{\"id\":\"3468\",\"type\":\"image\",\"file\":\"WhatsApp_Image_2019-02-03_at_14.33.13.jpeg\",\"meta\":{\"width\":1328,\"height\":747,\"views\":117,\"likes\":0},\"title\":\"03.02.2019: Braunkohlwanderung\",\"alt\":\"03.02.2019: Braunkohlwanderung\",\"author\":{\"name\":\"Eike Heuer\",\"posts_link\":\"https:\\\/\\\/www.heimatverein-delligsen.de\\\/?author=1\"},\"post_link\":\"https:\\\/\\\/www.heimatverein-delligsen.de\\\/?gmedia=whatsapp_image_2019-02-03_at_14-33-13-jpeg\",\"ratio\":1.77777777777777767909128669998608529567718505859375}],\"terms\":[]};\n\t\t\t\t\tvar container = $( '#GmediaGallery_178' );\n\t\t\t\t\tcontainer.photomania( settings, content );\n\t\t\t\t\twindow.GmediaGallery_178 = container.data( 'photomania' );\n\t\t\t\t} );\n\t\t\t} );\n\t<\/script><\/div><br \/>\n<div class=\"gmedia_gallery photomania_module is_bot\" id=\"GmediaGallery_180\" data-gmid=\"180\" data-module=\"photomania\"><style class='gmedia_module_style_import'>\/**** .photomania_module #GmediaGallery_180 ****\/\n#GmediaGallery_180 .gmpm_preload {opacity:0;}\n#GmediaGallery_180 .swiper-big-images img.gmpm_the_photo { max-height:100%; max-width:100%; display:inline; width:auto; height:auto; object-fit:unset; vertical-align:middle; border:none; }\n#GmediaGallery_180 .gmpm_focus .swiper-big-images img.gmpm_the_photo { width:auto; height:auto; object-fit:unset; }\n#GmediaGallery_180 .swiper-small-images img.gmpm_photo { max-width:none; max-height:none; }\n#GmediaGallery_180 .swiper-small-images img.gmpm_photo.gmpm_photo_landscape { width:auto; height:100%; }\n#GmediaGallery_180 .swiper-small-images img.gmpm_photo.gmpm_photo_portrait { width:100%; height:auto; }\n#GmediaGallery_180 .gmpm_gallery_sources_list p { margin:7px 0; padding:0; font-size:inherit; }\n#GmediaGallery_180 .gmpm_photo_details .gmpm_description_wrap a,\n#GmediaGallery_180 .gmpm_big_button_wrap .gmpm_button.gmpm_like.gmpm_liked,\n#GmediaGallery_180 .gmpm_big_button_wrap .gmpm_button.gmpm_like.gmpm_liked:hover {color:#096900;}\n#GmediaGallery_180 .gmpm_photo_show .gmpm_big_button {background-color:#096900;}\n#GmediaGallery_180 .swiper-small-images div.gmpm_photo.swiper-slide-active {border-color:#096900;}\n#GmediaGallery_180 .gmpm_photo_header .gmpm_name_wrap .gmpm_title_author a:hover,\n#GmediaGallery_180 .gmpm_photo_details .gmpm_description_wrap a:hover {color:#096900;}\n#GmediaGallery_180 .gmpm_photo_show .gmpm_big_button:hover,\n#GmediaGallery_180 .gmpm_focus_actions ul .gmpm_button.like.gmpm_liked {background-color:#096900;}<\/style>\n\t<div class=\"gmpm_photo_show gmpm_w960 gmpm_w640 gmpm_w480\">\n\n\t\t<div class=\"gmpm_photo_wrap has_prev_photo has_next_photo\">\n\t\t\t<div class=\"swiper-container swiper-big-images\">\n\t\t\t\t<div class=\"gmpm_photo_arrow_next gmpm_photo_arrow gmpm_next\">\n\t\t\t\t\t<div title=\"Next\" class=\"gmpm_arrow\"><\/div>\n\t\t\t\t<\/div>\n\t\t\t\t<div class=\"gmpm_photo_arrow_previous gmpm_photo_arrow gmpm_prev\">\n\t\t\t\t\t<div title=\"Previous\" class=\"gmpm_arrow\"><\/div>\n\t\t\t\t<\/div>\n\t\t\t\t<div class=\"swiper-wrapper\">\n\t\t\t\t\t\n\t\t<div class=\"swiper-slide\" data-hash=\"gmedia3491\" data-photo-id=\"3491\"><span class=\"gmpm_va\"><\/span><img decoding=\"async\" src=\"https:\/\/www.heimatverein-delligsen.de\/hvd20\/wp-content\/grand-media\/image\/SAM_0467.jpg\" data-src=\"https:\/\/www.heimatverein-delligsen.de\/hvd20\/wp-content\/grand-media\/image\/SAM_0467.jpg\" alt=\"18.05.2019: Familien-Wandertag\" data-protect=\"Eike Heuer\" class=\"noLazy gmpm_the_photo\"><\/div>\n\t\t<div class=\"swiper-slide\" data-hash=\"gmedia3492\" data-photo-id=\"3492\"><span class=\"gmpm_va\"><\/span><img decoding=\"async\" src=\"https:\/\/www.heimatverein-delligsen.de\/hvd20\/wp-content\/grand-media\/image\/SAM_0468.jpg\" data-src=\"https:\/\/www.heimatverein-delligsen.de\/hvd20\/wp-content\/grand-media\/image\/SAM_0468.jpg\" alt=\"18.05.2019: Familien-Wandertag\" data-protect=\"Eike Heuer\" class=\"noLazy gmpm_the_photo\"><\/div>\n\t\t<div class=\"swiper-slide\" data-hash=\"gmedia3493\" data-photo-id=\"3493\"><span class=\"gmpm_va\"><\/span><img decoding=\"async\" src=\"https:\/\/www.heimatverein-delligsen.de\/hvd20\/wp-content\/grand-media\/image\/SAM_0470.jpg\" data-src=\"https:\/\/www.heimatverein-delligsen.de\/hvd20\/wp-content\/grand-media\/image\/SAM_0470.jpg\" alt=\"18.05.2019: Familien-Wandertag\" data-protect=\"Eike Heuer\" class=\"noLazy gmpm_the_photo\"><\/div>\n\t\t<div class=\"swiper-slide\" data-hash=\"gmedia3494\" data-photo-id=\"3494\"><span class=\"gmpm_va\"><\/span><img decoding=\"async\" src=\"https:\/\/www.heimatverein-delligsen.de\/hvd20\/wp-content\/grand-media\/image\/SAM_0471.jpg\" data-src=\"https:\/\/www.heimatverein-delligsen.de\/hvd20\/wp-content\/grand-media\/image\/SAM_0471.jpg\" alt=\"18.05.2019: Familien-Wandertag\" data-protect=\"Eike Heuer\" class=\"noLazy gmpm_the_photo\"><\/div>\n\t\t<div class=\"swiper-slide\" data-hash=\"gmedia3495\" data-photo-id=\"3495\"><span class=\"gmpm_va\"><\/span><img decoding=\"async\" src=\"https:\/\/www.heimatverein-delligsen.de\/hvd20\/wp-content\/grand-media\/image\/SAM_0472.jpg\" data-src=\"https:\/\/www.heimatverein-delligsen.de\/hvd20\/wp-content\/grand-media\/image\/SAM_0472.jpg\" alt=\"18.05.2019: Familien-Wandertag\" data-protect=\"Eike Heuer\" class=\"noLazy gmpm_the_photo\"><\/div>\n\t\t<div class=\"swiper-slide\" data-hash=\"gmedia3496\" data-photo-id=\"3496\"><span class=\"gmpm_va\"><\/span><img decoding=\"async\" src=\"https:\/\/www.heimatverein-delligsen.de\/hvd20\/wp-content\/grand-media\/image\/SAM_0475.jpg\" data-src=\"https:\/\/www.heimatverein-delligsen.de\/hvd20\/wp-content\/grand-media\/image\/SAM_0475.jpg\" alt=\"18.05.2019: Familien-Wandertag\" data-protect=\"Eike Heuer\" class=\"noLazy gmpm_the_photo\"><\/div>\n\t\t<div class=\"swiper-slide\" data-hash=\"gmedia3497\" data-photo-id=\"3497\"><span class=\"gmpm_va\"><\/span><img decoding=\"async\" src=\"https:\/\/www.heimatverein-delligsen.de\/hvd20\/wp-content\/grand-media\/image\/SAM_0476.jpg\" data-src=\"https:\/\/www.heimatverein-delligsen.de\/hvd20\/wp-content\/grand-media\/image\/SAM_0476.jpg\" alt=\"18.05.2019: Familien-Wandertag\" data-protect=\"Eike Heuer\" class=\"noLazy gmpm_the_photo\"><\/div>\n\t\t<div class=\"swiper-slide\" data-hash=\"gmedia3498\" data-photo-id=\"3498\"><span class=\"gmpm_va\"><\/span><img decoding=\"async\" src=\"https:\/\/www.heimatverein-delligsen.de\/hvd20\/wp-content\/grand-media\/image\/SAM_0478.jpg\" data-src=\"https:\/\/www.heimatverein-delligsen.de\/hvd20\/wp-content\/grand-media\/image\/SAM_0478.jpg\" alt=\"18.05.2019: Familien-Wandertag\" data-protect=\"Eike Heuer\" class=\"noLazy gmpm_the_photo\"><\/div>\n\t\t<div class=\"swiper-slide\" data-hash=\"gmedia3499\" data-photo-id=\"3499\"><span class=\"gmpm_va\"><\/span><img decoding=\"async\" src=\"https:\/\/www.heimatverein-delligsen.de\/hvd20\/wp-content\/grand-media\/image\/SAM_0479.jpg\" data-src=\"https:\/\/www.heimatverein-delligsen.de\/hvd20\/wp-content\/grand-media\/image\/SAM_0479.jpg\" alt=\"18.05.2019: Familien-Wandertag\" data-protect=\"Eike Heuer\" class=\"noLazy gmpm_the_photo\"><\/div>\n\t\t<div class=\"swiper-slide\" data-hash=\"gmedia3500\" data-photo-id=\"3500\"><span class=\"gmpm_va\"><\/span><img decoding=\"async\" src=\"https:\/\/www.heimatverein-delligsen.de\/hvd20\/wp-content\/grand-media\/image\/SAM_0480.jpg\" data-src=\"https:\/\/www.heimatverein-delligsen.de\/hvd20\/wp-content\/grand-media\/image\/SAM_0480.jpg\" alt=\"18.05.2019: Familien-Wandertag\" data-protect=\"Eike Heuer\" class=\"noLazy gmpm_the_photo\"><\/div>\n\t\t<div class=\"swiper-slide\" data-hash=\"gmedia3501\" data-photo-id=\"3501\"><span class=\"gmpm_va\"><\/span><img decoding=\"async\" src=\"https:\/\/www.heimatverein-delligsen.de\/hvd20\/wp-content\/grand-media\/image\/SAM_0484.jpg\" data-src=\"https:\/\/www.heimatverein-delligsen.de\/hvd20\/wp-content\/grand-media\/image\/SAM_0484.jpg\" alt=\"18.05.2019: Familien-Wandertag\" data-protect=\"Eike Heuer\" class=\"noLazy gmpm_the_photo\"><\/div>\n\t\t<div class=\"swiper-slide\" data-hash=\"gmedia3502\" data-photo-id=\"3502\"><span class=\"gmpm_va\"><\/span><img decoding=\"async\" src=\"https:\/\/www.heimatverein-delligsen.de\/hvd20\/wp-content\/grand-media\/image\/SAM_0485.jpg\" data-src=\"https:\/\/www.heimatverein-delligsen.de\/hvd20\/wp-content\/grand-media\/image\/SAM_0485.jpg\" alt=\"18.05.2019: Familien-Wandertag\" data-protect=\"Eike Heuer\" class=\"noLazy gmpm_the_photo\"><\/div>\n\t\t<div class=\"swiper-slide\" data-hash=\"gmedia3503\" data-photo-id=\"3503\"><span class=\"gmpm_va\"><\/span><img decoding=\"async\" src=\"https:\/\/www.heimatverein-delligsen.de\/hvd20\/wp-content\/grand-media\/image\/SAM_0486.jpg\" data-src=\"https:\/\/www.heimatverein-delligsen.de\/hvd20\/wp-content\/grand-media\/image\/SAM_0486.jpg\" alt=\"18.05.2019: Familien-Wandertag\" data-protect=\"Eike Heuer\" class=\"noLazy gmpm_the_photo\"><\/div>\n\t\t<div class=\"swiper-slide\" data-hash=\"gmedia3504\" data-photo-id=\"3504\"><span class=\"gmpm_va\"><\/span><img decoding=\"async\" src=\"https:\/\/www.heimatverein-delligsen.de\/hvd20\/wp-content\/grand-media\/image\/SAM_0487.jpg\" data-src=\"https:\/\/www.heimatverein-delligsen.de\/hvd20\/wp-content\/grand-media\/image\/SAM_0487.jpg\" alt=\"18.05.2019: Familien-Wandertag\" data-protect=\"Eike Heuer\" class=\"noLazy gmpm_the_photo\"><\/div>\n\t\t<div class=\"swiper-slide\" data-hash=\"gmedia3505\" data-photo-id=\"3505\"><span class=\"gmpm_va\"><\/span><img decoding=\"async\" src=\"https:\/\/www.heimatverein-delligsen.de\/hvd20\/wp-content\/grand-media\/image\/WhatsApp_Image_2019-05-20_at_19.42.53.jpeg\" data-src=\"https:\/\/www.heimatverein-delligsen.de\/hvd20\/wp-content\/grand-media\/image\/WhatsApp_Image_2019-05-20_at_19.42.53.jpeg\" alt=\"18.05.2019: Familien-Wandertag\" data-protect=\"Eike Heuer\" class=\"noLazy gmpm_the_photo\"><\/div>\n\t\t<div class=\"swiper-slide\" data-hash=\"gmedia3507\" data-photo-id=\"3507\"><span class=\"gmpm_va\"><\/span><img decoding=\"async\" src=\"https:\/\/www.heimatverein-delligsen.de\/hvd20\/wp-content\/grand-media\/image\/WhatsApp_Image_2019-05-20_at_19.42.54_2_.jpeg\" data-src=\"https:\/\/www.heimatverein-delligsen.de\/hvd20\/wp-content\/grand-media\/image\/WhatsApp_Image_2019-05-20_at_19.42.54_2_.jpeg\" alt=\"18.05.2019: Familien-Wandertag\" data-protect=\"Eike Heuer\" class=\"noLazy gmpm_the_photo\"><\/div>\n\t\t<div class=\"swiper-slide\" data-hash=\"gmedia3508\" data-photo-id=\"3508\"><span class=\"gmpm_va\"><\/span><img decoding=\"async\" src=\"https:\/\/www.heimatverein-delligsen.de\/hvd20\/wp-content\/grand-media\/image\/WhatsApp_Image_2019-05-20_at_19.42.54_3_.jpeg\" data-src=\"https:\/\/www.heimatverein-delligsen.de\/hvd20\/wp-content\/grand-media\/image\/WhatsApp_Image_2019-05-20_at_19.42.54_3_.jpeg\" alt=\"18.05.2019: Familien-Wandertag\" data-protect=\"Eike Heuer\" class=\"noLazy gmpm_the_photo\"><\/div>\n\t\t<div class=\"swiper-slide\" data-hash=\"gmedia3509\" data-photo-id=\"3509\"><span class=\"gmpm_va\"><\/span><img decoding=\"async\" src=\"https:\/\/www.heimatverein-delligsen.de\/hvd20\/wp-content\/grand-media\/image\/WhatsApp_Image_2019-05-20_at_19.42.54.jpeg\" data-src=\"https:\/\/www.heimatverein-delligsen.de\/hvd20\/wp-content\/grand-media\/image\/WhatsApp_Image_2019-05-20_at_19.42.54.jpeg\" alt=\"18.05.2019: Familien-Wandertag\" data-protect=\"Eike Heuer\" class=\"noLazy gmpm_the_photo\"><\/div>\n\t\t<div class=\"swiper-slide\" data-hash=\"gmedia3510\" data-photo-id=\"3510\"><span class=\"gmpm_va\"><\/span><img decoding=\"async\" src=\"https:\/\/www.heimatverein-delligsen.de\/hvd20\/wp-content\/grand-media\/image\/WhatsApp_Image_2019-05-20_at_19.42.55.jpeg\" data-src=\"https:\/\/www.heimatverein-delligsen.de\/hvd20\/wp-content\/grand-media\/image\/WhatsApp_Image_2019-05-20_at_19.42.55.jpeg\" alt=\"18.05.2019: Familien-Wandertag\" data-protect=\"Eike Heuer\" class=\"noLazy gmpm_the_photo\"><\/div>\t\t\t\t<\/div>\n\t\t\t<\/div>\n\t\t<\/div>\n\n\t\t<div class=\"gmpm_photo_header\">\n\t\t\t<div class=\"gmpm_wrapper gmpm_clearfix\">\n\t\t\t\t<div class=\"gmpm_focus_actions\">\n\t\t\t\t\t\t\t\t\t\t\t\t\t\t\t<ul class=\"gmpm_focus_arrows gmpm_clearfix\">\n\t\t\t\t\t\t<li style=\"list-style:none;\"><a class=\"gmpm_button gmpm_photo_arrow_previous gmpm_prev\">Previous<\/a><\/li>\n\t\t\t\t\t\t<li style=\"list-style:none;\"><a class=\"gmpm_button gmpm_photo_arrow_next gmpm_next\">Next<\/a><\/li>\n\t\t\t\t\t<\/ul>\n\t\t\t\t<\/div>\n\t\t\t\t<div class=\"gmpm_name_wrap gmpm_clearfix gmpm_no_avatar\">\n\t\t\t\t\t\t\t\t\t\t<div class=\"gmpm_title_author\">\n\t\t\t\t\t\t<div class=\"gmpm_title\">18.05.2019: Familien-Wandertag<\/div>\n\t\t\t\t\t\t\t\t\t\t\t<\/div>\n\t\t\t\t<\/div>\n\t\t\t\t<div class=\"gmpm_actions gmpm_clearfix\">\n\t\t\t\t\t<div class=\"gmpm_carousel gmpm_has_previous gmpm_has_next\">\n\t\t\t\t\t\t<div class=\"gmpm_previous_button\"><\/div>\n\t\t\t\t\t\t<div class=\"gmpm_photo_carousel\">\n\t\t\t\t\t\t\t<div class=\"swiper-container swiper-small-images\">\n\t\t\t\t\t\t\t\t<div class=\"swiper-wrapper\">\n\t\t\t\t\t\t\t\t\t\n\t\t<div class=\"swiper-slide gmpm_photo\" data-photo-id=\"3491\"><img decoding=\"async\" src=\"https:\/\/www.heimatverein-delligsen.de\/hvd20\/wp-content\/grand-media\/image\/thumb\/SAM_0467.jpg\" data-src=\"https:\/\/www.heimatverein-delligsen.de\/hvd20\/wp-content\/grand-media\/image\/thumb\/SAM_0467.jpg\" alt=\"18.05.2019: Familien-Wandertag\" class=\"noLazy gmpm_photo swiper-lazy gmpm_photo_landscape\"><span class=\"swiper-lazy-preloader swiper-lazy-preloader-black\"><\/span><\/div>\n\t\t<div class=\"swiper-slide gmpm_photo\" data-photo-id=\"3492\"><img decoding=\"async\" src=\"https:\/\/www.heimatverein-delligsen.de\/hvd20\/wp-content\/grand-media\/image\/thumb\/SAM_0468.jpg\" data-src=\"https:\/\/www.heimatverein-delligsen.de\/hvd20\/wp-content\/grand-media\/image\/thumb\/SAM_0468.jpg\" alt=\"18.05.2019: Familien-Wandertag\" class=\"noLazy gmpm_photo swiper-lazy gmpm_photo_landscape\"><span class=\"swiper-lazy-preloader swiper-lazy-preloader-black\"><\/span><\/div>\n\t\t<div class=\"swiper-slide gmpm_photo\" data-photo-id=\"3493\"><img decoding=\"async\" src=\"https:\/\/www.heimatverein-delligsen.de\/hvd20\/wp-content\/grand-media\/image\/thumb\/SAM_0470.jpg\" data-src=\"https:\/\/www.heimatverein-delligsen.de\/hvd20\/wp-content\/grand-media\/image\/thumb\/SAM_0470.jpg\" alt=\"18.05.2019: Familien-Wandertag\" class=\"noLazy gmpm_photo swiper-lazy gmpm_photo_landscape\"><span class=\"swiper-lazy-preloader swiper-lazy-preloader-black\"><\/span><\/div>\n\t\t<div class=\"swiper-slide gmpm_photo\" data-photo-id=\"3494\"><img decoding=\"async\" src=\"https:\/\/www.heimatverein-delligsen.de\/hvd20\/wp-content\/grand-media\/image\/thumb\/SAM_0471.jpg\" data-src=\"https:\/\/www.heimatverein-delligsen.de\/hvd20\/wp-content\/grand-media\/image\/thumb\/SAM_0471.jpg\" alt=\"18.05.2019: Familien-Wandertag\" class=\"noLazy gmpm_photo swiper-lazy gmpm_photo_landscape\"><span class=\"swiper-lazy-preloader swiper-lazy-preloader-black\"><\/span><\/div>\n\t\t<div class=\"swiper-slide gmpm_photo\" data-photo-id=\"3495\"><img decoding=\"async\" src=\"https:\/\/www.heimatverein-delligsen.de\/hvd20\/wp-content\/grand-media\/image\/thumb\/SAM_0472.jpg\" data-src=\"https:\/\/www.heimatverein-delligsen.de\/hvd20\/wp-content\/grand-media\/image\/thumb\/SAM_0472.jpg\" alt=\"18.05.2019: Familien-Wandertag\" class=\"noLazy gmpm_photo swiper-lazy gmpm_photo_landscape\"><span class=\"swiper-lazy-preloader swiper-lazy-preloader-black\"><\/span><\/div>\n\t\t<div class=\"swiper-slide gmpm_photo\" data-photo-id=\"3496\"><img decoding=\"async\" src=\"https:\/\/www.heimatverein-delligsen.de\/hvd20\/wp-content\/grand-media\/image\/thumb\/SAM_0475.jpg\" data-src=\"https:\/\/www.heimatverein-delligsen.de\/hvd20\/wp-content\/grand-media\/image\/thumb\/SAM_0475.jpg\" alt=\"18.05.2019: Familien-Wandertag\" class=\"noLazy gmpm_photo swiper-lazy gmpm_photo_landscape\"><span class=\"swiper-lazy-preloader swiper-lazy-preloader-black\"><\/span><\/div>\n\t\t<div class=\"swiper-slide gmpm_photo\" data-photo-id=\"3497\"><img decoding=\"async\" src=\"https:\/\/www.heimatverein-delligsen.de\/hvd20\/wp-content\/grand-media\/image\/thumb\/SAM_0476.jpg\" data-src=\"https:\/\/www.heimatverein-delligsen.de\/hvd20\/wp-content\/grand-media\/image\/thumb\/SAM_0476.jpg\" alt=\"18.05.2019: Familien-Wandertag\" class=\"noLazy gmpm_photo swiper-lazy gmpm_photo_landscape\"><span class=\"swiper-lazy-preloader swiper-lazy-preloader-black\"><\/span><\/div>\n\t\t<div class=\"swiper-slide gmpm_photo\" data-photo-id=\"3498\"><img decoding=\"async\" src=\"https:\/\/www.heimatverein-delligsen.de\/hvd20\/wp-content\/grand-media\/image\/thumb\/SAM_0478.jpg\" data-src=\"https:\/\/www.heimatverein-delligsen.de\/hvd20\/wp-content\/grand-media\/image\/thumb\/SAM_0478.jpg\" alt=\"18.05.2019: Familien-Wandertag\" class=\"noLazy gmpm_photo swiper-lazy gmpm_photo_landscape\"><span class=\"swiper-lazy-preloader swiper-lazy-preloader-black\"><\/span><\/div>\n\t\t<div class=\"swiper-slide gmpm_photo\" data-photo-id=\"3499\"><img decoding=\"async\" src=\"https:\/\/www.heimatverein-delligsen.de\/hvd20\/wp-content\/grand-media\/image\/thumb\/SAM_0479.jpg\" data-src=\"https:\/\/www.heimatverein-delligsen.de\/hvd20\/wp-content\/grand-media\/image\/thumb\/SAM_0479.jpg\" alt=\"18.05.2019: Familien-Wandertag\" class=\"noLazy gmpm_photo swiper-lazy gmpm_photo_landscape\"><span class=\"swiper-lazy-preloader swiper-lazy-preloader-black\"><\/span><\/div>\n\t\t<div class=\"swiper-slide gmpm_photo\" data-photo-id=\"3500\"><img decoding=\"async\" src=\"https:\/\/www.heimatverein-delligsen.de\/hvd20\/wp-content\/grand-media\/image\/thumb\/SAM_0480.jpg\" data-src=\"https:\/\/www.heimatverein-delligsen.de\/hvd20\/wp-content\/grand-media\/image\/thumb\/SAM_0480.jpg\" alt=\"18.05.2019: Familien-Wandertag\" class=\"noLazy gmpm_photo swiper-lazy gmpm_photo_landscape\"><span class=\"swiper-lazy-preloader swiper-lazy-preloader-black\"><\/span><\/div>\n\t\t<div class=\"swiper-slide gmpm_photo\" data-photo-id=\"3501\"><img decoding=\"async\" src=\"https:\/\/www.heimatverein-delligsen.de\/hvd20\/wp-content\/grand-media\/image\/thumb\/SAM_0484.jpg\" data-src=\"https:\/\/www.heimatverein-delligsen.de\/hvd20\/wp-content\/grand-media\/image\/thumb\/SAM_0484.jpg\" alt=\"18.05.2019: Familien-Wandertag\" class=\"noLazy gmpm_photo swiper-lazy gmpm_photo_landscape\"><span class=\"swiper-lazy-preloader swiper-lazy-preloader-black\"><\/span><\/div>\n\t\t<div class=\"swiper-slide gmpm_photo\" data-photo-id=\"3502\"><img decoding=\"async\" src=\"https:\/\/www.heimatverein-delligsen.de\/hvd20\/wp-content\/grand-media\/image\/thumb\/SAM_0485.jpg\" data-src=\"https:\/\/www.heimatverein-delligsen.de\/hvd20\/wp-content\/grand-media\/image\/thumb\/SAM_0485.jpg\" alt=\"18.05.2019: Familien-Wandertag\" class=\"noLazy gmpm_photo swiper-lazy gmpm_photo_landscape\"><span class=\"swiper-lazy-preloader swiper-lazy-preloader-black\"><\/span><\/div>\n\t\t<div class=\"swiper-slide gmpm_photo\" data-photo-id=\"3503\"><img decoding=\"async\" src=\"https:\/\/www.heimatverein-delligsen.de\/hvd20\/wp-content\/grand-media\/image\/thumb\/SAM_0486.jpg\" data-src=\"https:\/\/www.heimatverein-delligsen.de\/hvd20\/wp-content\/grand-media\/image\/thumb\/SAM_0486.jpg\" alt=\"18.05.2019: Familien-Wandertag\" class=\"noLazy gmpm_photo swiper-lazy gmpm_photo_landscape\"><span class=\"swiper-lazy-preloader swiper-lazy-preloader-black\"><\/span><\/div>\n\t\t<div class=\"swiper-slide gmpm_photo\" data-photo-id=\"3504\"><img decoding=\"async\" src=\"https:\/\/www.heimatverein-delligsen.de\/hvd20\/wp-content\/grand-media\/image\/thumb\/SAM_0487.jpg\" data-src=\"https:\/\/www.heimatverein-delligsen.de\/hvd20\/wp-content\/grand-media\/image\/thumb\/SAM_0487.jpg\" alt=\"18.05.2019: Familien-Wandertag\" class=\"noLazy gmpm_photo swiper-lazy gmpm_photo_landscape\"><span class=\"swiper-lazy-preloader swiper-lazy-preloader-black\"><\/span><\/div>\n\t\t<div class=\"swiper-slide gmpm_photo\" data-photo-id=\"3505\"><img decoding=\"async\" src=\"https:\/\/www.heimatverein-delligsen.de\/hvd20\/wp-content\/grand-media\/image\/thumb\/WhatsApp_Image_2019-05-20_at_19.42.53.jpeg\" data-src=\"https:\/\/www.heimatverein-delligsen.de\/hvd20\/wp-content\/grand-media\/image\/thumb\/WhatsApp_Image_2019-05-20_at_19.42.53.jpeg\" alt=\"18.05.2019: Familien-Wandertag\" class=\"noLazy gmpm_photo swiper-lazy gmpm_photo_landscape\"><span class=\"swiper-lazy-preloader swiper-lazy-preloader-black\"><\/span><\/div>\n\t\t<div class=\"swiper-slide gmpm_photo\" data-photo-id=\"3507\"><img decoding=\"async\" src=\"https:\/\/www.heimatverein-delligsen.de\/hvd20\/wp-content\/grand-media\/image\/thumb\/WhatsApp_Image_2019-05-20_at_19.42.54_2_.jpeg\" data-src=\"https:\/\/www.heimatverein-delligsen.de\/hvd20\/wp-content\/grand-media\/image\/thumb\/WhatsApp_Image_2019-05-20_at_19.42.54_2_.jpeg\" alt=\"18.05.2019: Familien-Wandertag\" class=\"noLazy gmpm_photo swiper-lazy gmpm_photo_landscape\"><span class=\"swiper-lazy-preloader swiper-lazy-preloader-black\"><\/span><\/div>\n\t\t<div class=\"swiper-slide gmpm_photo\" data-photo-id=\"3508\"><img decoding=\"async\" src=\"https:\/\/www.heimatverein-delligsen.de\/hvd20\/wp-content\/grand-media\/image\/thumb\/WhatsApp_Image_2019-05-20_at_19.42.54_3_.jpeg\" data-src=\"https:\/\/www.heimatverein-delligsen.de\/hvd20\/wp-content\/grand-media\/image\/thumb\/WhatsApp_Image_2019-05-20_at_19.42.54_3_.jpeg\" alt=\"18.05.2019: Familien-Wandertag\" class=\"noLazy gmpm_photo swiper-lazy gmpm_photo_landscape\"><span class=\"swiper-lazy-preloader swiper-lazy-preloader-black\"><\/span><\/div>\n\t\t<div class=\"swiper-slide gmpm_photo\" data-photo-id=\"3509\"><img decoding=\"async\" src=\"https:\/\/www.heimatverein-delligsen.de\/hvd20\/wp-content\/grand-media\/image\/thumb\/WhatsApp_Image_2019-05-20_at_19.42.54.jpeg\" data-src=\"https:\/\/www.heimatverein-delligsen.de\/hvd20\/wp-content\/grand-media\/image\/thumb\/WhatsApp_Image_2019-05-20_at_19.42.54.jpeg\" alt=\"18.05.2019: Familien-Wandertag\" class=\"noLazy gmpm_photo swiper-lazy gmpm_photo_landscape\"><span class=\"swiper-lazy-preloader swiper-lazy-preloader-black\"><\/span><\/div>\n\t\t<div class=\"swiper-slide gmpm_photo\" data-photo-id=\"3510\"><img decoding=\"async\" src=\"https:\/\/www.heimatverein-delligsen.de\/hvd20\/wp-content\/grand-media\/image\/thumb\/WhatsApp_Image_2019-05-20_at_19.42.55.jpeg\" data-src=\"https:\/\/www.heimatverein-delligsen.de\/hvd20\/wp-content\/grand-media\/image\/thumb\/WhatsApp_Image_2019-05-20_at_19.42.55.jpeg\" alt=\"18.05.2019: Familien-Wandertag\" class=\"noLazy gmpm_photo swiper-lazy gmpm_photo_landscape\"><span class=\"swiper-lazy-preloader swiper-lazy-preloader-black\"><\/span><\/div>\t\t\t\t\t\t\t\t<\/div>\n\t\t\t\t\t\t\t<\/div>\n\t\t\t\t\t\t<\/div>\n\t\t\t\t\t\t<div class=\"gmpm_next_button\"><\/div>\n\t\t\t\t\t<\/div>\n\t\t\t\t\t\t\t\t\t\t\t\t\t\t\t\t\t\t\t\t\t\t\t\t<\/div>\n\t\t\t<\/div>\n\t\t<\/div>\n\t\t<div class=\"gmpm_focus_close_full\">\n\t\t\t<span><a class=\"gmpm_button gmpm_close\">Close<\/a><\/span>\n\t\t\t<span><a class=\"gmpm_button gmpm_full\">Full<\/a><\/span>\n\t\t<\/div>\n\t\t<div class=\"gmpm_photo_details\">\n\t\t\t<div class=\"gmpm_description_wrap empty-item-description\">\n\t\t\t\t\t\t\t<\/div>\n\t\t<\/div>\n\n\t\t<div class=\"gmpm_focus_footer\">\n\t\t\t<div class=\"gmpm_focus_keyboard\">\n\t\t\t\t<div class=\"gmpm_focus_keyboard_title\">Keyboard Shortcuts <a class=\"gmpm_focus_keyboard_dismiss\">Dismiss<\/a><\/div>\n\t\t\t\t<ul>\n\t\t\t\t\t<li style=\"list-style:none;\"><a data-key=\"p\" class=\"gmpm_key\">S<\/a><span class=\"gmpm_label\">Slideshow<\/span><\/li>\n\t\t\t\t\t<li style=\"list-style:none;\"><a data-key=\"m\" class=\"gmpm_key\">M<\/a><span class=\"gmpm_label\">Maximize<\/span><\/li>\n\t\t\t\t\t<li style=\"list-style:none;\"><a data-key=\"left\" class=\"gmpm_key\">&nbsp;<\/a><span class=\"gmpm_label\">Previous<\/span><\/li>\n\t\t\t\t\t<li style=\"list-style:none;\"><a data-key=\"right\" class=\"gmpm_key\">&nbsp;<\/a><span class=\"gmpm_label\">Next<\/span><\/li>\n\t\t\t\t\t<li style=\"list-style:none;\"><a data-key=\"escape\" class=\"gmpm_key gmpm_esc\">esc<\/a><span class=\"gmpm_label\">Close<\/span><\/li>\n\t\t\t\t<\/ul>\n\t\t\t<\/div>\n\t\t<\/div>\n\n\t<\/div>\n\n\t<script type=\"text\/javascript\">\n\t\t\tdocument.addEventListener( 'DOMContentLoaded', function() {\n\t\t\t\tjQuery( function( $ ) {\n\t\t\t\t\tvar settings = {\"show_comments\":\"0\",\"show_download_button\":\"0\",\"show_link_button\":\"0\",\"show_description\":\"0\",\"show_author_avatar\":\"0\",\"show_author_name\":\"0\",\"show_share_button\":\"0\",\"show_like_button\":\"0\",\"link_color\":\"096900\",\"link_color_hover\":\"096900\",\"description_title\":\"Beschreibung\",\"ID\":180,\"url\":\"https:\\\/\\\/www.heimatverein-delligsen.de?rest_route=%2Fwp%2Fv2%2Fpages%2F7731\",\"moduleUrl\":\"https:\\\/\\\/www.heimatverein-delligsen.de\\\/hvd20\\\/wp-content\\\/grand-media\\\/module\\\/photomania\",\"initial_slide\":0};\n\t\t\t\t\tvar content = {\"data\":[{\"id\":\"3491\",\"type\":\"image\",\"file\":\"SAM_0467.jpg\",\"meta\":{\"width\":2200,\"height\":1650,\"views\":774,\"likes\":0},\"title\":\"18.05.2019: Familien-Wandertag\",\"alt\":\"18.05.2019: Familien-Wandertag\",\"author\":{\"name\":\"Eike Heuer\",\"posts_link\":\"https:\\\/\\\/www.heimatverein-delligsen.de\\\/?author=1\"},\"post_link\":\"https:\\\/\\\/www.heimatverein-delligsen.de\\\/?gmedia=sam_0467-jpg\",\"ratio\":1.3333333333333332593184650249895639717578887939453125},{\"id\":\"3492\",\"type\":\"image\",\"file\":\"SAM_0468.jpg\",\"meta\":{\"width\":2200,\"height\":1650,\"views\":86,\"likes\":0},\"title\":\"18.05.2019: Familien-Wandertag\",\"alt\":\"18.05.2019: Familien-Wandertag\",\"author\":{\"name\":\"Eike Heuer\",\"posts_link\":\"https:\\\/\\\/www.heimatverein-delligsen.de\\\/?author=1\"},\"post_link\":\"https:\\\/\\\/www.heimatverein-delligsen.de\\\/?gmedia=sam_0468-jpg\",\"ratio\":1.3333333333333332593184650249895639717578887939453125},{\"id\":\"3493\",\"type\":\"image\",\"file\":\"SAM_0470.jpg\",\"meta\":{\"width\":2200,\"height\":1650,\"views\":83,\"likes\":0},\"title\":\"18.05.2019: Familien-Wandertag\",\"alt\":\"18.05.2019: Familien-Wandertag\",\"author\":{\"name\":\"Eike Heuer\",\"posts_link\":\"https:\\\/\\\/www.heimatverein-delligsen.de\\\/?author=1\"},\"post_link\":\"https:\\\/\\\/www.heimatverein-delligsen.de\\\/?gmedia=sam_0470-jpg\",\"ratio\":1.3333333333333332593184650249895639717578887939453125},{\"id\":\"3494\",\"type\":\"image\",\"file\":\"SAM_0471.jpg\",\"meta\":{\"width\":2200,\"height\":1650,\"views\":52,\"likes\":0},\"title\":\"18.05.2019: Familien-Wandertag\",\"alt\":\"18.05.2019: Familien-Wandertag\",\"author\":{\"name\":\"Eike Heuer\",\"posts_link\":\"https:\\\/\\\/www.heimatverein-delligsen.de\\\/?author=1\"},\"post_link\":\"https:\\\/\\\/www.heimatverein-delligsen.de\\\/?gmedia=sam_0471-jpg\",\"ratio\":1.3333333333333332593184650249895639717578887939453125},{\"id\":\"3495\",\"type\":\"image\",\"file\":\"SAM_0472.jpg\",\"meta\":{\"width\":2200,\"height\":1650,\"views\":52,\"likes\":0},\"title\":\"18.05.2019: Familien-Wandertag\",\"alt\":\"18.05.2019: Familien-Wandertag\",\"author\":{\"name\":\"Eike Heuer\",\"posts_link\":\"https:\\\/\\\/www.heimatverein-delligsen.de\\\/?author=1\"},\"post_link\":\"https:\\\/\\\/www.heimatverein-delligsen.de\\\/?gmedia=sam_0472-jpg\",\"ratio\":1.3333333333333332593184650249895639717578887939453125},{\"id\":\"3496\",\"type\":\"image\",\"file\":\"SAM_0475.jpg\",\"meta\":{\"width\":2200,\"height\":1650,\"views\":60,\"likes\":0},\"title\":\"18.05.2019: Familien-Wandertag\",\"alt\":\"18.05.2019: Familien-Wandertag\",\"author\":{\"name\":\"Eike Heuer\",\"posts_link\":\"https:\\\/\\\/www.heimatverein-delligsen.de\\\/?author=1\"},\"post_link\":\"https:\\\/\\\/www.heimatverein-delligsen.de\\\/?gmedia=sam_0475-jpg\",\"ratio\":1.3333333333333332593184650249895639717578887939453125},{\"id\":\"3497\",\"type\":\"image\",\"file\":\"SAM_0476.jpg\",\"meta\":{\"width\":2200,\"height\":1650,\"views\":60,\"likes\":0},\"title\":\"18.05.2019: Familien-Wandertag\",\"alt\":\"18.05.2019: Familien-Wandertag\",\"author\":{\"name\":\"Eike Heuer\",\"posts_link\":\"https:\\\/\\\/www.heimatverein-delligsen.de\\\/?author=1\"},\"post_link\":\"https:\\\/\\\/www.heimatverein-delligsen.de\\\/?gmedia=sam_0476-jpg\",\"ratio\":1.3333333333333332593184650249895639717578887939453125},{\"id\":\"3498\",\"type\":\"image\",\"file\":\"SAM_0478.jpg\",\"meta\":{\"width\":2200,\"height\":1650,\"views\":69,\"likes\":0},\"title\":\"18.05.2019: Familien-Wandertag\",\"alt\":\"18.05.2019: Familien-Wandertag\",\"author\":{\"name\":\"Eike Heuer\",\"posts_link\":\"https:\\\/\\\/www.heimatverein-delligsen.de\\\/?author=1\"},\"post_link\":\"https:\\\/\\\/www.heimatverein-delligsen.de\\\/?gmedia=sam_0478-jpg\",\"ratio\":1.3333333333333332593184650249895639717578887939453125},{\"id\":\"3499\",\"type\":\"image\",\"file\":\"SAM_0479.jpg\",\"meta\":{\"width\":2200,\"height\":1650,\"views\":65,\"likes\":0},\"title\":\"18.05.2019: Familien-Wandertag\",\"alt\":\"18.05.2019: Familien-Wandertag\",\"author\":{\"name\":\"Eike Heuer\",\"posts_link\":\"https:\\\/\\\/www.heimatverein-delligsen.de\\\/?author=1\"},\"post_link\":\"https:\\\/\\\/www.heimatverein-delligsen.de\\\/?gmedia=sam_0479-jpg\",\"ratio\":1.3333333333333332593184650249895639717578887939453125},{\"id\":\"3500\",\"type\":\"image\",\"file\":\"SAM_0480.jpg\",\"meta\":{\"width\":2200,\"height\":1650,\"views\":63,\"likes\":0},\"title\":\"18.05.2019: Familien-Wandertag\",\"alt\":\"18.05.2019: Familien-Wandertag\",\"author\":{\"name\":\"Eike Heuer\",\"posts_link\":\"https:\\\/\\\/www.heimatverein-delligsen.de\\\/?author=1\"},\"post_link\":\"https:\\\/\\\/www.heimatverein-delligsen.de\\\/?gmedia=sam_0480-jpg\",\"ratio\":1.3333333333333332593184650249895639717578887939453125},{\"id\":\"3501\",\"type\":\"image\",\"file\":\"SAM_0484.jpg\",\"meta\":{\"width\":2200,\"height\":1650,\"views\":62,\"likes\":0},\"title\":\"18.05.2019: Familien-Wandertag\",\"alt\":\"18.05.2019: Familien-Wandertag\",\"author\":{\"name\":\"Eike Heuer\",\"posts_link\":\"https:\\\/\\\/www.heimatverein-delligsen.de\\\/?author=1\"},\"post_link\":\"https:\\\/\\\/www.heimatverein-delligsen.de\\\/?gmedia=sam_0484-jpg\",\"ratio\":1.3333333333333332593184650249895639717578887939453125},{\"id\":\"3502\",\"type\":\"image\",\"file\":\"SAM_0485.jpg\",\"meta\":{\"width\":2200,\"height\":1650,\"views\":43,\"likes\":0},\"title\":\"18.05.2019: Familien-Wandertag\",\"alt\":\"18.05.2019: Familien-Wandertag\",\"author\":{\"name\":\"Eike Heuer\",\"posts_link\":\"https:\\\/\\\/www.heimatverein-delligsen.de\\\/?author=1\"},\"post_link\":\"https:\\\/\\\/www.heimatverein-delligsen.de\\\/?gmedia=sam_0485-jpg\",\"ratio\":1.3333333333333332593184650249895639717578887939453125},{\"id\":\"3503\",\"type\":\"image\",\"file\":\"SAM_0486.jpg\",\"meta\":{\"width\":2200,\"height\":1650,\"views\":52,\"likes\":0},\"title\":\"18.05.2019: Familien-Wandertag\",\"alt\":\"18.05.2019: Familien-Wandertag\",\"author\":{\"name\":\"Eike Heuer\",\"posts_link\":\"https:\\\/\\\/www.heimatverein-delligsen.de\\\/?author=1\"},\"post_link\":\"https:\\\/\\\/www.heimatverein-delligsen.de\\\/?gmedia=sam_0486-jpg\",\"ratio\":1.3333333333333332593184650249895639717578887939453125},{\"id\":\"3504\",\"type\":\"image\",\"file\":\"SAM_0487.jpg\",\"meta\":{\"width\":2200,\"height\":1650,\"views\":52,\"likes\":0},\"title\":\"18.05.2019: Familien-Wandertag\",\"alt\":\"18.05.2019: Familien-Wandertag\",\"author\":{\"name\":\"Eike Heuer\",\"posts_link\":\"https:\\\/\\\/www.heimatverein-delligsen.de\\\/?author=1\"},\"post_link\":\"https:\\\/\\\/www.heimatverein-delligsen.de\\\/?gmedia=sam_0487-jpg\",\"ratio\":1.3333333333333332593184650249895639717578887939453125},{\"id\":\"3505\",\"type\":\"image\",\"file\":\"WhatsApp_Image_2019-05-20_at_19.42.53.jpeg\",\"meta\":{\"width\":1328,\"height\":747,\"views\":46,\"likes\":0},\"title\":\"18.05.2019: Familien-Wandertag\",\"alt\":\"18.05.2019: Familien-Wandertag\",\"author\":{\"name\":\"Eike Heuer\",\"posts_link\":\"https:\\\/\\\/www.heimatverein-delligsen.de\\\/?author=1\"},\"post_link\":\"https:\\\/\\\/www.heimatverein-delligsen.de\\\/?gmedia=whatsapp_image_2019-05-20_at_19-42-53-jpeg\",\"ratio\":1.77777777777777767909128669998608529567718505859375},{\"id\":\"3507\",\"type\":\"image\",\"file\":\"WhatsApp_Image_2019-05-20_at_19.42.54_2_.jpeg\",\"meta\":{\"width\":1328,\"height\":747,\"views\":48,\"likes\":0},\"title\":\"18.05.2019: Familien-Wandertag\",\"alt\":\"18.05.2019: Familien-Wandertag\",\"author\":{\"name\":\"Eike Heuer\",\"posts_link\":\"https:\\\/\\\/www.heimatverein-delligsen.de\\\/?author=1\"},\"post_link\":\"https:\\\/\\\/www.heimatverein-delligsen.de\\\/?gmedia=whatsapp_image_2019-05-20_at_19-42-54_2_-jpeg\",\"ratio\":1.77777777777777767909128669998608529567718505859375},{\"id\":\"3508\",\"type\":\"image\",\"file\":\"WhatsApp_Image_2019-05-20_at_19.42.54_3_.jpeg\",\"meta\":{\"width\":1328,\"height\":747,\"views\":40,\"likes\":0},\"title\":\"18.05.2019: Familien-Wandertag\",\"alt\":\"18.05.2019: Familien-Wandertag\",\"author\":{\"name\":\"Eike Heuer\",\"posts_link\":\"https:\\\/\\\/www.heimatverein-delligsen.de\\\/?author=1\"},\"post_link\":\"https:\\\/\\\/www.heimatverein-delligsen.de\\\/?gmedia=whatsapp_image_2019-05-20_at_19-42-54_3_-jpeg\",\"ratio\":1.77777777777777767909128669998608529567718505859375},{\"id\":\"3509\",\"type\":\"image\",\"file\":\"WhatsApp_Image_2019-05-20_at_19.42.54.jpeg\",\"meta\":{\"width\":1328,\"height\":747,\"views\":43,\"likes\":0},\"title\":\"18.05.2019: Familien-Wandertag\",\"alt\":\"18.05.2019: Familien-Wandertag\",\"author\":{\"name\":\"Eike Heuer\",\"posts_link\":\"https:\\\/\\\/www.heimatverein-delligsen.de\\\/?author=1\"},\"post_link\":\"https:\\\/\\\/www.heimatverein-delligsen.de\\\/?gmedia=whatsapp_image_2019-05-20_at_19-42-54-jpeg\",\"ratio\":1.77777777777777767909128669998608529567718505859375},{\"id\":\"3510\",\"type\":\"image\",\"file\":\"WhatsApp_Image_2019-05-20_at_19.42.55.jpeg\",\"meta\":{\"width\":1328,\"height\":747,\"views\":52,\"likes\":0},\"title\":\"18.05.2019: Familien-Wandertag\",\"alt\":\"18.05.2019: Familien-Wandertag\",\"author\":{\"name\":\"Eike Heuer\",\"posts_link\":\"https:\\\/\\\/www.heimatverein-delligsen.de\\\/?author=1\"},\"post_link\":\"https:\\\/\\\/www.heimatverein-delligsen.de\\\/?gmedia=whatsapp_image_2019-05-20_at_19-42-55-jpeg\",\"ratio\":1.77777777777777767909128669998608529567718505859375}],\"terms\":[]};\n\t\t\t\t\tvar container = $( '#GmediaGallery_180' );\n\t\t\t\t\tcontainer.photomania( settings, content );\n\t\t\t\t\twindow.GmediaGallery_180 = container.data( 'photomania' );\n\t\t\t\t} );\n\t\t\t} );\n\t<\/script><\/div><br \/>\n<div class=\"gmedia_gallery photomania_module is_bot\" id=\"GmediaGallery_179\" data-gmid=\"179\" data-module=\"photomania\"><style class='gmedia_module_style_import'>\/**** .photomania_module #GmediaGallery_179 ****\/\n#GmediaGallery_179 .gmpm_preload {opacity:0;}\n#GmediaGallery_179 .swiper-big-images img.gmpm_the_photo { max-height:100%; max-width:100%; display:inline; width:auto; height:auto; object-fit:unset; vertical-align:middle; border:none; }\n#GmediaGallery_179 .gmpm_focus .swiper-big-images img.gmpm_the_photo { width:auto; height:auto; object-fit:unset; }\n#GmediaGallery_179 .swiper-small-images img.gmpm_photo { max-width:none; max-height:none; }\n#GmediaGallery_179 .swiper-small-images img.gmpm_photo.gmpm_photo_landscape { width:auto; height:100%; }\n#GmediaGallery_179 .swiper-small-images img.gmpm_photo.gmpm_photo_portrait { width:100%; height:auto; }\n#GmediaGallery_179 .gmpm_gallery_sources_list p { margin:7px 0; padding:0; font-size:inherit; }\n#GmediaGallery_179 .gmpm_photo_details .gmpm_description_wrap a,\n#GmediaGallery_179 .gmpm_big_button_wrap .gmpm_button.gmpm_like.gmpm_liked,\n#GmediaGallery_179 .gmpm_big_button_wrap .gmpm_button.gmpm_like.gmpm_liked:hover {color:#096900;}\n#GmediaGallery_179 .gmpm_photo_show .gmpm_big_button {background-color:#096900;}\n#GmediaGallery_179 .swiper-small-images div.gmpm_photo.swiper-slide-active {border-color:#096900;}\n#GmediaGallery_179 .gmpm_photo_header .gmpm_name_wrap .gmpm_title_author a:hover,\n#GmediaGallery_179 .gmpm_photo_details .gmpm_description_wrap a:hover {color:#096900;}\n#GmediaGallery_179 .gmpm_photo_show .gmpm_big_button:hover,\n#GmediaGallery_179 .gmpm_focus_actions ul .gmpm_button.like.gmpm_liked {background-color:#096900;}<\/style>\n\t<div class=\"gmpm_photo_show gmpm_w960 gmpm_w640 gmpm_w480\">\n\n\t\t<div class=\"gmpm_photo_wrap has_prev_photo has_next_photo\">\n\t\t\t<div class=\"swiper-container swiper-big-images\">\n\t\t\t\t<div class=\"gmpm_photo_arrow_next gmpm_photo_arrow gmpm_next\">\n\t\t\t\t\t<div title=\"Next\" class=\"gmpm_arrow\"><\/div>\n\t\t\t\t<\/div>\n\t\t\t\t<div class=\"gmpm_photo_arrow_previous gmpm_photo_arrow gmpm_prev\">\n\t\t\t\t\t<div title=\"Previous\" class=\"gmpm_arrow\"><\/div>\n\t\t\t\t<\/div>\n\t\t\t\t<div class=\"swiper-wrapper\">\n\t\t\t\t\t\n\t\t<div class=\"swiper-slide\" data-hash=\"gmedia3474\" data-photo-id=\"3474\"><span class=\"gmpm_va\"><\/span><img decoding=\"async\" src=\"https:\/\/www.heimatverein-delligsen.de\/hvd20\/wp-content\/grand-media\/image\/SAM_0488.jpg\" data-src=\"https:\/\/www.heimatverein-delligsen.de\/hvd20\/wp-content\/grand-media\/image\/SAM_0488.jpg\" alt=\"30.05.2019: Himmelfahrtsausschank\" data-protect=\"Eike Heuer\" class=\"noLazy gmpm_the_photo\"><\/div>\n\t\t<div class=\"swiper-slide\" data-hash=\"gmedia3475\" data-photo-id=\"3475\"><span class=\"gmpm_va\"><\/span><img decoding=\"async\" src=\"https:\/\/www.heimatverein-delligsen.de\/hvd20\/wp-content\/grand-media\/image\/SAM_0490.jpg\" data-src=\"https:\/\/www.heimatverein-delligsen.de\/hvd20\/wp-content\/grand-media\/image\/SAM_0490.jpg\" alt=\"30.05.2019: Himmelfahrtsausschank\" data-protect=\"Eike Heuer\" class=\"noLazy gmpm_the_photo\"><\/div>\n\t\t<div class=\"swiper-slide\" data-hash=\"gmedia3476\" data-photo-id=\"3476\"><span class=\"gmpm_va\"><\/span><img decoding=\"async\" src=\"https:\/\/www.heimatverein-delligsen.de\/hvd20\/wp-content\/grand-media\/image\/SAM_0491.jpg\" data-src=\"https:\/\/www.heimatverein-delligsen.de\/hvd20\/wp-content\/grand-media\/image\/SAM_0491.jpg\" alt=\"30.05.2019: Himmelfahrtsausschank\" data-protect=\"Eike Heuer\" class=\"noLazy gmpm_the_photo\"><\/div>\n\t\t<div class=\"swiper-slide\" data-hash=\"gmedia3477\" data-photo-id=\"3477\"><span class=\"gmpm_va\"><\/span><img decoding=\"async\" src=\"https:\/\/www.heimatverein-delligsen.de\/hvd20\/wp-content\/grand-media\/image\/SAM_0492.jpg\" data-src=\"https:\/\/www.heimatverein-delligsen.de\/hvd20\/wp-content\/grand-media\/image\/SAM_0492.jpg\" alt=\"30.05.2019: Himmelfahrtsausschank\" data-protect=\"Eike Heuer\" class=\"noLazy gmpm_the_photo\"><\/div>\n\t\t<div class=\"swiper-slide\" data-hash=\"gmedia3478\" data-photo-id=\"3478\"><span class=\"gmpm_va\"><\/span><img decoding=\"async\" src=\"https:\/\/www.heimatverein-delligsen.de\/hvd20\/wp-content\/grand-media\/image\/SAM_0493.jpg\" data-src=\"https:\/\/www.heimatverein-delligsen.de\/hvd20\/wp-content\/grand-media\/image\/SAM_0493.jpg\" alt=\"30.05.2019: Himmelfahrtsausschank\" data-protect=\"Eike Heuer\" class=\"noLazy gmpm_the_photo\"><\/div>\n\t\t<div class=\"swiper-slide\" data-hash=\"gmedia3479\" data-photo-id=\"3479\"><span class=\"gmpm_va\"><\/span><img decoding=\"async\" src=\"https:\/\/www.heimatverein-delligsen.de\/hvd20\/wp-content\/grand-media\/image\/SAM_0495.jpg\" data-src=\"https:\/\/www.heimatverein-delligsen.de\/hvd20\/wp-content\/grand-media\/image\/SAM_0495.jpg\" alt=\"30.05.2019: Himmelfahrtsausschank\" data-protect=\"Eike Heuer\" class=\"noLazy gmpm_the_photo\"><\/div>\n\t\t<div class=\"swiper-slide\" data-hash=\"gmedia3480\" data-photo-id=\"3480\"><span class=\"gmpm_va\"><\/span><img decoding=\"async\" src=\"https:\/\/www.heimatverein-delligsen.de\/hvd20\/wp-content\/grand-media\/image\/SAM_0496.jpg\" data-src=\"https:\/\/www.heimatverein-delligsen.de\/hvd20\/wp-content\/grand-media\/image\/SAM_0496.jpg\" alt=\"30.05.2019: Himmelfahrtsausschank\" data-protect=\"Eike Heuer\" class=\"noLazy gmpm_the_photo\"><\/div>\n\t\t<div class=\"swiper-slide\" data-hash=\"gmedia3481\" data-photo-id=\"3481\"><span class=\"gmpm_va\"><\/span><img decoding=\"async\" src=\"https:\/\/www.heimatverein-delligsen.de\/hvd20\/wp-content\/grand-media\/image\/SAM_0497.jpg\" data-src=\"https:\/\/www.heimatverein-delligsen.de\/hvd20\/wp-content\/grand-media\/image\/SAM_0497.jpg\" alt=\"30.05.2019: Himmelfahrtsausschank\" data-protect=\"Eike Heuer\" class=\"noLazy gmpm_the_photo\"><\/div>\n\t\t<div class=\"swiper-slide\" data-hash=\"gmedia3482\" data-photo-id=\"3482\"><span class=\"gmpm_va\"><\/span><img decoding=\"async\" src=\"https:\/\/www.heimatverein-delligsen.de\/hvd20\/wp-content\/grand-media\/image\/SAM_0498.jpg\" data-src=\"https:\/\/www.heimatverein-delligsen.de\/hvd20\/wp-content\/grand-media\/image\/SAM_0498.jpg\" alt=\"30.05.2019: Himmelfahrtsausschank\" data-protect=\"Eike Heuer\" class=\"noLazy gmpm_the_photo\"><\/div>\n\t\t<div class=\"swiper-slide\" data-hash=\"gmedia3483\" data-photo-id=\"3483\"><span class=\"gmpm_va\"><\/span><img decoding=\"async\" src=\"https:\/\/www.heimatverein-delligsen.de\/hvd20\/wp-content\/grand-media\/image\/SAM_0499.jpg\" data-src=\"https:\/\/www.heimatverein-delligsen.de\/hvd20\/wp-content\/grand-media\/image\/SAM_0499.jpg\" alt=\"30.05.2019: Himmelfahrtsausschank\" data-protect=\"Eike Heuer\" class=\"noLazy gmpm_the_photo\"><\/div>\n\t\t<div class=\"swiper-slide\" data-hash=\"gmedia3484\" data-photo-id=\"3484\"><span class=\"gmpm_va\"><\/span><img decoding=\"async\" src=\"https:\/\/www.heimatverein-delligsen.de\/hvd20\/wp-content\/grand-media\/image\/SAM_0501.jpg\" data-src=\"https:\/\/www.heimatverein-delligsen.de\/hvd20\/wp-content\/grand-media\/image\/SAM_0501.jpg\" alt=\"30.05.2019: Himmelfahrtsausschank\" data-protect=\"Eike Heuer\" class=\"noLazy gmpm_the_photo\"><\/div>\n\t\t<div class=\"swiper-slide\" data-hash=\"gmedia3485\" data-photo-id=\"3485\"><span class=\"gmpm_va\"><\/span><img decoding=\"async\" src=\"https:\/\/www.heimatverein-delligsen.de\/hvd20\/wp-content\/grand-media\/image\/SAM_0502.jpg\" data-src=\"https:\/\/www.heimatverein-delligsen.de\/hvd20\/wp-content\/grand-media\/image\/SAM_0502.jpg\" alt=\"30.05.2019: Himmelfahrtsausschank\" data-protect=\"Eike Heuer\" class=\"noLazy gmpm_the_photo\"><\/div>\n\t\t<div class=\"swiper-slide\" data-hash=\"gmedia3486\" data-photo-id=\"3486\"><span class=\"gmpm_va\"><\/span><img decoding=\"async\" src=\"https:\/\/www.heimatverein-delligsen.de\/hvd20\/wp-content\/grand-media\/image\/SAM_0503.jpg\" data-src=\"https:\/\/www.heimatverein-delligsen.de\/hvd20\/wp-content\/grand-media\/image\/SAM_0503.jpg\" alt=\"30.05.2019: Himmelfahrtsausschank\" data-protect=\"Eike Heuer\" class=\"noLazy gmpm_the_photo\"><\/div>\n\t\t<div class=\"swiper-slide\" data-hash=\"gmedia3487\" data-photo-id=\"3487\"><span class=\"gmpm_va\"><\/span><img decoding=\"async\" src=\"https:\/\/www.heimatverein-delligsen.de\/hvd20\/wp-content\/grand-media\/image\/SAM_0504.jpg\" data-src=\"https:\/\/www.heimatverein-delligsen.de\/hvd20\/wp-content\/grand-media\/image\/SAM_0504.jpg\" alt=\"30.05.2019: Himmelfahrtsausschank\" data-protect=\"Eike Heuer\" class=\"noLazy gmpm_the_photo\"><\/div>\n\t\t<div class=\"swiper-slide\" data-hash=\"gmedia3488\" data-photo-id=\"3488\"><span class=\"gmpm_va\"><\/span><img decoding=\"async\" src=\"https:\/\/www.heimatverein-delligsen.de\/hvd20\/wp-content\/grand-media\/image\/SAM_0505.jpg\" data-src=\"https:\/\/www.heimatverein-delligsen.de\/hvd20\/wp-content\/grand-media\/image\/SAM_0505.jpg\" alt=\"30.05.2019: Himmelfahrtsausschank\" data-protect=\"Eike Heuer\" class=\"noLazy gmpm_the_photo\"><\/div>\n\t\t<div class=\"swiper-slide\" data-hash=\"gmedia3489\" data-photo-id=\"3489\"><span class=\"gmpm_va\"><\/span><img decoding=\"async\" src=\"https:\/\/www.heimatverein-delligsen.de\/hvd20\/wp-content\/grand-media\/image\/SAM_0508.jpg\" data-src=\"https:\/\/www.heimatverein-delligsen.de\/hvd20\/wp-content\/grand-media\/image\/SAM_0508.jpg\" alt=\"30.05.2019: Himmelfahrtsausschank\" data-protect=\"Eike Heuer\" class=\"noLazy gmpm_the_photo\"><\/div>\n\t\t<div class=\"swiper-slide\" data-hash=\"gmedia3490\" data-photo-id=\"3490\"><span class=\"gmpm_va\"><\/span><img decoding=\"async\" src=\"https:\/\/www.heimatverein-delligsen.de\/hvd20\/wp-content\/grand-media\/image\/SAM_0509.jpg\" data-src=\"https:\/\/www.heimatverein-delligsen.de\/hvd20\/wp-content\/grand-media\/image\/SAM_0509.jpg\" alt=\"30.05.2019: Himmelfahrtsausschank\" data-protect=\"Eike Heuer\" class=\"noLazy gmpm_the_photo\"><\/div>\n\t\t<div class=\"swiper-slide\" data-hash=\"gmedia3514\" data-photo-id=\"3514\"><span class=\"gmpm_va\"><\/span><img decoding=\"async\" src=\"https:\/\/www.heimatverein-delligsen.de\/hvd20\/wp-content\/grand-media\/image\/WhatsApp_Image_2019-05-30_at_18.40.41_1_.jpeg\" data-src=\"https:\/\/www.heimatverein-delligsen.de\/hvd20\/wp-content\/grand-media\/image\/WhatsApp_Image_2019-05-30_at_18.40.41_1_.jpeg\" alt=\"30.05.2019: Himmelfahrtsausschank\" data-protect=\"Eike Heuer\" class=\"noLazy gmpm_the_photo\"><\/div>\n\t\t<div class=\"swiper-slide\" data-hash=\"gmedia3515\" data-photo-id=\"3515\"><span class=\"gmpm_va\"><\/span><img decoding=\"async\" src=\"https:\/\/www.heimatverein-delligsen.de\/hvd20\/wp-content\/grand-media\/image\/WhatsApp_Image_2019-05-30_at_18.40.41_2_.jpeg\" data-src=\"https:\/\/www.heimatverein-delligsen.de\/hvd20\/wp-content\/grand-media\/image\/WhatsApp_Image_2019-05-30_at_18.40.41_2_.jpeg\" alt=\"30.05.2019: Himmelfahrtsausschank\" data-protect=\"Eike Heuer\" class=\"noLazy gmpm_the_photo\"><\/div>\n\t\t<div class=\"swiper-slide\" data-hash=\"gmedia3516\" data-photo-id=\"3516\"><span class=\"gmpm_va\"><\/span><img decoding=\"async\" src=\"https:\/\/www.heimatverein-delligsen.de\/hvd20\/wp-content\/grand-media\/image\/WhatsApp_Image_2019-05-30_at_18.40.41.jpeg\" data-src=\"https:\/\/www.heimatverein-delligsen.de\/hvd20\/wp-content\/grand-media\/image\/WhatsApp_Image_2019-05-30_at_18.40.41.jpeg\" alt=\"30.05.2019: Himmelfahrtsausschank\" data-protect=\"Eike Heuer\" class=\"noLazy gmpm_the_photo\"><\/div>\n\t\t<div class=\"swiper-slide\" data-hash=\"gmedia3517\" data-photo-id=\"3517\"><span class=\"gmpm_va\"><\/span><img decoding=\"async\" src=\"https:\/\/www.heimatverein-delligsen.de\/hvd20\/wp-content\/grand-media\/image\/WhatsApp_Image_2019-05-30_at_18.40.42_1_.jpeg\" data-src=\"https:\/\/www.heimatverein-delligsen.de\/hvd20\/wp-content\/grand-media\/image\/WhatsApp_Image_2019-05-30_at_18.40.42_1_.jpeg\" alt=\"30.05.2019: Himmelfahrtsausschank\" data-protect=\"Eike Heuer\" class=\"noLazy gmpm_the_photo\"><\/div>\n\t\t<div class=\"swiper-slide\" data-hash=\"gmedia3518\" data-photo-id=\"3518\"><span class=\"gmpm_va\"><\/span><img decoding=\"async\" src=\"https:\/\/www.heimatverein-delligsen.de\/hvd20\/wp-content\/grand-media\/image\/WhatsApp_Image_2019-05-30_at_18.40.42_2_.jpeg\" data-src=\"https:\/\/www.heimatverein-delligsen.de\/hvd20\/wp-content\/grand-media\/image\/WhatsApp_Image_2019-05-30_at_18.40.42_2_.jpeg\" alt=\"30.05.2019: Himmelfahrtsausschank\" data-protect=\"Eike Heuer\" class=\"noLazy gmpm_the_photo\"><\/div>\n\t\t<div class=\"swiper-slide\" data-hash=\"gmedia3519\" data-photo-id=\"3519\"><span class=\"gmpm_va\"><\/span><img decoding=\"async\" src=\"https:\/\/www.heimatverein-delligsen.de\/hvd20\/wp-content\/grand-media\/image\/WhatsApp_Image_2019-05-30_at_18.40.42.jpeg\" data-src=\"https:\/\/www.heimatverein-delligsen.de\/hvd20\/wp-content\/grand-media\/image\/WhatsApp_Image_2019-05-30_at_18.40.42.jpeg\" alt=\"30.05.2019: Himmelfahrtsausschank\" data-protect=\"Eike Heuer\" class=\"noLazy gmpm_the_photo\"><\/div>\t\t\t\t<\/div>\n\t\t\t<\/div>\n\t\t<\/div>\n\n\t\t<div class=\"gmpm_photo_header\">\n\t\t\t<div class=\"gmpm_wrapper gmpm_clearfix\">\n\t\t\t\t<div class=\"gmpm_focus_actions\">\n\t\t\t\t\t\t\t\t\t\t\t\t\t\t\t<ul class=\"gmpm_focus_arrows gmpm_clearfix\">\n\t\t\t\t\t\t<li style=\"list-style:none;\"><a class=\"gmpm_button gmpm_photo_arrow_previous gmpm_prev\">Previous<\/a><\/li>\n\t\t\t\t\t\t<li style=\"list-style:none;\"><a class=\"gmpm_button gmpm_photo_arrow_next gmpm_next\">Next<\/a><\/li>\n\t\t\t\t\t<\/ul>\n\t\t\t\t<\/div>\n\t\t\t\t<div class=\"gmpm_name_wrap gmpm_clearfix gmpm_no_avatar\">\n\t\t\t\t\t\t\t\t\t\t<div class=\"gmpm_title_author\">\n\t\t\t\t\t\t<div class=\"gmpm_title\">30.05.2019: Himmelfahrtsausschank<\/div>\n\t\t\t\t\t\t\t\t\t\t\t<\/div>\n\t\t\t\t<\/div>\n\t\t\t\t<div class=\"gmpm_actions gmpm_clearfix\">\n\t\t\t\t\t<div class=\"gmpm_carousel gmpm_has_previous gmpm_has_next\">\n\t\t\t\t\t\t<div class=\"gmpm_previous_button\"><\/div>\n\t\t\t\t\t\t<div class=\"gmpm_photo_carousel\">\n\t\t\t\t\t\t\t<div class=\"swiper-container swiper-small-images\">\n\t\t\t\t\t\t\t\t<div class=\"swiper-wrapper\">\n\t\t\t\t\t\t\t\t\t\n\t\t<div class=\"swiper-slide gmpm_photo\" data-photo-id=\"3474\"><img decoding=\"async\" src=\"https:\/\/www.heimatverein-delligsen.de\/hvd20\/wp-content\/grand-media\/image\/thumb\/SAM_0488.jpg\" data-src=\"https:\/\/www.heimatverein-delligsen.de\/hvd20\/wp-content\/grand-media\/image\/thumb\/SAM_0488.jpg\" alt=\"30.05.2019: Himmelfahrtsausschank\" class=\"noLazy gmpm_photo swiper-lazy gmpm_photo_landscape\"><span class=\"swiper-lazy-preloader swiper-lazy-preloader-black\"><\/span><\/div>\n\t\t<div class=\"swiper-slide gmpm_photo\" data-photo-id=\"3475\"><img decoding=\"async\" src=\"https:\/\/www.heimatverein-delligsen.de\/hvd20\/wp-content\/grand-media\/image\/thumb\/SAM_0490.jpg\" data-src=\"https:\/\/www.heimatverein-delligsen.de\/hvd20\/wp-content\/grand-media\/image\/thumb\/SAM_0490.jpg\" alt=\"30.05.2019: Himmelfahrtsausschank\" class=\"noLazy gmpm_photo swiper-lazy gmpm_photo_landscape\"><span class=\"swiper-lazy-preloader swiper-lazy-preloader-black\"><\/span><\/div>\n\t\t<div class=\"swiper-slide gmpm_photo\" data-photo-id=\"3476\"><img decoding=\"async\" src=\"https:\/\/www.heimatverein-delligsen.de\/hvd20\/wp-content\/grand-media\/image\/thumb\/SAM_0491.jpg\" data-src=\"https:\/\/www.heimatverein-delligsen.de\/hvd20\/wp-content\/grand-media\/image\/thumb\/SAM_0491.jpg\" alt=\"30.05.2019: Himmelfahrtsausschank\" class=\"noLazy gmpm_photo swiper-lazy gmpm_photo_landscape\"><span class=\"swiper-lazy-preloader swiper-lazy-preloader-black\"><\/span><\/div>\n\t\t<div class=\"swiper-slide gmpm_photo\" data-photo-id=\"3477\"><img decoding=\"async\" src=\"https:\/\/www.heimatverein-delligsen.de\/hvd20\/wp-content\/grand-media\/image\/thumb\/SAM_0492.jpg\" data-src=\"https:\/\/www.heimatverein-delligsen.de\/hvd20\/wp-content\/grand-media\/image\/thumb\/SAM_0492.jpg\" alt=\"30.05.2019: Himmelfahrtsausschank\" class=\"noLazy gmpm_photo swiper-lazy gmpm_photo_landscape\"><span class=\"swiper-lazy-preloader swiper-lazy-preloader-black\"><\/span><\/div>\n\t\t<div class=\"swiper-slide gmpm_photo\" data-photo-id=\"3478\"><img decoding=\"async\" src=\"https:\/\/www.heimatverein-delligsen.de\/hvd20\/wp-content\/grand-media\/image\/thumb\/SAM_0493.jpg\" data-src=\"https:\/\/www.heimatverein-delligsen.de\/hvd20\/wp-content\/grand-media\/image\/thumb\/SAM_0493.jpg\" alt=\"30.05.2019: Himmelfahrtsausschank\" class=\"noLazy gmpm_photo swiper-lazy gmpm_photo_landscape\"><span class=\"swiper-lazy-preloader swiper-lazy-preloader-black\"><\/span><\/div>\n\t\t<div class=\"swiper-slide gmpm_photo\" data-photo-id=\"3479\"><img decoding=\"async\" src=\"https:\/\/www.heimatverein-delligsen.de\/hvd20\/wp-content\/grand-media\/image\/thumb\/SAM_0495.jpg\" data-src=\"https:\/\/www.heimatverein-delligsen.de\/hvd20\/wp-content\/grand-media\/image\/thumb\/SAM_0495.jpg\" alt=\"30.05.2019: Himmelfahrtsausschank\" class=\"noLazy gmpm_photo swiper-lazy gmpm_photo_landscape\"><span class=\"swiper-lazy-preloader swiper-lazy-preloader-black\"><\/span><\/div>\n\t\t<div class=\"swiper-slide gmpm_photo\" data-photo-id=\"3480\"><img decoding=\"async\" src=\"https:\/\/www.heimatverein-delligsen.de\/hvd20\/wp-content\/grand-media\/image\/thumb\/SAM_0496.jpg\" data-src=\"https:\/\/www.heimatverein-delligsen.de\/hvd20\/wp-content\/grand-media\/image\/thumb\/SAM_0496.jpg\" alt=\"30.05.2019: Himmelfahrtsausschank\" class=\"noLazy gmpm_photo swiper-lazy gmpm_photo_landscape\"><span class=\"swiper-lazy-preloader swiper-lazy-preloader-black\"><\/span><\/div>\n\t\t<div class=\"swiper-slide gmpm_photo\" data-photo-id=\"3481\"><img decoding=\"async\" src=\"https:\/\/www.heimatverein-delligsen.de\/hvd20\/wp-content\/grand-media\/image\/thumb\/SAM_0497.jpg\" data-src=\"https:\/\/www.heimatverein-delligsen.de\/hvd20\/wp-content\/grand-media\/image\/thumb\/SAM_0497.jpg\" alt=\"30.05.2019: Himmelfahrtsausschank\" class=\"noLazy gmpm_photo swiper-lazy gmpm_photo_landscape\"><span class=\"swiper-lazy-preloader swiper-lazy-preloader-black\"><\/span><\/div>\n\t\t<div class=\"swiper-slide gmpm_photo\" data-photo-id=\"3482\"><img decoding=\"async\" src=\"https:\/\/www.heimatverein-delligsen.de\/hvd20\/wp-content\/grand-media\/image\/thumb\/SAM_0498.jpg\" data-src=\"https:\/\/www.heimatverein-delligsen.de\/hvd20\/wp-content\/grand-media\/image\/thumb\/SAM_0498.jpg\" alt=\"30.05.2019: Himmelfahrtsausschank\" class=\"noLazy gmpm_photo swiper-lazy gmpm_photo_landscape\"><span class=\"swiper-lazy-preloader swiper-lazy-preloader-black\"><\/span><\/div>\n\t\t<div class=\"swiper-slide gmpm_photo\" data-photo-id=\"3483\"><img decoding=\"async\" src=\"https:\/\/www.heimatverein-delligsen.de\/hvd20\/wp-content\/grand-media\/image\/thumb\/SAM_0499.jpg\" data-src=\"https:\/\/www.heimatverein-delligsen.de\/hvd20\/wp-content\/grand-media\/image\/thumb\/SAM_0499.jpg\" alt=\"30.05.2019: Himmelfahrtsausschank\" class=\"noLazy gmpm_photo swiper-lazy gmpm_photo_landscape\"><span class=\"swiper-lazy-preloader swiper-lazy-preloader-black\"><\/span><\/div>\n\t\t<div class=\"swiper-slide gmpm_photo\" data-photo-id=\"3484\"><img decoding=\"async\" src=\"https:\/\/www.heimatverein-delligsen.de\/hvd20\/wp-content\/grand-media\/image\/thumb\/SAM_0501.jpg\" data-src=\"https:\/\/www.heimatverein-delligsen.de\/hvd20\/wp-content\/grand-media\/image\/thumb\/SAM_0501.jpg\" alt=\"30.05.2019: Himmelfahrtsausschank\" class=\"noLazy gmpm_photo swiper-lazy gmpm_photo_landscape\"><span class=\"swiper-lazy-preloader swiper-lazy-preloader-black\"><\/span><\/div>\n\t\t<div class=\"swiper-slide gmpm_photo\" data-photo-id=\"3485\"><img decoding=\"async\" src=\"https:\/\/www.heimatverein-delligsen.de\/hvd20\/wp-content\/grand-media\/image\/thumb\/SAM_0502.jpg\" data-src=\"https:\/\/www.heimatverein-delligsen.de\/hvd20\/wp-content\/grand-media\/image\/thumb\/SAM_0502.jpg\" alt=\"30.05.2019: Himmelfahrtsausschank\" class=\"noLazy gmpm_photo swiper-lazy gmpm_photo_landscape\"><span class=\"swiper-lazy-preloader swiper-lazy-preloader-black\"><\/span><\/div>\n\t\t<div class=\"swiper-slide gmpm_photo\" data-photo-id=\"3486\"><img decoding=\"async\" src=\"https:\/\/www.heimatverein-delligsen.de\/hvd20\/wp-content\/grand-media\/image\/thumb\/SAM_0503.jpg\" data-src=\"https:\/\/www.heimatverein-delligsen.de\/hvd20\/wp-content\/grand-media\/image\/thumb\/SAM_0503.jpg\" alt=\"30.05.2019: Himmelfahrtsausschank\" class=\"noLazy gmpm_photo swiper-lazy gmpm_photo_landscape\"><span class=\"swiper-lazy-preloader swiper-lazy-preloader-black\"><\/span><\/div>\n\t\t<div class=\"swiper-slide gmpm_photo\" data-photo-id=\"3487\"><img decoding=\"async\" src=\"https:\/\/www.heimatverein-delligsen.de\/hvd20\/wp-content\/grand-media\/image\/thumb\/SAM_0504.jpg\" data-src=\"https:\/\/www.heimatverein-delligsen.de\/hvd20\/wp-content\/grand-media\/image\/thumb\/SAM_0504.jpg\" alt=\"30.05.2019: Himmelfahrtsausschank\" class=\"noLazy gmpm_photo swiper-lazy gmpm_photo_landscape\"><span class=\"swiper-lazy-preloader swiper-lazy-preloader-black\"><\/span><\/div>\n\t\t<div class=\"swiper-slide gmpm_photo\" data-photo-id=\"3488\"><img decoding=\"async\" src=\"https:\/\/www.heimatverein-delligsen.de\/hvd20\/wp-content\/grand-media\/image\/thumb\/SAM_0505.jpg\" data-src=\"https:\/\/www.heimatverein-delligsen.de\/hvd20\/wp-content\/grand-media\/image\/thumb\/SAM_0505.jpg\" alt=\"30.05.2019: Himmelfahrtsausschank\" class=\"noLazy gmpm_photo swiper-lazy gmpm_photo_landscape\"><span class=\"swiper-lazy-preloader swiper-lazy-preloader-black\"><\/span><\/div>\n\t\t<div class=\"swiper-slide gmpm_photo\" data-photo-id=\"3489\"><img decoding=\"async\" src=\"https:\/\/www.heimatverein-delligsen.de\/hvd20\/wp-content\/grand-media\/image\/thumb\/SAM_0508.jpg\" data-src=\"https:\/\/www.heimatverein-delligsen.de\/hvd20\/wp-content\/grand-media\/image\/thumb\/SAM_0508.jpg\" alt=\"30.05.2019: Himmelfahrtsausschank\" class=\"noLazy gmpm_photo swiper-lazy gmpm_photo_landscape\"><span class=\"swiper-lazy-preloader swiper-lazy-preloader-black\"><\/span><\/div>\n\t\t<div class=\"swiper-slide gmpm_photo\" data-photo-id=\"3490\"><img decoding=\"async\" src=\"https:\/\/www.heimatverein-delligsen.de\/hvd20\/wp-content\/grand-media\/image\/thumb\/SAM_0509.jpg\" data-src=\"https:\/\/www.heimatverein-delligsen.de\/hvd20\/wp-content\/grand-media\/image\/thumb\/SAM_0509.jpg\" alt=\"30.05.2019: Himmelfahrtsausschank\" class=\"noLazy gmpm_photo swiper-lazy gmpm_photo_landscape\"><span class=\"swiper-lazy-preloader swiper-lazy-preloader-black\"><\/span><\/div>\n\t\t<div class=\"swiper-slide gmpm_photo\" data-photo-id=\"3514\"><img decoding=\"async\" src=\"https:\/\/www.heimatverein-delligsen.de\/hvd20\/wp-content\/grand-media\/image\/thumb\/WhatsApp_Image_2019-05-30_at_18.40.41_1_.jpeg\" data-src=\"https:\/\/www.heimatverein-delligsen.de\/hvd20\/wp-content\/grand-media\/image\/thumb\/WhatsApp_Image_2019-05-30_at_18.40.41_1_.jpeg\" alt=\"30.05.2019: Himmelfahrtsausschank\" class=\"noLazy gmpm_photo swiper-lazy gmpm_photo_landscape\"><span class=\"swiper-lazy-preloader swiper-lazy-preloader-black\"><\/span><\/div>\n\t\t<div class=\"swiper-slide gmpm_photo\" data-photo-id=\"3515\"><img decoding=\"async\" src=\"https:\/\/www.heimatverein-delligsen.de\/hvd20\/wp-content\/grand-media\/image\/thumb\/WhatsApp_Image_2019-05-30_at_18.40.41_2_.jpeg\" data-src=\"https:\/\/www.heimatverein-delligsen.de\/hvd20\/wp-content\/grand-media\/image\/thumb\/WhatsApp_Image_2019-05-30_at_18.40.41_2_.jpeg\" alt=\"30.05.2019: Himmelfahrtsausschank\" class=\"noLazy gmpm_photo swiper-lazy gmpm_photo_landscape\"><span class=\"swiper-lazy-preloader swiper-lazy-preloader-black\"><\/span><\/div>\n\t\t<div class=\"swiper-slide gmpm_photo\" data-photo-id=\"3516\"><img decoding=\"async\" src=\"https:\/\/www.heimatverein-delligsen.de\/hvd20\/wp-content\/grand-media\/image\/thumb\/WhatsApp_Image_2019-05-30_at_18.40.41.jpeg\" data-src=\"https:\/\/www.heimatverein-delligsen.de\/hvd20\/wp-content\/grand-media\/image\/thumb\/WhatsApp_Image_2019-05-30_at_18.40.41.jpeg\" alt=\"30.05.2019: Himmelfahrtsausschank\" class=\"noLazy gmpm_photo swiper-lazy gmpm_photo_portrait\"><span class=\"swiper-lazy-preloader swiper-lazy-preloader-black\"><\/span><\/div>\n\t\t<div class=\"swiper-slide gmpm_photo\" data-photo-id=\"3517\"><img decoding=\"async\" src=\"https:\/\/www.heimatverein-delligsen.de\/hvd20\/wp-content\/grand-media\/image\/thumb\/WhatsApp_Image_2019-05-30_at_18.40.42_1_.jpeg\" data-src=\"https:\/\/www.heimatverein-delligsen.de\/hvd20\/wp-content\/grand-media\/image\/thumb\/WhatsApp_Image_2019-05-30_at_18.40.42_1_.jpeg\" alt=\"30.05.2019: Himmelfahrtsausschank\" class=\"noLazy gmpm_photo swiper-lazy gmpm_photo_landscape\"><span class=\"swiper-lazy-preloader swiper-lazy-preloader-black\"><\/span><\/div>\n\t\t<div class=\"swiper-slide gmpm_photo\" data-photo-id=\"3518\"><img decoding=\"async\" src=\"https:\/\/www.heimatverein-delligsen.de\/hvd20\/wp-content\/grand-media\/image\/thumb\/WhatsApp_Image_2019-05-30_at_18.40.42_2_.jpeg\" data-src=\"https:\/\/www.heimatverein-delligsen.de\/hvd20\/wp-content\/grand-media\/image\/thumb\/WhatsApp_Image_2019-05-30_at_18.40.42_2_.jpeg\" alt=\"30.05.2019: Himmelfahrtsausschank\" class=\"noLazy gmpm_photo swiper-lazy gmpm_photo_landscape\"><span class=\"swiper-lazy-preloader swiper-lazy-preloader-black\"><\/span><\/div>\n\t\t<div class=\"swiper-slide gmpm_photo\" data-photo-id=\"3519\"><img decoding=\"async\" src=\"https:\/\/www.heimatverein-delligsen.de\/hvd20\/wp-content\/grand-media\/image\/thumb\/WhatsApp_Image_2019-05-30_at_18.40.42.jpeg\" data-src=\"https:\/\/www.heimatverein-delligsen.de\/hvd20\/wp-content\/grand-media\/image\/thumb\/WhatsApp_Image_2019-05-30_at_18.40.42.jpeg\" alt=\"30.05.2019: Himmelfahrtsausschank\" class=\"noLazy gmpm_photo swiper-lazy gmpm_photo_landscape\"><span class=\"swiper-lazy-preloader swiper-lazy-preloader-black\"><\/span><\/div>\t\t\t\t\t\t\t\t<\/div>\n\t\t\t\t\t\t\t<\/div>\n\t\t\t\t\t\t<\/div>\n\t\t\t\t\t\t<div class=\"gmpm_next_button\"><\/div>\n\t\t\t\t\t<\/div>\n\t\t\t\t\t\t\t\t\t\t\t\t\t\t\t\t\t\t\t\t\t\t\t\t<\/div>\n\t\t\t<\/div>\n\t\t<\/div>\n\t\t<div class=\"gmpm_focus_close_full\">\n\t\t\t<span><a class=\"gmpm_button gmpm_close\">Close<\/a><\/span>\n\t\t\t<span><a class=\"gmpm_button gmpm_full\">Full<\/a><\/span>\n\t\t<\/div>\n\t\t<div class=\"gmpm_photo_details\">\n\t\t\t<div class=\"gmpm_description_wrap empty-item-description\">\n\t\t\t\t\t\t\t<\/div>\n\t\t<\/div>\n\n\t\t<div class=\"gmpm_focus_footer\">\n\t\t\t<div class=\"gmpm_focus_keyboard\">\n\t\t\t\t<div class=\"gmpm_focus_keyboard_title\">Keyboard Shortcuts <a class=\"gmpm_focus_keyboard_dismiss\">Dismiss<\/a><\/div>\n\t\t\t\t<ul>\n\t\t\t\t\t<li style=\"list-style:none;\"><a data-key=\"p\" class=\"gmpm_key\">S<\/a><span class=\"gmpm_label\">Slideshow<\/span><\/li>\n\t\t\t\t\t<li style=\"list-style:none;\"><a data-key=\"m\" class=\"gmpm_key\">M<\/a><span class=\"gmpm_label\">Maximize<\/span><\/li>\n\t\t\t\t\t<li style=\"list-style:none;\"><a data-key=\"left\" class=\"gmpm_key\">&nbsp;<\/a><span class=\"gmpm_label\">Previous<\/span><\/li>\n\t\t\t\t\t<li style=\"list-style:none;\"><a data-key=\"right\" class=\"gmpm_key\">&nbsp;<\/a><span class=\"gmpm_label\">Next<\/span><\/li>\n\t\t\t\t\t<li style=\"list-style:none;\"><a data-key=\"escape\" class=\"gmpm_key gmpm_esc\">esc<\/a><span class=\"gmpm_label\">Close<\/span><\/li>\n\t\t\t\t<\/ul>\n\t\t\t<\/div>\n\t\t<\/div>\n\n\t<\/div>\n\n\t<script type=\"text\/javascript\">\n\t\t\tdocument.addEventListener( 'DOMContentLoaded', function() {\n\t\t\t\tjQuery( function( $ ) {\n\t\t\t\t\tvar settings = {\"show_comments\":\"0\",\"show_download_button\":\"0\",\"show_link_button\":\"0\",\"show_description\":\"0\",\"show_author_avatar\":\"0\",\"show_author_name\":\"0\",\"show_share_button\":\"0\",\"show_like_button\":\"0\",\"link_color\":\"096900\",\"link_color_hover\":\"096900\",\"description_title\":\"Beschreibung\",\"ID\":179,\"url\":\"https:\\\/\\\/www.heimatverein-delligsen.de?rest_route=%2Fwp%2Fv2%2Fpages%2F7731\",\"moduleUrl\":\"https:\\\/\\\/www.heimatverein-delligsen.de\\\/hvd20\\\/wp-content\\\/grand-media\\\/module\\\/photomania\",\"initial_slide\":0};\n\t\t\t\t\tvar content = {\"data\":[{\"id\":\"3474\",\"type\":\"image\",\"file\":\"SAM_0488.jpg\",\"meta\":{\"width\":2200,\"height\":1650,\"views\":718,\"likes\":0},\"title\":\"30.05.2019: Himmelfahrtsausschank\",\"alt\":\"30.05.2019: Himmelfahrtsausschank\",\"author\":{\"name\":\"Eike Heuer\",\"posts_link\":\"https:\\\/\\\/www.heimatverein-delligsen.de\\\/?author=1\"},\"post_link\":\"https:\\\/\\\/www.heimatverein-delligsen.de\\\/?gmedia=sam_0488-jpg\",\"ratio\":1.3333333333333332593184650249895639717578887939453125},{\"id\":\"3475\",\"type\":\"image\",\"file\":\"SAM_0490.jpg\",\"meta\":{\"width\":2200,\"height\":1650,\"views\":65,\"likes\":0},\"title\":\"30.05.2019: Himmelfahrtsausschank\",\"alt\":\"30.05.2019: Himmelfahrtsausschank\",\"author\":{\"name\":\"Eike Heuer\",\"posts_link\":\"https:\\\/\\\/www.heimatverein-delligsen.de\\\/?author=1\"},\"post_link\":\"https:\\\/\\\/www.heimatverein-delligsen.de\\\/?gmedia=sam_0490-jpg\",\"ratio\":1.3333333333333332593184650249895639717578887939453125},{\"id\":\"3476\",\"type\":\"image\",\"file\":\"SAM_0491.jpg\",\"meta\":{\"width\":2200,\"height\":1650,\"views\":77,\"likes\":0},\"title\":\"30.05.2019: Himmelfahrtsausschank\",\"alt\":\"30.05.2019: Himmelfahrtsausschank\",\"author\":{\"name\":\"Eike Heuer\",\"posts_link\":\"https:\\\/\\\/www.heimatverein-delligsen.de\\\/?author=1\"},\"post_link\":\"https:\\\/\\\/www.heimatverein-delligsen.de\\\/?gmedia=sam_0491-jpg\",\"ratio\":1.3333333333333332593184650249895639717578887939453125},{\"id\":\"3477\",\"type\":\"image\",\"file\":\"SAM_0492.jpg\",\"meta\":{\"width\":2200,\"height\":1650,\"views\":51,\"likes\":0},\"title\":\"30.05.2019: Himmelfahrtsausschank\",\"alt\":\"30.05.2019: Himmelfahrtsausschank\",\"author\":{\"name\":\"Eike Heuer\",\"posts_link\":\"https:\\\/\\\/www.heimatverein-delligsen.de\\\/?author=1\"},\"post_link\":\"https:\\\/\\\/www.heimatverein-delligsen.de\\\/?gmedia=sam_0492-jpg\",\"ratio\":1.3333333333333332593184650249895639717578887939453125},{\"id\":\"3478\",\"type\":\"image\",\"file\":\"SAM_0493.jpg\",\"meta\":{\"width\":2200,\"height\":1650,\"views\":68,\"likes\":0},\"title\":\"30.05.2019: Himmelfahrtsausschank\",\"alt\":\"30.05.2019: Himmelfahrtsausschank\",\"author\":{\"name\":\"Eike Heuer\",\"posts_link\":\"https:\\\/\\\/www.heimatverein-delligsen.de\\\/?author=1\"},\"post_link\":\"https:\\\/\\\/www.heimatverein-delligsen.de\\\/?gmedia=sam_0493-jpg\",\"ratio\":1.3333333333333332593184650249895639717578887939453125},{\"id\":\"3479\",\"type\":\"image\",\"file\":\"SAM_0495.jpg\",\"meta\":{\"width\":2200,\"height\":1650,\"views\":59,\"likes\":0},\"title\":\"30.05.2019: Himmelfahrtsausschank\",\"alt\":\"30.05.2019: Himmelfahrtsausschank\",\"author\":{\"name\":\"Eike Heuer\",\"posts_link\":\"https:\\\/\\\/www.heimatverein-delligsen.de\\\/?author=1\"},\"post_link\":\"https:\\\/\\\/www.heimatverein-delligsen.de\\\/?gmedia=sam_0495-jpg\",\"ratio\":1.3333333333333332593184650249895639717578887939453125},{\"id\":\"3480\",\"type\":\"image\",\"file\":\"SAM_0496.jpg\",\"meta\":{\"width\":2200,\"height\":1650,\"views\":60,\"likes\":0},\"title\":\"30.05.2019: Himmelfahrtsausschank\",\"alt\":\"30.05.2019: Himmelfahrtsausschank\",\"author\":{\"name\":\"Eike Heuer\",\"posts_link\":\"https:\\\/\\\/www.heimatverein-delligsen.de\\\/?author=1\"},\"post_link\":\"https:\\\/\\\/www.heimatverein-delligsen.de\\\/?gmedia=sam_0496-jpg\",\"ratio\":1.3333333333333332593184650249895639717578887939453125},{\"id\":\"3481\",\"type\":\"image\",\"file\":\"SAM_0497.jpg\",\"meta\":{\"width\":2200,\"height\":1650,\"views\":58,\"likes\":0},\"title\":\"30.05.2019: Himmelfahrtsausschank\",\"alt\":\"30.05.2019: Himmelfahrtsausschank\",\"author\":{\"name\":\"Eike Heuer\",\"posts_link\":\"https:\\\/\\\/www.heimatverein-delligsen.de\\\/?author=1\"},\"post_link\":\"https:\\\/\\\/www.heimatverein-delligsen.de\\\/?gmedia=sam_0497-jpg\",\"ratio\":1.3333333333333332593184650249895639717578887939453125},{\"id\":\"3482\",\"type\":\"image\",\"file\":\"SAM_0498.jpg\",\"meta\":{\"width\":2200,\"height\":1650,\"views\":39,\"likes\":0},\"title\":\"30.05.2019: Himmelfahrtsausschank\",\"alt\":\"30.05.2019: Himmelfahrtsausschank\",\"author\":{\"name\":\"Eike Heuer\",\"posts_link\":\"https:\\\/\\\/www.heimatverein-delligsen.de\\\/?author=1\"},\"post_link\":\"https:\\\/\\\/www.heimatverein-delligsen.de\\\/?gmedia=sam_0498-jpg\",\"ratio\":1.3333333333333332593184650249895639717578887939453125},{\"id\":\"3483\",\"type\":\"image\",\"file\":\"SAM_0499.jpg\",\"meta\":{\"width\":2200,\"height\":1650,\"views\":47,\"likes\":0},\"title\":\"30.05.2019: Himmelfahrtsausschank\",\"alt\":\"30.05.2019: Himmelfahrtsausschank\",\"author\":{\"name\":\"Eike Heuer\",\"posts_link\":\"https:\\\/\\\/www.heimatverein-delligsen.de\\\/?author=1\"},\"post_link\":\"https:\\\/\\\/www.heimatverein-delligsen.de\\\/?gmedia=sam_0499-jpg\",\"ratio\":1.3333333333333332593184650249895639717578887939453125},{\"id\":\"3484\",\"type\":\"image\",\"file\":\"SAM_0501.jpg\",\"meta\":{\"width\":2200,\"height\":1650,\"views\":52,\"likes\":0},\"title\":\"30.05.2019: Himmelfahrtsausschank\",\"alt\":\"30.05.2019: Himmelfahrtsausschank\",\"author\":{\"name\":\"Eike Heuer\",\"posts_link\":\"https:\\\/\\\/www.heimatverein-delligsen.de\\\/?author=1\"},\"post_link\":\"https:\\\/\\\/www.heimatverein-delligsen.de\\\/?gmedia=sam_0501-jpg\",\"ratio\":1.3333333333333332593184650249895639717578887939453125},{\"id\":\"3485\",\"type\":\"image\",\"file\":\"SAM_0502.jpg\",\"meta\":{\"width\":2200,\"height\":1650,\"views\":52,\"likes\":0},\"title\":\"30.05.2019: Himmelfahrtsausschank\",\"alt\":\"30.05.2019: Himmelfahrtsausschank\",\"author\":{\"name\":\"Eike Heuer\",\"posts_link\":\"https:\\\/\\\/www.heimatverein-delligsen.de\\\/?author=1\"},\"post_link\":\"https:\\\/\\\/www.heimatverein-delligsen.de\\\/?gmedia=sam_0502-jpg\",\"ratio\":1.3333333333333332593184650249895639717578887939453125},{\"id\":\"3486\",\"type\":\"image\",\"file\":\"SAM_0503.jpg\",\"meta\":{\"width\":2200,\"height\":1650,\"views\":48,\"likes\":0},\"title\":\"30.05.2019: Himmelfahrtsausschank\",\"alt\":\"30.05.2019: Himmelfahrtsausschank\",\"author\":{\"name\":\"Eike Heuer\",\"posts_link\":\"https:\\\/\\\/www.heimatverein-delligsen.de\\\/?author=1\"},\"post_link\":\"https:\\\/\\\/www.heimatverein-delligsen.de\\\/?gmedia=sam_0503-jpg\",\"ratio\":1.3333333333333332593184650249895639717578887939453125},{\"id\":\"3487\",\"type\":\"image\",\"file\":\"SAM_0504.jpg\",\"meta\":{\"width\":2200,\"height\":1650,\"views\":45,\"likes\":0},\"title\":\"30.05.2019: Himmelfahrtsausschank\",\"alt\":\"30.05.2019: Himmelfahrtsausschank\",\"author\":{\"name\":\"Eike Heuer\",\"posts_link\":\"https:\\\/\\\/www.heimatverein-delligsen.de\\\/?author=1\"},\"post_link\":\"https:\\\/\\\/www.heimatverein-delligsen.de\\\/?gmedia=sam_0504-jpg\",\"ratio\":1.3333333333333332593184650249895639717578887939453125},{\"id\":\"3488\",\"type\":\"image\",\"file\":\"SAM_0505.jpg\",\"meta\":{\"width\":2200,\"height\":1650,\"views\":51,\"likes\":0},\"title\":\"30.05.2019: Himmelfahrtsausschank\",\"alt\":\"30.05.2019: Himmelfahrtsausschank\",\"author\":{\"name\":\"Eike Heuer\",\"posts_link\":\"https:\\\/\\\/www.heimatverein-delligsen.de\\\/?author=1\"},\"post_link\":\"https:\\\/\\\/www.heimatverein-delligsen.de\\\/?gmedia=sam_0505-jpg\",\"ratio\":1.3333333333333332593184650249895639717578887939453125},{\"id\":\"3489\",\"type\":\"image\",\"file\":\"SAM_0508.jpg\",\"meta\":{\"width\":2200,\"height\":1650,\"views\":57,\"likes\":0},\"title\":\"30.05.2019: Himmelfahrtsausschank\",\"alt\":\"30.05.2019: Himmelfahrtsausschank\",\"author\":{\"name\":\"Eike Heuer\",\"posts_link\":\"https:\\\/\\\/www.heimatverein-delligsen.de\\\/?author=1\"},\"post_link\":\"https:\\\/\\\/www.heimatverein-delligsen.de\\\/?gmedia=sam_0508-jpg\",\"ratio\":1.3333333333333332593184650249895639717578887939453125},{\"id\":\"3490\",\"type\":\"image\",\"file\":\"SAM_0509.jpg\",\"meta\":{\"width\":2200,\"height\":1650,\"views\":59,\"likes\":0},\"title\":\"30.05.2019: Himmelfahrtsausschank\",\"alt\":\"30.05.2019: Himmelfahrtsausschank\",\"author\":{\"name\":\"Eike Heuer\",\"posts_link\":\"https:\\\/\\\/www.heimatverein-delligsen.de\\\/?author=1\"},\"post_link\":\"https:\\\/\\\/www.heimatverein-delligsen.de\\\/?gmedia=sam_0509-jpg\",\"ratio\":1.3333333333333332593184650249895639717578887939453125},{\"id\":\"3514\",\"type\":\"image\",\"file\":\"WhatsApp_Image_2019-05-30_at_18.40.41_1_.jpeg\",\"meta\":{\"width\":1328,\"height\":747,\"views\":55,\"likes\":0},\"title\":\"30.05.2019: Himmelfahrtsausschank\",\"alt\":\"30.05.2019: Himmelfahrtsausschank\",\"author\":{\"name\":\"Eike Heuer\",\"posts_link\":\"https:\\\/\\\/www.heimatverein-delligsen.de\\\/?author=1\"},\"post_link\":\"https:\\\/\\\/www.heimatverein-delligsen.de\\\/?gmedia=whatsapp_image_2019-05-30_at_18-40-41_1_-jpeg\",\"ratio\":1.77777777777777767909128669998608529567718505859375},{\"id\":\"3515\",\"type\":\"image\",\"file\":\"WhatsApp_Image_2019-05-30_at_18.40.41_2_.jpeg\",\"meta\":{\"width\":1328,\"height\":747,\"views\":51,\"likes\":0},\"title\":\"30.05.2019: Himmelfahrtsausschank\",\"alt\":\"30.05.2019: Himmelfahrtsausschank\",\"author\":{\"name\":\"Eike Heuer\",\"posts_link\":\"https:\\\/\\\/www.heimatverein-delligsen.de\\\/?author=1\"},\"post_link\":\"https:\\\/\\\/www.heimatverein-delligsen.de\\\/?gmedia=whatsapp_image_2019-05-30_at_18-40-41_2_-jpeg\",\"ratio\":1.77777777777777767909128669998608529567718505859375},{\"id\":\"3516\",\"type\":\"image\",\"file\":\"WhatsApp_Image_2019-05-30_at_18.40.41.jpeg\",\"meta\":{\"width\":747,\"height\":1328,\"views\":36,\"likes\":0},\"title\":\"30.05.2019: Himmelfahrtsausschank\",\"alt\":\"30.05.2019: Himmelfahrtsausschank\",\"author\":{\"name\":\"Eike Heuer\",\"posts_link\":\"https:\\\/\\\/www.heimatverein-delligsen.de\\\/?author=1\"},\"post_link\":\"https:\\\/\\\/www.heimatverein-delligsen.de\\\/?gmedia=whatsapp_image_2019-05-30_at_18-40-41-jpeg\",\"ratio\":0.5625},{\"id\":\"3517\",\"type\":\"image\",\"file\":\"WhatsApp_Image_2019-05-30_at_18.40.42_1_.jpeg\",\"meta\":{\"width\":1328,\"height\":747,\"views\":49,\"likes\":0},\"title\":\"30.05.2019: Himmelfahrtsausschank\",\"alt\":\"30.05.2019: Himmelfahrtsausschank\",\"author\":{\"name\":\"Eike Heuer\",\"posts_link\":\"https:\\\/\\\/www.heimatverein-delligsen.de\\\/?author=1\"},\"post_link\":\"https:\\\/\\\/www.heimatverein-delligsen.de\\\/?gmedia=whatsapp_image_2019-05-30_at_18-40-42_1_-jpeg\",\"ratio\":1.77777777777777767909128669998608529567718505859375},{\"id\":\"3518\",\"type\":\"image\",\"file\":\"WhatsApp_Image_2019-05-30_at_18.40.42_2_.jpeg\",\"meta\":{\"width\":1328,\"height\":747,\"views\":43,\"likes\":0},\"title\":\"30.05.2019: Himmelfahrtsausschank\",\"alt\":\"30.05.2019: Himmelfahrtsausschank\",\"author\":{\"name\":\"Eike Heuer\",\"posts_link\":\"https:\\\/\\\/www.heimatverein-delligsen.de\\\/?author=1\"},\"post_link\":\"https:\\\/\\\/www.heimatverein-delligsen.de\\\/?gmedia=whatsapp_image_2019-05-30_at_18-40-42_2_-jpeg\",\"ratio\":1.77777777777777767909128669998608529567718505859375},{\"id\":\"3519\",\"type\":\"image\",\"file\":\"WhatsApp_Image_2019-05-30_at_18.40.42.jpeg\",\"meta\":{\"width\":1328,\"height\":747,\"views\":55,\"likes\":0},\"title\":\"30.05.2019: Himmelfahrtsausschank\",\"alt\":\"30.05.2019: Himmelfahrtsausschank\",\"author\":{\"name\":\"Eike Heuer\",\"posts_link\":\"https:\\\/\\\/www.heimatverein-delligsen.de\\\/?author=1\"},\"post_link\":\"https:\\\/\\\/www.heimatverein-delligsen.de\\\/?gmedia=whatsapp_image_2019-05-30_at_18-40-42-jpeg\",\"ratio\":1.77777777777777767909128669998608529567718505859375}],\"terms\":[]};\n\t\t\t\t\tvar container = $( '#GmediaGallery_179' );\n\t\t\t\t\tcontainer.photomania( settings, content );\n\t\t\t\t\twindow.GmediaGallery_179 = container.data( 'photomania' );\n\t\t\t\t} );\n\t\t\t} );\n\t<\/script><\/div><br \/>\n<div class=\"gmedia_gallery photomania_module is_bot\" id=\"GmediaGallery_181\" data-gmid=\"181\" data-module=\"photomania\"><style class='gmedia_module_style_import'>\/**** .photomania_module #GmediaGallery_181 ****\/\n#GmediaGallery_181 .gmpm_preload {opacity:0;}\n#GmediaGallery_181 .swiper-big-images img.gmpm_the_photo { max-height:100%; max-width:100%; display:inline; width:auto; height:auto; object-fit:unset; vertical-align:middle; border:none; }\n#GmediaGallery_181 .gmpm_focus .swiper-big-images img.gmpm_the_photo { width:auto; height:auto; object-fit:unset; }\n#GmediaGallery_181 .swiper-small-images img.gmpm_photo { max-width:none; max-height:none; }\n#GmediaGallery_181 .swiper-small-images img.gmpm_photo.gmpm_photo_landscape { width:auto; height:100%; }\n#GmediaGallery_181 .swiper-small-images img.gmpm_photo.gmpm_photo_portrait { width:100%; height:auto; }\n#GmediaGallery_181 .gmpm_gallery_sources_list p { margin:7px 0; padding:0; font-size:inherit; }\n#GmediaGallery_181 .gmpm_photo_details .gmpm_description_wrap a,\n#GmediaGallery_181 .gmpm_big_button_wrap .gmpm_button.gmpm_like.gmpm_liked,\n#GmediaGallery_181 .gmpm_big_button_wrap .gmpm_button.gmpm_like.gmpm_liked:hover {color:#096900;}\n#GmediaGallery_181 .gmpm_photo_show .gmpm_big_button {background-color:#096900;}\n#GmediaGallery_181 .swiper-small-images div.gmpm_photo.swiper-slide-active {border-color:#096900;}\n#GmediaGallery_181 .gmpm_photo_header .gmpm_name_wrap .gmpm_title_author a:hover,\n#GmediaGallery_181 .gmpm_photo_details .gmpm_description_wrap a:hover {color:#096900;}\n#GmediaGallery_181 .gmpm_photo_show .gmpm_big_button:hover,\n#GmediaGallery_181 .gmpm_focus_actions ul .gmpm_button.like.gmpm_liked {background-color:#096900;}<\/style>\n\t<div class=\"gmpm_photo_show gmpm_w960 gmpm_w640 gmpm_w480\">\n\n\t\t<div class=\"gmpm_photo_wrap has_prev_photo has_next_photo\">\n\t\t\t<div class=\"swiper-container swiper-big-images\">\n\t\t\t\t<div class=\"gmpm_photo_arrow_next gmpm_photo_arrow gmpm_next\">\n\t\t\t\t\t<div title=\"Next\" class=\"gmpm_arrow\"><\/div>\n\t\t\t\t<\/div>\n\t\t\t\t<div class=\"gmpm_photo_arrow_previous gmpm_photo_arrow gmpm_prev\">\n\t\t\t\t\t<div title=\"Previous\" class=\"gmpm_arrow\"><\/div>\n\t\t\t\t<\/div>\n\t\t\t\t<div class=\"swiper-wrapper\">\n\t\t\t\t\t\n\t\t<div class=\"swiper-slide\" data-hash=\"gmedia3520\" data-photo-id=\"3520\"><span class=\"gmpm_va\"><\/span><img decoding=\"async\" src=\"https:\/\/www.heimatverein-delligsen.de\/hvd20\/wp-content\/grand-media\/image\/WhatsApp_Image_2019-06-29_at_17.33.55.jpeg\" data-src=\"https:\/\/www.heimatverein-delligsen.de\/hvd20\/wp-content\/grand-media\/image\/WhatsApp_Image_2019-06-29_at_17.33.55.jpeg\" alt=\"29.06.2019: Fahrt ins Blaue der \u00dc 50-Damen\" data-protect=\"Eike Heuer\" class=\"noLazy gmpm_the_photo\"><\/div>\n\t\t<div class=\"swiper-slide\" data-hash=\"gmedia3521\" data-photo-id=\"3521\"><span class=\"gmpm_va\"><\/span><img decoding=\"async\" src=\"https:\/\/www.heimatverein-delligsen.de\/hvd20\/wp-content\/grand-media\/image\/WhatsApp_Image_2019-06-29_at_17.33.56_1_.jpeg\" data-src=\"https:\/\/www.heimatverein-delligsen.de\/hvd20\/wp-content\/grand-media\/image\/WhatsApp_Image_2019-06-29_at_17.33.56_1_.jpeg\" alt=\"29.06.2019: Fahrt ins Blaue der \u00dc 50-Damen\" data-protect=\"Eike Heuer\" class=\"noLazy gmpm_the_photo\"><\/div>\n\t\t<div class=\"swiper-slide\" data-hash=\"gmedia3522\" data-photo-id=\"3522\"><span class=\"gmpm_va\"><\/span><img decoding=\"async\" src=\"https:\/\/www.heimatverein-delligsen.de\/hvd20\/wp-content\/grand-media\/image\/WhatsApp_Image_2019-06-29_at_17.33.56.jpeg\" data-src=\"https:\/\/www.heimatverein-delligsen.de\/hvd20\/wp-content\/grand-media\/image\/WhatsApp_Image_2019-06-29_at_17.33.56.jpeg\" alt=\"29.06.2019: Fahrt ins Blaue der \u00dc 50-Damen\" data-protect=\"Eike Heuer\" class=\"noLazy gmpm_the_photo\"><\/div>\n\t\t<div class=\"swiper-slide\" data-hash=\"gmedia3523\" data-photo-id=\"3523\"><span class=\"gmpm_va\"><\/span><img decoding=\"async\" src=\"https:\/\/www.heimatverein-delligsen.de\/hvd20\/wp-content\/grand-media\/image\/WhatsApp_Image_2019-06-29_at_17.33.57_1_.jpeg\" data-src=\"https:\/\/www.heimatverein-delligsen.de\/hvd20\/wp-content\/grand-media\/image\/WhatsApp_Image_2019-06-29_at_17.33.57_1_.jpeg\" alt=\"29.06.2019: Fahrt ins Blaue der \u00dc 50-Damen\" data-protect=\"Eike Heuer\" class=\"noLazy gmpm_the_photo\"><\/div>\n\t\t<div class=\"swiper-slide\" data-hash=\"gmedia3524\" data-photo-id=\"3524\"><span class=\"gmpm_va\"><\/span><img decoding=\"async\" src=\"https:\/\/www.heimatverein-delligsen.de\/hvd20\/wp-content\/grand-media\/image\/WhatsApp_Image_2019-06-29_at_17.33.57_2_.jpeg\" data-src=\"https:\/\/www.heimatverein-delligsen.de\/hvd20\/wp-content\/grand-media\/image\/WhatsApp_Image_2019-06-29_at_17.33.57_2_.jpeg\" alt=\"29.06.2019: Fahrt ins Blaue der \u00dc 50-Damen\" data-protect=\"Eike Heuer\" class=\"noLazy gmpm_the_photo\"><\/div>\n\t\t<div class=\"swiper-slide\" data-hash=\"gmedia3525\" data-photo-id=\"3525\"><span class=\"gmpm_va\"><\/span><img decoding=\"async\" src=\"https:\/\/www.heimatverein-delligsen.de\/hvd20\/wp-content\/grand-media\/image\/WhatsApp_Image_2019-06-29_at_17.33.57.jpeg\" data-src=\"https:\/\/www.heimatverein-delligsen.de\/hvd20\/wp-content\/grand-media\/image\/WhatsApp_Image_2019-06-29_at_17.33.57.jpeg\" alt=\"29.06.2019: Fahrt ins Blaue der \u00dc 50-Damen\" data-protect=\"Eike Heuer\" class=\"noLazy gmpm_the_photo\"><\/div>\n\t\t<div class=\"swiper-slide\" data-hash=\"gmedia3526\" data-photo-id=\"3526\"><span class=\"gmpm_va\"><\/span><img decoding=\"async\" src=\"https:\/\/www.heimatverein-delligsen.de\/hvd20\/wp-content\/grand-media\/image\/WhatsApp_Image_2019-06-29_at_17.33.58_1_.jpeg\" data-src=\"https:\/\/www.heimatverein-delligsen.de\/hvd20\/wp-content\/grand-media\/image\/WhatsApp_Image_2019-06-29_at_17.33.58_1_.jpeg\" alt=\"29.06.2019: Fahrt ins Blaue der \u00dc 50-Damen\" data-protect=\"Eike Heuer\" class=\"noLazy gmpm_the_photo\"><\/div>\n\t\t<div class=\"swiper-slide\" data-hash=\"gmedia3527\" data-photo-id=\"3527\"><span class=\"gmpm_va\"><\/span><img decoding=\"async\" src=\"https:\/\/www.heimatverein-delligsen.de\/hvd20\/wp-content\/grand-media\/image\/WhatsApp_Image_2019-06-29_at_17.33.58.jpeg\" data-src=\"https:\/\/www.heimatverein-delligsen.de\/hvd20\/wp-content\/grand-media\/image\/WhatsApp_Image_2019-06-29_at_17.33.58.jpeg\" alt=\"29.06.2019: Fahrt ins Blaue der \u00dc 50-Damen\" data-protect=\"Eike Heuer\" class=\"noLazy gmpm_the_photo\"><\/div>\t\t\t\t<\/div>\n\t\t\t<\/div>\n\t\t<\/div>\n\n\t\t<div class=\"gmpm_photo_header\">\n\t\t\t<div class=\"gmpm_wrapper gmpm_clearfix\">\n\t\t\t\t<div class=\"gmpm_focus_actions\">\n\t\t\t\t\t\t\t\t\t\t\t\t\t\t\t<ul class=\"gmpm_focus_arrows gmpm_clearfix\">\n\t\t\t\t\t\t<li style=\"list-style:none;\"><a class=\"gmpm_button gmpm_photo_arrow_previous gmpm_prev\">Previous<\/a><\/li>\n\t\t\t\t\t\t<li style=\"list-style:none;\"><a class=\"gmpm_button gmpm_photo_arrow_next gmpm_next\">Next<\/a><\/li>\n\t\t\t\t\t<\/ul>\n\t\t\t\t<\/div>\n\t\t\t\t<div class=\"gmpm_name_wrap gmpm_clearfix gmpm_no_avatar\">\n\t\t\t\t\t\t\t\t\t\t<div class=\"gmpm_title_author\">\n\t\t\t\t\t\t<div class=\"gmpm_title\">29.06.2019: Fahrt ins Blaue der \u00dc 50-Damen<\/div>\n\t\t\t\t\t\t\t\t\t\t\t<\/div>\n\t\t\t\t<\/div>\n\t\t\t\t<div class=\"gmpm_actions gmpm_clearfix\">\n\t\t\t\t\t<div class=\"gmpm_carousel gmpm_has_previous gmpm_has_next\">\n\t\t\t\t\t\t<div class=\"gmpm_previous_button\"><\/div>\n\t\t\t\t\t\t<div class=\"gmpm_photo_carousel\">\n\t\t\t\t\t\t\t<div class=\"swiper-container swiper-small-images\">\n\t\t\t\t\t\t\t\t<div class=\"swiper-wrapper\">\n\t\t\t\t\t\t\t\t\t\n\t\t<div class=\"swiper-slide gmpm_photo\" data-photo-id=\"3520\"><img decoding=\"async\" src=\"https:\/\/www.heimatverein-delligsen.de\/hvd20\/wp-content\/grand-media\/image\/thumb\/WhatsApp_Image_2019-06-29_at_17.33.55.jpeg\" data-src=\"https:\/\/www.heimatverein-delligsen.de\/hvd20\/wp-content\/grand-media\/image\/thumb\/WhatsApp_Image_2019-06-29_at_17.33.55.jpeg\" alt=\"29.06.2019: Fahrt ins Blaue der \u00dc 50-Damen\" class=\"noLazy gmpm_photo swiper-lazy gmpm_photo_portrait\"><span class=\"swiper-lazy-preloader swiper-lazy-preloader-black\"><\/span><\/div>\n\t\t<div class=\"swiper-slide gmpm_photo\" data-photo-id=\"3521\"><img decoding=\"async\" src=\"https:\/\/www.heimatverein-delligsen.de\/hvd20\/wp-content\/grand-media\/image\/thumb\/WhatsApp_Image_2019-06-29_at_17.33.56_1_.jpeg\" data-src=\"https:\/\/www.heimatverein-delligsen.de\/hvd20\/wp-content\/grand-media\/image\/thumb\/WhatsApp_Image_2019-06-29_at_17.33.56_1_.jpeg\" alt=\"29.06.2019: Fahrt ins Blaue der \u00dc 50-Damen\" class=\"noLazy gmpm_photo swiper-lazy gmpm_photo_landscape\"><span class=\"swiper-lazy-preloader swiper-lazy-preloader-black\"><\/span><\/div>\n\t\t<div class=\"swiper-slide gmpm_photo\" data-photo-id=\"3522\"><img decoding=\"async\" src=\"https:\/\/www.heimatverein-delligsen.de\/hvd20\/wp-content\/grand-media\/image\/thumb\/WhatsApp_Image_2019-06-29_at_17.33.56.jpeg\" data-src=\"https:\/\/www.heimatverein-delligsen.de\/hvd20\/wp-content\/grand-media\/image\/thumb\/WhatsApp_Image_2019-06-29_at_17.33.56.jpeg\" alt=\"29.06.2019: Fahrt ins Blaue der \u00dc 50-Damen\" class=\"noLazy gmpm_photo swiper-lazy gmpm_photo_portrait\"><span class=\"swiper-lazy-preloader swiper-lazy-preloader-black\"><\/span><\/div>\n\t\t<div class=\"swiper-slide gmpm_photo\" data-photo-id=\"3523\"><img decoding=\"async\" src=\"https:\/\/www.heimatverein-delligsen.de\/hvd20\/wp-content\/grand-media\/image\/thumb\/WhatsApp_Image_2019-06-29_at_17.33.57_1_.jpeg\" data-src=\"https:\/\/www.heimatverein-delligsen.de\/hvd20\/wp-content\/grand-media\/image\/thumb\/WhatsApp_Image_2019-06-29_at_17.33.57_1_.jpeg\" alt=\"29.06.2019: Fahrt ins Blaue der \u00dc 50-Damen\" class=\"noLazy gmpm_photo swiper-lazy gmpm_photo_landscape\"><span class=\"swiper-lazy-preloader swiper-lazy-preloader-black\"><\/span><\/div>\n\t\t<div class=\"swiper-slide gmpm_photo\" data-photo-id=\"3524\"><img decoding=\"async\" src=\"https:\/\/www.heimatverein-delligsen.de\/hvd20\/wp-content\/grand-media\/image\/thumb\/WhatsApp_Image_2019-06-29_at_17.33.57_2_.jpeg\" data-src=\"https:\/\/www.heimatverein-delligsen.de\/hvd20\/wp-content\/grand-media\/image\/thumb\/WhatsApp_Image_2019-06-29_at_17.33.57_2_.jpeg\" alt=\"29.06.2019: Fahrt ins Blaue der \u00dc 50-Damen\" class=\"noLazy gmpm_photo swiper-lazy gmpm_photo_portrait\"><span class=\"swiper-lazy-preloader swiper-lazy-preloader-black\"><\/span><\/div>\n\t\t<div class=\"swiper-slide gmpm_photo\" data-photo-id=\"3525\"><img decoding=\"async\" src=\"https:\/\/www.heimatverein-delligsen.de\/hvd20\/wp-content\/grand-media\/image\/thumb\/WhatsApp_Image_2019-06-29_at_17.33.57.jpeg\" data-src=\"https:\/\/www.heimatverein-delligsen.de\/hvd20\/wp-content\/grand-media\/image\/thumb\/WhatsApp_Image_2019-06-29_at_17.33.57.jpeg\" alt=\"29.06.2019: Fahrt ins Blaue der \u00dc 50-Damen\" class=\"noLazy gmpm_photo swiper-lazy gmpm_photo_landscape\"><span class=\"swiper-lazy-preloader swiper-lazy-preloader-black\"><\/span><\/div>\n\t\t<div class=\"swiper-slide gmpm_photo\" data-photo-id=\"3526\"><img decoding=\"async\" src=\"https:\/\/www.heimatverein-delligsen.de\/hvd20\/wp-content\/grand-media\/image\/thumb\/WhatsApp_Image_2019-06-29_at_17.33.58_1_.jpeg\" data-src=\"https:\/\/www.heimatverein-delligsen.de\/hvd20\/wp-content\/grand-media\/image\/thumb\/WhatsApp_Image_2019-06-29_at_17.33.58_1_.jpeg\" alt=\"29.06.2019: Fahrt ins Blaue der \u00dc 50-Damen\" class=\"noLazy gmpm_photo swiper-lazy gmpm_photo_portrait\"><span class=\"swiper-lazy-preloader swiper-lazy-preloader-black\"><\/span><\/div>\n\t\t<div class=\"swiper-slide gmpm_photo\" data-photo-id=\"3527\"><img decoding=\"async\" src=\"https:\/\/www.heimatverein-delligsen.de\/hvd20\/wp-content\/grand-media\/image\/thumb\/WhatsApp_Image_2019-06-29_at_17.33.58.jpeg\" data-src=\"https:\/\/www.heimatverein-delligsen.de\/hvd20\/wp-content\/grand-media\/image\/thumb\/WhatsApp_Image_2019-06-29_at_17.33.58.jpeg\" alt=\"29.06.2019: Fahrt ins Blaue der \u00dc 50-Damen\" class=\"noLazy gmpm_photo swiper-lazy gmpm_photo_landscape\"><span class=\"swiper-lazy-preloader swiper-lazy-preloader-black\"><\/span><\/div>\t\t\t\t\t\t\t\t<\/div>\n\t\t\t\t\t\t\t<\/div>\n\t\t\t\t\t\t<\/div>\n\t\t\t\t\t\t<div class=\"gmpm_next_button\"><\/div>\n\t\t\t\t\t<\/div>\n\t\t\t\t\t\t\t\t\t\t\t\t\t\t\t\t\t\t\t\t\t\t\t\t<\/div>\n\t\t\t<\/div>\n\t\t<\/div>\n\t\t<div class=\"gmpm_focus_close_full\">\n\t\t\t<span><a class=\"gmpm_button gmpm_close\">Close<\/a><\/span>\n\t\t\t<span><a class=\"gmpm_button gmpm_full\">Full<\/a><\/span>\n\t\t<\/div>\n\t\t<div class=\"gmpm_photo_details\">\n\t\t\t<div class=\"gmpm_description_wrap empty-item-description\">\n\t\t\t\t\t\t\t<\/div>\n\t\t<\/div>\n\n\t\t<div class=\"gmpm_focus_footer\">\n\t\t\t<div class=\"gmpm_focus_keyboard\">\n\t\t\t\t<div class=\"gmpm_focus_keyboard_title\">Keyboard Shortcuts <a class=\"gmpm_focus_keyboard_dismiss\">Dismiss<\/a><\/div>\n\t\t\t\t<ul>\n\t\t\t\t\t<li style=\"list-style:none;\"><a data-key=\"p\" class=\"gmpm_key\">S<\/a><span class=\"gmpm_label\">Slideshow<\/span><\/li>\n\t\t\t\t\t<li style=\"list-style:none;\"><a data-key=\"m\" class=\"gmpm_key\">M<\/a><span class=\"gmpm_label\">Maximize<\/span><\/li>\n\t\t\t\t\t<li style=\"list-style:none;\"><a data-key=\"left\" class=\"gmpm_key\">&nbsp;<\/a><span class=\"gmpm_label\">Previous<\/span><\/li>\n\t\t\t\t\t<li style=\"list-style:none;\"><a data-key=\"right\" class=\"gmpm_key\">&nbsp;<\/a><span class=\"gmpm_label\">Next<\/span><\/li>\n\t\t\t\t\t<li style=\"list-style:none;\"><a data-key=\"escape\" class=\"gmpm_key gmpm_esc\">esc<\/a><span class=\"gmpm_label\">Close<\/span><\/li>\n\t\t\t\t<\/ul>\n\t\t\t<\/div>\n\t\t<\/div>\n\n\t<\/div>\n\n\t<script type=\"text\/javascript\">\n\t\t\tdocument.addEventListener( 'DOMContentLoaded', function() {\n\t\t\t\tjQuery( function( $ ) {\n\t\t\t\t\tvar settings = {\"show_comments\":\"0\",\"show_download_button\":\"0\",\"show_link_button\":\"0\",\"show_description\":\"0\",\"show_author_avatar\":\"0\",\"show_author_name\":\"0\",\"show_share_button\":\"0\",\"show_like_button\":\"0\",\"link_color\":\"096900\",\"link_color_hover\":\"096900\",\"description_title\":\"Beschreibung\",\"ID\":181,\"url\":\"https:\\\/\\\/www.heimatverein-delligsen.de?rest_route=%2Fwp%2Fv2%2Fpages%2F7731\",\"moduleUrl\":\"https:\\\/\\\/www.heimatverein-delligsen.de\\\/hvd20\\\/wp-content\\\/grand-media\\\/module\\\/photomania\",\"initial_slide\":0};\n\t\t\t\t\tvar content = {\"data\":[{\"id\":\"3520\",\"type\":\"image\",\"file\":\"WhatsApp_Image_2019-06-29_at_17.33.55.jpeg\",\"meta\":{\"width\":1200,\"height\":1600,\"views\":925,\"likes\":0},\"title\":\"29.06.2019: Fahrt ins Blaue der \\u00dc 50-Damen\",\"alt\":\"29.06.2019: Fahrt ins Blaue der \\u00dc 50-Damen\",\"author\":{\"name\":\"Eike Heuer\",\"posts_link\":\"https:\\\/\\\/www.heimatverein-delligsen.de\\\/?author=1\"},\"post_link\":\"https:\\\/\\\/www.heimatverein-delligsen.de\\\/?gmedia=whatsapp_image_2019-06-29_at_17-33-55-jpeg\",\"ratio\":0.75},{\"id\":\"3521\",\"type\":\"image\",\"file\":\"WhatsApp_Image_2019-06-29_at_17.33.56_1_.jpeg\",\"meta\":{\"width\":1600,\"height\":900,\"views\":84,\"likes\":0},\"title\":\"29.06.2019: Fahrt ins Blaue der \\u00dc 50-Damen\",\"alt\":\"29.06.2019: Fahrt ins Blaue der \\u00dc 50-Damen\",\"author\":{\"name\":\"Eike Heuer\",\"posts_link\":\"https:\\\/\\\/www.heimatverein-delligsen.de\\\/?author=1\"},\"post_link\":\"https:\\\/\\\/www.heimatverein-delligsen.de\\\/?gmedia=whatsapp_image_2019-06-29_at_17-33-56_1_-jpeg\",\"ratio\":1.77777777777777767909128669998608529567718505859375},{\"id\":\"3522\",\"type\":\"image\",\"file\":\"WhatsApp_Image_2019-06-29_at_17.33.56.jpeg\",\"meta\":{\"width\":1200,\"height\":1600,\"views\":62,\"likes\":0},\"title\":\"29.06.2019: Fahrt ins Blaue der \\u00dc 50-Damen\",\"alt\":\"29.06.2019: Fahrt ins Blaue der \\u00dc 50-Damen\",\"author\":{\"name\":\"Eike Heuer\",\"posts_link\":\"https:\\\/\\\/www.heimatverein-delligsen.de\\\/?author=1\"},\"post_link\":\"https:\\\/\\\/www.heimatverein-delligsen.de\\\/?gmedia=whatsapp_image_2019-06-29_at_17-33-56-jpeg\",\"ratio\":0.75},{\"id\":\"3523\",\"type\":\"image\",\"file\":\"WhatsApp_Image_2019-06-29_at_17.33.57_1_.jpeg\",\"meta\":{\"width\":1600,\"height\":1200,\"views\":71,\"likes\":0},\"title\":\"29.06.2019: Fahrt ins Blaue der \\u00dc 50-Damen\",\"alt\":\"29.06.2019: Fahrt ins Blaue der \\u00dc 50-Damen\",\"author\":{\"name\":\"Eike Heuer\",\"posts_link\":\"https:\\\/\\\/www.heimatverein-delligsen.de\\\/?author=1\"},\"post_link\":\"https:\\\/\\\/www.heimatverein-delligsen.de\\\/?gmedia=whatsapp_image_2019-06-29_at_17-33-57_1_-jpeg\",\"ratio\":1.3333333333333332593184650249895639717578887939453125},{\"id\":\"3524\",\"type\":\"image\",\"file\":\"WhatsApp_Image_2019-06-29_at_17.33.57_2_.jpeg\",\"meta\":{\"width\":900,\"height\":1600,\"views\":67,\"likes\":0},\"title\":\"29.06.2019: Fahrt ins Blaue der \\u00dc 50-Damen\",\"alt\":\"29.06.2019: Fahrt ins Blaue der \\u00dc 50-Damen\",\"author\":{\"name\":\"Eike Heuer\",\"posts_link\":\"https:\\\/\\\/www.heimatverein-delligsen.de\\\/?author=1\"},\"post_link\":\"https:\\\/\\\/www.heimatverein-delligsen.de\\\/?gmedia=whatsapp_image_2019-06-29_at_17-33-57_2_-jpeg\",\"ratio\":0.5625},{\"id\":\"3525\",\"type\":\"image\",\"file\":\"WhatsApp_Image_2019-06-29_at_17.33.57.jpeg\",\"meta\":{\"width\":1600,\"height\":900,\"views\":59,\"likes\":0},\"title\":\"29.06.2019: Fahrt ins Blaue der \\u00dc 50-Damen\",\"alt\":\"29.06.2019: Fahrt ins Blaue der \\u00dc 50-Damen\",\"author\":{\"name\":\"Eike Heuer\",\"posts_link\":\"https:\\\/\\\/www.heimatverein-delligsen.de\\\/?author=1\"},\"post_link\":\"https:\\\/\\\/www.heimatverein-delligsen.de\\\/?gmedia=whatsapp_image_2019-06-29_at_17-33-57-jpeg\",\"ratio\":1.77777777777777767909128669998608529567718505859375},{\"id\":\"3526\",\"type\":\"image\",\"file\":\"WhatsApp_Image_2019-06-29_at_17.33.58_1_.jpeg\",\"meta\":{\"width\":1200,\"height\":1600,\"views\":58,\"likes\":0},\"title\":\"29.06.2019: Fahrt ins Blaue der \\u00dc 50-Damen\",\"alt\":\"29.06.2019: Fahrt ins Blaue der \\u00dc 50-Damen\",\"author\":{\"name\":\"Eike Heuer\",\"posts_link\":\"https:\\\/\\\/www.heimatverein-delligsen.de\\\/?author=1\"},\"post_link\":\"https:\\\/\\\/www.heimatverein-delligsen.de\\\/?gmedia=whatsapp_image_2019-06-29_at_17-33-58_1_-jpeg\",\"ratio\":0.75},{\"id\":\"3527\",\"type\":\"image\",\"file\":\"WhatsApp_Image_2019-06-29_at_17.33.58.jpeg\",\"meta\":{\"width\":1600,\"height\":1200,\"views\":68,\"likes\":0},\"title\":\"29.06.2019: Fahrt ins Blaue der \\u00dc 50-Damen\",\"alt\":\"29.06.2019: Fahrt ins Blaue der \\u00dc 50-Damen\",\"author\":{\"name\":\"Eike Heuer\",\"posts_link\":\"https:\\\/\\\/www.heimatverein-delligsen.de\\\/?author=1\"},\"post_link\":\"https:\\\/\\\/www.heimatverein-delligsen.de\\\/?gmedia=whatsapp_image_2019-06-29_at_17-33-58-jpeg\",\"ratio\":1.3333333333333332593184650249895639717578887939453125}],\"terms\":[]};\n\t\t\t\t\tvar container = $( '#GmediaGallery_181' );\n\t\t\t\t\tcontainer.photomania( settings, content );\n\t\t\t\t\twindow.GmediaGallery_181 = container.data( 'photomania' );\n\t\t\t\t} );\n\t\t\t} );\n\t<\/script><\/div><br \/>\n<div class=\"gmedia_gallery photomania_module is_bot\" id=\"GmediaGallery_182\" data-gmid=\"182\" data-module=\"photomania\"><style class='gmedia_module_style_import'>\/**** .photomania_module #GmediaGallery_182 ****\/\n#GmediaGallery_182 .gmpm_preload {opacity:0;}\n#GmediaGallery_182 .swiper-big-images img.gmpm_the_photo { max-height:100%; max-width:100%; display:inline; width:auto; height:auto; object-fit:unset; vertical-align:middle; border:none; }\n#GmediaGallery_182 .gmpm_focus .swiper-big-images img.gmpm_the_photo { width:auto; height:auto; object-fit:unset; }\n#GmediaGallery_182 .swiper-small-images img.gmpm_photo { max-width:none; max-height:none; }\n#GmediaGallery_182 .swiper-small-images img.gmpm_photo.gmpm_photo_landscape { width:auto; height:100%; }\n#GmediaGallery_182 .swiper-small-images img.gmpm_photo.gmpm_photo_portrait { width:100%; height:auto; }\n#GmediaGallery_182 .gmpm_gallery_sources_list p { margin:7px 0; padding:0; font-size:inherit; }\n#GmediaGallery_182 .gmpm_photo_details .gmpm_description_wrap a,\n#GmediaGallery_182 .gmpm_big_button_wrap .gmpm_button.gmpm_like.gmpm_liked,\n#GmediaGallery_182 .gmpm_big_button_wrap .gmpm_button.gmpm_like.gmpm_liked:hover {color:#096900;}\n#GmediaGallery_182 .gmpm_photo_show .gmpm_big_button {background-color:#096900;}\n#GmediaGallery_182 .swiper-small-images div.gmpm_photo.swiper-slide-active {border-color:#096900;}\n#GmediaGallery_182 .gmpm_photo_header .gmpm_name_wrap .gmpm_title_author a:hover,\n#GmediaGallery_182 .gmpm_photo_details .gmpm_description_wrap a:hover {color:#096900;}\n#GmediaGallery_182 .gmpm_photo_show .gmpm_big_button:hover,\n#GmediaGallery_182 .gmpm_focus_actions ul .gmpm_button.like.gmpm_liked {background-color:#096900;}<\/style>\n\t<div class=\"gmpm_photo_show gmpm_w960 gmpm_w640 gmpm_w480\">\n\n\t\t<div class=\"gmpm_photo_wrap has_prev_photo has_next_photo\">\n\t\t\t<div class=\"swiper-container swiper-big-images\">\n\t\t\t\t<div class=\"gmpm_photo_arrow_next gmpm_photo_arrow gmpm_next\">\n\t\t\t\t\t<div title=\"Next\" class=\"gmpm_arrow\"><\/div>\n\t\t\t\t<\/div>\n\t\t\t\t<div class=\"gmpm_photo_arrow_previous gmpm_photo_arrow gmpm_prev\">\n\t\t\t\t\t<div title=\"Previous\" class=\"gmpm_arrow\"><\/div>\n\t\t\t\t<\/div>\n\t\t\t\t<div class=\"swiper-wrapper\">\n\t\t\t\t\t\n\t\t<div class=\"swiper-slide\" data-hash=\"gmedia3528\" data-photo-id=\"3528\"><span class=\"gmpm_va\"><\/span><img decoding=\"async\" src=\"https:\/\/www.heimatverein-delligsen.de\/hvd20\/wp-content\/grand-media\/image\/Ith_Hils_Wanderung_14_von_1_.jpg\" data-src=\"https:\/\/www.heimatverein-delligsen.de\/hvd20\/wp-content\/grand-media\/image\/Ith_Hils_Wanderung_14_von_1_.jpg\" alt=\"14.07.2019: Ith-Hils Wanderweg\" data-protect=\"Eike Heuer\" class=\"noLazy gmpm_the_photo\"><\/div>\n\t\t<div class=\"swiper-slide\" data-hash=\"gmedia3532\" data-photo-id=\"3532\"><span class=\"gmpm_va\"><\/span><img decoding=\"async\" src=\"https:\/\/www.heimatverein-delligsen.de\/hvd20\/wp-content\/grand-media\/image\/Ith_Hils_Wanderung_3.Etappe-19.jpg\" data-src=\"https:\/\/www.heimatverein-delligsen.de\/hvd20\/wp-content\/grand-media\/image\/Ith_Hils_Wanderung_3.Etappe-19.jpg\" alt=\"14.07.2019: Ith-Hils Wanderweg\" data-protect=\"Eike Heuer\" class=\"noLazy gmpm_the_photo\"><\/div>\n\t\t<div class=\"swiper-slide\" data-hash=\"gmedia3529\" data-photo-id=\"3529\"><span class=\"gmpm_va\"><\/span><img decoding=\"async\" src=\"https:\/\/www.heimatverein-delligsen.de\/hvd20\/wp-content\/grand-media\/image\/Ith_Hils_Wanderung_3.Etappe-4.jpg\" data-src=\"https:\/\/www.heimatverein-delligsen.de\/hvd20\/wp-content\/grand-media\/image\/Ith_Hils_Wanderung_3.Etappe-4.jpg\" alt=\"14.07.2019: Ith-Hils Wanderweg\" data-protect=\"Eike Heuer\" class=\"noLazy gmpm_the_photo\"><\/div>\n\t\t<div class=\"swiper-slide\" data-hash=\"gmedia3530\" data-photo-id=\"3530\"><span class=\"gmpm_va\"><\/span><img decoding=\"async\" src=\"https:\/\/www.heimatverein-delligsen.de\/hvd20\/wp-content\/grand-media\/image\/Ith_Hils_Wanderung_3.Etappe-5.jpg\" data-src=\"https:\/\/www.heimatverein-delligsen.de\/hvd20\/wp-content\/grand-media\/image\/Ith_Hils_Wanderung_3.Etappe-5.jpg\" alt=\"14.07.2019: Ith-Hils Wanderweg\" data-protect=\"Eike Heuer\" class=\"noLazy gmpm_the_photo\"><\/div>\n\t\t<div class=\"swiper-slide\" data-hash=\"gmedia3531\" data-photo-id=\"3531\"><span class=\"gmpm_va\"><\/span><img decoding=\"async\" src=\"https:\/\/www.heimatverein-delligsen.de\/hvd20\/wp-content\/grand-media\/image\/Ith_Hils_Wanderung_3.Etappe-6.jpg\" data-src=\"https:\/\/www.heimatverein-delligsen.de\/hvd20\/wp-content\/grand-media\/image\/Ith_Hils_Wanderung_3.Etappe-6.jpg\" alt=\"14.07.2019: Ith-Hils Wanderweg\" data-protect=\"Eike Heuer\" class=\"noLazy gmpm_the_photo\"><\/div>\n\t\t<div class=\"swiper-slide\" data-hash=\"gmedia3533\" data-photo-id=\"3533\"><span class=\"gmpm_va\"><\/span><img decoding=\"async\" src=\"https:\/\/www.heimatverein-delligsen.de\/hvd20\/wp-content\/grand-media\/image\/Ith-Hils-Wanderung-5.Etappe-3.jpg\" data-src=\"https:\/\/www.heimatverein-delligsen.de\/hvd20\/wp-content\/grand-media\/image\/Ith-Hils-Wanderung-5.Etappe-3.jpg\" alt=\"14.07.2019: Ith-Hils Wanderweg\" data-protect=\"Eike Heuer\" class=\"noLazy gmpm_the_photo\"><\/div>\n\t\t<div class=\"swiper-slide\" data-hash=\"gmedia3534\" data-photo-id=\"3534\"><span class=\"gmpm_va\"><\/span><img decoding=\"async\" src=\"https:\/\/www.heimatverein-delligsen.de\/hvd20\/wp-content\/grand-media\/image\/Ith-Hils-Wanderung-5.Etappe-4.jpg\" data-src=\"https:\/\/www.heimatverein-delligsen.de\/hvd20\/wp-content\/grand-media\/image\/Ith-Hils-Wanderung-5.Etappe-4.jpg\" alt=\"14.07.2019: Ith-Hils Wanderweg\" data-protect=\"Eike Heuer\" class=\"noLazy gmpm_the_photo\"><\/div>\n\t\t<div class=\"swiper-slide\" data-hash=\"gmedia3535\" data-photo-id=\"3535\"><span class=\"gmpm_va\"><\/span><img decoding=\"async\" src=\"https:\/\/www.heimatverein-delligsen.de\/hvd20\/wp-content\/grand-media\/image\/Ith-Hils-Wanderung-5.Etappe-6.jpg\" data-src=\"https:\/\/www.heimatverein-delligsen.de\/hvd20\/wp-content\/grand-media\/image\/Ith-Hils-Wanderung-5.Etappe-6.jpg\" alt=\"14.07.2019: Ith-Hils Wanderweg\" data-protect=\"Eike Heuer\" class=\"noLazy gmpm_the_photo\"><\/div>\n\t\t<div class=\"swiper-slide\" data-hash=\"gmedia3537\" data-photo-id=\"3537\"><span class=\"gmpm_va\"><\/span><img decoding=\"async\" src=\"https:\/\/www.heimatverein-delligsen.de\/hvd20\/wp-content\/grand-media\/image\/Ith-Hils-Wanderung11.11.18-13.jpg\" data-src=\"https:\/\/www.heimatverein-delligsen.de\/hvd20\/wp-content\/grand-media\/image\/Ith-Hils-Wanderung11.11.18-13.jpg\" alt=\"14.07.2019: Ith-Hils Wanderweg\" data-protect=\"Eike Heuer\" class=\"noLazy gmpm_the_photo\"><\/div>\n\t\t<div class=\"swiper-slide\" data-hash=\"gmedia3538\" data-photo-id=\"3538\"><span class=\"gmpm_va\"><\/span><img decoding=\"async\" src=\"https:\/\/www.heimatverein-delligsen.de\/hvd20\/wp-content\/grand-media\/image\/Ith-Hils-Wanderung11.11.18-20.jpg\" data-src=\"https:\/\/www.heimatverein-delligsen.de\/hvd20\/wp-content\/grand-media\/image\/Ith-Hils-Wanderung11.11.18-20.jpg\" alt=\"14.07.2019: Ith-Hils Wanderweg\" data-protect=\"Eike Heuer\" class=\"noLazy gmpm_the_photo\"><\/div>\n\t\t<div class=\"swiper-slide\" data-hash=\"gmedia3539\" data-photo-id=\"3539\"><span class=\"gmpm_va\"><\/span><img decoding=\"async\" src=\"https:\/\/www.heimatverein-delligsen.de\/hvd20\/wp-content\/grand-media\/image\/Ith-Hils-Wanderung11.11.18-25.jpg\" data-src=\"https:\/\/www.heimatverein-delligsen.de\/hvd20\/wp-content\/grand-media\/image\/Ith-Hils-Wanderung11.11.18-25.jpg\" alt=\"14.07.2019: Ith-Hils Wanderweg\" data-protect=\"Eike Heuer\" class=\"noLazy gmpm_the_photo\"><\/div>\n\t\t<div class=\"swiper-slide\" data-hash=\"gmedia3536\" data-photo-id=\"3536\"><span class=\"gmpm_va\"><\/span><img decoding=\"async\" src=\"https:\/\/www.heimatverein-delligsen.de\/hvd20\/wp-content\/grand-media\/image\/Ith-Hils-Wanderung11.11.18-9.jpg\" data-src=\"https:\/\/www.heimatverein-delligsen.de\/hvd20\/wp-content\/grand-media\/image\/Ith-Hils-Wanderung11.11.18-9.jpg\" alt=\"14.07.2019: Ith-Hils Wanderweg\" data-protect=\"Eike Heuer\" class=\"noLazy gmpm_the_photo\"><\/div>\n\t\t<div class=\"swiper-slide\" data-hash=\"gmedia3540\" data-photo-id=\"3540\"><span class=\"gmpm_va\"><\/span><img decoding=\"async\" src=\"https:\/\/www.heimatverein-delligsen.de\/hvd20\/wp-content\/grand-media\/image\/Ith-Hils-Wanderung14.07.2019_2_.jpg\" data-src=\"https:\/\/www.heimatverein-delligsen.de\/hvd20\/wp-content\/grand-media\/image\/Ith-Hils-Wanderung14.07.2019_2_.jpg\" alt=\"14.07.2019: Ith-Hils Wanderweg\" data-protect=\"Eike Heuer\" class=\"noLazy gmpm_the_photo\"><\/div>\n\t\t<div class=\"swiper-slide\" data-hash=\"gmedia3541\" data-photo-id=\"3541\"><span class=\"gmpm_va\"><\/span><img decoding=\"async\" src=\"https:\/\/www.heimatverein-delligsen.de\/hvd20\/wp-content\/grand-media\/image\/Ith-Hils-Wanderung14.07.2019.jpg\" data-src=\"https:\/\/www.heimatverein-delligsen.de\/hvd20\/wp-content\/grand-media\/image\/Ith-Hils-Wanderung14.07.2019.jpg\" alt=\"14.07.2019: Ith-Hils Wanderweg\" data-protect=\"Eike Heuer\" class=\"noLazy gmpm_the_photo\"><\/div>\n\t\t<div class=\"swiper-slide\" data-hash=\"gmedia3542\" data-photo-id=\"3542\"><span class=\"gmpm_va\"><\/span><img decoding=\"async\" src=\"https:\/\/www.heimatverein-delligsen.de\/hvd20\/wp-content\/grand-media\/image\/Ith-Hils-Wanderung21.10.-15.jpg\" data-src=\"https:\/\/www.heimatverein-delligsen.de\/hvd20\/wp-content\/grand-media\/image\/Ith-Hils-Wanderung21.10.-15.jpg\" alt=\"14.07.2019: Ith-Hils Wanderweg\" data-protect=\"Eike Heuer\" class=\"noLazy gmpm_the_photo\"><\/div>\n\t\t<div class=\"swiper-slide\" data-hash=\"gmedia3543\" data-photo-id=\"3543\"><span class=\"gmpm_va\"><\/span><img decoding=\"async\" src=\"https:\/\/www.heimatverein-delligsen.de\/hvd20\/wp-content\/grand-media\/image\/XBraunkohlwanderung_2019-6.jpg\" data-src=\"https:\/\/www.heimatverein-delligsen.de\/hvd20\/wp-content\/grand-media\/image\/XBraunkohlwanderung_2019-6.jpg\" alt=\"14.07.2019: Ith-Hils Wanderweg\" data-protect=\"Eike Heuer\" class=\"noLazy gmpm_the_photo\"><\/div>\t\t\t\t<\/div>\n\t\t\t<\/div>\n\t\t<\/div>\n\n\t\t<div class=\"gmpm_photo_header\">\n\t\t\t<div class=\"gmpm_wrapper gmpm_clearfix\">\n\t\t\t\t<div class=\"gmpm_focus_actions\">\n\t\t\t\t\t\t\t\t\t\t\t\t\t\t\t<ul class=\"gmpm_focus_arrows gmpm_clearfix\">\n\t\t\t\t\t\t<li style=\"list-style:none;\"><a class=\"gmpm_button gmpm_photo_arrow_previous gmpm_prev\">Previous<\/a><\/li>\n\t\t\t\t\t\t<li style=\"list-style:none;\"><a class=\"gmpm_button gmpm_photo_arrow_next gmpm_next\">Next<\/a><\/li>\n\t\t\t\t\t<\/ul>\n\t\t\t\t<\/div>\n\t\t\t\t<div class=\"gmpm_name_wrap gmpm_clearfix gmpm_no_avatar\">\n\t\t\t\t\t\t\t\t\t\t<div class=\"gmpm_title_author\">\n\t\t\t\t\t\t<div class=\"gmpm_title\">14.07.2019: Ith-Hils Wanderweg<\/div>\n\t\t\t\t\t\t\t\t\t\t\t<\/div>\n\t\t\t\t<\/div>\n\t\t\t\t<div class=\"gmpm_actions gmpm_clearfix\">\n\t\t\t\t\t<div class=\"gmpm_carousel gmpm_has_previous gmpm_has_next\">\n\t\t\t\t\t\t<div class=\"gmpm_previous_button\"><\/div>\n\t\t\t\t\t\t<div class=\"gmpm_photo_carousel\">\n\t\t\t\t\t\t\t<div class=\"swiper-container swiper-small-images\">\n\t\t\t\t\t\t\t\t<div class=\"swiper-wrapper\">\n\t\t\t\t\t\t\t\t\t\n\t\t<div class=\"swiper-slide gmpm_photo\" data-photo-id=\"3528\"><img decoding=\"async\" src=\"https:\/\/www.heimatverein-delligsen.de\/hvd20\/wp-content\/grand-media\/image\/thumb\/Ith_Hils_Wanderung_14_von_1_.jpg\" data-src=\"https:\/\/www.heimatverein-delligsen.de\/hvd20\/wp-content\/grand-media\/image\/thumb\/Ith_Hils_Wanderung_14_von_1_.jpg\" alt=\"14.07.2019: Ith-Hils Wanderweg\" class=\"noLazy gmpm_photo swiper-lazy gmpm_photo_landscape\"><span class=\"swiper-lazy-preloader swiper-lazy-preloader-black\"><\/span><\/div>\n\t\t<div class=\"swiper-slide gmpm_photo\" data-photo-id=\"3532\"><img decoding=\"async\" src=\"https:\/\/www.heimatverein-delligsen.de\/hvd20\/wp-content\/grand-media\/image\/thumb\/Ith_Hils_Wanderung_3.Etappe-19.jpg\" data-src=\"https:\/\/www.heimatverein-delligsen.de\/hvd20\/wp-content\/grand-media\/image\/thumb\/Ith_Hils_Wanderung_3.Etappe-19.jpg\" alt=\"14.07.2019: Ith-Hils Wanderweg\" class=\"noLazy gmpm_photo swiper-lazy gmpm_photo_landscape\"><span class=\"swiper-lazy-preloader swiper-lazy-preloader-black\"><\/span><\/div>\n\t\t<div class=\"swiper-slide gmpm_photo\" data-photo-id=\"3529\"><img decoding=\"async\" src=\"https:\/\/www.heimatverein-delligsen.de\/hvd20\/wp-content\/grand-media\/image\/thumb\/Ith_Hils_Wanderung_3.Etappe-4.jpg\" data-src=\"https:\/\/www.heimatverein-delligsen.de\/hvd20\/wp-content\/grand-media\/image\/thumb\/Ith_Hils_Wanderung_3.Etappe-4.jpg\" alt=\"14.07.2019: Ith-Hils Wanderweg\" class=\"noLazy gmpm_photo swiper-lazy gmpm_photo_landscape\"><span class=\"swiper-lazy-preloader swiper-lazy-preloader-black\"><\/span><\/div>\n\t\t<div class=\"swiper-slide gmpm_photo\" data-photo-id=\"3530\"><img decoding=\"async\" src=\"https:\/\/www.heimatverein-delligsen.de\/hvd20\/wp-content\/grand-media\/image\/thumb\/Ith_Hils_Wanderung_3.Etappe-5.jpg\" data-src=\"https:\/\/www.heimatverein-delligsen.de\/hvd20\/wp-content\/grand-media\/image\/thumb\/Ith_Hils_Wanderung_3.Etappe-5.jpg\" alt=\"14.07.2019: Ith-Hils Wanderweg\" class=\"noLazy gmpm_photo swiper-lazy gmpm_photo_portrait\"><span class=\"swiper-lazy-preloader swiper-lazy-preloader-black\"><\/span><\/div>\n\t\t<div class=\"swiper-slide gmpm_photo\" data-photo-id=\"3531\"><img decoding=\"async\" src=\"https:\/\/www.heimatverein-delligsen.de\/hvd20\/wp-content\/grand-media\/image\/thumb\/Ith_Hils_Wanderung_3.Etappe-6.jpg\" data-src=\"https:\/\/www.heimatverein-delligsen.de\/hvd20\/wp-content\/grand-media\/image\/thumb\/Ith_Hils_Wanderung_3.Etappe-6.jpg\" alt=\"14.07.2019: Ith-Hils Wanderweg\" class=\"noLazy gmpm_photo swiper-lazy gmpm_photo_landscape\"><span class=\"swiper-lazy-preloader swiper-lazy-preloader-black\"><\/span><\/div>\n\t\t<div class=\"swiper-slide gmpm_photo\" data-photo-id=\"3533\"><img decoding=\"async\" src=\"https:\/\/www.heimatverein-delligsen.de\/hvd20\/wp-content\/grand-media\/image\/thumb\/Ith-Hils-Wanderung-5.Etappe-3.jpg\" data-src=\"https:\/\/www.heimatverein-delligsen.de\/hvd20\/wp-content\/grand-media\/image\/thumb\/Ith-Hils-Wanderung-5.Etappe-3.jpg\" alt=\"14.07.2019: Ith-Hils Wanderweg\" class=\"noLazy gmpm_photo swiper-lazy gmpm_photo_landscape\"><span class=\"swiper-lazy-preloader swiper-lazy-preloader-black\"><\/span><\/div>\n\t\t<div class=\"swiper-slide gmpm_photo\" data-photo-id=\"3534\"><img decoding=\"async\" src=\"https:\/\/www.heimatverein-delligsen.de\/hvd20\/wp-content\/grand-media\/image\/thumb\/Ith-Hils-Wanderung-5.Etappe-4.jpg\" data-src=\"https:\/\/www.heimatverein-delligsen.de\/hvd20\/wp-content\/grand-media\/image\/thumb\/Ith-Hils-Wanderung-5.Etappe-4.jpg\" alt=\"14.07.2019: Ith-Hils Wanderweg\" class=\"noLazy gmpm_photo swiper-lazy gmpm_photo_landscape\"><span class=\"swiper-lazy-preloader swiper-lazy-preloader-black\"><\/span><\/div>\n\t\t<div class=\"swiper-slide gmpm_photo\" data-photo-id=\"3535\"><img decoding=\"async\" src=\"https:\/\/www.heimatverein-delligsen.de\/hvd20\/wp-content\/grand-media\/image\/thumb\/Ith-Hils-Wanderung-5.Etappe-6.jpg\" data-src=\"https:\/\/www.heimatverein-delligsen.de\/hvd20\/wp-content\/grand-media\/image\/thumb\/Ith-Hils-Wanderung-5.Etappe-6.jpg\" alt=\"14.07.2019: Ith-Hils Wanderweg\" class=\"noLazy gmpm_photo swiper-lazy gmpm_photo_landscape\"><span class=\"swiper-lazy-preloader swiper-lazy-preloader-black\"><\/span><\/div>\n\t\t<div class=\"swiper-slide gmpm_photo\" data-photo-id=\"3537\"><img decoding=\"async\" src=\"https:\/\/www.heimatverein-delligsen.de\/hvd20\/wp-content\/grand-media\/image\/thumb\/Ith-Hils-Wanderung11.11.18-13.jpg\" data-src=\"https:\/\/www.heimatverein-delligsen.de\/hvd20\/wp-content\/grand-media\/image\/thumb\/Ith-Hils-Wanderung11.11.18-13.jpg\" alt=\"14.07.2019: Ith-Hils Wanderweg\" class=\"noLazy gmpm_photo swiper-lazy gmpm_photo_landscape\"><span class=\"swiper-lazy-preloader swiper-lazy-preloader-black\"><\/span><\/div>\n\t\t<div class=\"swiper-slide gmpm_photo\" data-photo-id=\"3538\"><img decoding=\"async\" src=\"https:\/\/www.heimatverein-delligsen.de\/hvd20\/wp-content\/grand-media\/image\/thumb\/Ith-Hils-Wanderung11.11.18-20.jpg\" data-src=\"https:\/\/www.heimatverein-delligsen.de\/hvd20\/wp-content\/grand-media\/image\/thumb\/Ith-Hils-Wanderung11.11.18-20.jpg\" alt=\"14.07.2019: Ith-Hils Wanderweg\" class=\"noLazy gmpm_photo swiper-lazy gmpm_photo_landscape\"><span class=\"swiper-lazy-preloader swiper-lazy-preloader-black\"><\/span><\/div>\n\t\t<div class=\"swiper-slide gmpm_photo\" data-photo-id=\"3539\"><img decoding=\"async\" src=\"https:\/\/www.heimatverein-delligsen.de\/hvd20\/wp-content\/grand-media\/image\/thumb\/Ith-Hils-Wanderung11.11.18-25.jpg\" data-src=\"https:\/\/www.heimatverein-delligsen.de\/hvd20\/wp-content\/grand-media\/image\/thumb\/Ith-Hils-Wanderung11.11.18-25.jpg\" alt=\"14.07.2019: Ith-Hils Wanderweg\" class=\"noLazy gmpm_photo swiper-lazy gmpm_photo_landscape\"><span class=\"swiper-lazy-preloader swiper-lazy-preloader-black\"><\/span><\/div>\n\t\t<div class=\"swiper-slide gmpm_photo\" data-photo-id=\"3536\"><img decoding=\"async\" src=\"https:\/\/www.heimatverein-delligsen.de\/hvd20\/wp-content\/grand-media\/image\/thumb\/Ith-Hils-Wanderung11.11.18-9.jpg\" data-src=\"https:\/\/www.heimatverein-delligsen.de\/hvd20\/wp-content\/grand-media\/image\/thumb\/Ith-Hils-Wanderung11.11.18-9.jpg\" alt=\"14.07.2019: Ith-Hils Wanderweg\" class=\"noLazy gmpm_photo swiper-lazy gmpm_photo_landscape\"><span class=\"swiper-lazy-preloader swiper-lazy-preloader-black\"><\/span><\/div>\n\t\t<div class=\"swiper-slide gmpm_photo\" data-photo-id=\"3540\"><img decoding=\"async\" src=\"https:\/\/www.heimatverein-delligsen.de\/hvd20\/wp-content\/grand-media\/image\/thumb\/Ith-Hils-Wanderung14.07.2019_2_.jpg\" data-src=\"https:\/\/www.heimatverein-delligsen.de\/hvd20\/wp-content\/grand-media\/image\/thumb\/Ith-Hils-Wanderung14.07.2019_2_.jpg\" alt=\"14.07.2019: Ith-Hils Wanderweg\" class=\"noLazy gmpm_photo swiper-lazy gmpm_photo_landscape\"><span class=\"swiper-lazy-preloader swiper-lazy-preloader-black\"><\/span><\/div>\n\t\t<div class=\"swiper-slide gmpm_photo\" data-photo-id=\"3541\"><img decoding=\"async\" src=\"https:\/\/www.heimatverein-delligsen.de\/hvd20\/wp-content\/grand-media\/image\/thumb\/Ith-Hils-Wanderung14.07.2019.jpg\" data-src=\"https:\/\/www.heimatverein-delligsen.de\/hvd20\/wp-content\/grand-media\/image\/thumb\/Ith-Hils-Wanderung14.07.2019.jpg\" alt=\"14.07.2019: Ith-Hils Wanderweg\" class=\"noLazy gmpm_photo swiper-lazy gmpm_photo_landscape\"><span class=\"swiper-lazy-preloader swiper-lazy-preloader-black\"><\/span><\/div>\n\t\t<div class=\"swiper-slide gmpm_photo\" data-photo-id=\"3542\"><img decoding=\"async\" src=\"https:\/\/www.heimatverein-delligsen.de\/hvd20\/wp-content\/grand-media\/image\/thumb\/Ith-Hils-Wanderung21.10.-15.jpg\" data-src=\"https:\/\/www.heimatverein-delligsen.de\/hvd20\/wp-content\/grand-media\/image\/thumb\/Ith-Hils-Wanderung21.10.-15.jpg\" alt=\"14.07.2019: Ith-Hils Wanderweg\" class=\"noLazy gmpm_photo swiper-lazy gmpm_photo_landscape\"><span class=\"swiper-lazy-preloader swiper-lazy-preloader-black\"><\/span><\/div>\n\t\t<div class=\"swiper-slide gmpm_photo\" data-photo-id=\"3543\"><img decoding=\"async\" src=\"https:\/\/www.heimatverein-delligsen.de\/hvd20\/wp-content\/grand-media\/image\/thumb\/XBraunkohlwanderung_2019-6.jpg\" data-src=\"https:\/\/www.heimatverein-delligsen.de\/hvd20\/wp-content\/grand-media\/image\/thumb\/XBraunkohlwanderung_2019-6.jpg\" alt=\"14.07.2019: Ith-Hils Wanderweg\" class=\"noLazy gmpm_photo swiper-lazy gmpm_photo_landscape\"><span class=\"swiper-lazy-preloader swiper-lazy-preloader-black\"><\/span><\/div>\t\t\t\t\t\t\t\t<\/div>\n\t\t\t\t\t\t\t<\/div>\n\t\t\t\t\t\t<\/div>\n\t\t\t\t\t\t<div class=\"gmpm_next_button\"><\/div>\n\t\t\t\t\t<\/div>\n\t\t\t\t\t\t\t\t\t\t\t\t\t\t\t\t\t\t\t\t\t\t\t\t<\/div>\n\t\t\t<\/div>\n\t\t<\/div>\n\t\t<div class=\"gmpm_focus_close_full\">\n\t\t\t<span><a class=\"gmpm_button gmpm_close\">Close<\/a><\/span>\n\t\t\t<span><a class=\"gmpm_button gmpm_full\">Full<\/a><\/span>\n\t\t<\/div>\n\t\t<div class=\"gmpm_photo_details\">\n\t\t\t<div class=\"gmpm_description_wrap empty-item-description\">\n\t\t\t\t\t\t\t<\/div>\n\t\t<\/div>\n\n\t\t<div class=\"gmpm_focus_footer\">\n\t\t\t<div class=\"gmpm_focus_keyboard\">\n\t\t\t\t<div class=\"gmpm_focus_keyboard_title\">Keyboard Shortcuts <a class=\"gmpm_focus_keyboard_dismiss\">Dismiss<\/a><\/div>\n\t\t\t\t<ul>\n\t\t\t\t\t<li style=\"list-style:none;\"><a data-key=\"p\" class=\"gmpm_key\">S<\/a><span class=\"gmpm_label\">Slideshow<\/span><\/li>\n\t\t\t\t\t<li style=\"list-style:none;\"><a data-key=\"m\" class=\"gmpm_key\">M<\/a><span class=\"gmpm_label\">Maximize<\/span><\/li>\n\t\t\t\t\t<li style=\"list-style:none;\"><a data-key=\"left\" class=\"gmpm_key\">&nbsp;<\/a><span class=\"gmpm_label\">Previous<\/span><\/li>\n\t\t\t\t\t<li style=\"list-style:none;\"><a data-key=\"right\" class=\"gmpm_key\">&nbsp;<\/a><span class=\"gmpm_label\">Next<\/span><\/li>\n\t\t\t\t\t<li style=\"list-style:none;\"><a data-key=\"escape\" class=\"gmpm_key gmpm_esc\">esc<\/a><span class=\"gmpm_label\">Close<\/span><\/li>\n\t\t\t\t<\/ul>\n\t\t\t<\/div>\n\t\t<\/div>\n\n\t<\/div>\n\n\t<script type=\"text\/javascript\">\n\t\t\tdocument.addEventListener( 'DOMContentLoaded', function() {\n\t\t\t\tjQuery( function( $ ) {\n\t\t\t\t\tvar settings = {\"show_comments\":\"0\",\"show_download_button\":\"0\",\"show_link_button\":\"0\",\"show_description\":\"0\",\"show_author_avatar\":\"0\",\"show_author_name\":\"0\",\"show_share_button\":\"0\",\"show_like_button\":\"0\",\"link_color\":\"096900\",\"link_color_hover\":\"096900\",\"description_title\":\"Beschreibung\",\"ID\":182,\"url\":\"https:\\\/\\\/www.heimatverein-delligsen.de?rest_route=%2Fwp%2Fv2%2Fpages%2F7731\",\"moduleUrl\":\"https:\\\/\\\/www.heimatverein-delligsen.de\\\/hvd20\\\/wp-content\\\/grand-media\\\/module\\\/photomania\",\"initial_slide\":0};\n\t\t\t\t\tvar content = {\"data\":[{\"id\":\"3528\",\"type\":\"image\",\"file\":\"Ith_Hils_Wanderung_14_von_1_.jpg\",\"meta\":{\"width\":2200,\"height\":1467,\"views\":1142,\"likes\":0},\"title\":\"14.07.2019: Ith-Hils Wanderweg\",\"alt\":\"14.07.2019: Ith-Hils Wanderweg\",\"author\":{\"name\":\"Eike Heuer\",\"posts_link\":\"https:\\\/\\\/www.heimatverein-delligsen.de\\\/?author=1\"},\"post_link\":\"https:\\\/\\\/www.heimatverein-delligsen.de\\\/?gmedia=ith_hils_wanderung_14_von_1_-jpg\",\"ratio\":1.4996591683708249131967704670387320220470428466796875},{\"id\":\"3532\",\"type\":\"image\",\"file\":\"Ith_Hils_Wanderung_3.Etappe-19.jpg\",\"meta\":{\"width\":1023,\"height\":682,\"views\":67,\"likes\":0},\"title\":\"14.07.2019: Ith-Hils Wanderweg\",\"alt\":\"14.07.2019: Ith-Hils Wanderweg\",\"author\":{\"name\":\"Eike Heuer\",\"posts_link\":\"https:\\\/\\\/www.heimatverein-delligsen.de\\\/?author=1\"},\"post_link\":\"https:\\\/\\\/www.heimatverein-delligsen.de\\\/?gmedia=ith_hils_wanderung_3-etappe-19-jpg\",\"ratio\":1.5},{\"id\":\"3529\",\"type\":\"image\",\"file\":\"Ith_Hils_Wanderung_3.Etappe-4.jpg\",\"meta\":{\"width\":1023,\"height\":682,\"views\":52,\"likes\":0},\"title\":\"14.07.2019: Ith-Hils Wanderweg\",\"alt\":\"14.07.2019: Ith-Hils Wanderweg\",\"author\":{\"name\":\"Eike Heuer\",\"posts_link\":\"https:\\\/\\\/www.heimatverein-delligsen.de\\\/?author=1\"},\"post_link\":\"https:\\\/\\\/www.heimatverein-delligsen.de\\\/?gmedia=ith_hils_wanderung_3-etappe-4-jpg\",\"ratio\":1.5},{\"id\":\"3530\",\"type\":\"image\",\"file\":\"Ith_Hils_Wanderung_3.Etappe-5.jpg\",\"meta\":{\"width\":455,\"height\":682,\"views\":34,\"likes\":0},\"title\":\"14.07.2019: Ith-Hils Wanderweg\",\"alt\":\"14.07.2019: Ith-Hils Wanderweg\",\"author\":{\"name\":\"Eike Heuer\",\"posts_link\":\"https:\\\/\\\/www.heimatverein-delligsen.de\\\/?author=1\"},\"post_link\":\"https:\\\/\\\/www.heimatverein-delligsen.de\\\/?gmedia=ith_hils_wanderung_3-etappe-5-jpg\",\"ratio\":0.66715542521994131153206808448885567486286163330078125},{\"id\":\"3531\",\"type\":\"image\",\"file\":\"Ith_Hils_Wanderung_3.Etappe-6.jpg\",\"meta\":{\"width\":1023,\"height\":682,\"views\":72,\"likes\":0},\"title\":\"14.07.2019: Ith-Hils Wanderweg\",\"alt\":\"14.07.2019: Ith-Hils Wanderweg\",\"author\":{\"name\":\"Eike Heuer\",\"posts_link\":\"https:\\\/\\\/www.heimatverein-delligsen.de\\\/?author=1\"},\"post_link\":\"https:\\\/\\\/www.heimatverein-delligsen.de\\\/?gmedia=ith_hils_wanderung_3-etappe-6-jpg\",\"ratio\":1.5},{\"id\":\"3533\",\"type\":\"image\",\"file\":\"Ith-Hils-Wanderung-5.Etappe-3.jpg\",\"meta\":{\"width\":1023,\"height\":682,\"views\":39,\"likes\":0},\"title\":\"14.07.2019: Ith-Hils Wanderweg\",\"alt\":\"14.07.2019: Ith-Hils Wanderweg\",\"author\":{\"name\":\"Eike Heuer\",\"posts_link\":\"https:\\\/\\\/www.heimatverein-delligsen.de\\\/?author=1\"},\"post_link\":\"https:\\\/\\\/www.heimatverein-delligsen.de\\\/?gmedia=ith-hils-wanderung-5-etappe-3-jpg\",\"ratio\":1.5},{\"id\":\"3534\",\"type\":\"image\",\"file\":\"Ith-Hils-Wanderung-5.Etappe-4.jpg\",\"meta\":{\"width\":1023,\"height\":682,\"views\":48,\"likes\":0},\"title\":\"14.07.2019: Ith-Hils Wanderweg\",\"alt\":\"14.07.2019: Ith-Hils Wanderweg\",\"author\":{\"name\":\"Eike Heuer\",\"posts_link\":\"https:\\\/\\\/www.heimatverein-delligsen.de\\\/?author=1\"},\"post_link\":\"https:\\\/\\\/www.heimatverein-delligsen.de\\\/?gmedia=ith-hils-wanderung-5-etappe-4-jpg\",\"ratio\":1.5},{\"id\":\"3535\",\"type\":\"image\",\"file\":\"Ith-Hils-Wanderung-5.Etappe-6.jpg\",\"meta\":{\"width\":1023,\"height\":682,\"views\":49,\"likes\":0},\"title\":\"14.07.2019: Ith-Hils Wanderweg\",\"alt\":\"14.07.2019: Ith-Hils Wanderweg\",\"author\":{\"name\":\"Eike Heuer\",\"posts_link\":\"https:\\\/\\\/www.heimatverein-delligsen.de\\\/?author=1\"},\"post_link\":\"https:\\\/\\\/www.heimatverein-delligsen.de\\\/?gmedia=ith-hils-wanderung-5-etappe-6-jpg\",\"ratio\":1.5},{\"id\":\"3537\",\"type\":\"image\",\"file\":\"Ith-Hils-Wanderung11.11.18-13.jpg\",\"meta\":{\"width\":1023,\"height\":682,\"views\":59,\"likes\":0},\"title\":\"14.07.2019: Ith-Hils Wanderweg\",\"alt\":\"14.07.2019: Ith-Hils Wanderweg\",\"author\":{\"name\":\"Eike Heuer\",\"posts_link\":\"https:\\\/\\\/www.heimatverein-delligsen.de\\\/?author=1\"},\"post_link\":\"https:\\\/\\\/www.heimatverein-delligsen.de\\\/?gmedia=ith-hils-wanderung11-11-18-13-jpg\",\"ratio\":1.5},{\"id\":\"3538\",\"type\":\"image\",\"file\":\"Ith-Hils-Wanderung11.11.18-20.jpg\",\"meta\":{\"width\":1023,\"height\":682,\"views\":39,\"likes\":0},\"title\":\"14.07.2019: Ith-Hils Wanderweg\",\"alt\":\"14.07.2019: Ith-Hils Wanderweg\",\"author\":{\"name\":\"Eike Heuer\",\"posts_link\":\"https:\\\/\\\/www.heimatverein-delligsen.de\\\/?author=1\"},\"post_link\":\"https:\\\/\\\/www.heimatverein-delligsen.de\\\/?gmedia=ith-hils-wanderung11-11-18-20-jpg\",\"ratio\":1.5},{\"id\":\"3539\",\"type\":\"image\",\"file\":\"Ith-Hils-Wanderung11.11.18-25.jpg\",\"meta\":{\"width\":1023,\"height\":682,\"views\":57,\"likes\":0},\"title\":\"14.07.2019: Ith-Hils Wanderweg\",\"alt\":\"14.07.2019: Ith-Hils Wanderweg\",\"author\":{\"name\":\"Eike Heuer\",\"posts_link\":\"https:\\\/\\\/www.heimatverein-delligsen.de\\\/?author=1\"},\"post_link\":\"https:\\\/\\\/www.heimatverein-delligsen.de\\\/?gmedia=ith-hils-wanderung11-11-18-25-jpg\",\"ratio\":1.5},{\"id\":\"3536\",\"type\":\"image\",\"file\":\"Ith-Hils-Wanderung11.11.18-9.jpg\",\"meta\":{\"width\":1023,\"height\":682,\"views\":36,\"likes\":0},\"title\":\"14.07.2019: Ith-Hils Wanderweg\",\"alt\":\"14.07.2019: Ith-Hils Wanderweg\",\"author\":{\"name\":\"Eike Heuer\",\"posts_link\":\"https:\\\/\\\/www.heimatverein-delligsen.de\\\/?author=1\"},\"post_link\":\"https:\\\/\\\/www.heimatverein-delligsen.de\\\/?gmedia=ith-hils-wanderung11-11-18-9-jpg\",\"ratio\":1.5},{\"id\":\"3540\",\"type\":\"image\",\"file\":\"Ith-Hils-Wanderung14.07.2019_2_.jpg\",\"meta\":{\"width\":2200,\"height\":1467,\"views\":55,\"likes\":0},\"title\":\"14.07.2019: Ith-Hils Wanderweg\",\"alt\":\"14.07.2019: Ith-Hils Wanderweg\",\"author\":{\"name\":\"Eike Heuer\",\"posts_link\":\"https:\\\/\\\/www.heimatverein-delligsen.de\\\/?author=1\"},\"post_link\":\"https:\\\/\\\/www.heimatverein-delligsen.de\\\/?gmedia=ith-hils-wanderung14-07-2019_2_-jpg\",\"ratio\":1.4996591683708249131967704670387320220470428466796875},{\"id\":\"3541\",\"type\":\"image\",\"file\":\"Ith-Hils-Wanderung14.07.2019.jpg\",\"meta\":{\"width\":2200,\"height\":1467,\"views\":60,\"likes\":0},\"title\":\"14.07.2019: Ith-Hils Wanderweg\",\"alt\":\"14.07.2019: Ith-Hils Wanderweg\",\"author\":{\"name\":\"Eike Heuer\",\"posts_link\":\"https:\\\/\\\/www.heimatverein-delligsen.de\\\/?author=1\"},\"post_link\":\"https:\\\/\\\/www.heimatverein-delligsen.de\\\/?gmedia=ith-hils-wanderung14-07-2019-jpg\",\"ratio\":1.4996591683708249131967704670387320220470428466796875},{\"id\":\"3542\",\"type\":\"image\",\"file\":\"Ith-Hils-Wanderung21.10.-15.jpg\",\"meta\":{\"width\":1024,\"height\":524,\"views\":31,\"likes\":0},\"title\":\"14.07.2019: Ith-Hils Wanderweg\",\"alt\":\"14.07.2019: Ith-Hils Wanderweg\",\"author\":{\"name\":\"Eike Heuer\",\"posts_link\":\"https:\\\/\\\/www.heimatverein-delligsen.de\\\/?author=1\"},\"post_link\":\"https:\\\/\\\/www.heimatverein-delligsen.de\\\/?gmedia=ith-hils-wanderung21-10-15-jpg\",\"ratio\":1.9541984732824426718167387662106193602085113525390625},{\"id\":\"3543\",\"type\":\"image\",\"file\":\"XBraunkohlwanderung_2019-6.jpg\",\"meta\":{\"width\":1023,\"height\":682,\"views\":54,\"likes\":0},\"title\":\"14.07.2019: Ith-Hils Wanderweg\",\"alt\":\"14.07.2019: Ith-Hils Wanderweg\",\"author\":{\"name\":\"Eike Heuer\",\"posts_link\":\"https:\\\/\\\/www.heimatverein-delligsen.de\\\/?author=1\"},\"post_link\":\"https:\\\/\\\/www.heimatverein-delligsen.de\\\/?gmedia=xbraunkohlwanderung_2019-6-jpg\",\"ratio\":1.5}],\"terms\":[]};\n\t\t\t\t\tvar container = $( '#GmediaGallery_182' );\n\t\t\t\t\tcontainer.photomania( settings, content );\n\t\t\t\t\twindow.GmediaGallery_182 = container.data( 'photomania' );\n\t\t\t\t} );\n\t\t\t} );\n\t<\/script><\/div><\/p>\n<h3>18.08.2019: Wanderung im Harz \u00fcber die Teufelsmauer<\/h3>\n<p><div class=\"gmedia_gallery photomania_module is_bot\" id=\"GmediaGallery_183\" data-gmid=\"183\" data-module=\"photomania\"><style class='gmedia_module_style_import'>\/**** .photomania_module #GmediaGallery_183 ****\/\n#GmediaGallery_183 .gmpm_preload {opacity:0;}\n#GmediaGallery_183 .swiper-big-images img.gmpm_the_photo { max-height:100%; max-width:100%; display:inline; width:auto; height:auto; object-fit:unset; vertical-align:middle; border:none; }\n#GmediaGallery_183 .gmpm_focus .swiper-big-images img.gmpm_the_photo { width:auto; height:auto; object-fit:unset; }\n#GmediaGallery_183 .swiper-small-images img.gmpm_photo { max-width:none; max-height:none; }\n#GmediaGallery_183 .swiper-small-images img.gmpm_photo.gmpm_photo_landscape { width:auto; height:100%; }\n#GmediaGallery_183 .swiper-small-images img.gmpm_photo.gmpm_photo_portrait { width:100%; height:auto; }\n#GmediaGallery_183 .gmpm_gallery_sources_list p { margin:7px 0; padding:0; font-size:inherit; }\n#GmediaGallery_183 .gmpm_photo_details .gmpm_description_wrap a,\n#GmediaGallery_183 .gmpm_big_button_wrap .gmpm_button.gmpm_like.gmpm_liked,\n#GmediaGallery_183 .gmpm_big_button_wrap .gmpm_button.gmpm_like.gmpm_liked:hover {color:#096900;}\n#GmediaGallery_183 .gmpm_photo_show .gmpm_big_button {background-color:#096900;}\n#GmediaGallery_183 .swiper-small-images div.gmpm_photo.swiper-slide-active {border-color:#096900;}\n#GmediaGallery_183 .gmpm_photo_header .gmpm_name_wrap .gmpm_title_author a:hover,\n#GmediaGallery_183 .gmpm_photo_details .gmpm_description_wrap a:hover {color:#096900;}\n#GmediaGallery_183 .gmpm_photo_show .gmpm_big_button:hover,\n#GmediaGallery_183 .gmpm_focus_actions ul .gmpm_button.like.gmpm_liked {background-color:#096900;}<\/style>\n\t<div class=\"gmpm_photo_show gmpm_w960 gmpm_w640 gmpm_w480\">\n\n\t\t<div class=\"gmpm_photo_wrap has_prev_photo has_next_photo\">\n\t\t\t<div class=\"swiper-container swiper-big-images\">\n\t\t\t\t<div class=\"gmpm_photo_arrow_next gmpm_photo_arrow gmpm_next\">\n\t\t\t\t\t<div title=\"Next\" class=\"gmpm_arrow\"><\/div>\n\t\t\t\t<\/div>\n\t\t\t\t<div class=\"gmpm_photo_arrow_previous gmpm_photo_arrow gmpm_prev\">\n\t\t\t\t\t<div title=\"Previous\" class=\"gmpm_arrow\"><\/div>\n\t\t\t\t<\/div>\n\t\t\t\t<div class=\"swiper-wrapper\">\n\t\t\t\t\t\n\t\t<div class=\"swiper-slide\" data-hash=\"gmedia3544\" data-photo-id=\"3544\"><span class=\"gmpm_va\"><\/span><img decoding=\"async\" src=\"https:\/\/www.heimatverein-delligsen.de\/hvd20\/wp-content\/grand-media\/image\/Blick_auf_die_Teufelsmauer.jpg\" data-src=\"https:\/\/www.heimatverein-delligsen.de\/hvd20\/wp-content\/grand-media\/image\/Blick_auf_die_Teufelsmauer.jpg\" alt=\"Blick auf die Teufelsmauer\" data-protect=\"Eike Heuer\" class=\"noLazy gmpm_the_photo\"><\/div>\n\t\t<div class=\"swiper-slide\" data-hash=\"gmedia3545\" data-photo-id=\"3545\"><span class=\"gmpm_va\"><\/span><img decoding=\"async\" src=\"https:\/\/www.heimatverein-delligsen.de\/hvd20\/wp-content\/grand-media\/image\/Die_Felsformation_die_Hamburger_Wappen_genannt_wird.jpg\" data-src=\"https:\/\/www.heimatverein-delligsen.de\/hvd20\/wp-content\/grand-media\/image\/Die_Felsformation_die_Hamburger_Wappen_genannt_wird.jpg\" alt=\"Die Felsformation, die Hamburger Wappen genannt wird\" data-protect=\"Eike Heuer\" class=\"noLazy gmpm_the_photo\"><\/div>\n\t\t<div class=\"swiper-slide\" data-hash=\"gmedia3546\" data-photo-id=\"3546\"><span class=\"gmpm_va\"><\/span><img decoding=\"async\" src=\"https:\/\/www.heimatverein-delligsen.de\/hvd20\/wp-content\/grand-media\/image\/Wir_wanderten_meist_auf_felsigen_mit_Baumwurzeln_bers_ten_Untergrund.jpg\" data-src=\"https:\/\/www.heimatverein-delligsen.de\/hvd20\/wp-content\/grand-media\/image\/Wir_wanderten_meist_auf_felsigen_mit_Baumwurzeln_bers_ten_Untergrund.jpg\" alt=\"Wir Wanderten Meist Auf Felsigen, Mit Baumwurzeln \u00fcbers\u00e4ten Untergrund\" data-protect=\"Eike Heuer\" class=\"noLazy gmpm_the_photo\"><\/div>\n\t\t<div class=\"swiper-slide\" data-hash=\"gmedia3547\" data-photo-id=\"3547\"><span class=\"gmpm_va\"><\/span><img decoding=\"async\" src=\"https:\/\/www.heimatverein-delligsen.de\/hvd20\/wp-content\/grand-media\/image\/Unsere_Wandergruppe_vor_dem_Hamburger_Wappen.jpg\" data-src=\"https:\/\/www.heimatverein-delligsen.de\/hvd20\/wp-content\/grand-media\/image\/Unsere_Wandergruppe_vor_dem_Hamburger_Wappen.jpg\" alt=\"Unsere Wandergruppe vor dem Hamburger Wappen\" data-protect=\"Eike Heuer\" class=\"noLazy gmpm_the_photo\"><\/div>\n\t\t<div class=\"swiper-slide\" data-hash=\"gmedia3548\" data-photo-id=\"3548\"><span class=\"gmpm_va\"><\/span><img decoding=\"async\" src=\"https:\/\/www.heimatverein-delligsen.de\/hvd20\/wp-content\/grand-media\/image\/H_hle_im_Sandsteinfels.jpg\" data-src=\"https:\/\/www.heimatverein-delligsen.de\/hvd20\/wp-content\/grand-media\/image\/H_hle_im_Sandsteinfels.jpg\" alt=\"H\u00f6hle im Sandsteinfels\" data-protect=\"Eike Heuer\" class=\"noLazy gmpm_the_photo\"><\/div>\n\t\t<div class=\"swiper-slide\" data-hash=\"gmedia3549\" data-photo-id=\"3549\"><span class=\"gmpm_va\"><\/span><img decoding=\"async\" src=\"https:\/\/www.heimatverein-delligsen.de\/hvd20\/wp-content\/grand-media\/image\/Blick_auf_den_Gro_vater._Im_Hintergrund_ist_das_Gro_e_Schloss_Blankenburg_zu_sehen.jpg\" data-src=\"https:\/\/www.heimatverein-delligsen.de\/hvd20\/wp-content\/grand-media\/image\/Blick_auf_den_Gro_vater._Im_Hintergrund_ist_das_Gro_e_Schloss_Blankenburg_zu_sehen.jpg\" alt=\"Blick Auf Den Gro\u00dfvater. Im Hintergrund ist das gro\u00dfe Schloss Blankenburg zu sehen\" data-protect=\"Eike Heuer\" class=\"noLazy gmpm_the_photo\"><\/div>\n\t\t<div class=\"swiper-slide\" data-hash=\"gmedia3550\" data-photo-id=\"3550\"><span class=\"gmpm_va\"><\/span><img decoding=\"async\" src=\"https:\/\/www.heimatverein-delligsen.de\/hvd20\/wp-content\/grand-media\/image\/Den_Ausblick_genie_en.....jpg\" data-src=\"https:\/\/www.heimatverein-delligsen.de\/hvd20\/wp-content\/grand-media\/image\/Den_Ausblick_genie_en.....jpg\" alt=\"Den Ausblick genie\u00dfen....\" data-protect=\"Eike Heuer\" class=\"noLazy gmpm_the_photo\"><\/div>\n\t\t<div class=\"swiper-slide\" data-hash=\"gmedia3551\" data-photo-id=\"3551\"><span class=\"gmpm_va\"><\/span><img decoding=\"async\" src=\"https:\/\/www.heimatverein-delligsen.de\/hvd20\/wp-content\/grand-media\/image\/Ausblick_in_den_Harz.jpg\" data-src=\"https:\/\/www.heimatverein-delligsen.de\/hvd20\/wp-content\/grand-media\/image\/Ausblick_in_den_Harz.jpg\" alt=\"Ausblick in den Harz\" data-protect=\"Eike Heuer\" class=\"noLazy gmpm_the_photo\"><\/div>\n\t\t<div class=\"swiper-slide\" data-hash=\"gmedia3552\" data-photo-id=\"3552\"><span class=\"gmpm_va\"><\/span><img decoding=\"async\" src=\"https:\/\/www.heimatverein-delligsen.de\/hvd20\/wp-content\/grand-media\/image\/Toller_Ausblick_vom_Fels_der_Gro_vater_genannt_wird.jpg\" data-src=\"https:\/\/www.heimatverein-delligsen.de\/hvd20\/wp-content\/grand-media\/image\/Toller_Ausblick_vom_Fels_der_Gro_vater_genannt_wird.jpg\" alt=\"Toller Ausblick vom Fels der Gro\u00dfvater genannt wird\" data-protect=\"Eike Heuer\" class=\"noLazy gmpm_the_photo\"><\/div>\n\t\t<div class=\"swiper-slide\" data-hash=\"gmedia3553\" data-photo-id=\"3553\"><span class=\"gmpm_va\"><\/span><img decoding=\"async\" src=\"https:\/\/www.heimatverein-delligsen.de\/hvd20\/wp-content\/grand-media\/image\/Unsere_Wandergruppe_auf_dem_Kammweg_der_Teufelsmauer.jpg\" data-src=\"https:\/\/www.heimatverein-delligsen.de\/hvd20\/wp-content\/grand-media\/image\/Unsere_Wandergruppe_auf_dem_Kammweg_der_Teufelsmauer.jpg\" alt=\"Unsere Wandergruppe auf dem Kammweg der Teufelsmauer\" data-protect=\"Eike Heuer\" class=\"noLazy gmpm_the_photo\"><\/div>\n\t\t<div class=\"swiper-slide\" data-hash=\"gmedia3554\" data-photo-id=\"3554\"><span class=\"gmpm_va\"><\/span><img decoding=\"async\" src=\"https:\/\/www.heimatverein-delligsen.de\/hvd20\/wp-content\/grand-media\/image\/Blick_auf_die_G_rten_und_das_kleine_Schloss_Blankenburg.jpg\" data-src=\"https:\/\/www.heimatverein-delligsen.de\/hvd20\/wp-content\/grand-media\/image\/Blick_auf_die_G_rten_und_das_kleine_Schloss_Blankenburg.jpg\" alt=\"Blick auf die G\u00e4rten und das kleine Schloss Blankenburg\" data-protect=\"Eike Heuer\" class=\"noLazy gmpm_the_photo\"><\/div>\n\t\t<div class=\"swiper-slide\" data-hash=\"gmedia3555\" data-photo-id=\"3555\"><span class=\"gmpm_va\"><\/span><img decoding=\"async\" src=\"https:\/\/www.heimatverein-delligsen.de\/hvd20\/wp-content\/grand-media\/image\/Nachbildung_vom_Braunschweiger_L_wen_vor_dem_kleinen_Schloss.jpg\" data-src=\"https:\/\/www.heimatverein-delligsen.de\/hvd20\/wp-content\/grand-media\/image\/Nachbildung_vom_Braunschweiger_L_wen_vor_dem_kleinen_Schloss.jpg\" alt=\"Nachbildung vom Braunschweiger L\u00f6wen vor dem kleinen Schloss\" data-protect=\"Eike Heuer\" class=\"noLazy gmpm_the_photo\"><\/div>\n\t\t<div class=\"swiper-slide\" data-hash=\"gmedia3556\" data-photo-id=\"3556\"><span class=\"gmpm_va\"><\/span><img decoding=\"async\" src=\"https:\/\/www.heimatverein-delligsen.de\/hvd20\/wp-content\/grand-media\/image\/Toller_Ausblick.jpg\" data-src=\"https:\/\/www.heimatverein-delligsen.de\/hvd20\/wp-content\/grand-media\/image\/Toller_Ausblick.jpg\" alt=\"Toller Ausblick\" data-protect=\"Eike Heuer\" class=\"noLazy gmpm_the_photo\"><\/div>\n\t\t<div class=\"swiper-slide\" data-hash=\"gmedia3557\" data-photo-id=\"3557\"><span class=\"gmpm_va\"><\/span><img decoding=\"async\" src=\"https:\/\/www.heimatverein-delligsen.de\/hvd20\/wp-content\/grand-media\/image\/Barocke_Schlossg_rten.jpg\" data-src=\"https:\/\/www.heimatverein-delligsen.de\/hvd20\/wp-content\/grand-media\/image\/Barocke_Schlossg_rten.jpg\" alt=\"Barocke Schlossg\u00e4rten\" data-protect=\"Eike Heuer\" class=\"noLazy gmpm_the_photo\"><\/div>\n\t\t<div class=\"swiper-slide\" data-hash=\"gmedia3558\" data-photo-id=\"3558\"><span class=\"gmpm_va\"><\/span><img decoding=\"async\" src=\"https:\/\/www.heimatverein-delligsen.de\/hvd20\/wp-content\/grand-media\/image\/Das_Teehaus_im_Terassengarten.jpg\" data-src=\"https:\/\/www.heimatverein-delligsen.de\/hvd20\/wp-content\/grand-media\/image\/Das_Teehaus_im_Terassengarten.jpg\" alt=\"Das Teehaus im Terassengarten\" data-protect=\"Eike Heuer\" class=\"noLazy gmpm_the_photo\"><\/div>\n\t\t<div class=\"swiper-slide\" data-hash=\"gmedia3559\" data-photo-id=\"3559\"><span class=\"gmpm_va\"><\/span><img decoding=\"async\" src=\"https:\/\/www.heimatverein-delligsen.de\/hvd20\/wp-content\/grand-media\/image\/Kaffee-Pause_mit_herrlicher_Aussicht.jpg\" data-src=\"https:\/\/www.heimatverein-delligsen.de\/hvd20\/wp-content\/grand-media\/image\/Kaffee-Pause_mit_herrlicher_Aussicht.jpg\" alt=\"Kaffee-Pause mit herrlicher Aussicht\" data-protect=\"Eike Heuer\" class=\"noLazy gmpm_the_photo\"><\/div>\t\t\t\t<\/div>\n\t\t\t<\/div>\n\t\t<\/div>\n\n\t\t<div class=\"gmpm_photo_header\">\n\t\t\t<div class=\"gmpm_wrapper gmpm_clearfix\">\n\t\t\t\t<div class=\"gmpm_focus_actions\">\n\t\t\t\t\t\t\t\t\t\t\t\t\t\t\t<ul class=\"gmpm_focus_arrows gmpm_clearfix\">\n\t\t\t\t\t\t<li style=\"list-style:none;\"><a class=\"gmpm_button gmpm_photo_arrow_previous gmpm_prev\">Previous<\/a><\/li>\n\t\t\t\t\t\t<li style=\"list-style:none;\"><a class=\"gmpm_button gmpm_photo_arrow_next gmpm_next\">Next<\/a><\/li>\n\t\t\t\t\t<\/ul>\n\t\t\t\t<\/div>\n\t\t\t\t<div class=\"gmpm_name_wrap gmpm_clearfix gmpm_no_avatar\">\n\t\t\t\t\t\t\t\t\t\t<div class=\"gmpm_title_author\">\n\t\t\t\t\t\t<div class=\"gmpm_title\">Blick auf die Teufelsmauer<\/div>\n\t\t\t\t\t\t\t\t\t\t\t<\/div>\n\t\t\t\t<\/div>\n\t\t\t\t<div class=\"gmpm_actions gmpm_clearfix\">\n\t\t\t\t\t<div class=\"gmpm_carousel gmpm_has_previous gmpm_has_next\">\n\t\t\t\t\t\t<div class=\"gmpm_previous_button\"><\/div>\n\t\t\t\t\t\t<div class=\"gmpm_photo_carousel\">\n\t\t\t\t\t\t\t<div class=\"swiper-container swiper-small-images\">\n\t\t\t\t\t\t\t\t<div class=\"swiper-wrapper\">\n\t\t\t\t\t\t\t\t\t\n\t\t<div class=\"swiper-slide gmpm_photo\" data-photo-id=\"3544\"><img decoding=\"async\" src=\"https:\/\/www.heimatverein-delligsen.de\/hvd20\/wp-content\/grand-media\/image\/thumb\/Blick_auf_die_Teufelsmauer.jpg\" data-src=\"https:\/\/www.heimatverein-delligsen.de\/hvd20\/wp-content\/grand-media\/image\/thumb\/Blick_auf_die_Teufelsmauer.jpg\" alt=\"Blick auf die Teufelsmauer\" class=\"noLazy gmpm_photo swiper-lazy gmpm_photo_landscape\"><span class=\"swiper-lazy-preloader swiper-lazy-preloader-black\"><\/span><\/div>\n\t\t<div class=\"swiper-slide gmpm_photo\" data-photo-id=\"3545\"><img decoding=\"async\" src=\"https:\/\/www.heimatverein-delligsen.de\/hvd20\/wp-content\/grand-media\/image\/thumb\/Die_Felsformation_die_Hamburger_Wappen_genannt_wird.jpg\" data-src=\"https:\/\/www.heimatverein-delligsen.de\/hvd20\/wp-content\/grand-media\/image\/thumb\/Die_Felsformation_die_Hamburger_Wappen_genannt_wird.jpg\" alt=\"Die Felsformation, die Hamburger Wappen genannt wird\" class=\"noLazy gmpm_photo swiper-lazy gmpm_photo_landscape\"><span class=\"swiper-lazy-preloader swiper-lazy-preloader-black\"><\/span><\/div>\n\t\t<div class=\"swiper-slide gmpm_photo\" data-photo-id=\"3546\"><img decoding=\"async\" src=\"https:\/\/www.heimatverein-delligsen.de\/hvd20\/wp-content\/grand-media\/image\/thumb\/Wir_wanderten_meist_auf_felsigen_mit_Baumwurzeln_bers_ten_Untergrund.jpg\" data-src=\"https:\/\/www.heimatverein-delligsen.de\/hvd20\/wp-content\/grand-media\/image\/thumb\/Wir_wanderten_meist_auf_felsigen_mit_Baumwurzeln_bers_ten_Untergrund.jpg\" alt=\"Wir Wanderten Meist Auf Felsigen, Mit Baumwurzeln \u00fcbers\u00e4ten Untergrund\" class=\"noLazy gmpm_photo swiper-lazy gmpm_photo_landscape\"><span class=\"swiper-lazy-preloader swiper-lazy-preloader-black\"><\/span><\/div>\n\t\t<div class=\"swiper-slide gmpm_photo\" data-photo-id=\"3547\"><img decoding=\"async\" src=\"https:\/\/www.heimatverein-delligsen.de\/hvd20\/wp-content\/grand-media\/image\/thumb\/Unsere_Wandergruppe_vor_dem_Hamburger_Wappen.jpg\" data-src=\"https:\/\/www.heimatverein-delligsen.de\/hvd20\/wp-content\/grand-media\/image\/thumb\/Unsere_Wandergruppe_vor_dem_Hamburger_Wappen.jpg\" alt=\"Unsere Wandergruppe vor dem Hamburger Wappen\" class=\"noLazy gmpm_photo swiper-lazy gmpm_photo_landscape\"><span class=\"swiper-lazy-preloader swiper-lazy-preloader-black\"><\/span><\/div>\n\t\t<div class=\"swiper-slide gmpm_photo\" data-photo-id=\"3548\"><img decoding=\"async\" src=\"https:\/\/www.heimatverein-delligsen.de\/hvd20\/wp-content\/grand-media\/image\/thumb\/H_hle_im_Sandsteinfels.jpg\" data-src=\"https:\/\/www.heimatverein-delligsen.de\/hvd20\/wp-content\/grand-media\/image\/thumb\/H_hle_im_Sandsteinfels.jpg\" alt=\"H\u00f6hle im Sandsteinfels\" class=\"noLazy gmpm_photo swiper-lazy gmpm_photo_landscape\"><span class=\"swiper-lazy-preloader swiper-lazy-preloader-black\"><\/span><\/div>\n\t\t<div class=\"swiper-slide gmpm_photo\" data-photo-id=\"3549\"><img decoding=\"async\" src=\"https:\/\/www.heimatverein-delligsen.de\/hvd20\/wp-content\/grand-media\/image\/thumb\/Blick_auf_den_Gro_vater._Im_Hintergrund_ist_das_Gro_e_Schloss_Blankenburg_zu_sehen.jpg\" data-src=\"https:\/\/www.heimatverein-delligsen.de\/hvd20\/wp-content\/grand-media\/image\/thumb\/Blick_auf_den_Gro_vater._Im_Hintergrund_ist_das_Gro_e_Schloss_Blankenburg_zu_sehen.jpg\" alt=\"Blick Auf Den Gro\u00dfvater. Im Hintergrund ist das gro\u00dfe Schloss Blankenburg zu sehen\" class=\"noLazy gmpm_photo swiper-lazy gmpm_photo_landscape\"><span class=\"swiper-lazy-preloader swiper-lazy-preloader-black\"><\/span><\/div>\n\t\t<div class=\"swiper-slide gmpm_photo\" data-photo-id=\"3550\"><img decoding=\"async\" src=\"https:\/\/www.heimatverein-delligsen.de\/hvd20\/wp-content\/grand-media\/image\/thumb\/Den_Ausblick_genie_en.....jpg\" data-src=\"https:\/\/www.heimatverein-delligsen.de\/hvd20\/wp-content\/grand-media\/image\/thumb\/Den_Ausblick_genie_en.....jpg\" alt=\"Den Ausblick genie\u00dfen....\" class=\"noLazy gmpm_photo swiper-lazy gmpm_photo_landscape\"><span class=\"swiper-lazy-preloader swiper-lazy-preloader-black\"><\/span><\/div>\n\t\t<div class=\"swiper-slide gmpm_photo\" data-photo-id=\"3551\"><img decoding=\"async\" src=\"https:\/\/www.heimatverein-delligsen.de\/hvd20\/wp-content\/grand-media\/image\/thumb\/Ausblick_in_den_Harz.jpg\" data-src=\"https:\/\/www.heimatverein-delligsen.de\/hvd20\/wp-content\/grand-media\/image\/thumb\/Ausblick_in_den_Harz.jpg\" alt=\"Ausblick in den Harz\" class=\"noLazy gmpm_photo swiper-lazy gmpm_photo_landscape\"><span class=\"swiper-lazy-preloader swiper-lazy-preloader-black\"><\/span><\/div>\n\t\t<div class=\"swiper-slide gmpm_photo\" data-photo-id=\"3552\"><img decoding=\"async\" src=\"https:\/\/www.heimatverein-delligsen.de\/hvd20\/wp-content\/grand-media\/image\/thumb\/Toller_Ausblick_vom_Fels_der_Gro_vater_genannt_wird.jpg\" data-src=\"https:\/\/www.heimatverein-delligsen.de\/hvd20\/wp-content\/grand-media\/image\/thumb\/Toller_Ausblick_vom_Fels_der_Gro_vater_genannt_wird.jpg\" alt=\"Toller Ausblick vom Fels der Gro\u00dfvater genannt wird\" class=\"noLazy gmpm_photo swiper-lazy gmpm_photo_landscape\"><span class=\"swiper-lazy-preloader swiper-lazy-preloader-black\"><\/span><\/div>\n\t\t<div class=\"swiper-slide gmpm_photo\" data-photo-id=\"3553\"><img decoding=\"async\" src=\"https:\/\/www.heimatverein-delligsen.de\/hvd20\/wp-content\/grand-media\/image\/thumb\/Unsere_Wandergruppe_auf_dem_Kammweg_der_Teufelsmauer.jpg\" data-src=\"https:\/\/www.heimatverein-delligsen.de\/hvd20\/wp-content\/grand-media\/image\/thumb\/Unsere_Wandergruppe_auf_dem_Kammweg_der_Teufelsmauer.jpg\" alt=\"Unsere Wandergruppe auf dem Kammweg der Teufelsmauer\" class=\"noLazy gmpm_photo swiper-lazy gmpm_photo_landscape\"><span class=\"swiper-lazy-preloader swiper-lazy-preloader-black\"><\/span><\/div>\n\t\t<div class=\"swiper-slide gmpm_photo\" data-photo-id=\"3554\"><img decoding=\"async\" src=\"https:\/\/www.heimatverein-delligsen.de\/hvd20\/wp-content\/grand-media\/image\/thumb\/Blick_auf_die_G_rten_und_das_kleine_Schloss_Blankenburg.jpg\" data-src=\"https:\/\/www.heimatverein-delligsen.de\/hvd20\/wp-content\/grand-media\/image\/thumb\/Blick_auf_die_G_rten_und_das_kleine_Schloss_Blankenburg.jpg\" alt=\"Blick auf die G\u00e4rten und das kleine Schloss Blankenburg\" class=\"noLazy gmpm_photo swiper-lazy gmpm_photo_landscape\"><span class=\"swiper-lazy-preloader swiper-lazy-preloader-black\"><\/span><\/div>\n\t\t<div class=\"swiper-slide gmpm_photo\" data-photo-id=\"3555\"><img decoding=\"async\" src=\"https:\/\/www.heimatverein-delligsen.de\/hvd20\/wp-content\/grand-media\/image\/thumb\/Nachbildung_vom_Braunschweiger_L_wen_vor_dem_kleinen_Schloss.jpg\" data-src=\"https:\/\/www.heimatverein-delligsen.de\/hvd20\/wp-content\/grand-media\/image\/thumb\/Nachbildung_vom_Braunschweiger_L_wen_vor_dem_kleinen_Schloss.jpg\" alt=\"Nachbildung vom Braunschweiger L\u00f6wen vor dem kleinen Schloss\" class=\"noLazy gmpm_photo swiper-lazy gmpm_photo_landscape\"><span class=\"swiper-lazy-preloader swiper-lazy-preloader-black\"><\/span><\/div>\n\t\t<div class=\"swiper-slide gmpm_photo\" data-photo-id=\"3556\"><img decoding=\"async\" src=\"https:\/\/www.heimatverein-delligsen.de\/hvd20\/wp-content\/grand-media\/image\/thumb\/Toller_Ausblick.jpg\" data-src=\"https:\/\/www.heimatverein-delligsen.de\/hvd20\/wp-content\/grand-media\/image\/thumb\/Toller_Ausblick.jpg\" alt=\"Toller Ausblick\" class=\"noLazy gmpm_photo swiper-lazy gmpm_photo_landscape\"><span class=\"swiper-lazy-preloader swiper-lazy-preloader-black\"><\/span><\/div>\n\t\t<div class=\"swiper-slide gmpm_photo\" data-photo-id=\"3557\"><img decoding=\"async\" src=\"https:\/\/www.heimatverein-delligsen.de\/hvd20\/wp-content\/grand-media\/image\/thumb\/Barocke_Schlossg_rten.jpg\" data-src=\"https:\/\/www.heimatverein-delligsen.de\/hvd20\/wp-content\/grand-media\/image\/thumb\/Barocke_Schlossg_rten.jpg\" alt=\"Barocke Schlossg\u00e4rten\" class=\"noLazy gmpm_photo swiper-lazy gmpm_photo_landscape\"><span class=\"swiper-lazy-preloader swiper-lazy-preloader-black\"><\/span><\/div>\n\t\t<div class=\"swiper-slide gmpm_photo\" data-photo-id=\"3558\"><img decoding=\"async\" src=\"https:\/\/www.heimatverein-delligsen.de\/hvd20\/wp-content\/grand-media\/image\/thumb\/Das_Teehaus_im_Terassengarten.jpg\" data-src=\"https:\/\/www.heimatverein-delligsen.de\/hvd20\/wp-content\/grand-media\/image\/thumb\/Das_Teehaus_im_Terassengarten.jpg\" alt=\"Das Teehaus im Terassengarten\" class=\"noLazy gmpm_photo swiper-lazy gmpm_photo_landscape\"><span class=\"swiper-lazy-preloader swiper-lazy-preloader-black\"><\/span><\/div>\n\t\t<div class=\"swiper-slide gmpm_photo\" data-photo-id=\"3559\"><img decoding=\"async\" src=\"https:\/\/www.heimatverein-delligsen.de\/hvd20\/wp-content\/grand-media\/image\/thumb\/Kaffee-Pause_mit_herrlicher_Aussicht.jpg\" data-src=\"https:\/\/www.heimatverein-delligsen.de\/hvd20\/wp-content\/grand-media\/image\/thumb\/Kaffee-Pause_mit_herrlicher_Aussicht.jpg\" alt=\"Kaffee-Pause mit herrlicher Aussicht\" class=\"noLazy gmpm_photo swiper-lazy gmpm_photo_landscape\"><span class=\"swiper-lazy-preloader swiper-lazy-preloader-black\"><\/span><\/div>\t\t\t\t\t\t\t\t<\/div>\n\t\t\t\t\t\t\t<\/div>\n\t\t\t\t\t\t<\/div>\n\t\t\t\t\t\t<div class=\"gmpm_next_button\"><\/div>\n\t\t\t\t\t<\/div>\n\t\t\t\t\t\t\t\t\t\t\t\t\t\t\t\t\t\t\t\t\t\t\t\t<\/div>\n\t\t\t<\/div>\n\t\t<\/div>\n\t\t<div class=\"gmpm_focus_close_full\">\n\t\t\t<span><a class=\"gmpm_button gmpm_close\">Close<\/a><\/span>\n\t\t\t<span><a class=\"gmpm_button gmpm_full\">Full<\/a><\/span>\n\t\t<\/div>\n\t\t<div class=\"gmpm_photo_details\">\n\t\t\t<div class=\"gmpm_description_wrap empty-item-description\">\n\t\t\t\t\t\t\t<\/div>\n\t\t<\/div>\n\n\t\t<div class=\"gmpm_focus_footer\">\n\t\t\t<div class=\"gmpm_focus_keyboard\">\n\t\t\t\t<div class=\"gmpm_focus_keyboard_title\">Keyboard Shortcuts <a class=\"gmpm_focus_keyboard_dismiss\">Dismiss<\/a><\/div>\n\t\t\t\t<ul>\n\t\t\t\t\t<li style=\"list-style:none;\"><a data-key=\"p\" class=\"gmpm_key\">S<\/a><span class=\"gmpm_label\">Slideshow<\/span><\/li>\n\t\t\t\t\t<li style=\"list-style:none;\"><a data-key=\"m\" class=\"gmpm_key\">M<\/a><span class=\"gmpm_label\">Maximize<\/span><\/li>\n\t\t\t\t\t<li style=\"list-style:none;\"><a data-key=\"left\" class=\"gmpm_key\">&nbsp;<\/a><span class=\"gmpm_label\">Previous<\/span><\/li>\n\t\t\t\t\t<li style=\"list-style:none;\"><a data-key=\"right\" class=\"gmpm_key\">&nbsp;<\/a><span class=\"gmpm_label\">Next<\/span><\/li>\n\t\t\t\t\t<li style=\"list-style:none;\"><a data-key=\"escape\" class=\"gmpm_key gmpm_esc\">esc<\/a><span class=\"gmpm_label\">Close<\/span><\/li>\n\t\t\t\t<\/ul>\n\t\t\t<\/div>\n\t\t<\/div>\n\n\t<\/div>\n\n\t<script type=\"text\/javascript\">\n\t\t\tdocument.addEventListener( 'DOMContentLoaded', function() {\n\t\t\t\tjQuery( function( $ ) {\n\t\t\t\t\tvar settings = {\"show_comments\":\"0\",\"show_download_button\":\"0\",\"show_link_button\":\"0\",\"show_description\":\"0\",\"show_author_avatar\":\"0\",\"show_author_name\":\"0\",\"show_share_button\":\"0\",\"show_like_button\":\"0\",\"link_color\":\"096900\",\"link_color_hover\":\"096900\",\"description_title\":\"Beschreibung\",\"ID\":183,\"url\":\"https:\\\/\\\/www.heimatverein-delligsen.de?rest_route=%2Fwp%2Fv2%2Fpages%2F7731\",\"moduleUrl\":\"https:\\\/\\\/www.heimatverein-delligsen.de\\\/hvd20\\\/wp-content\\\/grand-media\\\/module\\\/photomania\",\"initial_slide\":0};\n\t\t\t\t\tvar content = {\"data\":[{\"id\":\"3544\",\"type\":\"image\",\"file\":\"Blick_auf_die_Teufelsmauer.jpg\",\"meta\":{\"width\":1023,\"height\":682,\"views\":865,\"likes\":0},\"title\":\"Blick auf die Teufelsmauer\",\"alt\":\"Blick auf die Teufelsmauer\",\"author\":{\"name\":\"Eike Heuer\",\"posts_link\":\"https:\\\/\\\/www.heimatverein-delligsen.de\\\/?author=1\"},\"post_link\":\"https:\\\/\\\/www.heimatverein-delligsen.de\\\/?gmedia=blick_auf_die_teufelsmauer-jpg\",\"ratio\":1.5},{\"id\":\"3545\",\"type\":\"image\",\"file\":\"Die_Felsformation_die_Hamburger_Wappen_genannt_wird.jpg\",\"meta\":{\"width\":1023,\"height\":682,\"views\":39,\"likes\":0},\"title\":\"Die Felsformation, die Hamburger Wappen genannt wird\",\"alt\":\"Die Felsformation, die Hamburger Wappen genannt wird\",\"author\":{\"name\":\"Eike Heuer\",\"posts_link\":\"https:\\\/\\\/www.heimatverein-delligsen.de\\\/?author=1\"},\"post_link\":\"https:\\\/\\\/www.heimatverein-delligsen.de\\\/?gmedia=die_felsformation_die_hamburger_wappen_genannt_wird-jpg\",\"ratio\":1.5},{\"id\":\"3546\",\"type\":\"image\",\"file\":\"Wir_wanderten_meist_auf_felsigen_mit_Baumwurzeln_bers_ten_Untergrund.jpg\",\"meta\":{\"width\":1023,\"height\":682,\"views\":57,\"likes\":0},\"title\":\"Wir Wanderten Meist Auf Felsigen, Mit Baumwurzeln \\u00fcbers\\u00e4ten Untergrund\",\"alt\":\"Wir Wanderten Meist Auf Felsigen, Mit Baumwurzeln \\u00fcbers\\u00e4ten Untergrund\",\"author\":{\"name\":\"Eike Heuer\",\"posts_link\":\"https:\\\/\\\/www.heimatverein-delligsen.de\\\/?author=1\"},\"post_link\":\"https:\\\/\\\/www.heimatverein-delligsen.de\\\/?gmedia=wir_wanderten_meist_auf_felsigen_mit_baumwurzeln_bers_ten_untergrund-jpg\",\"ratio\":1.5},{\"id\":\"3547\",\"type\":\"image\",\"file\":\"Unsere_Wandergruppe_vor_dem_Hamburger_Wappen.jpg\",\"meta\":{\"width\":1023,\"height\":682,\"views\":59,\"likes\":0},\"title\":\"Unsere Wandergruppe vor dem Hamburger Wappen\",\"alt\":\"Unsere Wandergruppe vor dem Hamburger Wappen\",\"author\":{\"name\":\"Eike Heuer\",\"posts_link\":\"https:\\\/\\\/www.heimatverein-delligsen.de\\\/?author=1\"},\"post_link\":\"https:\\\/\\\/www.heimatverein-delligsen.de\\\/?gmedia=unsere_wandergruppe_vor_dem_hamburger_wappen-jpg\",\"ratio\":1.5},{\"id\":\"3548\",\"type\":\"image\",\"file\":\"H_hle_im_Sandsteinfels.jpg\",\"meta\":{\"width\":1023,\"height\":682,\"views\":48,\"likes\":0},\"title\":\"H\\u00f6hle im Sandsteinfels\",\"alt\":\"H\\u00f6hle im Sandsteinfels\",\"author\":{\"name\":\"Eike Heuer\",\"posts_link\":\"https:\\\/\\\/www.heimatverein-delligsen.de\\\/?author=1\"},\"post_link\":\"https:\\\/\\\/www.heimatverein-delligsen.de\\\/?gmedia=h_hle_im_sandsteinfels-jpg\",\"ratio\":1.5},{\"id\":\"3549\",\"type\":\"image\",\"file\":\"Blick_auf_den_Gro_vater._Im_Hintergrund_ist_das_Gro_e_Schloss_Blankenburg_zu_sehen.jpg\",\"meta\":{\"width\":1023,\"height\":682,\"views\":33,\"likes\":0},\"title\":\"Blick Auf Den Gro\\u00dfvater. Im Hintergrund ist das gro\\u00dfe Schloss Blankenburg zu sehen\",\"alt\":\"Blick Auf Den Gro\\u00dfvater. Im Hintergrund ist das gro\\u00dfe Schloss Blankenburg zu sehen\",\"author\":{\"name\":\"Eike Heuer\",\"posts_link\":\"https:\\\/\\\/www.heimatverein-delligsen.de\\\/?author=1\"},\"post_link\":\"https:\\\/\\\/www.heimatverein-delligsen.de\\\/?gmedia=blick_auf_den_gro_vater-_im_hintergrund_ist_das_gro_e_schloss_blankenburg_zu_sehen-jpg\",\"ratio\":1.5},{\"id\":\"3550\",\"type\":\"image\",\"file\":\"Den_Ausblick_genie_en.....jpg\",\"meta\":{\"width\":1023,\"height\":682,\"views\":52,\"likes\":0},\"title\":\"Den Ausblick genie\\u00dfen....\",\"alt\":\"Den Ausblick genie\\u00dfen....\",\"author\":{\"name\":\"Eike Heuer\",\"posts_link\":\"https:\\\/\\\/www.heimatverein-delligsen.de\\\/?author=1\"},\"post_link\":\"https:\\\/\\\/www.heimatverein-delligsen.de\\\/?gmedia=den_ausblick_genie_en-jpg\",\"ratio\":1.5},{\"id\":\"3551\",\"type\":\"image\",\"file\":\"Ausblick_in_den_Harz.jpg\",\"meta\":{\"width\":1023,\"height\":682,\"views\":30,\"likes\":0},\"title\":\"Ausblick in den Harz\",\"alt\":\"Ausblick in den Harz\",\"author\":{\"name\":\"Eike Heuer\",\"posts_link\":\"https:\\\/\\\/www.heimatverein-delligsen.de\\\/?author=1\"},\"post_link\":\"https:\\\/\\\/www.heimatverein-delligsen.de\\\/?gmedia=ausblick_in_den_harz-jpg\",\"ratio\":1.5},{\"id\":\"3552\",\"type\":\"image\",\"file\":\"Toller_Ausblick_vom_Fels_der_Gro_vater_genannt_wird.jpg\",\"meta\":{\"width\":1023,\"height\":682,\"views\":26,\"likes\":0},\"title\":\"Toller Ausblick vom Fels der Gro\\u00dfvater genannt wird\",\"alt\":\"Toller Ausblick vom Fels der Gro\\u00dfvater genannt wird\",\"author\":{\"name\":\"Eike Heuer\",\"posts_link\":\"https:\\\/\\\/www.heimatverein-delligsen.de\\\/?author=1\"},\"post_link\":\"https:\\\/\\\/www.heimatverein-delligsen.de\\\/?gmedia=toller_ausblick_vom_fels_der_gro_vater_genannt_wird-jpg\",\"ratio\":1.5},{\"id\":\"3553\",\"type\":\"image\",\"file\":\"Unsere_Wandergruppe_auf_dem_Kammweg_der_Teufelsmauer.jpg\",\"meta\":{\"width\":1023,\"height\":682,\"views\":45,\"likes\":0},\"title\":\"Unsere Wandergruppe auf dem Kammweg der Teufelsmauer\",\"alt\":\"Unsere Wandergruppe auf dem Kammweg der Teufelsmauer\",\"author\":{\"name\":\"Eike Heuer\",\"posts_link\":\"https:\\\/\\\/www.heimatverein-delligsen.de\\\/?author=1\"},\"post_link\":\"https:\\\/\\\/www.heimatverein-delligsen.de\\\/?gmedia=unsere_wandergruppe_auf_dem_kammweg_der_teufelsmauer-jpg\",\"ratio\":1.5},{\"id\":\"3554\",\"type\":\"image\",\"file\":\"Blick_auf_die_G_rten_und_das_kleine_Schloss_Blankenburg.jpg\",\"meta\":{\"width\":1023,\"height\":682,\"views\":43,\"likes\":0},\"title\":\"Blick auf die G\\u00e4rten und das kleine Schloss Blankenburg\",\"alt\":\"Blick auf die G\\u00e4rten und das kleine Schloss Blankenburg\",\"author\":{\"name\":\"Eike Heuer\",\"posts_link\":\"https:\\\/\\\/www.heimatverein-delligsen.de\\\/?author=1\"},\"post_link\":\"https:\\\/\\\/www.heimatverein-delligsen.de\\\/?gmedia=blick_auf_die_g_rten_und_das_kleine_schloss_blankenburg-jpg\",\"ratio\":1.5},{\"id\":\"3555\",\"type\":\"image\",\"file\":\"Nachbildung_vom_Braunschweiger_L_wen_vor_dem_kleinen_Schloss.jpg\",\"meta\":{\"width\":1023,\"height\":682,\"views\":29,\"likes\":0},\"title\":\"Nachbildung vom Braunschweiger L\\u00f6wen vor dem kleinen Schloss\",\"alt\":\"Nachbildung vom Braunschweiger L\\u00f6wen vor dem kleinen Schloss\",\"author\":{\"name\":\"Eike Heuer\",\"posts_link\":\"https:\\\/\\\/www.heimatverein-delligsen.de\\\/?author=1\"},\"post_link\":\"https:\\\/\\\/www.heimatverein-delligsen.de\\\/?gmedia=nachbildung_vom_braunschweiger_l_wen_vor_dem_kleinen_schloss-jpg\",\"ratio\":1.5},{\"id\":\"3556\",\"type\":\"image\",\"file\":\"Toller_Ausblick.jpg\",\"meta\":{\"width\":1023,\"height\":682,\"views\":29,\"likes\":0},\"title\":\"Toller Ausblick\",\"alt\":\"Toller Ausblick\",\"author\":{\"name\":\"Eike Heuer\",\"posts_link\":\"https:\\\/\\\/www.heimatverein-delligsen.de\\\/?author=1\"},\"post_link\":\"https:\\\/\\\/www.heimatverein-delligsen.de\\\/?gmedia=toller_ausblick-jpg\",\"ratio\":1.5},{\"id\":\"3557\",\"type\":\"image\",\"file\":\"Barocke_Schlossg_rten.jpg\",\"meta\":{\"width\":1023,\"height\":682,\"views\":27,\"likes\":0},\"title\":\"Barocke Schlossg\\u00e4rten\",\"alt\":\"Barocke Schlossg\\u00e4rten\",\"author\":{\"name\":\"Eike Heuer\",\"posts_link\":\"https:\\\/\\\/www.heimatverein-delligsen.de\\\/?author=1\"},\"post_link\":\"https:\\\/\\\/www.heimatverein-delligsen.de\\\/?gmedia=barocke_schlossg_rten-jpg\",\"ratio\":1.5},{\"id\":\"3558\",\"type\":\"image\",\"file\":\"Das_Teehaus_im_Terassengarten.jpg\",\"meta\":{\"width\":1023,\"height\":682,\"views\":36,\"likes\":0},\"title\":\"Das Teehaus im Terassengarten\",\"alt\":\"Das Teehaus im Terassengarten\",\"author\":{\"name\":\"Eike Heuer\",\"posts_link\":\"https:\\\/\\\/www.heimatverein-delligsen.de\\\/?author=1\"},\"post_link\":\"https:\\\/\\\/www.heimatverein-delligsen.de\\\/?gmedia=das_teehaus_im_terassengarten-jpg\",\"ratio\":1.5},{\"id\":\"3559\",\"type\":\"image\",\"file\":\"Kaffee-Pause_mit_herrlicher_Aussicht.jpg\",\"meta\":{\"width\":1023,\"height\":682,\"views\":49,\"likes\":0},\"title\":\"Kaffee-Pause mit herrlicher Aussicht\",\"alt\":\"Kaffee-Pause mit herrlicher Aussicht\",\"author\":{\"name\":\"Eike Heuer\",\"posts_link\":\"https:\\\/\\\/www.heimatverein-delligsen.de\\\/?author=1\"},\"post_link\":\"https:\\\/\\\/www.heimatverein-delligsen.de\\\/?gmedia=kaffee-pause_mit_herrlicher_aussicht-jpg\",\"ratio\":1.5}],\"terms\":[]};\n\t\t\t\t\tvar container = $( '#GmediaGallery_183' );\n\t\t\t\t\tcontainer.photomania( settings, content );\n\t\t\t\t\twindow.GmediaGallery_183 = container.data( 'photomania' );\n\t\t\t\t} );\n\t\t\t} );\n\t<\/script><\/div><br \/>\n<div class=\"gmedia_gallery photomania_module is_bot\" id=\"GmediaGallery_184\" data-gmid=\"184\" data-module=\"photomania\"><style class='gmedia_module_style_import'>\/**** .photomania_module #GmediaGallery_184 ****\/\n#GmediaGallery_184 .gmpm_preload {opacity:0;}\n#GmediaGallery_184 .swiper-big-images img.gmpm_the_photo { max-height:100%; max-width:100%; display:inline; width:auto; height:auto; object-fit:unset; vertical-align:middle; border:none; }\n#GmediaGallery_184 .gmpm_focus .swiper-big-images img.gmpm_the_photo { width:auto; height:auto; object-fit:unset; }\n#GmediaGallery_184 .swiper-small-images img.gmpm_photo { max-width:none; max-height:none; }\n#GmediaGallery_184 .swiper-small-images img.gmpm_photo.gmpm_photo_landscape { width:auto; height:100%; }\n#GmediaGallery_184 .swiper-small-images img.gmpm_photo.gmpm_photo_portrait { width:100%; height:auto; }\n#GmediaGallery_184 .gmpm_gallery_sources_list p { margin:7px 0; padding:0; font-size:inherit; }\n#GmediaGallery_184 .gmpm_photo_details .gmpm_description_wrap a,\n#GmediaGallery_184 .gmpm_big_button_wrap .gmpm_button.gmpm_like.gmpm_liked,\n#GmediaGallery_184 .gmpm_big_button_wrap .gmpm_button.gmpm_like.gmpm_liked:hover {color:#096900;}\n#GmediaGallery_184 .gmpm_photo_show .gmpm_big_button {background-color:#096900;}\n#GmediaGallery_184 .swiper-small-images div.gmpm_photo.swiper-slide-active {border-color:#096900;}\n#GmediaGallery_184 .gmpm_photo_header .gmpm_name_wrap .gmpm_title_author a:hover,\n#GmediaGallery_184 .gmpm_photo_details .gmpm_description_wrap a:hover {color:#096900;}\n#GmediaGallery_184 .gmpm_photo_show .gmpm_big_button:hover,\n#GmediaGallery_184 .gmpm_focus_actions ul .gmpm_button.like.gmpm_liked {background-color:#096900;}<\/style>\n\t<div class=\"gmpm_photo_show gmpm_w960 gmpm_w640 gmpm_w480\">\n\n\t\t<div class=\"gmpm_photo_wrap has_prev_photo has_next_photo\">\n\t\t\t<div class=\"swiper-container swiper-big-images\">\n\t\t\t\t<div class=\"gmpm_photo_arrow_next gmpm_photo_arrow gmpm_next\">\n\t\t\t\t\t<div title=\"Next\" class=\"gmpm_arrow\"><\/div>\n\t\t\t\t<\/div>\n\t\t\t\t<div class=\"gmpm_photo_arrow_previous gmpm_photo_arrow gmpm_prev\">\n\t\t\t\t\t<div title=\"Previous\" class=\"gmpm_arrow\"><\/div>\n\t\t\t\t<\/div>\n\t\t\t\t<div class=\"swiper-wrapper\">\n\t\t\t\t\t\n\t\t<div class=\"swiper-slide\" data-hash=\"gmedia3560\" data-photo-id=\"3560\"><span class=\"gmpm_va\"><\/span><img decoding=\"async\" src=\"https:\/\/www.heimatverein-delligsen.de\/hvd20\/wp-content\/grand-media\/image\/01.jpeg\" data-src=\"https:\/\/www.heimatverein-delligsen.de\/hvd20\/wp-content\/grand-media\/image\/01.jpeg\" alt=\"22.09.2019: Wanderung zum Roten Fuchs\" data-protect=\"Eike Heuer\" class=\"noLazy gmpm_the_photo\"><\/div>\n\t\t<div class=\"swiper-slide\" data-hash=\"gmedia3561\" data-photo-id=\"3561\"><span class=\"gmpm_va\"><\/span><img decoding=\"async\" src=\"https:\/\/www.heimatverein-delligsen.de\/hvd20\/wp-content\/grand-media\/image\/02.jpeg\" data-src=\"https:\/\/www.heimatverein-delligsen.de\/hvd20\/wp-content\/grand-media\/image\/02.jpeg\" alt=\"22.09.2019: Wanderung zum Roten Fuchs\" data-protect=\"Eike Heuer\" class=\"noLazy gmpm_the_photo\"><\/div>\n\t\t<div class=\"swiper-slide\" data-hash=\"gmedia3562\" data-photo-id=\"3562\"><span class=\"gmpm_va\"><\/span><img decoding=\"async\" src=\"https:\/\/www.heimatverein-delligsen.de\/hvd20\/wp-content\/grand-media\/image\/03.jpeg\" data-src=\"https:\/\/www.heimatverein-delligsen.de\/hvd20\/wp-content\/grand-media\/image\/03.jpeg\" alt=\"22.09.2019: Wanderung zum Roten Fuchs\" data-protect=\"Eike Heuer\" class=\"noLazy gmpm_the_photo\"><\/div>\n\t\t<div class=\"swiper-slide\" data-hash=\"gmedia3563\" data-photo-id=\"3563\"><span class=\"gmpm_va\"><\/span><img decoding=\"async\" src=\"https:\/\/www.heimatverein-delligsen.de\/hvd20\/wp-content\/grand-media\/image\/04.jpeg\" data-src=\"https:\/\/www.heimatverein-delligsen.de\/hvd20\/wp-content\/grand-media\/image\/04.jpeg\" alt=\"22.09.2019: Wanderung zum Roten Fuchs\" data-protect=\"Eike Heuer\" class=\"noLazy gmpm_the_photo\"><\/div>\n\t\t<div class=\"swiper-slide\" data-hash=\"gmedia3564\" data-photo-id=\"3564\"><span class=\"gmpm_va\"><\/span><img decoding=\"async\" src=\"https:\/\/www.heimatverein-delligsen.de\/hvd20\/wp-content\/grand-media\/image\/05.jpeg\" data-src=\"https:\/\/www.heimatverein-delligsen.de\/hvd20\/wp-content\/grand-media\/image\/05.jpeg\" alt=\"22.09.2019: Wanderung zum Roten Fuchs\" data-protect=\"Eike Heuer\" class=\"noLazy gmpm_the_photo\"><\/div>\n\t\t<div class=\"swiper-slide\" data-hash=\"gmedia3565\" data-photo-id=\"3565\"><span class=\"gmpm_va\"><\/span><img decoding=\"async\" src=\"https:\/\/www.heimatverein-delligsen.de\/hvd20\/wp-content\/grand-media\/image\/06.jpeg\" data-src=\"https:\/\/www.heimatverein-delligsen.de\/hvd20\/wp-content\/grand-media\/image\/06.jpeg\" alt=\"22.09.2019: Wanderung zum Roten Fuchs\" data-protect=\"Eike Heuer\" class=\"noLazy gmpm_the_photo\"><\/div>\n\t\t<div class=\"swiper-slide\" data-hash=\"gmedia3566\" data-photo-id=\"3566\"><span class=\"gmpm_va\"><\/span><img decoding=\"async\" src=\"https:\/\/www.heimatverein-delligsen.de\/hvd20\/wp-content\/grand-media\/image\/07.jpeg\" data-src=\"https:\/\/www.heimatverein-delligsen.de\/hvd20\/wp-content\/grand-media\/image\/07.jpeg\" alt=\"22.09.2019: Wanderung zum Roten Fuchs\" data-protect=\"Eike Heuer\" class=\"noLazy gmpm_the_photo\"><\/div>\n\t\t<div class=\"swiper-slide\" data-hash=\"gmedia3567\" data-photo-id=\"3567\"><span class=\"gmpm_va\"><\/span><img decoding=\"async\" src=\"https:\/\/www.heimatverein-delligsen.de\/hvd20\/wp-content\/grand-media\/image\/08.jpeg\" data-src=\"https:\/\/www.heimatverein-delligsen.de\/hvd20\/wp-content\/grand-media\/image\/08.jpeg\" alt=\"22.09.2019: Wanderung zum Roten Fuchs\" data-protect=\"Eike Heuer\" class=\"noLazy gmpm_the_photo\"><\/div>\t\t\t\t<\/div>\n\t\t\t<\/div>\n\t\t<\/div>\n\n\t\t<div class=\"gmpm_photo_header\">\n\t\t\t<div class=\"gmpm_wrapper gmpm_clearfix\">\n\t\t\t\t<div class=\"gmpm_focus_actions\">\n\t\t\t\t\t\t\t\t\t\t\t\t\t\t\t<ul class=\"gmpm_focus_arrows gmpm_clearfix\">\n\t\t\t\t\t\t<li style=\"list-style:none;\"><a class=\"gmpm_button gmpm_photo_arrow_previous gmpm_prev\">Previous<\/a><\/li>\n\t\t\t\t\t\t<li style=\"list-style:none;\"><a class=\"gmpm_button gmpm_photo_arrow_next gmpm_next\">Next<\/a><\/li>\n\t\t\t\t\t<\/ul>\n\t\t\t\t<\/div>\n\t\t\t\t<div class=\"gmpm_name_wrap gmpm_clearfix gmpm_no_avatar\">\n\t\t\t\t\t\t\t\t\t\t<div class=\"gmpm_title_author\">\n\t\t\t\t\t\t<div class=\"gmpm_title\">22.09.2019: Wanderung zum Roten Fuchs<\/div>\n\t\t\t\t\t\t\t\t\t\t\t<\/div>\n\t\t\t\t<\/div>\n\t\t\t\t<div class=\"gmpm_actions gmpm_clearfix\">\n\t\t\t\t\t<div class=\"gmpm_carousel gmpm_has_previous gmpm_has_next\">\n\t\t\t\t\t\t<div class=\"gmpm_previous_button\"><\/div>\n\t\t\t\t\t\t<div class=\"gmpm_photo_carousel\">\n\t\t\t\t\t\t\t<div class=\"swiper-container swiper-small-images\">\n\t\t\t\t\t\t\t\t<div class=\"swiper-wrapper\">\n\t\t\t\t\t\t\t\t\t\n\t\t<div class=\"swiper-slide gmpm_photo\" data-photo-id=\"3560\"><img decoding=\"async\" src=\"https:\/\/www.heimatverein-delligsen.de\/hvd20\/wp-content\/grand-media\/image\/thumb\/01.jpeg\" data-src=\"https:\/\/www.heimatverein-delligsen.de\/hvd20\/wp-content\/grand-media\/image\/thumb\/01.jpeg\" alt=\"22.09.2019: Wanderung zum Roten Fuchs\" class=\"noLazy gmpm_photo swiper-lazy gmpm_photo_landscape\"><span class=\"swiper-lazy-preloader swiper-lazy-preloader-black\"><\/span><\/div>\n\t\t<div class=\"swiper-slide gmpm_photo\" data-photo-id=\"3561\"><img decoding=\"async\" src=\"https:\/\/www.heimatverein-delligsen.de\/hvd20\/wp-content\/grand-media\/image\/thumb\/02.jpeg\" data-src=\"https:\/\/www.heimatverein-delligsen.de\/hvd20\/wp-content\/grand-media\/image\/thumb\/02.jpeg\" alt=\"22.09.2019: Wanderung zum Roten Fuchs\" class=\"noLazy gmpm_photo swiper-lazy gmpm_photo_landscape\"><span class=\"swiper-lazy-preloader swiper-lazy-preloader-black\"><\/span><\/div>\n\t\t<div class=\"swiper-slide gmpm_photo\" data-photo-id=\"3562\"><img decoding=\"async\" src=\"https:\/\/www.heimatverein-delligsen.de\/hvd20\/wp-content\/grand-media\/image\/thumb\/03.jpeg\" data-src=\"https:\/\/www.heimatverein-delligsen.de\/hvd20\/wp-content\/grand-media\/image\/thumb\/03.jpeg\" alt=\"22.09.2019: Wanderung zum Roten Fuchs\" class=\"noLazy gmpm_photo swiper-lazy gmpm_photo_landscape\"><span class=\"swiper-lazy-preloader swiper-lazy-preloader-black\"><\/span><\/div>\n\t\t<div class=\"swiper-slide gmpm_photo\" data-photo-id=\"3563\"><img decoding=\"async\" src=\"https:\/\/www.heimatverein-delligsen.de\/hvd20\/wp-content\/grand-media\/image\/thumb\/04.jpeg\" data-src=\"https:\/\/www.heimatverein-delligsen.de\/hvd20\/wp-content\/grand-media\/image\/thumb\/04.jpeg\" alt=\"22.09.2019: Wanderung zum Roten Fuchs\" class=\"noLazy gmpm_photo swiper-lazy gmpm_photo_landscape\"><span class=\"swiper-lazy-preloader swiper-lazy-preloader-black\"><\/span><\/div>\n\t\t<div class=\"swiper-slide gmpm_photo\" data-photo-id=\"3564\"><img decoding=\"async\" src=\"https:\/\/www.heimatverein-delligsen.de\/hvd20\/wp-content\/grand-media\/image\/thumb\/05.jpeg\" data-src=\"https:\/\/www.heimatverein-delligsen.de\/hvd20\/wp-content\/grand-media\/image\/thumb\/05.jpeg\" alt=\"22.09.2019: Wanderung zum Roten Fuchs\" class=\"noLazy gmpm_photo swiper-lazy gmpm_photo_landscape\"><span class=\"swiper-lazy-preloader swiper-lazy-preloader-black\"><\/span><\/div>\n\t\t<div class=\"swiper-slide gmpm_photo\" data-photo-id=\"3565\"><img decoding=\"async\" src=\"https:\/\/www.heimatverein-delligsen.de\/hvd20\/wp-content\/grand-media\/image\/thumb\/06.jpeg\" data-src=\"https:\/\/www.heimatverein-delligsen.de\/hvd20\/wp-content\/grand-media\/image\/thumb\/06.jpeg\" alt=\"22.09.2019: Wanderung zum Roten Fuchs\" class=\"noLazy gmpm_photo swiper-lazy gmpm_photo_landscape\"><span class=\"swiper-lazy-preloader swiper-lazy-preloader-black\"><\/span><\/div>\n\t\t<div class=\"swiper-slide gmpm_photo\" data-photo-id=\"3566\"><img decoding=\"async\" src=\"https:\/\/www.heimatverein-delligsen.de\/hvd20\/wp-content\/grand-media\/image\/thumb\/07.jpeg\" data-src=\"https:\/\/www.heimatverein-delligsen.de\/hvd20\/wp-content\/grand-media\/image\/thumb\/07.jpeg\" alt=\"22.09.2019: Wanderung zum Roten Fuchs\" class=\"noLazy gmpm_photo swiper-lazy gmpm_photo_portrait\"><span class=\"swiper-lazy-preloader swiper-lazy-preloader-black\"><\/span><\/div>\n\t\t<div class=\"swiper-slide gmpm_photo\" data-photo-id=\"3567\"><img decoding=\"async\" src=\"https:\/\/www.heimatverein-delligsen.de\/hvd20\/wp-content\/grand-media\/image\/thumb\/08.jpeg\" data-src=\"https:\/\/www.heimatverein-delligsen.de\/hvd20\/wp-content\/grand-media\/image\/thumb\/08.jpeg\" alt=\"22.09.2019: Wanderung zum Roten Fuchs\" class=\"noLazy gmpm_photo swiper-lazy gmpm_photo_portrait\"><span class=\"swiper-lazy-preloader swiper-lazy-preloader-black\"><\/span><\/div>\t\t\t\t\t\t\t\t<\/div>\n\t\t\t\t\t\t\t<\/div>\n\t\t\t\t\t\t<\/div>\n\t\t\t\t\t\t<div class=\"gmpm_next_button\"><\/div>\n\t\t\t\t\t<\/div>\n\t\t\t\t\t\t\t\t\t\t\t\t\t\t\t\t\t\t\t\t\t\t\t\t<\/div>\n\t\t\t<\/div>\n\t\t<\/div>\n\t\t<div class=\"gmpm_focus_close_full\">\n\t\t\t<span><a class=\"gmpm_button gmpm_close\">Close<\/a><\/span>\n\t\t\t<span><a class=\"gmpm_button gmpm_full\">Full<\/a><\/span>\n\t\t<\/div>\n\t\t<div class=\"gmpm_photo_details\">\n\t\t\t<div class=\"gmpm_description_wrap empty-item-description\">\n\t\t\t\t\t\t\t<\/div>\n\t\t<\/div>\n\n\t\t<div class=\"gmpm_focus_footer\">\n\t\t\t<div class=\"gmpm_focus_keyboard\">\n\t\t\t\t<div class=\"gmpm_focus_keyboard_title\">Keyboard Shortcuts <a class=\"gmpm_focus_keyboard_dismiss\">Dismiss<\/a><\/div>\n\t\t\t\t<ul>\n\t\t\t\t\t<li style=\"list-style:none;\"><a data-key=\"p\" class=\"gmpm_key\">S<\/a><span class=\"gmpm_label\">Slideshow<\/span><\/li>\n\t\t\t\t\t<li style=\"list-style:none;\"><a data-key=\"m\" class=\"gmpm_key\">M<\/a><span class=\"gmpm_label\">Maximize<\/span><\/li>\n\t\t\t\t\t<li style=\"list-style:none;\"><a data-key=\"left\" class=\"gmpm_key\">&nbsp;<\/a><span class=\"gmpm_label\">Previous<\/span><\/li>\n\t\t\t\t\t<li style=\"list-style:none;\"><a data-key=\"right\" class=\"gmpm_key\">&nbsp;<\/a><span class=\"gmpm_label\">Next<\/span><\/li>\n\t\t\t\t\t<li style=\"list-style:none;\"><a data-key=\"escape\" class=\"gmpm_key gmpm_esc\">esc<\/a><span class=\"gmpm_label\">Close<\/span><\/li>\n\t\t\t\t<\/ul>\n\t\t\t<\/div>\n\t\t<\/div>\n\n\t<\/div>\n\n\t<script type=\"text\/javascript\">\n\t\t\tdocument.addEventListener( 'DOMContentLoaded', function() {\n\t\t\t\tjQuery( function( $ ) {\n\t\t\t\t\tvar settings = {\"show_comments\":\"0\",\"show_download_button\":\"0\",\"show_link_button\":\"0\",\"show_description\":\"0\",\"show_author_avatar\":\"0\",\"show_author_name\":\"0\",\"show_share_button\":\"0\",\"show_like_button\":\"0\",\"link_color\":\"096900\",\"link_color_hover\":\"096900\",\"description_title\":\"Beschreibung\",\"ID\":184,\"url\":\"https:\\\/\\\/www.heimatverein-delligsen.de?rest_route=%2Fwp%2Fv2%2Fpages%2F7731\",\"moduleUrl\":\"https:\\\/\\\/www.heimatverein-delligsen.de\\\/hvd20\\\/wp-content\\\/grand-media\\\/module\\\/photomania\",\"initial_slide\":0};\n\t\t\t\t\tvar content = {\"data\":[{\"id\":\"3560\",\"type\":\"image\",\"file\":\"01.jpeg\",\"meta\":{\"width\":1328,\"height\":747,\"views\":919,\"likes\":0},\"title\":\"22.09.2019: Wanderung zum Roten Fuchs\",\"alt\":\"22.09.2019: Wanderung zum Roten Fuchs\",\"author\":{\"name\":\"Eike Heuer\",\"posts_link\":\"https:\\\/\\\/www.heimatverein-delligsen.de\\\/?author=1\"},\"post_link\":\"https:\\\/\\\/www.heimatverein-delligsen.de\\\/?gmedia=01-jpeg\",\"ratio\":1.77777777777777767909128669998608529567718505859375},{\"id\":\"3561\",\"type\":\"image\",\"file\":\"02.jpeg\",\"meta\":{\"width\":1328,\"height\":747,\"views\":67,\"likes\":0},\"title\":\"22.09.2019: Wanderung zum Roten Fuchs\",\"alt\":\"22.09.2019: Wanderung zum Roten Fuchs\",\"author\":{\"name\":\"Eike Heuer\",\"posts_link\":\"https:\\\/\\\/www.heimatverein-delligsen.de\\\/?author=1\"},\"post_link\":\"https:\\\/\\\/www.heimatverein-delligsen.de\\\/?gmedia=02-jpeg\",\"ratio\":1.77777777777777767909128669998608529567718505859375},{\"id\":\"3562\",\"type\":\"image\",\"file\":\"03.jpeg\",\"meta\":{\"width\":1328,\"height\":747,\"views\":66,\"likes\":0},\"title\":\"22.09.2019: Wanderung zum Roten Fuchs\",\"alt\":\"22.09.2019: Wanderung zum Roten Fuchs\",\"author\":{\"name\":\"Eike Heuer\",\"posts_link\":\"https:\\\/\\\/www.heimatverein-delligsen.de\\\/?author=1\"},\"post_link\":\"https:\\\/\\\/www.heimatverein-delligsen.de\\\/?gmedia=03-jpeg\",\"ratio\":1.77777777777777767909128669998608529567718505859375},{\"id\":\"3563\",\"type\":\"image\",\"file\":\"04.jpeg\",\"meta\":{\"width\":1328,\"height\":747,\"views\":65,\"likes\":0},\"title\":\"22.09.2019: Wanderung zum Roten Fuchs\",\"alt\":\"22.09.2019: Wanderung zum Roten Fuchs\",\"author\":{\"name\":\"Eike Heuer\",\"posts_link\":\"https:\\\/\\\/www.heimatverein-delligsen.de\\\/?author=1\"},\"post_link\":\"https:\\\/\\\/www.heimatverein-delligsen.de\\\/?gmedia=04-jpeg\",\"ratio\":1.77777777777777767909128669998608529567718505859375},{\"id\":\"3564\",\"type\":\"image\",\"file\":\"05.jpeg\",\"meta\":{\"width\":1328,\"height\":747,\"views\":55,\"likes\":0},\"title\":\"22.09.2019: Wanderung zum Roten Fuchs\",\"alt\":\"22.09.2019: Wanderung zum Roten Fuchs\",\"author\":{\"name\":\"Eike Heuer\",\"posts_link\":\"https:\\\/\\\/www.heimatverein-delligsen.de\\\/?author=1\"},\"post_link\":\"https:\\\/\\\/www.heimatverein-delligsen.de\\\/?gmedia=05-jpeg\",\"ratio\":1.77777777777777767909128669998608529567718505859375},{\"id\":\"3565\",\"type\":\"image\",\"file\":\"06.jpeg\",\"meta\":{\"width\":1328,\"height\":747,\"views\":64,\"likes\":0},\"title\":\"22.09.2019: Wanderung zum Roten Fuchs\",\"alt\":\"22.09.2019: Wanderung zum Roten Fuchs\",\"author\":{\"name\":\"Eike Heuer\",\"posts_link\":\"https:\\\/\\\/www.heimatverein-delligsen.de\\\/?author=1\"},\"post_link\":\"https:\\\/\\\/www.heimatverein-delligsen.de\\\/?gmedia=06-jpeg\",\"ratio\":1.77777777777777767909128669998608529567718505859375},{\"id\":\"3566\",\"type\":\"image\",\"file\":\"07.jpeg\",\"meta\":{\"width\":747,\"height\":1328,\"views\":52,\"likes\":0},\"title\":\"22.09.2019: Wanderung zum Roten Fuchs\",\"alt\":\"22.09.2019: Wanderung zum Roten Fuchs\",\"author\":{\"name\":\"Eike Heuer\",\"posts_link\":\"https:\\\/\\\/www.heimatverein-delligsen.de\\\/?author=1\"},\"post_link\":\"https:\\\/\\\/www.heimatverein-delligsen.de\\\/?gmedia=07-jpeg\",\"ratio\":0.5625},{\"id\":\"3567\",\"type\":\"image\",\"file\":\"08.jpeg\",\"meta\":{\"width\":747,\"height\":1328,\"views\":62,\"likes\":0},\"title\":\"22.09.2019: Wanderung zum Roten Fuchs\",\"alt\":\"22.09.2019: Wanderung zum Roten Fuchs\",\"author\":{\"name\":\"Eike Heuer\",\"posts_link\":\"https:\\\/\\\/www.heimatverein-delligsen.de\\\/?author=1\"},\"post_link\":\"https:\\\/\\\/www.heimatverein-delligsen.de\\\/?gmedia=08-jpeg\",\"ratio\":0.5625}],\"terms\":[]};\n\t\t\t\t\tvar container = $( '#GmediaGallery_184' );\n\t\t\t\t\tcontainer.photomania( settings, content );\n\t\t\t\t\twindow.GmediaGallery_184 = container.data( 'photomania' );\n\t\t\t\t} );\n\t\t\t} );\n\t<\/script><\/div><br \/>\n<div class=\"gmedia_gallery photomania_module is_bot\" id=\"GmediaGallery_185\" data-gmid=\"185\" data-module=\"photomania\"><style class='gmedia_module_style_import'>\/**** .photomania_module #GmediaGallery_185 ****\/\n#GmediaGallery_185 .gmpm_preload {opacity:0;}\n#GmediaGallery_185 .swiper-big-images img.gmpm_the_photo { max-height:100%; max-width:100%; display:inline; width:auto; height:auto; object-fit:unset; vertical-align:middle; border:none; }\n#GmediaGallery_185 .gmpm_focus .swiper-big-images img.gmpm_the_photo { width:auto; height:auto; object-fit:unset; }\n#GmediaGallery_185 .swiper-small-images img.gmpm_photo { max-width:none; max-height:none; }\n#GmediaGallery_185 .swiper-small-images img.gmpm_photo.gmpm_photo_landscape { width:auto; height:100%; }\n#GmediaGallery_185 .swiper-small-images img.gmpm_photo.gmpm_photo_portrait { width:100%; height:auto; }\n#GmediaGallery_185 .gmpm_gallery_sources_list p { margin:7px 0; padding:0; font-size:inherit; }\n#GmediaGallery_185 .gmpm_photo_details .gmpm_description_wrap a,\n#GmediaGallery_185 .gmpm_big_button_wrap .gmpm_button.gmpm_like.gmpm_liked,\n#GmediaGallery_185 .gmpm_big_button_wrap .gmpm_button.gmpm_like.gmpm_liked:hover {color:#096900;}\n#GmediaGallery_185 .gmpm_photo_show .gmpm_big_button {background-color:#096900;}\n#GmediaGallery_185 .swiper-small-images div.gmpm_photo.swiper-slide-active {border-color:#096900;}\n#GmediaGallery_185 .gmpm_photo_header .gmpm_name_wrap .gmpm_title_author a:hover,\n#GmediaGallery_185 .gmpm_photo_details .gmpm_description_wrap a:hover {color:#096900;}\n#GmediaGallery_185 .gmpm_photo_show .gmpm_big_button:hover,\n#GmediaGallery_185 .gmpm_focus_actions ul .gmpm_button.like.gmpm_liked {background-color:#096900;}<\/style>\n\t<div class=\"gmpm_photo_show gmpm_w960 gmpm_w640 gmpm_w480\">\n\n\t\t<div class=\"gmpm_photo_wrap has_prev_photo has_next_photo\">\n\t\t\t<div class=\"swiper-container swiper-big-images\">\n\t\t\t\t<div class=\"gmpm_photo_arrow_next gmpm_photo_arrow gmpm_next\">\n\t\t\t\t\t<div title=\"Next\" class=\"gmpm_arrow\"><\/div>\n\t\t\t\t<\/div>\n\t\t\t\t<div class=\"gmpm_photo_arrow_previous gmpm_photo_arrow gmpm_prev\">\n\t\t\t\t\t<div title=\"Previous\" class=\"gmpm_arrow\"><\/div>\n\t\t\t\t<\/div>\n\t\t\t\t<div class=\"swiper-wrapper\">\n\t\t\t\t\t\n\t\t<div class=\"swiper-slide\" data-hash=\"gmedia3576\" data-photo-id=\"3576\"><span class=\"gmpm_va\"><\/span><img decoding=\"async\" src=\"https:\/\/www.heimatverein-delligsen.de\/hvd20\/wp-content\/grand-media\/image\/20191102_183607.jpg\" data-src=\"https:\/\/www.heimatverein-delligsen.de\/hvd20\/wp-content\/grand-media\/image\/20191102_183607.jpg\" alt=\"02.11.2019: Preisskat- und Knobelturnier\" data-protect=\"Eike Heuer\" class=\"noLazy gmpm_the_photo\"><\/div>\n\t\t<div class=\"swiper-slide\" data-hash=\"gmedia3568\" data-photo-id=\"3568\"><span class=\"gmpm_va\"><\/span><img decoding=\"async\" src=\"https:\/\/www.heimatverein-delligsen.de\/hvd20\/wp-content\/grand-media\/image\/20191102_183616.jpg\" data-src=\"https:\/\/www.heimatverein-delligsen.de\/hvd20\/wp-content\/grand-media\/image\/20191102_183616.jpg\" alt=\"02.11.2019: Preisskat- und Knobelturnier\" data-protect=\"Eike Heuer\" class=\"noLazy gmpm_the_photo\"><\/div>\n\t\t<div class=\"swiper-slide\" data-hash=\"gmedia3569\" data-photo-id=\"3569\"><span class=\"gmpm_va\"><\/span><img decoding=\"async\" src=\"https:\/\/www.heimatverein-delligsen.de\/hvd20\/wp-content\/grand-media\/image\/20191102_223939.jpg\" data-src=\"https:\/\/www.heimatverein-delligsen.de\/hvd20\/wp-content\/grand-media\/image\/20191102_223939.jpg\" alt=\"02.11.2019: Preisskat- und Knobelturnier\" data-protect=\"Eike Heuer\" class=\"noLazy gmpm_the_photo\"><\/div>\n\t\t<div class=\"swiper-slide\" data-hash=\"gmedia3570\" data-photo-id=\"3570\"><span class=\"gmpm_va\"><\/span><img decoding=\"async\" src=\"https:\/\/www.heimatverein-delligsen.de\/hvd20\/wp-content\/grand-media\/image\/20191102_235907.jpg\" data-src=\"https:\/\/www.heimatverein-delligsen.de\/hvd20\/wp-content\/grand-media\/image\/20191102_235907.jpg\" alt=\"02.11.2019: Preisskat- und Knobelturnier\" data-protect=\"Eike Heuer\" class=\"noLazy gmpm_the_photo\"><\/div>\n\t\t<div class=\"swiper-slide\" data-hash=\"gmedia3571\" data-photo-id=\"3571\"><span class=\"gmpm_va\"><\/span><img decoding=\"async\" src=\"https:\/\/www.heimatverein-delligsen.de\/hvd20\/wp-content\/grand-media\/image\/20191102_235916.jpg\" data-src=\"https:\/\/www.heimatverein-delligsen.de\/hvd20\/wp-content\/grand-media\/image\/20191102_235916.jpg\" alt=\"02.11.2019: Preisskat- und Knobelturnier\" data-protect=\"Eike Heuer\" class=\"noLazy gmpm_the_photo\"><\/div>\n\t\t<div class=\"swiper-slide\" data-hash=\"gmedia3572\" data-photo-id=\"3572\"><span class=\"gmpm_va\"><\/span><img decoding=\"async\" src=\"https:\/\/www.heimatverein-delligsen.de\/hvd20\/wp-content\/grand-media\/image\/20191102_235955.jpg\" data-src=\"https:\/\/www.heimatverein-delligsen.de\/hvd20\/wp-content\/grand-media\/image\/20191102_235955.jpg\" alt=\"02.11.2019: Preisskat- und Knobelturnier\" data-protect=\"Eike Heuer\" class=\"noLazy gmpm_the_photo\"><\/div>\n\t\t<div class=\"swiper-slide\" data-hash=\"gmedia3573\" data-photo-id=\"3573\"><span class=\"gmpm_va\"><\/span><img decoding=\"async\" src=\"https:\/\/www.heimatverein-delligsen.de\/hvd20\/wp-content\/grand-media\/image\/20191103_000055.jpg\" data-src=\"https:\/\/www.heimatverein-delligsen.de\/hvd20\/wp-content\/grand-media\/image\/20191103_000055.jpg\" alt=\"02.11.2019: Preisskat- und Knobelturnier\" data-protect=\"Eike Heuer\" class=\"noLazy gmpm_the_photo\"><\/div>\n\t\t<div class=\"swiper-slide\" data-hash=\"gmedia3574\" data-photo-id=\"3574\"><span class=\"gmpm_va\"><\/span><img decoding=\"async\" src=\"https:\/\/www.heimatverein-delligsen.de\/hvd20\/wp-content\/grand-media\/image\/20191103_000139.jpg\" data-src=\"https:\/\/www.heimatverein-delligsen.de\/hvd20\/wp-content\/grand-media\/image\/20191103_000139.jpg\" alt=\"02.11.2019: Preisskat- und Knobelturnier\" data-protect=\"Eike Heuer\" class=\"noLazy gmpm_the_photo\"><\/div>\n\t\t<div class=\"swiper-slide\" data-hash=\"gmedia3575\" data-photo-id=\"3575\"><span class=\"gmpm_va\"><\/span><img decoding=\"async\" src=\"https:\/\/www.heimatverein-delligsen.de\/hvd20\/wp-content\/grand-media\/image\/20191103_000220.jpg\" data-src=\"https:\/\/www.heimatverein-delligsen.de\/hvd20\/wp-content\/grand-media\/image\/20191103_000220.jpg\" alt=\"02.11.2019: Preisskat- und Knobelturnier\" data-protect=\"Eike Heuer\" class=\"noLazy gmpm_the_photo\"><\/div>\t\t\t\t<\/div>\n\t\t\t<\/div>\n\t\t<\/div>\n\n\t\t<div class=\"gmpm_photo_header\">\n\t\t\t<div class=\"gmpm_wrapper gmpm_clearfix\">\n\t\t\t\t<div class=\"gmpm_focus_actions\">\n\t\t\t\t\t\t\t\t\t\t\t\t\t\t\t<ul class=\"gmpm_focus_arrows gmpm_clearfix\">\n\t\t\t\t\t\t<li style=\"list-style:none;\"><a class=\"gmpm_button gmpm_photo_arrow_previous gmpm_prev\">Previous<\/a><\/li>\n\t\t\t\t\t\t<li style=\"list-style:none;\"><a class=\"gmpm_button gmpm_photo_arrow_next gmpm_next\">Next<\/a><\/li>\n\t\t\t\t\t<\/ul>\n\t\t\t\t<\/div>\n\t\t\t\t<div class=\"gmpm_name_wrap gmpm_clearfix gmpm_no_avatar\">\n\t\t\t\t\t\t\t\t\t\t<div class=\"gmpm_title_author\">\n\t\t\t\t\t\t<div class=\"gmpm_title\">02.11.2019: Preisskat- und Knobelturnier<\/div>\n\t\t\t\t\t\t\t\t\t\t\t<\/div>\n\t\t\t\t<\/div>\n\t\t\t\t<div class=\"gmpm_actions gmpm_clearfix\">\n\t\t\t\t\t<div class=\"gmpm_carousel gmpm_has_previous gmpm_has_next\">\n\t\t\t\t\t\t<div class=\"gmpm_previous_button\"><\/div>\n\t\t\t\t\t\t<div class=\"gmpm_photo_carousel\">\n\t\t\t\t\t\t\t<div class=\"swiper-container swiper-small-images\">\n\t\t\t\t\t\t\t\t<div class=\"swiper-wrapper\">\n\t\t\t\t\t\t\t\t\t\n\t\t<div class=\"swiper-slide gmpm_photo\" data-photo-id=\"3576\"><img decoding=\"async\" src=\"https:\/\/www.heimatverein-delligsen.de\/hvd20\/wp-content\/grand-media\/image\/thumb\/20191102_183607.jpg\" data-src=\"https:\/\/www.heimatverein-delligsen.de\/hvd20\/wp-content\/grand-media\/image\/thumb\/20191102_183607.jpg\" alt=\"02.11.2019: Preisskat- und Knobelturnier\" class=\"noLazy gmpm_photo swiper-lazy gmpm_photo_landscape\"><span class=\"swiper-lazy-preloader swiper-lazy-preloader-black\"><\/span><\/div>\n\t\t<div class=\"swiper-slide gmpm_photo\" data-photo-id=\"3568\"><img decoding=\"async\" src=\"https:\/\/www.heimatverein-delligsen.de\/hvd20\/wp-content\/grand-media\/image\/thumb\/20191102_183616.jpg\" data-src=\"https:\/\/www.heimatverein-delligsen.de\/hvd20\/wp-content\/grand-media\/image\/thumb\/20191102_183616.jpg\" alt=\"02.11.2019: Preisskat- und Knobelturnier\" class=\"noLazy gmpm_photo swiper-lazy gmpm_photo_landscape\"><span class=\"swiper-lazy-preloader swiper-lazy-preloader-black\"><\/span><\/div>\n\t\t<div class=\"swiper-slide gmpm_photo\" data-photo-id=\"3569\"><img decoding=\"async\" src=\"https:\/\/www.heimatverein-delligsen.de\/hvd20\/wp-content\/grand-media\/image\/thumb\/20191102_223939.jpg\" data-src=\"https:\/\/www.heimatverein-delligsen.de\/hvd20\/wp-content\/grand-media\/image\/thumb\/20191102_223939.jpg\" alt=\"02.11.2019: Preisskat- und Knobelturnier\" class=\"noLazy gmpm_photo swiper-lazy gmpm_photo_landscape\"><span class=\"swiper-lazy-preloader swiper-lazy-preloader-black\"><\/span><\/div>\n\t\t<div class=\"swiper-slide gmpm_photo\" data-photo-id=\"3570\"><img decoding=\"async\" src=\"https:\/\/www.heimatverein-delligsen.de\/hvd20\/wp-content\/grand-media\/image\/thumb\/20191102_235907.jpg\" data-src=\"https:\/\/www.heimatverein-delligsen.de\/hvd20\/wp-content\/grand-media\/image\/thumb\/20191102_235907.jpg\" alt=\"02.11.2019: Preisskat- und Knobelturnier\" class=\"noLazy gmpm_photo swiper-lazy gmpm_photo_portrait\"><span class=\"swiper-lazy-preloader swiper-lazy-preloader-black\"><\/span><\/div>\n\t\t<div class=\"swiper-slide gmpm_photo\" data-photo-id=\"3571\"><img decoding=\"async\" src=\"https:\/\/www.heimatverein-delligsen.de\/hvd20\/wp-content\/grand-media\/image\/thumb\/20191102_235916.jpg\" data-src=\"https:\/\/www.heimatverein-delligsen.de\/hvd20\/wp-content\/grand-media\/image\/thumb\/20191102_235916.jpg\" alt=\"02.11.2019: Preisskat- und Knobelturnier\" class=\"noLazy gmpm_photo swiper-lazy gmpm_photo_landscape\"><span class=\"swiper-lazy-preloader swiper-lazy-preloader-black\"><\/span><\/div>\n\t\t<div class=\"swiper-slide gmpm_photo\" data-photo-id=\"3572\"><img decoding=\"async\" src=\"https:\/\/www.heimatverein-delligsen.de\/hvd20\/wp-content\/grand-media\/image\/thumb\/20191102_235955.jpg\" data-src=\"https:\/\/www.heimatverein-delligsen.de\/hvd20\/wp-content\/grand-media\/image\/thumb\/20191102_235955.jpg\" alt=\"02.11.2019: Preisskat- und Knobelturnier\" class=\"noLazy gmpm_photo swiper-lazy gmpm_photo_landscape\"><span class=\"swiper-lazy-preloader swiper-lazy-preloader-black\"><\/span><\/div>\n\t\t<div class=\"swiper-slide gmpm_photo\" data-photo-id=\"3573\"><img decoding=\"async\" src=\"https:\/\/www.heimatverein-delligsen.de\/hvd20\/wp-content\/grand-media\/image\/thumb\/20191103_000055.jpg\" data-src=\"https:\/\/www.heimatverein-delligsen.de\/hvd20\/wp-content\/grand-media\/image\/thumb\/20191103_000055.jpg\" alt=\"02.11.2019: Preisskat- und Knobelturnier\" class=\"noLazy gmpm_photo swiper-lazy gmpm_photo_portrait\"><span class=\"swiper-lazy-preloader swiper-lazy-preloader-black\"><\/span><\/div>\n\t\t<div class=\"swiper-slide gmpm_photo\" data-photo-id=\"3574\"><img decoding=\"async\" src=\"https:\/\/www.heimatverein-delligsen.de\/hvd20\/wp-content\/grand-media\/image\/thumb\/20191103_000139.jpg\" data-src=\"https:\/\/www.heimatverein-delligsen.de\/hvd20\/wp-content\/grand-media\/image\/thumb\/20191103_000139.jpg\" alt=\"02.11.2019: Preisskat- und Knobelturnier\" class=\"noLazy gmpm_photo swiper-lazy gmpm_photo_portrait\"><span class=\"swiper-lazy-preloader swiper-lazy-preloader-black\"><\/span><\/div>\n\t\t<div class=\"swiper-slide gmpm_photo\" data-photo-id=\"3575\"><img decoding=\"async\" src=\"https:\/\/www.heimatverein-delligsen.de\/hvd20\/wp-content\/grand-media\/image\/thumb\/20191103_000220.jpg\" data-src=\"https:\/\/www.heimatverein-delligsen.de\/hvd20\/wp-content\/grand-media\/image\/thumb\/20191103_000220.jpg\" alt=\"02.11.2019: Preisskat- und Knobelturnier\" class=\"noLazy gmpm_photo swiper-lazy gmpm_photo_portrait\"><span class=\"swiper-lazy-preloader swiper-lazy-preloader-black\"><\/span><\/div>\t\t\t\t\t\t\t\t<\/div>\n\t\t\t\t\t\t\t<\/div>\n\t\t\t\t\t\t<\/div>\n\t\t\t\t\t\t<div class=\"gmpm_next_button\"><\/div>\n\t\t\t\t\t<\/div>\n\t\t\t\t\t\t\t\t\t\t\t\t\t\t\t\t\t\t\t\t\t\t\t\t<\/div>\n\t\t\t<\/div>\n\t\t<\/div>\n\t\t<div class=\"gmpm_focus_close_full\">\n\t\t\t<span><a class=\"gmpm_button gmpm_close\">Close<\/a><\/span>\n\t\t\t<span><a class=\"gmpm_button gmpm_full\">Full<\/a><\/span>\n\t\t<\/div>\n\t\t<div class=\"gmpm_photo_details\">\n\t\t\t<div class=\"gmpm_description_wrap empty-item-description\">\n\t\t\t\t\t\t\t<\/div>\n\t\t<\/div>\n\n\t\t<div class=\"gmpm_focus_footer\">\n\t\t\t<div class=\"gmpm_focus_keyboard\">\n\t\t\t\t<div class=\"gmpm_focus_keyboard_title\">Keyboard Shortcuts <a class=\"gmpm_focus_keyboard_dismiss\">Dismiss<\/a><\/div>\n\t\t\t\t<ul>\n\t\t\t\t\t<li style=\"list-style:none;\"><a data-key=\"p\" class=\"gmpm_key\">S<\/a><span class=\"gmpm_label\">Slideshow<\/span><\/li>\n\t\t\t\t\t<li style=\"list-style:none;\"><a data-key=\"m\" class=\"gmpm_key\">M<\/a><span class=\"gmpm_label\">Maximize<\/span><\/li>\n\t\t\t\t\t<li style=\"list-style:none;\"><a data-key=\"left\" class=\"gmpm_key\">&nbsp;<\/a><span class=\"gmpm_label\">Previous<\/span><\/li>\n\t\t\t\t\t<li style=\"list-style:none;\"><a data-key=\"right\" class=\"gmpm_key\">&nbsp;<\/a><span class=\"gmpm_label\">Next<\/span><\/li>\n\t\t\t\t\t<li style=\"list-style:none;\"><a data-key=\"escape\" class=\"gmpm_key gmpm_esc\">esc<\/a><span class=\"gmpm_label\">Close<\/span><\/li>\n\t\t\t\t<\/ul>\n\t\t\t<\/div>\n\t\t<\/div>\n\n\t<\/div>\n\n\t<script type=\"text\/javascript\">\n\t\t\tdocument.addEventListener( 'DOMContentLoaded', function() {\n\t\t\t\tjQuery( function( $ ) {\n\t\t\t\t\tvar settings = {\"show_comments\":\"0\",\"show_download_button\":\"0\",\"show_link_button\":\"0\",\"show_description\":\"0\",\"show_author_avatar\":\"0\",\"show_author_name\":\"0\",\"show_share_button\":\"0\",\"show_like_button\":\"0\",\"link_color\":\"096900\",\"link_color_hover\":\"096900\",\"description_title\":\"Beschreibung\",\"ID\":185,\"url\":\"https:\\\/\\\/www.heimatverein-delligsen.de?rest_route=%2Fwp%2Fv2%2Fpages%2F7731\",\"moduleUrl\":\"https:\\\/\\\/www.heimatverein-delligsen.de\\\/hvd20\\\/wp-content\\\/grand-media\\\/module\\\/photomania\",\"initial_slide\":0};\n\t\t\t\t\tvar content = {\"data\":[{\"id\":\"3576\",\"type\":\"image\",\"file\":\"20191102_183607.jpg\",\"meta\":{\"width\":2200,\"height\":1650,\"views\":817,\"likes\":0},\"title\":\"02.11.2019: Preisskat- und Knobelturnier\",\"alt\":\"02.11.2019: Preisskat- und Knobelturnier\",\"author\":{\"name\":\"Eike Heuer\",\"posts_link\":\"https:\\\/\\\/www.heimatverein-delligsen.de\\\/?author=1\"},\"post_link\":\"https:\\\/\\\/www.heimatverein-delligsen.de\\\/?gmedia=20191102_183607-jpg\",\"ratio\":1.3333333333333332593184650249895639717578887939453125},{\"id\":\"3568\",\"type\":\"image\",\"file\":\"20191102_183616.jpg\",\"meta\":{\"width\":2200,\"height\":1650,\"views\":95,\"likes\":0},\"title\":\"02.11.2019: Preisskat- und Knobelturnier\",\"alt\":\"02.11.2019: Preisskat- und Knobelturnier\",\"author\":{\"name\":\"Eike Heuer\",\"posts_link\":\"https:\\\/\\\/www.heimatverein-delligsen.de\\\/?author=1\"},\"post_link\":\"https:\\\/\\\/www.heimatverein-delligsen.de\\\/?gmedia=20191102_183616-jpg\",\"ratio\":1.3333333333333332593184650249895639717578887939453125},{\"id\":\"3569\",\"type\":\"image\",\"file\":\"20191102_223939.jpg\",\"meta\":{\"width\":2200,\"height\":1650,\"views\":80,\"likes\":0},\"title\":\"02.11.2019: Preisskat- und Knobelturnier\",\"alt\":\"02.11.2019: Preisskat- und Knobelturnier\",\"author\":{\"name\":\"Eike Heuer\",\"posts_link\":\"https:\\\/\\\/www.heimatverein-delligsen.de\\\/?author=1\"},\"post_link\":\"https:\\\/\\\/www.heimatverein-delligsen.de\\\/?gmedia=20191102_223939-jpg\",\"ratio\":1.3333333333333332593184650249895639717578887939453125},{\"id\":\"3570\",\"type\":\"image\",\"file\":\"20191102_235907.jpg\",\"meta\":{\"width\":1650,\"height\":2200,\"views\":72,\"likes\":0},\"title\":\"02.11.2019: Preisskat- und Knobelturnier\",\"alt\":\"02.11.2019: Preisskat- und Knobelturnier\",\"author\":{\"name\":\"Eike Heuer\",\"posts_link\":\"https:\\\/\\\/www.heimatverein-delligsen.de\\\/?author=1\"},\"post_link\":\"https:\\\/\\\/www.heimatverein-delligsen.de\\\/?gmedia=20191102_235907-jpg\",\"ratio\":0.75},{\"id\":\"3571\",\"type\":\"image\",\"file\":\"20191102_235916.jpg\",\"meta\":{\"width\":2200,\"height\":1650,\"views\":57,\"likes\":0},\"title\":\"02.11.2019: Preisskat- und Knobelturnier\",\"alt\":\"02.11.2019: Preisskat- und Knobelturnier\",\"author\":{\"name\":\"Eike Heuer\",\"posts_link\":\"https:\\\/\\\/www.heimatverein-delligsen.de\\\/?author=1\"},\"post_link\":\"https:\\\/\\\/www.heimatverein-delligsen.de\\\/?gmedia=20191102_235916-jpg\",\"ratio\":1.3333333333333332593184650249895639717578887939453125},{\"id\":\"3572\",\"type\":\"image\",\"file\":\"20191102_235955.jpg\",\"meta\":{\"width\":2200,\"height\":1650,\"views\":85,\"likes\":0},\"title\":\"02.11.2019: Preisskat- und Knobelturnier\",\"alt\":\"02.11.2019: Preisskat- und Knobelturnier\",\"author\":{\"name\":\"Eike Heuer\",\"posts_link\":\"https:\\\/\\\/www.heimatverein-delligsen.de\\\/?author=1\"},\"post_link\":\"https:\\\/\\\/www.heimatverein-delligsen.de\\\/?gmedia=20191102_235955-jpg\",\"ratio\":1.3333333333333332593184650249895639717578887939453125},{\"id\":\"3573\",\"type\":\"image\",\"file\":\"20191103_000055.jpg\",\"meta\":{\"width\":1650,\"height\":2200,\"views\":77,\"likes\":0},\"title\":\"02.11.2019: Preisskat- und Knobelturnier\",\"alt\":\"02.11.2019: Preisskat- und Knobelturnier\",\"author\":{\"name\":\"Eike Heuer\",\"posts_link\":\"https:\\\/\\\/www.heimatverein-delligsen.de\\\/?author=1\"},\"post_link\":\"https:\\\/\\\/www.heimatverein-delligsen.de\\\/?gmedia=20191103_000055-jpg\",\"ratio\":0.75},{\"id\":\"3574\",\"type\":\"image\",\"file\":\"20191103_000139.jpg\",\"meta\":{\"width\":1650,\"height\":2200,\"views\":72,\"likes\":0},\"title\":\"02.11.2019: Preisskat- und Knobelturnier\",\"alt\":\"02.11.2019: Preisskat- und Knobelturnier\",\"author\":{\"name\":\"Eike Heuer\",\"posts_link\":\"https:\\\/\\\/www.heimatverein-delligsen.de\\\/?author=1\"},\"post_link\":\"https:\\\/\\\/www.heimatverein-delligsen.de\\\/?gmedia=20191103_000139-jpg\",\"ratio\":0.75},{\"id\":\"3575\",\"type\":\"image\",\"file\":\"20191103_000220.jpg\",\"meta\":{\"width\":1650,\"height\":2200,\"views\":88,\"likes\":0},\"title\":\"02.11.2019: Preisskat- und Knobelturnier\",\"alt\":\"02.11.2019: Preisskat- und Knobelturnier\",\"author\":{\"name\":\"Eike Heuer\",\"posts_link\":\"https:\\\/\\\/www.heimatverein-delligsen.de\\\/?author=1\"},\"post_link\":\"https:\\\/\\\/www.heimatverein-delligsen.de\\\/?gmedia=20191103_000220-jpg\",\"ratio\":0.75}],\"terms\":[]};\n\t\t\t\t\tvar container = $( '#GmediaGallery_185' );\n\t\t\t\t\tcontainer.photomania( settings, content );\n\t\t\t\t\twindow.GmediaGallery_185 = container.data( 'photomania' );\n\t\t\t\t} );\n\t\t\t} );\n\t<\/script><\/div><br \/>\n<div class=\"gmedia_gallery photomania_module is_bot\" id=\"GmediaGallery_186\" data-gmid=\"186\" data-module=\"photomania\"><style class='gmedia_module_style_import'>\/**** .photomania_module #GmediaGallery_186 ****\/\n#GmediaGallery_186 .gmpm_preload {opacity:0;}\n#GmediaGallery_186 .swiper-big-images img.gmpm_the_photo { max-height:100%; max-width:100%; display:inline; width:auto; height:auto; object-fit:unset; vertical-align:middle; border:none; }\n#GmediaGallery_186 .gmpm_focus .swiper-big-images img.gmpm_the_photo { width:auto; height:auto; object-fit:unset; }\n#GmediaGallery_186 .swiper-small-images img.gmpm_photo { max-width:none; max-height:none; }\n#GmediaGallery_186 .swiper-small-images img.gmpm_photo.gmpm_photo_landscape { width:auto; height:100%; }\n#GmediaGallery_186 .swiper-small-images img.gmpm_photo.gmpm_photo_portrait { width:100%; height:auto; }\n#GmediaGallery_186 .gmpm_gallery_sources_list p { margin:7px 0; padding:0; font-size:inherit; }\n#GmediaGallery_186 .gmpm_photo_details .gmpm_description_wrap a,\n#GmediaGallery_186 .gmpm_big_button_wrap .gmpm_button.gmpm_like.gmpm_liked,\n#GmediaGallery_186 .gmpm_big_button_wrap .gmpm_button.gmpm_like.gmpm_liked:hover {color:#096900;}\n#GmediaGallery_186 .gmpm_photo_show .gmpm_big_button {background-color:#096900;}\n#GmediaGallery_186 .swiper-small-images div.gmpm_photo.swiper-slide-active {border-color:#096900;}\n#GmediaGallery_186 .gmpm_photo_header .gmpm_name_wrap .gmpm_title_author a:hover,\n#GmediaGallery_186 .gmpm_photo_details .gmpm_description_wrap a:hover {color:#096900;}\n#GmediaGallery_186 .gmpm_photo_show .gmpm_big_button:hover,\n#GmediaGallery_186 .gmpm_focus_actions ul .gmpm_button.like.gmpm_liked {background-color:#096900;}<\/style>\n\t<div class=\"gmpm_photo_show gmpm_w960 gmpm_w640 gmpm_w480\">\n\n\t\t<div class=\"gmpm_photo_wrap has_prev_photo has_next_photo\">\n\t\t\t<div class=\"swiper-container swiper-big-images\">\n\t\t\t\t<div class=\"gmpm_photo_arrow_next gmpm_photo_arrow gmpm_next\">\n\t\t\t\t\t<div title=\"Next\" class=\"gmpm_arrow\"><\/div>\n\t\t\t\t<\/div>\n\t\t\t\t<div class=\"gmpm_photo_arrow_previous gmpm_photo_arrow gmpm_prev\">\n\t\t\t\t\t<div title=\"Previous\" class=\"gmpm_arrow\"><\/div>\n\t\t\t\t<\/div>\n\t\t\t\t<div class=\"swiper-wrapper\">\n\t\t\t\t\t\n\t\t<div class=\"swiper-slide\" data-hash=\"gmedia3589\" data-photo-id=\"3589\"><span class=\"gmpm_va\"><\/span><img decoding=\"async\" src=\"https:\/\/www.heimatverein-delligsen.de\/hvd20\/wp-content\/grand-media\/image\/SW-00.jpg\" data-src=\"https:\/\/www.heimatverein-delligsen.de\/hvd20\/wp-content\/grand-media\/image\/SW-00.jpg\" alt=\"08.12.2019: Sternwanderung\" data-protect=\"Eike Heuer\" class=\"noLazy gmpm_the_photo\"><\/div>\n\t\t<div class=\"swiper-slide\" data-hash=\"gmedia3583\" data-photo-id=\"3583\"><span class=\"gmpm_va\"><\/span><img decoding=\"async\" src=\"https:\/\/www.heimatverein-delligsen.de\/hvd20\/wp-content\/grand-media\/image\/SW-01.jpeg\" data-src=\"https:\/\/www.heimatverein-delligsen.de\/hvd20\/wp-content\/grand-media\/image\/SW-01.jpeg\" alt=\"08.12.2019: Sternwanderung\" data-protect=\"Eike Heuer\" class=\"noLazy gmpm_the_photo\"><\/div>\n\t\t<div class=\"swiper-slide\" data-hash=\"gmedia3584\" data-photo-id=\"3584\"><span class=\"gmpm_va\"><\/span><img decoding=\"async\" src=\"https:\/\/www.heimatverein-delligsen.de\/hvd20\/wp-content\/grand-media\/image\/SW-02.jpeg\" data-src=\"https:\/\/www.heimatverein-delligsen.de\/hvd20\/wp-content\/grand-media\/image\/SW-02.jpeg\" alt=\"08.12.2019: Sternwanderung\" data-protect=\"Eike Heuer\" class=\"noLazy gmpm_the_photo\"><\/div>\n\t\t<div class=\"swiper-slide\" data-hash=\"gmedia3585\" data-photo-id=\"3585\"><span class=\"gmpm_va\"><\/span><img decoding=\"async\" src=\"https:\/\/www.heimatverein-delligsen.de\/hvd20\/wp-content\/grand-media\/image\/SW-03.jpeg\" data-src=\"https:\/\/www.heimatverein-delligsen.de\/hvd20\/wp-content\/grand-media\/image\/SW-03.jpeg\" alt=\"08.12.2019: Sternwanderung\" data-protect=\"Eike Heuer\" class=\"noLazy gmpm_the_photo\"><\/div>\n\t\t<div class=\"swiper-slide\" data-hash=\"gmedia3586\" data-photo-id=\"3586\"><span class=\"gmpm_va\"><\/span><img decoding=\"async\" src=\"https:\/\/www.heimatverein-delligsen.de\/hvd20\/wp-content\/grand-media\/image\/SW-04.jpeg\" data-src=\"https:\/\/www.heimatverein-delligsen.de\/hvd20\/wp-content\/grand-media\/image\/SW-04.jpeg\" alt=\"08.12.2019: Sternwanderung\" data-protect=\"Eike Heuer\" class=\"noLazy gmpm_the_photo\"><\/div>\n\t\t<div class=\"swiper-slide\" data-hash=\"gmedia3587\" data-photo-id=\"3587\"><span class=\"gmpm_va\"><\/span><img decoding=\"async\" src=\"https:\/\/www.heimatverein-delligsen.de\/hvd20\/wp-content\/grand-media\/image\/SW-05.jpeg\" data-src=\"https:\/\/www.heimatverein-delligsen.de\/hvd20\/wp-content\/grand-media\/image\/SW-05.jpeg\" alt=\"08.12.2019: Sternwanderung\" data-protect=\"Eike Heuer\" class=\"noLazy gmpm_the_photo\"><\/div>\n\t\t<div class=\"swiper-slide\" data-hash=\"gmedia3588\" data-photo-id=\"3588\"><span class=\"gmpm_va\"><\/span><img decoding=\"async\" src=\"https:\/\/www.heimatverein-delligsen.de\/hvd20\/wp-content\/grand-media\/image\/SW-06.jpeg\" data-src=\"https:\/\/www.heimatverein-delligsen.de\/hvd20\/wp-content\/grand-media\/image\/SW-06.jpeg\" alt=\"08.12.2019: Sternwanderung\" data-protect=\"Eike Heuer\" class=\"noLazy gmpm_the_photo\"><\/div>\n\t\t<div class=\"swiper-slide\" data-hash=\"gmedia3577\" data-photo-id=\"3577\"><span class=\"gmpm_va\"><\/span><img decoding=\"async\" src=\"https:\/\/www.heimatverein-delligsen.de\/hvd20\/wp-content\/grand-media\/image\/SW-07.jpeg\" data-src=\"https:\/\/www.heimatverein-delligsen.de\/hvd20\/wp-content\/grand-media\/image\/SW-07.jpeg\" alt=\"08.12.2019: Sternwanderung\" data-protect=\"Eike Heuer\" class=\"noLazy gmpm_the_photo\"><\/div>\n\t\t<div class=\"swiper-slide\" data-hash=\"gmedia3578\" data-photo-id=\"3578\"><span class=\"gmpm_va\"><\/span><img decoding=\"async\" src=\"https:\/\/www.heimatverein-delligsen.de\/hvd20\/wp-content\/grand-media\/image\/SW-08.jpeg\" data-src=\"https:\/\/www.heimatverein-delligsen.de\/hvd20\/wp-content\/grand-media\/image\/SW-08.jpeg\" alt=\"08.12.2019: Sternwanderung\" data-protect=\"Eike Heuer\" class=\"noLazy gmpm_the_photo\"><\/div>\n\t\t<div class=\"swiper-slide\" data-hash=\"gmedia3579\" data-photo-id=\"3579\"><span class=\"gmpm_va\"><\/span><img decoding=\"async\" src=\"https:\/\/www.heimatverein-delligsen.de\/hvd20\/wp-content\/grand-media\/image\/SW-09.jpeg\" data-src=\"https:\/\/www.heimatverein-delligsen.de\/hvd20\/wp-content\/grand-media\/image\/SW-09.jpeg\" alt=\"08.12.2019: Sternwanderung\" data-protect=\"Eike Heuer\" class=\"noLazy gmpm_the_photo\"><\/div>\n\t\t<div class=\"swiper-slide\" data-hash=\"gmedia3580\" data-photo-id=\"3580\"><span class=\"gmpm_va\"><\/span><img decoding=\"async\" src=\"https:\/\/www.heimatverein-delligsen.de\/hvd20\/wp-content\/grand-media\/image\/SW-10.jpeg\" data-src=\"https:\/\/www.heimatverein-delligsen.de\/hvd20\/wp-content\/grand-media\/image\/SW-10.jpeg\" alt=\"08.12.2019: Sternwanderung\" data-protect=\"Eike Heuer\" class=\"noLazy gmpm_the_photo\"><\/div>\n\t\t<div class=\"swiper-slide\" data-hash=\"gmedia3581\" data-photo-id=\"3581\"><span class=\"gmpm_va\"><\/span><img decoding=\"async\" src=\"https:\/\/www.heimatverein-delligsen.de\/hvd20\/wp-content\/grand-media\/image\/SW-11.jpeg\" data-src=\"https:\/\/www.heimatverein-delligsen.de\/hvd20\/wp-content\/grand-media\/image\/SW-11.jpeg\" alt=\"08.12.2019: Sternwanderung\" data-protect=\"Eike Heuer\" class=\"noLazy gmpm_the_photo\"><\/div>\n\t\t<div class=\"swiper-slide\" data-hash=\"gmedia3582\" data-photo-id=\"3582\"><span class=\"gmpm_va\"><\/span><img decoding=\"async\" src=\"https:\/\/www.heimatverein-delligsen.de\/hvd20\/wp-content\/grand-media\/image\/SW-12.jpeg\" data-src=\"https:\/\/www.heimatverein-delligsen.de\/hvd20\/wp-content\/grand-media\/image\/SW-12.jpeg\" alt=\"08.12.2019: Sternwanderung\" data-protect=\"Eike Heuer\" class=\"noLazy gmpm_the_photo\"><\/div>\t\t\t\t<\/div>\n\t\t\t<\/div>\n\t\t<\/div>\n\n\t\t<div class=\"gmpm_photo_header\">\n\t\t\t<div class=\"gmpm_wrapper gmpm_clearfix\">\n\t\t\t\t<div class=\"gmpm_focus_actions\">\n\t\t\t\t\t\t\t\t\t\t\t\t\t\t\t<ul class=\"gmpm_focus_arrows gmpm_clearfix\">\n\t\t\t\t\t\t<li style=\"list-style:none;\"><a class=\"gmpm_button gmpm_photo_arrow_previous gmpm_prev\">Previous<\/a><\/li>\n\t\t\t\t\t\t<li style=\"list-style:none;\"><a class=\"gmpm_button gmpm_photo_arrow_next gmpm_next\">Next<\/a><\/li>\n\t\t\t\t\t<\/ul>\n\t\t\t\t<\/div>\n\t\t\t\t<div class=\"gmpm_name_wrap gmpm_clearfix gmpm_no_avatar\">\n\t\t\t\t\t\t\t\t\t\t<div class=\"gmpm_title_author\">\n\t\t\t\t\t\t<div class=\"gmpm_title\">08.12.2019: Sternwanderung<\/div>\n\t\t\t\t\t\t\t\t\t\t\t<\/div>\n\t\t\t\t<\/div>\n\t\t\t\t<div class=\"gmpm_actions gmpm_clearfix\">\n\t\t\t\t\t<div class=\"gmpm_carousel gmpm_has_previous gmpm_has_next\">\n\t\t\t\t\t\t<div class=\"gmpm_previous_button\"><\/div>\n\t\t\t\t\t\t<div class=\"gmpm_photo_carousel\">\n\t\t\t\t\t\t\t<div class=\"swiper-container swiper-small-images\">\n\t\t\t\t\t\t\t\t<div class=\"swiper-wrapper\">\n\t\t\t\t\t\t\t\t\t\n\t\t<div class=\"swiper-slide gmpm_photo\" data-photo-id=\"3589\"><img decoding=\"async\" src=\"https:\/\/www.heimatverein-delligsen.de\/hvd20\/wp-content\/grand-media\/image\/thumb\/SW-00.jpg\" data-src=\"https:\/\/www.heimatverein-delligsen.de\/hvd20\/wp-content\/grand-media\/image\/thumb\/SW-00.jpg\" alt=\"08.12.2019: Sternwanderung\" class=\"noLazy gmpm_photo swiper-lazy gmpm_photo_portrait\"><span class=\"swiper-lazy-preloader swiper-lazy-preloader-black\"><\/span><\/div>\n\t\t<div class=\"swiper-slide gmpm_photo\" data-photo-id=\"3583\"><img decoding=\"async\" src=\"https:\/\/www.heimatverein-delligsen.de\/hvd20\/wp-content\/grand-media\/image\/thumb\/SW-01.jpeg\" data-src=\"https:\/\/www.heimatverein-delligsen.de\/hvd20\/wp-content\/grand-media\/image\/thumb\/SW-01.jpeg\" alt=\"08.12.2019: Sternwanderung\" class=\"noLazy gmpm_photo swiper-lazy gmpm_photo_landscape\"><span class=\"swiper-lazy-preloader swiper-lazy-preloader-black\"><\/span><\/div>\n\t\t<div class=\"swiper-slide gmpm_photo\" data-photo-id=\"3584\"><img decoding=\"async\" src=\"https:\/\/www.heimatverein-delligsen.de\/hvd20\/wp-content\/grand-media\/image\/thumb\/SW-02.jpeg\" data-src=\"https:\/\/www.heimatverein-delligsen.de\/hvd20\/wp-content\/grand-media\/image\/thumb\/SW-02.jpeg\" alt=\"08.12.2019: Sternwanderung\" class=\"noLazy gmpm_photo swiper-lazy gmpm_photo_landscape\"><span class=\"swiper-lazy-preloader swiper-lazy-preloader-black\"><\/span><\/div>\n\t\t<div class=\"swiper-slide gmpm_photo\" data-photo-id=\"3585\"><img decoding=\"async\" src=\"https:\/\/www.heimatverein-delligsen.de\/hvd20\/wp-content\/grand-media\/image\/thumb\/SW-03.jpeg\" data-src=\"https:\/\/www.heimatverein-delligsen.de\/hvd20\/wp-content\/grand-media\/image\/thumb\/SW-03.jpeg\" alt=\"08.12.2019: Sternwanderung\" class=\"noLazy gmpm_photo swiper-lazy gmpm_photo_landscape\"><span class=\"swiper-lazy-preloader swiper-lazy-preloader-black\"><\/span><\/div>\n\t\t<div class=\"swiper-slide gmpm_photo\" data-photo-id=\"3586\"><img decoding=\"async\" src=\"https:\/\/www.heimatverein-delligsen.de\/hvd20\/wp-content\/grand-media\/image\/thumb\/SW-04.jpeg\" data-src=\"https:\/\/www.heimatverein-delligsen.de\/hvd20\/wp-content\/grand-media\/image\/thumb\/SW-04.jpeg\" alt=\"08.12.2019: Sternwanderung\" class=\"noLazy gmpm_photo swiper-lazy gmpm_photo_landscape\"><span class=\"swiper-lazy-preloader swiper-lazy-preloader-black\"><\/span><\/div>\n\t\t<div class=\"swiper-slide gmpm_photo\" data-photo-id=\"3587\"><img decoding=\"async\" src=\"https:\/\/www.heimatverein-delligsen.de\/hvd20\/wp-content\/grand-media\/image\/thumb\/SW-05.jpeg\" data-src=\"https:\/\/www.heimatverein-delligsen.de\/hvd20\/wp-content\/grand-media\/image\/thumb\/SW-05.jpeg\" alt=\"08.12.2019: Sternwanderung\" class=\"noLazy gmpm_photo swiper-lazy gmpm_photo_landscape\"><span class=\"swiper-lazy-preloader swiper-lazy-preloader-black\"><\/span><\/div>\n\t\t<div class=\"swiper-slide gmpm_photo\" data-photo-id=\"3588\"><img decoding=\"async\" src=\"https:\/\/www.heimatverein-delligsen.de\/hvd20\/wp-content\/grand-media\/image\/thumb\/SW-06.jpeg\" data-src=\"https:\/\/www.heimatverein-delligsen.de\/hvd20\/wp-content\/grand-media\/image\/thumb\/SW-06.jpeg\" alt=\"08.12.2019: Sternwanderung\" class=\"noLazy gmpm_photo swiper-lazy gmpm_photo_landscape\"><span class=\"swiper-lazy-preloader swiper-lazy-preloader-black\"><\/span><\/div>\n\t\t<div class=\"swiper-slide gmpm_photo\" data-photo-id=\"3577\"><img decoding=\"async\" src=\"https:\/\/www.heimatverein-delligsen.de\/hvd20\/wp-content\/grand-media\/image\/thumb\/SW-07.jpeg\" data-src=\"https:\/\/www.heimatverein-delligsen.de\/hvd20\/wp-content\/grand-media\/image\/thumb\/SW-07.jpeg\" alt=\"08.12.2019: Sternwanderung\" class=\"noLazy gmpm_photo swiper-lazy gmpm_photo_landscape\"><span class=\"swiper-lazy-preloader swiper-lazy-preloader-black\"><\/span><\/div>\n\t\t<div class=\"swiper-slide gmpm_photo\" data-photo-id=\"3578\"><img decoding=\"async\" src=\"https:\/\/www.heimatverein-delligsen.de\/hvd20\/wp-content\/grand-media\/image\/thumb\/SW-08.jpeg\" data-src=\"https:\/\/www.heimatverein-delligsen.de\/hvd20\/wp-content\/grand-media\/image\/thumb\/SW-08.jpeg\" alt=\"08.12.2019: Sternwanderung\" class=\"noLazy gmpm_photo swiper-lazy gmpm_photo_landscape\"><span class=\"swiper-lazy-preloader swiper-lazy-preloader-black\"><\/span><\/div>\n\t\t<div class=\"swiper-slide gmpm_photo\" data-photo-id=\"3579\"><img decoding=\"async\" src=\"https:\/\/www.heimatverein-delligsen.de\/hvd20\/wp-content\/grand-media\/image\/thumb\/SW-09.jpeg\" data-src=\"https:\/\/www.heimatverein-delligsen.de\/hvd20\/wp-content\/grand-media\/image\/thumb\/SW-09.jpeg\" alt=\"08.12.2019: Sternwanderung\" class=\"noLazy gmpm_photo swiper-lazy gmpm_photo_landscape\"><span class=\"swiper-lazy-preloader swiper-lazy-preloader-black\"><\/span><\/div>\n\t\t<div class=\"swiper-slide gmpm_photo\" data-photo-id=\"3580\"><img decoding=\"async\" src=\"https:\/\/www.heimatverein-delligsen.de\/hvd20\/wp-content\/grand-media\/image\/thumb\/SW-10.jpeg\" data-src=\"https:\/\/www.heimatverein-delligsen.de\/hvd20\/wp-content\/grand-media\/image\/thumb\/SW-10.jpeg\" alt=\"08.12.2019: Sternwanderung\" class=\"noLazy gmpm_photo swiper-lazy gmpm_photo_landscape\"><span class=\"swiper-lazy-preloader swiper-lazy-preloader-black\"><\/span><\/div>\n\t\t<div class=\"swiper-slide gmpm_photo\" data-photo-id=\"3581\"><img decoding=\"async\" src=\"https:\/\/www.heimatverein-delligsen.de\/hvd20\/wp-content\/grand-media\/image\/thumb\/SW-11.jpeg\" data-src=\"https:\/\/www.heimatverein-delligsen.de\/hvd20\/wp-content\/grand-media\/image\/thumb\/SW-11.jpeg\" alt=\"08.12.2019: Sternwanderung\" class=\"noLazy gmpm_photo swiper-lazy gmpm_photo_landscape\"><span class=\"swiper-lazy-preloader swiper-lazy-preloader-black\"><\/span><\/div>\n\t\t<div class=\"swiper-slide gmpm_photo\" data-photo-id=\"3582\"><img decoding=\"async\" src=\"https:\/\/www.heimatverein-delligsen.de\/hvd20\/wp-content\/grand-media\/image\/thumb\/SW-12.jpeg\" data-src=\"https:\/\/www.heimatverein-delligsen.de\/hvd20\/wp-content\/grand-media\/image\/thumb\/SW-12.jpeg\" alt=\"08.12.2019: Sternwanderung\" class=\"noLazy gmpm_photo swiper-lazy gmpm_photo_landscape\"><span class=\"swiper-lazy-preloader swiper-lazy-preloader-black\"><\/span><\/div>\t\t\t\t\t\t\t\t<\/div>\n\t\t\t\t\t\t\t<\/div>\n\t\t\t\t\t\t<\/div>\n\t\t\t\t\t\t<div class=\"gmpm_next_button\"><\/div>\n\t\t\t\t\t<\/div>\n\t\t\t\t\t\t\t\t\t\t\t\t\t\t\t\t\t\t\t\t\t\t\t\t<\/div>\n\t\t\t<\/div>\n\t\t<\/div>\n\t\t<div class=\"gmpm_focus_close_full\">\n\t\t\t<span><a class=\"gmpm_button gmpm_close\">Close<\/a><\/span>\n\t\t\t<span><a class=\"gmpm_button gmpm_full\">Full<\/a><\/span>\n\t\t<\/div>\n\t\t<div class=\"gmpm_photo_details\">\n\t\t\t<div class=\"gmpm_description_wrap empty-item-description\">\n\t\t\t\t\t\t\t<\/div>\n\t\t<\/div>\n\n\t\t<div class=\"gmpm_focus_footer\">\n\t\t\t<div class=\"gmpm_focus_keyboard\">\n\t\t\t\t<div class=\"gmpm_focus_keyboard_title\">Keyboard Shortcuts <a class=\"gmpm_focus_keyboard_dismiss\">Dismiss<\/a><\/div>\n\t\t\t\t<ul>\n\t\t\t\t\t<li style=\"list-style:none;\"><a data-key=\"p\" class=\"gmpm_key\">S<\/a><span class=\"gmpm_label\">Slideshow<\/span><\/li>\n\t\t\t\t\t<li style=\"list-style:none;\"><a data-key=\"m\" class=\"gmpm_key\">M<\/a><span class=\"gmpm_label\">Maximize<\/span><\/li>\n\t\t\t\t\t<li style=\"list-style:none;\"><a data-key=\"left\" class=\"gmpm_key\">&nbsp;<\/a><span class=\"gmpm_label\">Previous<\/span><\/li>\n\t\t\t\t\t<li style=\"list-style:none;\"><a data-key=\"right\" class=\"gmpm_key\">&nbsp;<\/a><span class=\"gmpm_label\">Next<\/span><\/li>\n\t\t\t\t\t<li style=\"list-style:none;\"><a data-key=\"escape\" class=\"gmpm_key gmpm_esc\">esc<\/a><span class=\"gmpm_label\">Close<\/span><\/li>\n\t\t\t\t<\/ul>\n\t\t\t<\/div>\n\t\t<\/div>\n\n\t<\/div>\n\n\t<script type=\"text\/javascript\">\n\t\t\tdocument.addEventListener( 'DOMContentLoaded', function() {\n\t\t\t\tjQuery( function( $ ) {\n\t\t\t\t\tvar settings = {\"show_comments\":\"0\",\"show_download_button\":\"0\",\"show_link_button\":\"0\",\"show_description\":\"0\",\"show_author_avatar\":\"0\",\"show_author_name\":\"0\",\"show_share_button\":\"0\",\"show_like_button\":\"0\",\"link_color\":\"096900\",\"link_color_hover\":\"096900\",\"description_title\":\"Beschreibung\",\"ID\":186,\"url\":\"https:\\\/\\\/www.heimatverein-delligsen.de?rest_route=%2Fwp%2Fv2%2Fpages%2F7731\",\"moduleUrl\":\"https:\\\/\\\/www.heimatverein-delligsen.de\\\/hvd20\\\/wp-content\\\/grand-media\\\/module\\\/photomania\",\"initial_slide\":0};\n\t\t\t\t\tvar content = {\"data\":[{\"id\":\"3589\",\"type\":\"image\",\"file\":\"SW-00.jpg\",\"meta\":{\"width\":1238,\"height\":2200,\"views\":865,\"likes\":0},\"title\":\"08.12.2019: Sternwanderung\",\"alt\":\"08.12.2019: Sternwanderung\",\"author\":{\"name\":\"Eike Heuer\",\"posts_link\":\"https:\\\/\\\/www.heimatverein-delligsen.de\\\/?author=1\"},\"post_link\":\"https:\\\/\\\/www.heimatverein-delligsen.de\\\/?gmedia=sw-00-jpg\",\"ratio\":0.5627272727272727426139908857294358313083648681640625},{\"id\":\"3583\",\"type\":\"image\",\"file\":\"SW-01.jpeg\",\"meta\":{\"width\":1600,\"height\":900,\"views\":96,\"likes\":0},\"title\":\"08.12.2019: Sternwanderung\",\"alt\":\"08.12.2019: Sternwanderung\",\"author\":{\"name\":\"Eike Heuer\",\"posts_link\":\"https:\\\/\\\/www.heimatverein-delligsen.de\\\/?author=1\"},\"post_link\":\"https:\\\/\\\/www.heimatverein-delligsen.de\\\/?gmedia=sw-01-jpeg\",\"ratio\":1.77777777777777767909128669998608529567718505859375},{\"id\":\"3584\",\"type\":\"image\",\"file\":\"SW-02.jpeg\",\"meta\":{\"width\":1600,\"height\":900,\"views\":83,\"likes\":0},\"title\":\"08.12.2019: Sternwanderung\",\"alt\":\"08.12.2019: Sternwanderung\",\"author\":{\"name\":\"Eike Heuer\",\"posts_link\":\"https:\\\/\\\/www.heimatverein-delligsen.de\\\/?author=1\"},\"post_link\":\"https:\\\/\\\/www.heimatverein-delligsen.de\\\/?gmedia=sw-02-jpeg\",\"ratio\":1.77777777777777767909128669998608529567718505859375},{\"id\":\"3585\",\"type\":\"image\",\"file\":\"SW-03.jpeg\",\"meta\":{\"width\":1600,\"height\":900,\"views\":63,\"likes\":0},\"title\":\"08.12.2019: Sternwanderung\",\"alt\":\"08.12.2019: Sternwanderung\",\"author\":{\"name\":\"Eike Heuer\",\"posts_link\":\"https:\\\/\\\/www.heimatverein-delligsen.de\\\/?author=1\"},\"post_link\":\"https:\\\/\\\/www.heimatverein-delligsen.de\\\/?gmedia=sw-03-jpeg\",\"ratio\":1.77777777777777767909128669998608529567718505859375},{\"id\":\"3586\",\"type\":\"image\",\"file\":\"SW-04.jpeg\",\"meta\":{\"width\":1600,\"height\":900,\"views\":32,\"likes\":0},\"title\":\"08.12.2019: Sternwanderung\",\"alt\":\"08.12.2019: Sternwanderung\",\"author\":{\"name\":\"Eike Heuer\",\"posts_link\":\"https:\\\/\\\/www.heimatverein-delligsen.de\\\/?author=1\"},\"post_link\":\"https:\\\/\\\/www.heimatverein-delligsen.de\\\/?gmedia=sw-04-jpeg\",\"ratio\":1.77777777777777767909128669998608529567718505859375},{\"id\":\"3587\",\"type\":\"image\",\"file\":\"SW-05.jpeg\",\"meta\":{\"width\":1600,\"height\":900,\"views\":77,\"likes\":0},\"title\":\"08.12.2019: Sternwanderung\",\"alt\":\"08.12.2019: Sternwanderung\",\"author\":{\"name\":\"Eike Heuer\",\"posts_link\":\"https:\\\/\\\/www.heimatverein-delligsen.de\\\/?author=1\"},\"post_link\":\"https:\\\/\\\/www.heimatverein-delligsen.de\\\/?gmedia=sw-05-jpeg\",\"ratio\":1.77777777777777767909128669998608529567718505859375},{\"id\":\"3588\",\"type\":\"image\",\"file\":\"SW-06.jpeg\",\"meta\":{\"width\":1600,\"height\":900,\"views\":44,\"likes\":0},\"title\":\"08.12.2019: Sternwanderung\",\"alt\":\"08.12.2019: Sternwanderung\",\"author\":{\"name\":\"Eike Heuer\",\"posts_link\":\"https:\\\/\\\/www.heimatverein-delligsen.de\\\/?author=1\"},\"post_link\":\"https:\\\/\\\/www.heimatverein-delligsen.de\\\/?gmedia=sw-06-jpeg\",\"ratio\":1.77777777777777767909128669998608529567718505859375},{\"id\":\"3577\",\"type\":\"image\",\"file\":\"SW-07.jpeg\",\"meta\":{\"width\":1600,\"height\":900,\"views\":60,\"likes\":0},\"title\":\"08.12.2019: Sternwanderung\",\"alt\":\"08.12.2019: Sternwanderung\",\"author\":{\"name\":\"Eike Heuer\",\"posts_link\":\"https:\\\/\\\/www.heimatverein-delligsen.de\\\/?author=1\"},\"post_link\":\"https:\\\/\\\/www.heimatverein-delligsen.de\\\/?gmedia=sw-07-jpeg\",\"ratio\":1.77777777777777767909128669998608529567718505859375},{\"id\":\"3578\",\"type\":\"image\",\"file\":\"SW-08.jpeg\",\"meta\":{\"width\":1600,\"height\":900,\"views\":38,\"likes\":0},\"title\":\"08.12.2019: Sternwanderung\",\"alt\":\"08.12.2019: Sternwanderung\",\"author\":{\"name\":\"Eike Heuer\",\"posts_link\":\"https:\\\/\\\/www.heimatverein-delligsen.de\\\/?author=1\"},\"post_link\":\"https:\\\/\\\/www.heimatverein-delligsen.de\\\/?gmedia=sw-08-jpeg\",\"ratio\":1.77777777777777767909128669998608529567718505859375},{\"id\":\"3579\",\"type\":\"image\",\"file\":\"SW-09.jpeg\",\"meta\":{\"width\":1600,\"height\":900,\"views\":64,\"likes\":0},\"title\":\"08.12.2019: Sternwanderung\",\"alt\":\"08.12.2019: Sternwanderung\",\"author\":{\"name\":\"Eike Heuer\",\"posts_link\":\"https:\\\/\\\/www.heimatverein-delligsen.de\\\/?author=1\"},\"post_link\":\"https:\\\/\\\/www.heimatverein-delligsen.de\\\/?gmedia=sw-09-jpeg\",\"ratio\":1.77777777777777767909128669998608529567718505859375},{\"id\":\"3580\",\"type\":\"image\",\"file\":\"SW-10.jpeg\",\"meta\":{\"width\":1600,\"height\":900,\"views\":58,\"likes\":0},\"title\":\"08.12.2019: Sternwanderung\",\"alt\":\"08.12.2019: Sternwanderung\",\"author\":{\"name\":\"Eike Heuer\",\"posts_link\":\"https:\\\/\\\/www.heimatverein-delligsen.de\\\/?author=1\"},\"post_link\":\"https:\\\/\\\/www.heimatverein-delligsen.de\\\/?gmedia=sw-10-jpeg\",\"ratio\":1.77777777777777767909128669998608529567718505859375},{\"id\":\"3581\",\"type\":\"image\",\"file\":\"SW-11.jpeg\",\"meta\":{\"width\":1600,\"height\":900,\"views\":56,\"likes\":0},\"title\":\"08.12.2019: Sternwanderung\",\"alt\":\"08.12.2019: Sternwanderung\",\"author\":{\"name\":\"Eike Heuer\",\"posts_link\":\"https:\\\/\\\/www.heimatverein-delligsen.de\\\/?author=1\"},\"post_link\":\"https:\\\/\\\/www.heimatverein-delligsen.de\\\/?gmedia=sw-11-jpeg\",\"ratio\":1.77777777777777767909128669998608529567718505859375},{\"id\":\"3582\",\"type\":\"image\",\"file\":\"SW-12.jpeg\",\"meta\":{\"width\":1600,\"height\":900,\"views\":62,\"likes\":0},\"title\":\"08.12.2019: Sternwanderung\",\"alt\":\"08.12.2019: Sternwanderung\",\"author\":{\"name\":\"Eike Heuer\",\"posts_link\":\"https:\\\/\\\/www.heimatverein-delligsen.de\\\/?author=1\"},\"post_link\":\"https:\\\/\\\/www.heimatverein-delligsen.de\\\/?gmedia=sw-12-jpeg\",\"ratio\":1.77777777777777767909128669998608529567718505859375}],\"terms\":[]};\n\t\t\t\t\tvar container = $( '#GmediaGallery_186' );\n\t\t\t\t\tcontainer.photomania( settings, content );\n\t\t\t\t\twindow.GmediaGallery_186 = container.data( 'photomania' );\n\t\t\t\t} );\n\t\t\t} );\n\t<\/script><\/div><\/p>\n<h3>22.12.2019: Sohlwanderung<\/h3>\n<div class=\"gmedia_gallery photomania_module is_bot\" id=\"GmediaGallery_187\" data-gmid=\"187\" data-module=\"photomania\"><style class='gmedia_module_style_import'>\/**** .photomania_module #GmediaGallery_187 ****\/\n#GmediaGallery_187 .gmpm_preload {opacity:0;}\n#GmediaGallery_187 .swiper-big-images img.gmpm_the_photo { max-height:100%; max-width:100%; display:inline; width:auto; height:auto; object-fit:unset; vertical-align:middle; border:none; }\n#GmediaGallery_187 .gmpm_focus .swiper-big-images img.gmpm_the_photo { width:auto; height:auto; object-fit:unset; }\n#GmediaGallery_187 .swiper-small-images img.gmpm_photo { max-width:none; max-height:none; }\n#GmediaGallery_187 .swiper-small-images img.gmpm_photo.gmpm_photo_landscape { width:auto; height:100%; }\n#GmediaGallery_187 .swiper-small-images img.gmpm_photo.gmpm_photo_portrait { width:100%; height:auto; }\n#GmediaGallery_187 .gmpm_gallery_sources_list p { margin:7px 0; padding:0; font-size:inherit; }\n#GmediaGallery_187 .gmpm_photo_details .gmpm_description_wrap a,\n#GmediaGallery_187 .gmpm_big_button_wrap .gmpm_button.gmpm_like.gmpm_liked,\n#GmediaGallery_187 .gmpm_big_button_wrap .gmpm_button.gmpm_like.gmpm_liked:hover {color:#096900;}\n#GmediaGallery_187 .gmpm_photo_show .gmpm_big_button {background-color:#096900;}\n#GmediaGallery_187 .swiper-small-images div.gmpm_photo.swiper-slide-active {border-color:#096900;}\n#GmediaGallery_187 .gmpm_photo_header .gmpm_name_wrap .gmpm_title_author a:hover,\n#GmediaGallery_187 .gmpm_photo_details .gmpm_description_wrap a:hover {color:#096900;}\n#GmediaGallery_187 .gmpm_photo_show .gmpm_big_button:hover,\n#GmediaGallery_187 .gmpm_focus_actions ul .gmpm_button.like.gmpm_liked {background-color:#096900;}<\/style>\n\t<div class=\"gmpm_photo_show gmpm_w960 gmpm_w640 gmpm_w480\">\n\n\t\t<div class=\"gmpm_photo_wrap has_prev_photo has_next_photo\">\n\t\t\t<div class=\"swiper-container swiper-big-images\">\n\t\t\t\t<div class=\"gmpm_photo_arrow_next gmpm_photo_arrow gmpm_next\">\n\t\t\t\t\t<div title=\"Next\" class=\"gmpm_arrow\"><\/div>\n\t\t\t\t<\/div>\n\t\t\t\t<div class=\"gmpm_photo_arrow_previous gmpm_photo_arrow gmpm_prev\">\n\t\t\t\t\t<div title=\"Previous\" class=\"gmpm_arrow\"><\/div>\n\t\t\t\t<\/div>\n\t\t\t\t<div class=\"swiper-wrapper\">\n\t\t\t\t\t\n\t\t<div class=\"swiper-slide\" data-hash=\"gmedia3590\" data-photo-id=\"3590\"><span class=\"gmpm_va\"><\/span><img decoding=\"async\" src=\"https:\/\/www.heimatverein-delligsen.de\/hvd20\/wp-content\/grand-media\/image\/Auch_die_Sonne_l_sst_sich_kurz_sehen.jpg\" data-src=\"https:\/\/www.heimatverein-delligsen.de\/hvd20\/wp-content\/grand-media\/image\/Auch_die_Sonne_l_sst_sich_kurz_sehen.jpg\" alt=\"Auch die Sonne l\u00e4sst sich kurz sehen\" data-protect=\"Eike Heuer\" class=\"noLazy gmpm_the_photo\"><\/div>\n\t\t<div class=\"swiper-slide\" data-hash=\"gmedia3591\" data-photo-id=\"3591\"><span class=\"gmpm_va\"><\/span><img decoding=\"async\" src=\"https:\/\/www.heimatverein-delligsen.de\/hvd20\/wp-content\/grand-media\/image\/Das_Feuer_verbreitet_wohlige_W_rme.jpg\" data-src=\"https:\/\/www.heimatverein-delligsen.de\/hvd20\/wp-content\/grand-media\/image\/Das_Feuer_verbreitet_wohlige_W_rme.jpg\" alt=\"Das Feuer verbreitet wohlige W\u00e4rme\" data-protect=\"Eike Heuer\" class=\"noLazy gmpm_the_photo\"><\/div>\n\t\t<div class=\"swiper-slide\" data-hash=\"gmedia3592\" data-photo-id=\"3592\"><span class=\"gmpm_va\"><\/span><img decoding=\"async\" src=\"https:\/\/www.heimatverein-delligsen.de\/hvd20\/wp-content\/grand-media\/image\/Die_Band_Green_Machine_sorgt_f_r_gute_Stimmung_bei_den_j_ngeren_Besuchern.jpg\" data-src=\"https:\/\/www.heimatverein-delligsen.de\/hvd20\/wp-content\/grand-media\/image\/Die_Band_Green_Machine_sorgt_f_r_gute_Stimmung_bei_den_j_ngeren_Besuchern.jpg\" alt=\"Die Band Green Machine sorgt f\u00fcr gute Stimmung bei den j\u00fcngeren Besuchern\" data-protect=\"Eike Heuer\" class=\"noLazy gmpm_the_photo\"><\/div>\n\t\t<div class=\"swiper-slide\" data-hash=\"gmedia3593\" data-photo-id=\"3593\"><span class=\"gmpm_va\"><\/span><img decoding=\"async\" src=\"https:\/\/www.heimatverein-delligsen.de\/hvd20\/wp-content\/grand-media\/image\/Die_Band_Green_Machine_sorgt_f_r_gute_Stimmung.jpg\" data-src=\"https:\/\/www.heimatverein-delligsen.de\/hvd20\/wp-content\/grand-media\/image\/Die_Band_Green_Machine_sorgt_f_r_gute_Stimmung.jpg\" alt=\"Die Band Green Machine sorgt f\u00fcr gute Stimmung\" data-protect=\"Eike Heuer\" class=\"noLazy gmpm_the_photo\"><\/div>\n\t\t<div class=\"swiper-slide\" data-hash=\"gmedia3594\" data-photo-id=\"3594\"><span class=\"gmpm_va\"><\/span><img decoding=\"async\" src=\"https:\/\/www.heimatverein-delligsen.de\/hvd20\/wp-content\/grand-media\/image\/Die_Besucher_auf_dem_Gro_en_Sohl_warten_auf_die_Turmredner.jpg\" data-src=\"https:\/\/www.heimatverein-delligsen.de\/hvd20\/wp-content\/grand-media\/image\/Die_Besucher_auf_dem_Gro_en_Sohl_warten_auf_die_Turmredner.jpg\" alt=\"Die Besucher auf dem gro\u00dfen Sohl warten auf die Turmredner\" data-protect=\"Eike Heuer\" class=\"noLazy gmpm_the_photo\"><\/div>\n\t\t<div class=\"swiper-slide\" data-hash=\"gmedia3595\" data-photo-id=\"3595\"><span class=\"gmpm_va\"><\/span><img decoding=\"async\" src=\"https:\/\/www.heimatverein-delligsen.de\/hvd20\/wp-content\/grand-media\/image\/Einige_Wanderer_auf_der_Blo_en_Zelle_mit_480_m_H_he_die_h_chste_Erhebung_im_Hils.jpg\" data-src=\"https:\/\/www.heimatverein-delligsen.de\/hvd20\/wp-content\/grand-media\/image\/Einige_Wanderer_auf_der_Blo_en_Zelle_mit_480_m_H_he_die_h_chste_Erhebung_im_Hils.jpg\" alt=\"Einige Wanderer auf der blo\u00dfen Zelle, mit 480 m H\u00f6he die h\u00f6chste Erhebung im Hils\" data-protect=\"Eike Heuer\" class=\"noLazy gmpm_the_photo\"><\/div>\n\t\t<div class=\"swiper-slide\" data-hash=\"gmedia3596\" data-photo-id=\"3596\"><span class=\"gmpm_va\"><\/span><img decoding=\"async\" src=\"https:\/\/www.heimatverein-delligsen.de\/hvd20\/wp-content\/grand-media\/image\/Gruppenfoto_vor_dem_Raabe-Turm.jpg\" data-src=\"https:\/\/www.heimatverein-delligsen.de\/hvd20\/wp-content\/grand-media\/image\/Gruppenfoto_vor_dem_Raabe-Turm.jpg\" alt=\"Gruppenfoto vor dem Raabe-Turm\" data-protect=\"Eike Heuer\" class=\"noLazy gmpm_the_photo\"><\/div>\n\t\t<div class=\"swiper-slide\" data-hash=\"gmedia3597\" data-photo-id=\"3597\"><span class=\"gmpm_va\"><\/span><img decoding=\"async\" src=\"https:\/\/www.heimatverein-delligsen.de\/hvd20\/wp-content\/grand-media\/image\/Kranzniederlegung_am_Wilhelm_Raabe_Gedenkstein.jpg\" data-src=\"https:\/\/www.heimatverein-delligsen.de\/hvd20\/wp-content\/grand-media\/image\/Kranzniederlegung_am_Wilhelm_Raabe_Gedenkstein.jpg\" alt=\"Kranzniederlegung am Wilhelm Raabe Gedenkstein\" data-protect=\"Eike Heuer\" class=\"noLazy gmpm_the_photo\"><\/div>\n\t\t<div class=\"swiper-slide\" data-hash=\"gmedia3598\" data-photo-id=\"3598\"><span class=\"gmpm_va\"><\/span><img decoding=\"async\" src=\"https:\/\/www.heimatverein-delligsen.de\/hvd20\/wp-content\/grand-media\/image\/Ministerpr_sident_Stephan_Weil_h_lt_die_Turmrede.jpg\" data-src=\"https:\/\/www.heimatverein-delligsen.de\/hvd20\/wp-content\/grand-media\/image\/Ministerpr_sident_Stephan_Weil_h_lt_die_Turmrede.jpg\" alt=\"Ministerpr\u00e4sident Stephan Weil h\u00e4lt die Turmrede\" data-protect=\"Eike Heuer\" class=\"noLazy gmpm_the_photo\"><\/div>\n\t\t<div class=\"swiper-slide\" data-hash=\"gmedia3599\" data-photo-id=\"3599\"><span class=\"gmpm_va\"><\/span><img decoding=\"async\" src=\"https:\/\/www.heimatverein-delligsen.de\/hvd20\/wp-content\/grand-media\/image\/Monika_und_B_rbel_w_rmen_sich_mit_einem_Gl_hwein.jpg\" data-src=\"https:\/\/www.heimatverein-delligsen.de\/hvd20\/wp-content\/grand-media\/image\/Monika_und_B_rbel_w_rmen_sich_mit_einem_Gl_hwein.jpg\" alt=\"Monika und B\u00e4rbel w\u00e4rmen sich mit einem Gl\u00fchwein\" data-protect=\"Eike Heuer\" class=\"noLazy gmpm_the_photo\"><\/div>\n\t\t<div class=\"swiper-slide\" data-hash=\"gmedia3600\" data-photo-id=\"3600\"><span class=\"gmpm_va\"><\/span><img decoding=\"async\" src=\"https:\/\/www.heimatverein-delligsen.de\/hvd20\/wp-content\/grand-media\/image\/S_nger_der_Band_Green_Machine_rockt_seine_Version_der_Hils-Hymne_Droben_im_Hils......jpg\" data-src=\"https:\/\/www.heimatverein-delligsen.de\/hvd20\/wp-content\/grand-media\/image\/S_nger_der_Band_Green_Machine_rockt_seine_Version_der_Hils-Hymne_Droben_im_Hils......jpg\" alt=\"S\u00e4nger der Band Green Machine rockt seine Version der Hils-Hymne &quot;Droben Im Hils&quot;\" data-protect=\"Eike Heuer\" class=\"noLazy gmpm_the_photo\"><\/div>\n\t\t<div class=\"swiper-slide\" data-hash=\"gmedia3601\" data-photo-id=\"3601\"><span class=\"gmpm_va\"><\/span><img decoding=\"async\" src=\"https:\/\/www.heimatverein-delligsen.de\/hvd20\/wp-content\/grand-media\/image\/Schunkeln_zu_den_Kl_ngen_vom_Musikzug_der_Freiwilligen_Feuerwehr_Gr_nenplan.jpg\" data-src=\"https:\/\/www.heimatverein-delligsen.de\/hvd20\/wp-content\/grand-media\/image\/Schunkeln_zu_den_Kl_ngen_vom_Musikzug_der_Freiwilligen_Feuerwehr_Gr_nenplan.jpg\" alt=\"Schunkeln zu den Kl\u00e4ngen vom Musikzug der Freiwilligen Feuerwehr Gr\u00fcnenplan\" data-protect=\"Eike Heuer\" class=\"noLazy gmpm_the_photo\"><\/div>\n\t\t<div class=\"swiper-slide\" data-hash=\"gmedia3602\" data-photo-id=\"3602\"><span class=\"gmpm_va\"><\/span><img decoding=\"async\" src=\"https:\/\/www.heimatverein-delligsen.de\/hvd20\/wp-content\/grand-media\/image\/Unsere_Wandergruppe_am_RotenFuchs.jpg\" data-src=\"https:\/\/www.heimatverein-delligsen.de\/hvd20\/wp-content\/grand-media\/image\/Unsere_Wandergruppe_am_RotenFuchs.jpg\" alt=\"Unsere Wandergruppe am Roten Fuchs\" data-protect=\"Eike Heuer\" class=\"noLazy gmpm_the_photo\"><\/div>\n\t\t<div class=\"swiper-slide\" data-hash=\"gmedia3603\" data-photo-id=\"3603\"><span class=\"gmpm_va\"><\/span><img decoding=\"async\" src=\"https:\/\/www.heimatverein-delligsen.de\/hvd20\/wp-content\/grand-media\/image\/Zum_Jubil_um_gibt_es_ein_Foto_von_Wilhelm_Raabe_aus_dem_Jahr_1910_mit_originaler_Unterschrift.jpg\" data-src=\"https:\/\/www.heimatverein-delligsen.de\/hvd20\/wp-content\/grand-media\/image\/Zum_Jubil_um_gibt_es_ein_Foto_von_Wilhelm_Raabe_aus_dem_Jahr_1910_mit_originaler_Unterschrift.jpg\" alt=\"Zum Jubil\u00e4um gibt es ein Foto von Wilhelm Raabe aus dem Jahr 1910 mit originaler Unterschrift\" data-protect=\"Eike Heuer\" class=\"noLazy gmpm_the_photo\"><\/div>\t\t\t\t<\/div>\n\t\t\t<\/div>\n\t\t<\/div>\n\n\t\t<div class=\"gmpm_photo_header\">\n\t\t\t<div class=\"gmpm_wrapper gmpm_clearfix\">\n\t\t\t\t<div class=\"gmpm_focus_actions\">\n\t\t\t\t\t\t\t\t\t\t\t\t\t\t\t<ul class=\"gmpm_focus_arrows gmpm_clearfix\">\n\t\t\t\t\t\t<li style=\"list-style:none;\"><a class=\"gmpm_button gmpm_photo_arrow_previous gmpm_prev\">Previous<\/a><\/li>\n\t\t\t\t\t\t<li style=\"list-style:none;\"><a class=\"gmpm_button gmpm_photo_arrow_next gmpm_next\">Next<\/a><\/li>\n\t\t\t\t\t<\/ul>\n\t\t\t\t<\/div>\n\t\t\t\t<div class=\"gmpm_name_wrap gmpm_clearfix gmpm_no_avatar\">\n\t\t\t\t\t\t\t\t\t\t<div class=\"gmpm_title_author\">\n\t\t\t\t\t\t<div class=\"gmpm_title\">Auch die Sonne l\u00e4sst sich kurz sehen<\/div>\n\t\t\t\t\t\t\t\t\t\t\t<\/div>\n\t\t\t\t<\/div>\n\t\t\t\t<div class=\"gmpm_actions gmpm_clearfix\">\n\t\t\t\t\t<div class=\"gmpm_carousel gmpm_has_previous gmpm_has_next\">\n\t\t\t\t\t\t<div class=\"gmpm_previous_button\"><\/div>\n\t\t\t\t\t\t<div class=\"gmpm_photo_carousel\">\n\t\t\t\t\t\t\t<div class=\"swiper-container swiper-small-images\">\n\t\t\t\t\t\t\t\t<div class=\"swiper-wrapper\">\n\t\t\t\t\t\t\t\t\t\n\t\t<div class=\"swiper-slide gmpm_photo\" data-photo-id=\"3590\"><img decoding=\"async\" src=\"https:\/\/www.heimatverein-delligsen.de\/hvd20\/wp-content\/grand-media\/image\/thumb\/Auch_die_Sonne_l_sst_sich_kurz_sehen.jpg\" data-src=\"https:\/\/www.heimatverein-delligsen.de\/hvd20\/wp-content\/grand-media\/image\/thumb\/Auch_die_Sonne_l_sst_sich_kurz_sehen.jpg\" alt=\"Auch die Sonne l\u00e4sst sich kurz sehen\" class=\"noLazy gmpm_photo swiper-lazy gmpm_photo_landscape\"><span class=\"swiper-lazy-preloader swiper-lazy-preloader-black\"><\/span><\/div>\n\t\t<div class=\"swiper-slide gmpm_photo\" data-photo-id=\"3591\"><img decoding=\"async\" src=\"https:\/\/www.heimatverein-delligsen.de\/hvd20\/wp-content\/grand-media\/image\/thumb\/Das_Feuer_verbreitet_wohlige_W_rme.jpg\" data-src=\"https:\/\/www.heimatverein-delligsen.de\/hvd20\/wp-content\/grand-media\/image\/thumb\/Das_Feuer_verbreitet_wohlige_W_rme.jpg\" alt=\"Das Feuer verbreitet wohlige W\u00e4rme\" class=\"noLazy gmpm_photo swiper-lazy gmpm_photo_landscape\"><span class=\"swiper-lazy-preloader swiper-lazy-preloader-black\"><\/span><\/div>\n\t\t<div class=\"swiper-slide gmpm_photo\" data-photo-id=\"3592\"><img decoding=\"async\" src=\"https:\/\/www.heimatverein-delligsen.de\/hvd20\/wp-content\/grand-media\/image\/thumb\/Die_Band_Green_Machine_sorgt_f_r_gute_Stimmung_bei_den_j_ngeren_Besuchern.jpg\" data-src=\"https:\/\/www.heimatverein-delligsen.de\/hvd20\/wp-content\/grand-media\/image\/thumb\/Die_Band_Green_Machine_sorgt_f_r_gute_Stimmung_bei_den_j_ngeren_Besuchern.jpg\" alt=\"Die Band Green Machine sorgt f\u00fcr gute Stimmung bei den j\u00fcngeren Besuchern\" class=\"noLazy gmpm_photo swiper-lazy gmpm_photo_landscape\"><span class=\"swiper-lazy-preloader swiper-lazy-preloader-black\"><\/span><\/div>\n\t\t<div class=\"swiper-slide gmpm_photo\" data-photo-id=\"3593\"><img decoding=\"async\" src=\"https:\/\/www.heimatverein-delligsen.de\/hvd20\/wp-content\/grand-media\/image\/thumb\/Die_Band_Green_Machine_sorgt_f_r_gute_Stimmung.jpg\" data-src=\"https:\/\/www.heimatverein-delligsen.de\/hvd20\/wp-content\/grand-media\/image\/thumb\/Die_Band_Green_Machine_sorgt_f_r_gute_Stimmung.jpg\" alt=\"Die Band Green Machine sorgt f\u00fcr gute Stimmung\" class=\"noLazy gmpm_photo swiper-lazy gmpm_photo_landscape\"><span class=\"swiper-lazy-preloader swiper-lazy-preloader-black\"><\/span><\/div>\n\t\t<div class=\"swiper-slide gmpm_photo\" data-photo-id=\"3594\"><img decoding=\"async\" src=\"https:\/\/www.heimatverein-delligsen.de\/hvd20\/wp-content\/grand-media\/image\/thumb\/Die_Besucher_auf_dem_Gro_en_Sohl_warten_auf_die_Turmredner.jpg\" data-src=\"https:\/\/www.heimatverein-delligsen.de\/hvd20\/wp-content\/grand-media\/image\/thumb\/Die_Besucher_auf_dem_Gro_en_Sohl_warten_auf_die_Turmredner.jpg\" alt=\"Die Besucher auf dem gro\u00dfen Sohl warten auf die Turmredner\" class=\"noLazy gmpm_photo swiper-lazy gmpm_photo_landscape\"><span class=\"swiper-lazy-preloader swiper-lazy-preloader-black\"><\/span><\/div>\n\t\t<div class=\"swiper-slide gmpm_photo\" data-photo-id=\"3595\"><img decoding=\"async\" src=\"https:\/\/www.heimatverein-delligsen.de\/hvd20\/wp-content\/grand-media\/image\/thumb\/Einige_Wanderer_auf_der_Blo_en_Zelle_mit_480_m_H_he_die_h_chste_Erhebung_im_Hils.jpg\" data-src=\"https:\/\/www.heimatverein-delligsen.de\/hvd20\/wp-content\/grand-media\/image\/thumb\/Einige_Wanderer_auf_der_Blo_en_Zelle_mit_480_m_H_he_die_h_chste_Erhebung_im_Hils.jpg\" alt=\"Einige Wanderer auf der blo\u00dfen Zelle, mit 480 m H\u00f6he die h\u00f6chste Erhebung im Hils\" class=\"noLazy gmpm_photo swiper-lazy gmpm_photo_landscape\"><span class=\"swiper-lazy-preloader swiper-lazy-preloader-black\"><\/span><\/div>\n\t\t<div class=\"swiper-slide gmpm_photo\" data-photo-id=\"3596\"><img decoding=\"async\" src=\"https:\/\/www.heimatverein-delligsen.de\/hvd20\/wp-content\/grand-media\/image\/thumb\/Gruppenfoto_vor_dem_Raabe-Turm.jpg\" data-src=\"https:\/\/www.heimatverein-delligsen.de\/hvd20\/wp-content\/grand-media\/image\/thumb\/Gruppenfoto_vor_dem_Raabe-Turm.jpg\" alt=\"Gruppenfoto vor dem Raabe-Turm\" class=\"noLazy gmpm_photo swiper-lazy gmpm_photo_landscape\"><span class=\"swiper-lazy-preloader swiper-lazy-preloader-black\"><\/span><\/div>\n\t\t<div class=\"swiper-slide gmpm_photo\" data-photo-id=\"3597\"><img decoding=\"async\" src=\"https:\/\/www.heimatverein-delligsen.de\/hvd20\/wp-content\/grand-media\/image\/thumb\/Kranzniederlegung_am_Wilhelm_Raabe_Gedenkstein.jpg\" data-src=\"https:\/\/www.heimatverein-delligsen.de\/hvd20\/wp-content\/grand-media\/image\/thumb\/Kranzniederlegung_am_Wilhelm_Raabe_Gedenkstein.jpg\" alt=\"Kranzniederlegung am Wilhelm Raabe Gedenkstein\" class=\"noLazy gmpm_photo swiper-lazy gmpm_photo_landscape\"><span class=\"swiper-lazy-preloader swiper-lazy-preloader-black\"><\/span><\/div>\n\t\t<div class=\"swiper-slide gmpm_photo\" data-photo-id=\"3598\"><img decoding=\"async\" src=\"https:\/\/www.heimatverein-delligsen.de\/hvd20\/wp-content\/grand-media\/image\/thumb\/Ministerpr_sident_Stephan_Weil_h_lt_die_Turmrede.jpg\" data-src=\"https:\/\/www.heimatverein-delligsen.de\/hvd20\/wp-content\/grand-media\/image\/thumb\/Ministerpr_sident_Stephan_Weil_h_lt_die_Turmrede.jpg\" alt=\"Ministerpr\u00e4sident Stephan Weil h\u00e4lt die Turmrede\" class=\"noLazy gmpm_photo swiper-lazy gmpm_photo_landscape\"><span class=\"swiper-lazy-preloader swiper-lazy-preloader-black\"><\/span><\/div>\n\t\t<div class=\"swiper-slide gmpm_photo\" data-photo-id=\"3599\"><img decoding=\"async\" src=\"https:\/\/www.heimatverein-delligsen.de\/hvd20\/wp-content\/grand-media\/image\/thumb\/Monika_und_B_rbel_w_rmen_sich_mit_einem_Gl_hwein.jpg\" data-src=\"https:\/\/www.heimatverein-delligsen.de\/hvd20\/wp-content\/grand-media\/image\/thumb\/Monika_und_B_rbel_w_rmen_sich_mit_einem_Gl_hwein.jpg\" alt=\"Monika und B\u00e4rbel w\u00e4rmen sich mit einem Gl\u00fchwein\" class=\"noLazy gmpm_photo swiper-lazy gmpm_photo_landscape\"><span class=\"swiper-lazy-preloader swiper-lazy-preloader-black\"><\/span><\/div>\n\t\t<div class=\"swiper-slide gmpm_photo\" data-photo-id=\"3600\"><img decoding=\"async\" src=\"https:\/\/www.heimatverein-delligsen.de\/hvd20\/wp-content\/grand-media\/image\/thumb\/S_nger_der_Band_Green_Machine_rockt_seine_Version_der_Hils-Hymne_Droben_im_Hils......jpg\" data-src=\"https:\/\/www.heimatverein-delligsen.de\/hvd20\/wp-content\/grand-media\/image\/thumb\/S_nger_der_Band_Green_Machine_rockt_seine_Version_der_Hils-Hymne_Droben_im_Hils......jpg\" alt=\"S\u00e4nger der Band Green Machine rockt seine Version der Hils-Hymne &quot;Droben Im Hils&quot;\" class=\"noLazy gmpm_photo swiper-lazy gmpm_photo_landscape\"><span class=\"swiper-lazy-preloader swiper-lazy-preloader-black\"><\/span><\/div>\n\t\t<div class=\"swiper-slide gmpm_photo\" data-photo-id=\"3601\"><img decoding=\"async\" src=\"https:\/\/www.heimatverein-delligsen.de\/hvd20\/wp-content\/grand-media\/image\/thumb\/Schunkeln_zu_den_Kl_ngen_vom_Musikzug_der_Freiwilligen_Feuerwehr_Gr_nenplan.jpg\" data-src=\"https:\/\/www.heimatverein-delligsen.de\/hvd20\/wp-content\/grand-media\/image\/thumb\/Schunkeln_zu_den_Kl_ngen_vom_Musikzug_der_Freiwilligen_Feuerwehr_Gr_nenplan.jpg\" alt=\"Schunkeln zu den Kl\u00e4ngen vom Musikzug der Freiwilligen Feuerwehr Gr\u00fcnenplan\" class=\"noLazy gmpm_photo swiper-lazy gmpm_photo_landscape\"><span class=\"swiper-lazy-preloader swiper-lazy-preloader-black\"><\/span><\/div>\n\t\t<div class=\"swiper-slide gmpm_photo\" data-photo-id=\"3602\"><img decoding=\"async\" src=\"https:\/\/www.heimatverein-delligsen.de\/hvd20\/wp-content\/grand-media\/image\/thumb\/Unsere_Wandergruppe_am_RotenFuchs.jpg\" data-src=\"https:\/\/www.heimatverein-delligsen.de\/hvd20\/wp-content\/grand-media\/image\/thumb\/Unsere_Wandergruppe_am_RotenFuchs.jpg\" alt=\"Unsere Wandergruppe am Roten Fuchs\" class=\"noLazy gmpm_photo swiper-lazy gmpm_photo_landscape\"><span class=\"swiper-lazy-preloader swiper-lazy-preloader-black\"><\/span><\/div>\n\t\t<div class=\"swiper-slide gmpm_photo\" data-photo-id=\"3603\"><img decoding=\"async\" src=\"https:\/\/www.heimatverein-delligsen.de\/hvd20\/wp-content\/grand-media\/image\/thumb\/Zum_Jubil_um_gibt_es_ein_Foto_von_Wilhelm_Raabe_aus_dem_Jahr_1910_mit_originaler_Unterschrift.jpg\" data-src=\"https:\/\/www.heimatverein-delligsen.de\/hvd20\/wp-content\/grand-media\/image\/thumb\/Zum_Jubil_um_gibt_es_ein_Foto_von_Wilhelm_Raabe_aus_dem_Jahr_1910_mit_originaler_Unterschrift.jpg\" alt=\"Zum Jubil\u00e4um gibt es ein Foto von Wilhelm Raabe aus dem Jahr 1910 mit originaler Unterschrift\" class=\"noLazy gmpm_photo swiper-lazy gmpm_photo_landscape\"><span class=\"swiper-lazy-preloader swiper-lazy-preloader-black\"><\/span><\/div>\t\t\t\t\t\t\t\t<\/div>\n\t\t\t\t\t\t\t<\/div>\n\t\t\t\t\t\t<\/div>\n\t\t\t\t\t\t<div class=\"gmpm_next_button\"><\/div>\n\t\t\t\t\t<\/div>\n\t\t\t\t\t\t\t\t\t\t\t\t\t\t\t\t\t\t\t\t\t\t\t\t<\/div>\n\t\t\t<\/div>\n\t\t<\/div>\n\t\t<div class=\"gmpm_focus_close_full\">\n\t\t\t<span><a class=\"gmpm_button gmpm_close\">Close<\/a><\/span>\n\t\t\t<span><a class=\"gmpm_button gmpm_full\">Full<\/a><\/span>\n\t\t<\/div>\n\t\t<div class=\"gmpm_photo_details\">\n\t\t\t<div class=\"gmpm_description_wrap empty-item-description\">\n\t\t\t\t\t\t\t<\/div>\n\t\t<\/div>\n\n\t\t<div class=\"gmpm_focus_footer\">\n\t\t\t<div class=\"gmpm_focus_keyboard\">\n\t\t\t\t<div class=\"gmpm_focus_keyboard_title\">Keyboard Shortcuts <a class=\"gmpm_focus_keyboard_dismiss\">Dismiss<\/a><\/div>\n\t\t\t\t<ul>\n\t\t\t\t\t<li style=\"list-style:none;\"><a data-key=\"p\" class=\"gmpm_key\">S<\/a><span class=\"gmpm_label\">Slideshow<\/span><\/li>\n\t\t\t\t\t<li style=\"list-style:none;\"><a data-key=\"m\" class=\"gmpm_key\">M<\/a><span class=\"gmpm_label\">Maximize<\/span><\/li>\n\t\t\t\t\t<li style=\"list-style:none;\"><a data-key=\"left\" class=\"gmpm_key\">&nbsp;<\/a><span class=\"gmpm_label\">Previous<\/span><\/li>\n\t\t\t\t\t<li style=\"list-style:none;\"><a data-key=\"right\" class=\"gmpm_key\">&nbsp;<\/a><span class=\"gmpm_label\">Next<\/span><\/li>\n\t\t\t\t\t<li style=\"list-style:none;\"><a data-key=\"escape\" class=\"gmpm_key gmpm_esc\">esc<\/a><span class=\"gmpm_label\">Close<\/span><\/li>\n\t\t\t\t<\/ul>\n\t\t\t<\/div>\n\t\t<\/div>\n\n\t<\/div>\n\n\t<script type=\"text\/javascript\">\n\t\t\tdocument.addEventListener( 'DOMContentLoaded', function() {\n\t\t\t\tjQuery( function( $ ) {\n\t\t\t\t\tvar settings = {\"show_comments\":\"0\",\"show_download_button\":\"0\",\"show_link_button\":\"0\",\"show_description\":\"0\",\"show_author_avatar\":\"0\",\"show_author_name\":\"0\",\"show_share_button\":\"0\",\"show_like_button\":\"0\",\"link_color\":\"096900\",\"link_color_hover\":\"096900\",\"description_title\":\"Beschreibung\",\"ID\":187,\"url\":\"https:\\\/\\\/www.heimatverein-delligsen.de?rest_route=%2Fwp%2Fv2%2Fpages%2F7731\",\"moduleUrl\":\"https:\\\/\\\/www.heimatverein-delligsen.de\\\/hvd20\\\/wp-content\\\/grand-media\\\/module\\\/photomania\",\"initial_slide\":0};\n\t\t\t\t\tvar content = {\"data\":[{\"id\":\"3590\",\"type\":\"image\",\"file\":\"Auch_die_Sonne_l_sst_sich_kurz_sehen.jpg\",\"meta\":{\"width\":1023,\"height\":682,\"views\":1025,\"likes\":0},\"title\":\"Auch die Sonne l\\u00e4sst sich kurz sehen\",\"alt\":\"Auch die Sonne l\\u00e4sst sich kurz sehen\",\"author\":{\"name\":\"Eike Heuer\",\"posts_link\":\"https:\\\/\\\/www.heimatverein-delligsen.de\\\/?author=1\"},\"post_link\":\"https:\\\/\\\/www.heimatverein-delligsen.de\\\/?gmedia=auch_die_sonne_l_sst_sich_kurz_sehen-jpg\",\"ratio\":1.5},{\"id\":\"3591\",\"type\":\"image\",\"file\":\"Das_Feuer_verbreitet_wohlige_W_rme.jpg\",\"meta\":{\"width\":1023,\"height\":682,\"views\":72,\"likes\":0},\"title\":\"Das Feuer verbreitet wohlige W\\u00e4rme\",\"alt\":\"Das Feuer verbreitet wohlige W\\u00e4rme\",\"author\":{\"name\":\"Eike Heuer\",\"posts_link\":\"https:\\\/\\\/www.heimatverein-delligsen.de\\\/?author=1\"},\"post_link\":\"https:\\\/\\\/www.heimatverein-delligsen.de\\\/?gmedia=das_feuer_verbreitet_wohlige_w_rme-jpg\",\"ratio\":1.5},{\"id\":\"3592\",\"type\":\"image\",\"file\":\"Die_Band_Green_Machine_sorgt_f_r_gute_Stimmung_bei_den_j_ngeren_Besuchern.jpg\",\"meta\":{\"width\":1023,\"height\":682,\"views\":78,\"likes\":0},\"title\":\"Die Band Green Machine sorgt f\\u00fcr gute Stimmung bei den j\\u00fcngeren Besuchern\",\"alt\":\"Die Band Green Machine sorgt f\\u00fcr gute Stimmung bei den j\\u00fcngeren Besuchern\",\"author\":{\"name\":\"Eike Heuer\",\"posts_link\":\"https:\\\/\\\/www.heimatverein-delligsen.de\\\/?author=1\"},\"post_link\":\"https:\\\/\\\/www.heimatverein-delligsen.de\\\/?gmedia=die_band_green_machine_sorgt_f_r_gute_stimmung_bei_den_j_ngeren_besuchern-jpg\",\"ratio\":1.5},{\"id\":\"3593\",\"type\":\"image\",\"file\":\"Die_Band_Green_Machine_sorgt_f_r_gute_Stimmung.jpg\",\"meta\":{\"width\":1023,\"height\":682,\"views\":68,\"likes\":0},\"title\":\"Die Band Green Machine sorgt f\\u00fcr gute Stimmung\",\"alt\":\"Die Band Green Machine sorgt f\\u00fcr gute Stimmung\",\"author\":{\"name\":\"Eike Heuer\",\"posts_link\":\"https:\\\/\\\/www.heimatverein-delligsen.de\\\/?author=1\"},\"post_link\":\"https:\\\/\\\/www.heimatverein-delligsen.de\\\/?gmedia=die_band_green_machine_sorgt_f_r_gute_stimmung-jpg\",\"ratio\":1.5},{\"id\":\"3594\",\"type\":\"image\",\"file\":\"Die_Besucher_auf_dem_Gro_en_Sohl_warten_auf_die_Turmredner.jpg\",\"meta\":{\"width\":1023,\"height\":682,\"views\":63,\"likes\":0},\"title\":\"Die Besucher auf dem gro\\u00dfen Sohl warten auf die Turmredner\",\"alt\":\"Die Besucher auf dem gro\\u00dfen Sohl warten auf die Turmredner\",\"author\":{\"name\":\"Eike Heuer\",\"posts_link\":\"https:\\\/\\\/www.heimatverein-delligsen.de\\\/?author=1\"},\"post_link\":\"https:\\\/\\\/www.heimatverein-delligsen.de\\\/?gmedia=die_besucher_auf_dem_gro_en_sohl_warten_auf_die_turmredner-jpg\",\"ratio\":1.5},{\"id\":\"3595\",\"type\":\"image\",\"file\":\"Einige_Wanderer_auf_der_Blo_en_Zelle_mit_480_m_H_he_die_h_chste_Erhebung_im_Hils.jpg\",\"meta\":{\"width\":1023,\"height\":682,\"views\":72,\"likes\":0},\"title\":\"Einige Wanderer auf der blo\\u00dfen Zelle, mit 480 m H\\u00f6he die h\\u00f6chste Erhebung im Hils\",\"alt\":\"Einige Wanderer auf der blo\\u00dfen Zelle, mit 480 m H\\u00f6he die h\\u00f6chste Erhebung im Hils\",\"author\":{\"name\":\"Eike Heuer\",\"posts_link\":\"https:\\\/\\\/www.heimatverein-delligsen.de\\\/?author=1\"},\"post_link\":\"https:\\\/\\\/www.heimatverein-delligsen.de\\\/?gmedia=einige_wanderer_auf_der_blo_en_zelle_mit_480_m_h_he_die_h_chste_erhebung_im_hils-jpg\",\"ratio\":1.5},{\"id\":\"3596\",\"type\":\"image\",\"file\":\"Gruppenfoto_vor_dem_Raabe-Turm.jpg\",\"meta\":{\"width\":1023,\"height\":682,\"views\":70,\"likes\":0},\"title\":\"Gruppenfoto vor dem Raabe-Turm\",\"alt\":\"Gruppenfoto vor dem Raabe-Turm\",\"author\":{\"name\":\"Eike Heuer\",\"posts_link\":\"https:\\\/\\\/www.heimatverein-delligsen.de\\\/?author=1\"},\"post_link\":\"https:\\\/\\\/www.heimatverein-delligsen.de\\\/?gmedia=gruppenfoto_vor_dem_raabe-turm-jpg\",\"ratio\":1.5},{\"id\":\"3597\",\"type\":\"image\",\"file\":\"Kranzniederlegung_am_Wilhelm_Raabe_Gedenkstein.jpg\",\"meta\":{\"width\":1023,\"height\":682,\"views\":59,\"likes\":0},\"title\":\"Kranzniederlegung am Wilhelm Raabe Gedenkstein\",\"alt\":\"Kranzniederlegung am Wilhelm Raabe Gedenkstein\",\"author\":{\"name\":\"Eike Heuer\",\"posts_link\":\"https:\\\/\\\/www.heimatverein-delligsen.de\\\/?author=1\"},\"post_link\":\"https:\\\/\\\/www.heimatverein-delligsen.de\\\/?gmedia=kranzniederlegung_am_wilhelm_raabe_gedenkstein-jpg\",\"ratio\":1.5},{\"id\":\"3598\",\"type\":\"image\",\"file\":\"Ministerpr_sident_Stephan_Weil_h_lt_die_Turmrede.jpg\",\"meta\":{\"width\":1023,\"height\":682,\"views\":63,\"likes\":0},\"title\":\"Ministerpr\\u00e4sident Stephan Weil h\\u00e4lt die Turmrede\",\"alt\":\"Ministerpr\\u00e4sident Stephan Weil h\\u00e4lt die Turmrede\",\"author\":{\"name\":\"Eike Heuer\",\"posts_link\":\"https:\\\/\\\/www.heimatverein-delligsen.de\\\/?author=1\"},\"post_link\":\"https:\\\/\\\/www.heimatverein-delligsen.de\\\/?gmedia=ministerpr_sident_stephan_weil_h_lt_die_turmrede-jpg\",\"ratio\":1.5},{\"id\":\"3599\",\"type\":\"image\",\"file\":\"Monika_und_B_rbel_w_rmen_sich_mit_einem_Gl_hwein.jpg\",\"meta\":{\"width\":1023,\"height\":682,\"views\":63,\"likes\":0},\"title\":\"Monika und B\\u00e4rbel w\\u00e4rmen sich mit einem Gl\\u00fchwein\",\"alt\":\"Monika und B\\u00e4rbel w\\u00e4rmen sich mit einem Gl\\u00fchwein\",\"author\":{\"name\":\"Eike Heuer\",\"posts_link\":\"https:\\\/\\\/www.heimatverein-delligsen.de\\\/?author=1\"},\"post_link\":\"https:\\\/\\\/www.heimatverein-delligsen.de\\\/?gmedia=monika_und_b_rbel_w_rmen_sich_mit_einem_gl_hwein-jpg\",\"ratio\":1.5},{\"id\":\"3600\",\"type\":\"image\",\"file\":\"S_nger_der_Band_Green_Machine_rockt_seine_Version_der_Hils-Hymne_Droben_im_Hils......jpg\",\"meta\":{\"width\":1023,\"height\":682,\"views\":60,\"likes\":0},\"title\":\"S\\u00e4nger der Band Green Machine rockt seine Version der Hils-Hymne \\\"Droben Im Hils\\\"\",\"alt\":\"S\\u00e4nger der Band Green Machine rockt seine Version der Hils-Hymne \\\"Droben Im Hils\\\"\",\"author\":{\"name\":\"Eike Heuer\",\"posts_link\":\"https:\\\/\\\/www.heimatverein-delligsen.de\\\/?author=1\"},\"post_link\":\"https:\\\/\\\/www.heimatverein-delligsen.de\\\/?gmedia=s_nger_der_band_green_machine_rockt_seine_version_der_hils-hymne_droben_im_hils-jpg\",\"ratio\":1.5},{\"id\":\"3601\",\"type\":\"image\",\"file\":\"Schunkeln_zu_den_Kl_ngen_vom_Musikzug_der_Freiwilligen_Feuerwehr_Gr_nenplan.jpg\",\"meta\":{\"width\":1023,\"height\":682,\"views\":64,\"likes\":0},\"title\":\"Schunkeln zu den Kl\\u00e4ngen vom Musikzug der Freiwilligen Feuerwehr Gr\\u00fcnenplan\",\"alt\":\"Schunkeln zu den Kl\\u00e4ngen vom Musikzug der Freiwilligen Feuerwehr Gr\\u00fcnenplan\",\"author\":{\"name\":\"Eike Heuer\",\"posts_link\":\"https:\\\/\\\/www.heimatverein-delligsen.de\\\/?author=1\"},\"post_link\":\"https:\\\/\\\/www.heimatverein-delligsen.de\\\/?gmedia=schunkeln_zu_den_kl_ngen_vom_musikzug_der_freiwilligen_feuerwehr_gr_nenplan-jpg\",\"ratio\":1.5},{\"id\":\"3602\",\"type\":\"image\",\"file\":\"Unsere_Wandergruppe_am_RotenFuchs.jpg\",\"meta\":{\"width\":1023,\"height\":682,\"views\":58,\"likes\":0},\"title\":\"Unsere Wandergruppe am Roten Fuchs\",\"alt\":\"Unsere Wandergruppe am Roten Fuchs\",\"author\":{\"name\":\"Eike Heuer\",\"posts_link\":\"https:\\\/\\\/www.heimatverein-delligsen.de\\\/?author=1\"},\"post_link\":\"https:\\\/\\\/www.heimatverein-delligsen.de\\\/?gmedia=unsere_wandergruppe_am_rotenfuchs-jpg\",\"ratio\":1.5},{\"id\":\"3603\",\"type\":\"image\",\"file\":\"Zum_Jubil_um_gibt_es_ein_Foto_von_Wilhelm_Raabe_aus_dem_Jahr_1910_mit_originaler_Unterschrift.jpg\",\"meta\":{\"width\":1023,\"height\":682,\"views\":65,\"likes\":0},\"title\":\"Zum Jubil\\u00e4um gibt es ein Foto von Wilhelm Raabe aus dem Jahr 1910 mit originaler Unterschrift\",\"alt\":\"Zum Jubil\\u00e4um gibt es ein Foto von Wilhelm Raabe aus dem Jahr 1910 mit originaler Unterschrift\",\"author\":{\"name\":\"Eike Heuer\",\"posts_link\":\"https:\\\/\\\/www.heimatverein-delligsen.de\\\/?author=1\"},\"post_link\":\"https:\\\/\\\/www.heimatverein-delligsen.de\\\/?gmedia=zum_jubil_um_gibt_es_ein_foto_von_wilhelm_raabe_aus_dem_jahr_1910_mit_originaler_unterschrift-jpg\",\"ratio\":1.5}],\"terms\":[]};\n\t\t\t\t\tvar container = $( '#GmediaGallery_187' );\n\t\t\t\t\tcontainer.photomania( settings, content );\n\t\t\t\t\twindow.GmediaGallery_187 = container.data( 'photomania' );\n\t\t\t\t} );\n\t\t\t} );\n\t<\/script><\/div>\n<p style=\"text-align: center;\"><a href=\"http:\/\/www.heimatverein-delligsen.de\/?page_id=7445\">&lt; Fotoalbum 2018<\/a> | <a href=\"http:\/\/www.heimatverein-delligsen.de\/?page_id=14\">Jahres\u00fcbersicht<\/a> | <a href=\"http:\/\/www.heimatverein-delligsen.de\/?page_id=8178\">Fotoalbum 2020 &gt;<\/a><\/p>\n<div data-animation=\"no-animation\" data-icons-animation=\"wobble\" data-overlay=\"\" data-change-size=\"\" data-button-size=\"1\" style=\"font-size:1em!important;display:none;\" class=\"supsystic-social-sharing supsystic-social-sharing-package-flat supsystic-social-sharing-hide-on-homepage supsystic-social-sharing-hide-on-mobile supsystic-social-sharing-spacing supsystic-social-sharing-content supsystic-social-sharing-content-align-right\" data-text=\"\"><a data-networks=\"[]\" class=\"social-sharing-button sharer-flat sharer-flat-4 counter-standard without-counter facebook\" target=\"_blank\" title=\"Facebook\" href=\"http:\/\/www.facebook.com\/sharer.php?u=https%3A%2F%2Fwww.heimatverein-delligsen.de%2F%3Fpage_id%3D7731\" data-main-href=\"http:\/\/www.facebook.com\/sharer.php?u={url}\" data-nid=\"1\" data-name=\"\" data-pid=\"1\" data-post-id=\"7731\" data-url=\"https:\/\/www.heimatverein-delligsen.de\/hvd20\/wp-admin\/admin-ajax.php\" rel=\"nofollow\" data-mailto=\"\"><i class=\"fa-ssbs fa-ssbs-fw fa-ssbs-facebook\"><\/i><div class=\"counter-wrap standard\"><span class=\"counter\">1<\/span><\/div><\/a><a data-networks=\"[]\" class=\"social-sharing-button sharer-flat sharer-flat-4 counter-standard without-counter twitter\" target=\"_blank\" title=\"Twitter\" href=\"https:\/\/twitter.com\/share?url=https%3A%2F%2Fwww.heimatverein-delligsen.de%2F%3Fpage_id%3D7731&text=Fotoalbum+2019\" data-main-href=\"https:\/\/twitter.com\/share?url={url}&text={title}\" data-nid=\"2\" data-name=\"\" data-pid=\"1\" data-post-id=\"7731\" data-url=\"https:\/\/www.heimatverein-delligsen.de\/hvd20\/wp-admin\/admin-ajax.php\" rel=\"nofollow\" data-mailto=\"\"><i class=\"fa-ssbs fa-ssbs-fw fa-ssbs-twitter\"><\/i><div class=\"counter-wrap standard\"><span class=\"counter\">0<\/span><\/div><\/a><a data-networks=\"[]\" class=\"social-sharing-button sharer-flat sharer-flat-4 counter-standard without-counter googleplus\" target=\"_blank\" title=\"Google+\" href=\"https:\/\/plus.google.com\/share?url=https%3A%2F%2Fwww.heimatverein-delligsen.de%2F%3Fpage_id%3D7731\" data-main-href=\"https:\/\/plus.google.com\/share?url={url}\" data-nid=\"3\" data-name=\"\" data-pid=\"1\" data-post-id=\"7731\" data-url=\"https:\/\/www.heimatverein-delligsen.de\/hvd20\/wp-admin\/admin-ajax.php\" rel=\"nofollow\" data-mailto=\"\"><i class=\"fa-ssbs fa-ssbs-fw fa-ssbs-google-plus\"><\/i><div class=\"counter-wrap standard\"><span class=\"counter\">0<\/span><\/div><\/a><a data-networks=\"[]\" class=\"social-sharing-button sharer-flat sharer-flat-4 counter-standard without-counter mail\" target=\"_blank\" title=\"Mail\" href=\"#\" data-main-href=\"#\" data-nid=\"16\" data-name=\"\" data-pid=\"1\" data-post-id=\"7731\" data-url=\"https:\/\/www.heimatverein-delligsen.de\/hvd20\/wp-admin\/admin-ajax.php\" rel=\"nofollow\" data-mailto=\"\"><i class=\"fa-ssbs fa-ssbs-fw fa-ssbs-envelope-o\"><\/i><div class=\"counter-wrap standard\"><span class=\"counter\">0<\/span><\/div><\/a><a data-networks=\"[]\" class=\"social-sharing-button sharer-flat sharer-flat-4 counter-standard without-counter print\" target=\"_blank\" title=\"Drucken\" href=\"#\" data-main-href=\"#\" data-nid=\"14\" data-name=\"\" data-pid=\"1\" data-post-id=\"7731\" data-url=\"https:\/\/www.heimatverein-delligsen.de\/hvd20\/wp-admin\/admin-ajax.php\" rel=\"nofollow\" data-mailto=\"\"><i class=\"fa-ssbs fa-ssbs-fw fa-ssbs-print\"><\/i><div class=\"counter-wrap standard\"><span class=\"counter\">0<\/span><\/div><\/a><\/div>","protected":false},"excerpt":{"rendered":"<div data-animation=\"no-animation\" data-icons-animation=\"wobble\" data-overlay=\"\" data-change-size=\"\" data-button-size=\"1\" style=\"font-size:1em!important;display:none;\" class=\"supsystic-social-sharing supsystic-social-sharing-package-flat supsystic-social-sharing-hide-on-homepage supsystic-social-sharing-hide-on-mobile supsystic-social-sharing-spacing supsystic-social-sharing-content supsystic-social-sharing-content-align-right\" data-text=\"\"><a data-networks=\"[]\" class=\"social-sharing-button sharer-flat sharer-flat-4 counter-standard without-counter facebook\" target=\"_blank\" title=\"Facebook\" href=\"http:\/\/www.facebook.com\/sharer.php?u=https%3A%2F%2Fwww.heimatverein-delligsen.de%2F%3Fpage_id%3D7731\" data-main-href=\"http:\/\/www.facebook.com\/sharer.php?u={url}\" data-nid=\"1\" data-name=\"\" data-pid=\"1\" data-post-id=\"7731\" data-url=\"https:\/\/www.heimatverein-delligsen.de\/hvd20\/wp-admin\/admin-ajax.php\" rel=\"nofollow\" data-mailto=\"\"><i class=\"fa-ssbs fa-ssbs-fw fa-ssbs-facebook\"><\/i><div class=\"counter-wrap standard\"><span class=\"counter\">1<\/span><\/div><\/a><a data-networks=\"[]\" class=\"social-sharing-button sharer-flat sharer-flat-4 counter-standard without-counter twitter\" target=\"_blank\" title=\"Twitter\" href=\"https:\/\/twitter.com\/share?url=https%3A%2F%2Fwww.heimatverein-delligsen.de%2F%3Fpage_id%3D7731&text=Fotoalbum+2019\" data-main-href=\"https:\/\/twitter.com\/share?url={url}&text={title}\" data-nid=\"2\" data-name=\"\" data-pid=\"1\" data-post-id=\"7731\" data-url=\"https:\/\/www.heimatverein-delligsen.de\/hvd20\/wp-admin\/admin-ajax.php\" rel=\"nofollow\" data-mailto=\"\"><i class=\"fa-ssbs fa-ssbs-fw fa-ssbs-twitter\"><\/i><div class=\"counter-wrap standard\"><span class=\"counter\">0<\/span><\/div><\/a><a data-networks=\"[]\" class=\"social-sharing-button sharer-flat sharer-flat-4 counter-standard without-counter googleplus\" target=\"_blank\" title=\"Google+\" href=\"https:\/\/plus.google.com\/share?url=https%3A%2F%2Fwww.heimatverein-delligsen.de%2F%3Fpage_id%3D7731\" data-main-href=\"https:\/\/plus.google.com\/share?url={url}\" data-nid=\"3\" data-name=\"\" data-pid=\"1\" data-post-id=\"7731\" data-url=\"https:\/\/www.heimatverein-delligsen.de\/hvd20\/wp-admin\/admin-ajax.php\" rel=\"nofollow\" data-mailto=\"\"><i class=\"fa-ssbs fa-ssbs-fw fa-ssbs-google-plus\"><\/i><div class=\"counter-wrap standard\"><span class=\"counter\">0<\/span><\/div><\/a><a data-networks=\"[]\" class=\"social-sharing-button sharer-flat sharer-flat-4 counter-standard without-counter mail\" target=\"_blank\" title=\"Mail\" href=\"#\" data-main-href=\"#\" data-nid=\"16\" data-name=\"\" data-pid=\"1\" data-post-id=\"7731\" data-url=\"https:\/\/www.heimatverein-delligsen.de\/hvd20\/wp-admin\/admin-ajax.php\" rel=\"nofollow\" data-mailto=\"\"><i class=\"fa-ssbs fa-ssbs-fw fa-ssbs-envelope-o\"><\/i><div class=\"counter-wrap standard\"><span class=\"counter\">0<\/span><\/div><\/a><a data-networks=\"[]\" class=\"social-sharing-button sharer-flat sharer-flat-4 counter-standard without-counter print\" target=\"_blank\" title=\"Drucken\" href=\"#\" data-main-href=\"#\" data-nid=\"14\" data-name=\"\" data-pid=\"1\" data-post-id=\"7731\" data-url=\"https:\/\/www.heimatverein-delligsen.de\/hvd20\/wp-admin\/admin-ajax.php\" rel=\"nofollow\" data-mailto=\"\"><i class=\"fa-ssbs fa-ssbs-fw fa-ssbs-print\"><\/i><div class=\"counter-wrap standard\"><span class=\"counter\">0<\/span><\/div><\/a><\/div><div data-animation=\"no-animation\" data-icons-animation=\"no-animation\" data-overlay=\"\" data-change-size=\"\" data-button-size=\"0.7\" style=\"font-size:0.7em!important;display:none;\" class=\"supsystic-social-sharing supsystic-social-sharing-package-flat supsystic-social-sharing-hide-on-homepage supsystic-social-sharing-show-only-on-mobile supsystic-social-sharing-spacing supsystic-social-sharing-content supsystic-social-sharing-content-align-center\" data-text=\"\"><a data-networks=\"[]\" class=\"social-sharing-button sharer-flat sharer-flat-4 counter-standard without-counter facebook\" target=\"_blank\" title=\"Facebook\" href=\"http:\/\/www.facebook.com\/sharer.php?u=https%3A%2F%2Fwww.heimatverein-delligsen.de%2F%3Fpage_id%3D7731\" data-main-href=\"http:\/\/www.facebook.com\/sharer.php?u={url}\" data-nid=\"1\" data-name=\"\" data-pid=\"2\" data-post-id=\"7731\" data-url=\"https:\/\/www.heimatverein-delligsen.de\/hvd20\/wp-admin\/admin-ajax.php\" rel=\"nofollow\" data-mailto=\"\"><i class=\"fa-ssbs fa-ssbs-fw fa-ssbs-facebook\"><\/i><div class=\"counter-wrap standard\"><span class=\"counter\">0<\/span><\/div><\/a><a data-networks=\"[]\" class=\"social-sharing-button sharer-flat sharer-flat-4 counter-standard without-counter whatsapp\" target=\"_blank\" title=\"WhatsApp\" href=\"https:\/\/web.whatsapp.com\/send?text=https%3A%2F%2Fwww.heimatverein-delligsen.de%2F%3Fpage_id%3D7731\" data-main-href=\"https:\/\/web.whatsapp.com\/send?text={url}\" data-nid=\"18\" data-name=\"\" data-pid=\"2\" data-post-id=\"7731\" data-url=\"https:\/\/www.heimatverein-delligsen.de\/hvd20\/wp-admin\/admin-ajax.php\" rel=\"nofollow\" data-mailto=\"\"><i class=\"fa-ssbs fa-ssbs-fw fa-ssbs-whatsapp\"><\/i><div class=\"counter-wrap standard\"><span class=\"counter\">1<\/span><\/div><\/a><a data-networks=\"[]\" class=\"social-sharing-button sharer-flat sharer-flat-4 counter-standard without-counter twitter\" target=\"_blank\" title=\"Twitter\" href=\"https:\/\/twitter.com\/share?url=https%3A%2F%2Fwww.heimatverein-delligsen.de%2F%3Fpage_id%3D7731&text=Fotoalbum+2019\" data-main-href=\"https:\/\/twitter.com\/share?url={url}&text={title}\" data-nid=\"2\" data-name=\"\" data-pid=\"2\" data-post-id=\"7731\" data-url=\"https:\/\/www.heimatverein-delligsen.de\/hvd20\/wp-admin\/admin-ajax.php\" rel=\"nofollow\" data-mailto=\"\"><i class=\"fa-ssbs fa-ssbs-fw fa-ssbs-twitter\"><\/i><div class=\"counter-wrap standard\"><span class=\"counter\">1<\/span><\/div><\/a><a data-networks=\"[]\" class=\"social-sharing-button sharer-flat sharer-flat-4 counter-standard without-counter googleplus\" target=\"_blank\" title=\"Google+\" href=\"https:\/\/plus.google.com\/share?url=https%3A%2F%2Fwww.heimatverein-delligsen.de%2F%3Fpage_id%3D7731\" data-main-href=\"https:\/\/plus.google.com\/share?url={url}\" data-nid=\"3\" data-name=\"\" data-pid=\"2\" data-post-id=\"7731\" data-url=\"https:\/\/www.heimatverein-delligsen.de\/hvd20\/wp-admin\/admin-ajax.php\" rel=\"nofollow\" data-mailto=\"\"><i class=\"fa-ssbs fa-ssbs-fw fa-ssbs-google-plus\"><\/i><div class=\"counter-wrap standard\"><span class=\"counter\">1<\/span><\/div><\/a><a data-networks=\"[]\" class=\"social-sharing-button sharer-flat sharer-flat-4 counter-standard without-counter mail\" target=\"_blank\" title=\"Mail\" href=\"#\" data-main-href=\"#\" data-nid=\"16\" data-name=\"\" data-pid=\"2\" data-post-id=\"7731\" data-url=\"https:\/\/www.heimatverein-delligsen.de\/hvd20\/wp-admin\/admin-ajax.php\" rel=\"nofollow\" data-mailto=\"\"><i class=\"fa-ssbs fa-ssbs-fw fa-ssbs-envelope-o\"><\/i><div class=\"counter-wrap standard\"><span class=\"counter\">0<\/span><\/div><\/a><\/div><p>&lt; Fotoalbum 2018 | Jahres\u00fcbersicht | Fotoalbum 2020 &gt; 18.08.2019: Wanderung im Harz \u00fcber die Teufelsmauer 22.12.2019: Sohlwanderung &lt; Fotoalbum<\/p>\n<div data-animation=\"no-animation\" data-icons-animation=\"wobble\" data-overlay=\"\" data-change-size=\"\" data-button-size=\"1\" style=\"font-size:1em!important;display:none;\" class=\"supsystic-social-sharing supsystic-social-sharing-package-flat supsystic-social-sharing-hide-on-homepage supsystic-social-sharing-hide-on-mobile supsystic-social-sharing-spacing supsystic-social-sharing-content supsystic-social-sharing-content-align-right\" data-text=\"\"><a data-networks=\"[]\" class=\"social-sharing-button sharer-flat sharer-flat-4 counter-standard without-counter facebook\" target=\"_blank\" title=\"Facebook\" href=\"http:\/\/www.facebook.com\/sharer.php?u=https%3A%2F%2Fwww.heimatverein-delligsen.de%2F%3Fpage_id%3D7731\" data-main-href=\"http:\/\/www.facebook.com\/sharer.php?u={url}\" data-nid=\"1\" data-name=\"\" data-pid=\"1\" data-post-id=\"7731\" data-url=\"https:\/\/www.heimatverein-delligsen.de\/hvd20\/wp-admin\/admin-ajax.php\" rel=\"nofollow\" data-mailto=\"\"><i class=\"fa-ssbs fa-ssbs-fw fa-ssbs-facebook\"><\/i><div class=\"counter-wrap standard\"><span class=\"counter\">1<\/span><\/div><\/a><a data-networks=\"[]\" class=\"social-sharing-button sharer-flat sharer-flat-4 counter-standard without-counter twitter\" target=\"_blank\" title=\"Twitter\" href=\"https:\/\/twitter.com\/share?url=https%3A%2F%2Fwww.heimatverein-delligsen.de%2F%3Fpage_id%3D7731&text=Fotoalbum+2019\" data-main-href=\"https:\/\/twitter.com\/share?url={url}&text={title}\" data-nid=\"2\" data-name=\"\" data-pid=\"1\" data-post-id=\"7731\" data-url=\"https:\/\/www.heimatverein-delligsen.de\/hvd20\/wp-admin\/admin-ajax.php\" rel=\"nofollow\" data-mailto=\"\"><i class=\"fa-ssbs fa-ssbs-fw fa-ssbs-twitter\"><\/i><div class=\"counter-wrap standard\"><span class=\"counter\">0<\/span><\/div><\/a><a data-networks=\"[]\" class=\"social-sharing-button sharer-flat sharer-flat-4 counter-standard without-counter googleplus\" target=\"_blank\" title=\"Google+\" href=\"https:\/\/plus.google.com\/share?url=https%3A%2F%2Fwww.heimatverein-delligsen.de%2F%3Fpage_id%3D7731\" data-main-href=\"https:\/\/plus.google.com\/share?url={url}\" data-nid=\"3\" data-name=\"\" data-pid=\"1\" data-post-id=\"7731\" data-url=\"https:\/\/www.heimatverein-delligsen.de\/hvd20\/wp-admin\/admin-ajax.php\" rel=\"nofollow\" data-mailto=\"\"><i class=\"fa-ssbs fa-ssbs-fw fa-ssbs-google-plus\"><\/i><div class=\"counter-wrap standard\"><span class=\"counter\">0<\/span><\/div><\/a><a data-networks=\"[]\" class=\"social-sharing-button sharer-flat sharer-flat-4 counter-standard without-counter mail\" target=\"_blank\" title=\"Mail\" href=\"#\" data-main-href=\"#\" data-nid=\"16\" data-name=\"\" data-pid=\"1\" data-post-id=\"7731\" data-url=\"https:\/\/www.heimatverein-delligsen.de\/hvd20\/wp-admin\/admin-ajax.php\" rel=\"nofollow\" data-mailto=\"\"><i class=\"fa-ssbs fa-ssbs-fw fa-ssbs-envelope-o\"><\/i><div class=\"counter-wrap standard\"><span class=\"counter\">0<\/span><\/div><\/a><a data-networks=\"[]\" class=\"social-sharing-button sharer-flat sharer-flat-4 counter-standard without-counter print\" target=\"_blank\" title=\"Drucken\" href=\"#\" data-main-href=\"#\" data-nid=\"14\" data-name=\"\" data-pid=\"1\" data-post-id=\"7731\" data-url=\"https:\/\/www.heimatverein-delligsen.de\/hvd20\/wp-admin\/admin-ajax.php\" rel=\"nofollow\" data-mailto=\"\"><i class=\"fa-ssbs fa-ssbs-fw fa-ssbs-print\"><\/i><div class=\"counter-wrap standard\"><span class=\"counter\">0<\/span><\/div><\/a><\/div>","protected":false},"author":1,"featured_media":0,"parent":14,"menu_order":0,"comment_status":"closed","ping_status":"closed","template":"","meta":{"footnotes":""},"class_list":["post-7731","page","type-page","status-publish","hentry"],"_links":{"self":[{"href":"https:\/\/www.heimatverein-delligsen.de\/index.php?rest_route=\/wp\/v2\/pages\/7731","targetHints":{"allow":["GET"]}}],"collection":[{"href":"https:\/\/www.heimatverein-delligsen.de\/index.php?rest_route=\/wp\/v2\/pages"}],"about":[{"href":"https:\/\/www.heimatverein-delligsen.de\/index.php?rest_route=\/wp\/v2\/types\/page"}],"author":[{"embeddable":true,"href":"https:\/\/www.heimatverein-delligsen.de\/index.php?rest_route=\/wp\/v2\/users\/1"}],"replies":[{"embeddable":true,"href":"https:\/\/www.heimatverein-delligsen.de\/index.php?rest_route=%2Fwp%2Fv2%2Fcomments&post=7731"}],"version-history":[{"count":13,"href":"https:\/\/www.heimatverein-delligsen.de\/index.php?rest_route=\/wp\/v2\/pages\/7731\/revisions"}],"predecessor-version":[{"id":8180,"href":"https:\/\/www.heimatverein-delligsen.de\/index.php?rest_route=\/wp\/v2\/pages\/7731\/revisions\/8180"}],"up":[{"embeddable":true,"href":"https:\/\/www.heimatverein-delligsen.de\/index.php?rest_route=\/wp\/v2\/pages\/14"}],"wp:attachment":[{"href":"https:\/\/www.heimatverein-delligsen.de\/index.php?rest_route=%2Fwp%2Fv2%2Fmedia&parent=7731"}],"curies":[{"name":"wp","href":"https:\/\/api.w.org\/{rel}","templated":true}]}}