{"id":8748,"date":"2022-04-11T14:12:14","date_gmt":"2022-04-11T13:12:14","guid":{"rendered":"https:\/\/www.heimatverein-delligsen.de\/?page_id=8748"},"modified":"2025-01-08T14:00:24","modified_gmt":"2025-01-08T13:00:24","slug":"fotoalbum-2022","status":"publish","type":"page","link":"https:\/\/www.heimatverein-delligsen.de\/?page_id=8748","title":{"rendered":"Fotoalbum 2022"},"content":{"rendered":"<div data-animation=\"no-animation\" data-icons-animation=\"wobble\" data-overlay=\"\" data-change-size=\"\" data-button-size=\"1\" style=\"font-size:1em!important;display:none;\" class=\"supsystic-social-sharing supsystic-social-sharing-package-flat supsystic-social-sharing-hide-on-homepage supsystic-social-sharing-hide-on-mobile supsystic-social-sharing-spacing supsystic-social-sharing-content supsystic-social-sharing-content-align-right\" data-text=\"\"><a data-networks=\"[]\" class=\"social-sharing-button sharer-flat sharer-flat-4 counter-standard without-counter facebook\" target=\"_blank\" title=\"Facebook\" href=\"http:\/\/www.facebook.com\/sharer.php?u=https%3A%2F%2Fwww.heimatverein-delligsen.de%2F%3Fpage_id%3D8748\" data-main-href=\"http:\/\/www.facebook.com\/sharer.php?u={url}\" data-nid=\"1\" data-name=\"\" data-pid=\"1\" data-post-id=\"8748\" data-url=\"https:\/\/www.heimatverein-delligsen.de\/hvd20\/wp-admin\/admin-ajax.php\" rel=\"nofollow\" data-mailto=\"\"><i class=\"fa-ssbs fa-ssbs-fw fa-ssbs-facebook\"><\/i><div class=\"counter-wrap standard\"><span class=\"counter\">0<\/span><\/div><\/a><a data-networks=\"[]\" class=\"social-sharing-button sharer-flat sharer-flat-4 counter-standard without-counter twitter\" target=\"_blank\" title=\"Twitter\" href=\"https:\/\/twitter.com\/share?url=https%3A%2F%2Fwww.heimatverein-delligsen.de%2F%3Fpage_id%3D8748&text=Fotoalbum+2022\" data-main-href=\"https:\/\/twitter.com\/share?url={url}&text={title}\" data-nid=\"2\" data-name=\"\" data-pid=\"1\" data-post-id=\"8748\" data-url=\"https:\/\/www.heimatverein-delligsen.de\/hvd20\/wp-admin\/admin-ajax.php\" rel=\"nofollow\" data-mailto=\"\"><i class=\"fa-ssbs fa-ssbs-fw fa-ssbs-twitter\"><\/i><div class=\"counter-wrap standard\"><span class=\"counter\">0<\/span><\/div><\/a><a data-networks=\"[]\" class=\"social-sharing-button sharer-flat sharer-flat-4 counter-standard without-counter googleplus\" target=\"_blank\" title=\"Google+\" href=\"https:\/\/plus.google.com\/share?url=https%3A%2F%2Fwww.heimatverein-delligsen.de%2F%3Fpage_id%3D8748\" data-main-href=\"https:\/\/plus.google.com\/share?url={url}\" data-nid=\"3\" data-name=\"\" data-pid=\"1\" data-post-id=\"8748\" data-url=\"https:\/\/www.heimatverein-delligsen.de\/hvd20\/wp-admin\/admin-ajax.php\" rel=\"nofollow\" data-mailto=\"\"><i class=\"fa-ssbs fa-ssbs-fw fa-ssbs-google-plus\"><\/i><div class=\"counter-wrap standard\"><span class=\"counter\">0<\/span><\/div><\/a><a data-networks=\"[]\" class=\"social-sharing-button sharer-flat sharer-flat-4 counter-standard without-counter mail\" target=\"_blank\" title=\"Mail\" href=\"#\" data-main-href=\"#\" data-nid=\"16\" data-name=\"\" data-pid=\"1\" data-post-id=\"8748\" data-url=\"https:\/\/www.heimatverein-delligsen.de\/hvd20\/wp-admin\/admin-ajax.php\" rel=\"nofollow\" data-mailto=\"\"><i class=\"fa-ssbs fa-ssbs-fw fa-ssbs-envelope-o\"><\/i><div class=\"counter-wrap standard\"><span class=\"counter\">0<\/span><\/div><\/a><a data-networks=\"[]\" class=\"social-sharing-button sharer-flat sharer-flat-4 counter-standard without-counter print\" target=\"_blank\" title=\"Drucken\" href=\"#\" data-main-href=\"#\" data-nid=\"14\" data-name=\"\" data-pid=\"1\" data-post-id=\"8748\" data-url=\"https:\/\/www.heimatverein-delligsen.de\/hvd20\/wp-admin\/admin-ajax.php\" rel=\"nofollow\" data-mailto=\"\"><i class=\"fa-ssbs fa-ssbs-fw fa-ssbs-print\"><\/i><div class=\"counter-wrap standard\"><span class=\"counter\">0<\/span><\/div><\/a><\/div><div data-animation=\"no-animation\" data-icons-animation=\"no-animation\" data-overlay=\"\" data-change-size=\"\" data-button-size=\"0.7\" style=\"font-size:0.7em!important;display:none;\" class=\"supsystic-social-sharing supsystic-social-sharing-package-flat supsystic-social-sharing-hide-on-homepage supsystic-social-sharing-show-only-on-mobile supsystic-social-sharing-spacing supsystic-social-sharing-content supsystic-social-sharing-content-align-center\" data-text=\"\"><a data-networks=\"[]\" class=\"social-sharing-button sharer-flat sharer-flat-4 counter-standard without-counter facebook\" target=\"_blank\" title=\"Facebook\" href=\"http:\/\/www.facebook.com\/sharer.php?u=https%3A%2F%2Fwww.heimatverein-delligsen.de%2F%3Fpage_id%3D8748\" data-main-href=\"http:\/\/www.facebook.com\/sharer.php?u={url}\" data-nid=\"1\" data-name=\"\" data-pid=\"2\" data-post-id=\"8748\" data-url=\"https:\/\/www.heimatverein-delligsen.de\/hvd20\/wp-admin\/admin-ajax.php\" rel=\"nofollow\" data-mailto=\"\"><i class=\"fa-ssbs fa-ssbs-fw fa-ssbs-facebook\"><\/i><div class=\"counter-wrap standard\"><span class=\"counter\">0<\/span><\/div><\/a><a data-networks=\"[]\" class=\"social-sharing-button sharer-flat sharer-flat-4 counter-standard without-counter whatsapp\" target=\"_blank\" title=\"WhatsApp\" href=\"https:\/\/web.whatsapp.com\/send?text=https%3A%2F%2Fwww.heimatverein-delligsen.de%2F%3Fpage_id%3D8748\" data-main-href=\"https:\/\/web.whatsapp.com\/send?text={url}\" data-nid=\"18\" data-name=\"\" data-pid=\"2\" data-post-id=\"8748\" data-url=\"https:\/\/www.heimatverein-delligsen.de\/hvd20\/wp-admin\/admin-ajax.php\" rel=\"nofollow\" data-mailto=\"\"><i class=\"fa-ssbs fa-ssbs-fw fa-ssbs-whatsapp\"><\/i><div class=\"counter-wrap standard\"><span class=\"counter\">0<\/span><\/div><\/a><a data-networks=\"[]\" class=\"social-sharing-button sharer-flat sharer-flat-4 counter-standard without-counter twitter\" target=\"_blank\" title=\"Twitter\" href=\"https:\/\/twitter.com\/share?url=https%3A%2F%2Fwww.heimatverein-delligsen.de%2F%3Fpage_id%3D8748&text=Fotoalbum+2022\" data-main-href=\"https:\/\/twitter.com\/share?url={url}&text={title}\" data-nid=\"2\" data-name=\"\" data-pid=\"2\" data-post-id=\"8748\" data-url=\"https:\/\/www.heimatverein-delligsen.de\/hvd20\/wp-admin\/admin-ajax.php\" rel=\"nofollow\" data-mailto=\"\"><i class=\"fa-ssbs fa-ssbs-fw fa-ssbs-twitter\"><\/i><div class=\"counter-wrap standard\"><span class=\"counter\">0<\/span><\/div><\/a><a data-networks=\"[]\" class=\"social-sharing-button sharer-flat sharer-flat-4 counter-standard without-counter googleplus\" target=\"_blank\" title=\"Google+\" href=\"https:\/\/plus.google.com\/share?url=https%3A%2F%2Fwww.heimatverein-delligsen.de%2F%3Fpage_id%3D8748\" data-main-href=\"https:\/\/plus.google.com\/share?url={url}\" data-nid=\"3\" data-name=\"\" data-pid=\"2\" data-post-id=\"8748\" data-url=\"https:\/\/www.heimatverein-delligsen.de\/hvd20\/wp-admin\/admin-ajax.php\" rel=\"nofollow\" data-mailto=\"\"><i class=\"fa-ssbs fa-ssbs-fw fa-ssbs-google-plus\"><\/i><div class=\"counter-wrap standard\"><span class=\"counter\">0<\/span><\/div><\/a><a data-networks=\"[]\" class=\"social-sharing-button sharer-flat sharer-flat-4 counter-standard without-counter mail\" target=\"_blank\" title=\"Mail\" href=\"#\" data-main-href=\"#\" data-nid=\"16\" data-name=\"\" data-pid=\"2\" data-post-id=\"8748\" data-url=\"https:\/\/www.heimatverein-delligsen.de\/hvd20\/wp-admin\/admin-ajax.php\" rel=\"nofollow\" data-mailto=\"\"><i class=\"fa-ssbs fa-ssbs-fw fa-ssbs-envelope-o\"><\/i><div class=\"counter-wrap standard\"><span class=\"counter\">0<\/span><\/div><\/a><\/div><p style=\"text-align: center;\"><a href=\"http:\/\/www.heimatverein-delligsen.de\/?page_id=8623\">&lt; Fotoalbum 2021<\/a> | <a href=\"\/?page_id=14\">Jahres\u00fcbersicht<\/a> | <a href=\"\/?page_id=9703\">Fotoalbum 2023 &gt;<\/a><\/p>\n<div class=\"gmedia_gallery photomania_module is_bot\" id=\"GmediaGallery_200\" data-gmid=\"200\" data-module=\"photomania\"><style class='gmedia_module_style_import'>@import url('https:\/\/www.heimatverein-delligsen.de\/hvd20\/wp-content\/grand-media\/module\/photomania\/css\/styles.photomania.css?v=1.8') all;\/**** .photomania_module #GmediaGallery_200 ****\/\n#GmediaGallery_200 .gmpm_preload {opacity:0;}\n#GmediaGallery_200 .swiper-big-images img.gmpm_the_photo { max-height:100%; max-width:100%; display:inline; width:auto; height:auto; object-fit:unset; vertical-align:middle; border:none; }\n#GmediaGallery_200 .gmpm_focus .swiper-big-images img.gmpm_the_photo { width:auto; height:auto; object-fit:unset; }\n#GmediaGallery_200 .swiper-small-images img.gmpm_photo { max-width:none; max-height:none; }\n#GmediaGallery_200 .swiper-small-images img.gmpm_photo.gmpm_photo_landscape { width:auto; height:100%; }\n#GmediaGallery_200 .swiper-small-images img.gmpm_photo.gmpm_photo_portrait { width:100%; height:auto; }\n#GmediaGallery_200 .gmpm_gallery_sources_list p { margin:7px 0; padding:0; font-size:inherit; }\n#GmediaGallery_200 .gmpm_photo_details .gmpm_description_wrap a,\n#GmediaGallery_200 .gmpm_big_button_wrap .gmpm_button.gmpm_like.gmpm_liked,\n#GmediaGallery_200 .gmpm_big_button_wrap .gmpm_button.gmpm_like.gmpm_liked:hover {color:#096900;}\n#GmediaGallery_200 .gmpm_photo_show .gmpm_big_button {background-color:#096900;}\n#GmediaGallery_200 .swiper-small-images div.gmpm_photo.swiper-slide-active {border-color:#096900;}\n#GmediaGallery_200 .gmpm_photo_header .gmpm_name_wrap .gmpm_title_author a:hover,\n#GmediaGallery_200 .gmpm_photo_details .gmpm_description_wrap a:hover {color:#096900;}\n#GmediaGallery_200 .gmpm_photo_show .gmpm_big_button:hover,\n#GmediaGallery_200 .gmpm_focus_actions ul .gmpm_button.like.gmpm_liked {background-color:#096900;}<\/style>\n\t<div class=\"gmpm_photo_show gmpm_w960 gmpm_w640 gmpm_w480\">\n\n\t\t<div class=\"gmpm_photo_wrap has_prev_photo has_next_photo\">\n\t\t\t<div class=\"swiper-container swiper-big-images\">\n\t\t\t\t<div class=\"gmpm_photo_arrow_next gmpm_photo_arrow gmpm_next\">\n\t\t\t\t\t<div title=\"Next\" class=\"gmpm_arrow\"><\/div>\n\t\t\t\t<\/div>\n\t\t\t\t<div class=\"gmpm_photo_arrow_previous gmpm_photo_arrow gmpm_prev\">\n\t\t\t\t\t<div title=\"Previous\" class=\"gmpm_arrow\"><\/div>\n\t\t\t\t<\/div>\n\t\t\t\t<div class=\"swiper-wrapper\">\n\t\t\t\t\t\n\t\t<div class=\"swiper-slide\" data-hash=\"gmedia3769\" data-photo-id=\"3769\"><span class=\"gmpm_va\"><\/span><img decoding=\"async\" src=\"https:\/\/www.heimatverein-delligsen.de\/hvd20\/wp-content\/grand-media\/image\/20220409_085958.jpg\" data-src=\"https:\/\/www.heimatverein-delligsen.de\/hvd20\/wp-content\/grand-media\/image\/20220409_085958.jpg\" alt=\"09.04.2022: Ferienpass-Aktion\" data-protect=\"Eike Heuer\" class=\"noLazy gmpm_the_photo\"><\/div>\n\t\t<div class=\"swiper-slide\" data-hash=\"gmedia3770\" data-photo-id=\"3770\"><span class=\"gmpm_va\"><\/span><img decoding=\"async\" src=\"https:\/\/www.heimatverein-delligsen.de\/hvd20\/wp-content\/grand-media\/image\/20220409_101523.jpg\" data-src=\"https:\/\/www.heimatverein-delligsen.de\/hvd20\/wp-content\/grand-media\/image\/20220409_101523.jpg\" alt=\"09.04.2022: Ferienpass-Aktion\" data-protect=\"Eike Heuer\" class=\"noLazy gmpm_the_photo\"><\/div>\n\t\t<div class=\"swiper-slide\" data-hash=\"gmedia3771\" data-photo-id=\"3771\"><span class=\"gmpm_va\"><\/span><img decoding=\"async\" src=\"https:\/\/www.heimatverein-delligsen.de\/hvd20\/wp-content\/grand-media\/image\/20220409_114341.jpg\" data-src=\"https:\/\/www.heimatverein-delligsen.de\/hvd20\/wp-content\/grand-media\/image\/20220409_114341.jpg\" alt=\"09.04.2022: Ferienpass-Aktion\" data-protect=\"Eike Heuer\" class=\"noLazy gmpm_the_photo\"><\/div>\n\t\t<div class=\"swiper-slide\" data-hash=\"gmedia3772\" data-photo-id=\"3772\"><span class=\"gmpm_va\"><\/span><img decoding=\"async\" src=\"https:\/\/www.heimatverein-delligsen.de\/hvd20\/wp-content\/grand-media\/image\/20220409_114444.jpg\" data-src=\"https:\/\/www.heimatverein-delligsen.de\/hvd20\/wp-content\/grand-media\/image\/20220409_114444.jpg\" alt=\"09.04.2022: Ferienpass-Aktion\" data-protect=\"Eike Heuer\" class=\"noLazy gmpm_the_photo\"><\/div>\n\t\t<div class=\"swiper-slide\" data-hash=\"gmedia3765\" data-photo-id=\"3765\"><span class=\"gmpm_va\"><\/span><img decoding=\"async\" src=\"https:\/\/www.heimatverein-delligsen.de\/hvd20\/wp-content\/grand-media\/image\/20220409_114612.jpg\" data-src=\"https:\/\/www.heimatverein-delligsen.de\/hvd20\/wp-content\/grand-media\/image\/20220409_114612.jpg\" alt=\"09.04.2022: Ferienpass-Aktion\" data-protect=\"Eike Heuer\" class=\"noLazy gmpm_the_photo\"><\/div>\n\t\t<div class=\"swiper-slide\" data-hash=\"gmedia3766\" data-photo-id=\"3766\"><span class=\"gmpm_va\"><\/span><img decoding=\"async\" src=\"https:\/\/www.heimatverein-delligsen.de\/hvd20\/wp-content\/grand-media\/image\/20220409_121408.jpg\" data-src=\"https:\/\/www.heimatverein-delligsen.de\/hvd20\/wp-content\/grand-media\/image\/20220409_121408.jpg\" alt=\"09.04.2022: Ferienpass-Aktion\" data-protect=\"Eike Heuer\" class=\"noLazy gmpm_the_photo\"><\/div>\n\t\t<div class=\"swiper-slide\" data-hash=\"gmedia3767\" data-photo-id=\"3767\"><span class=\"gmpm_va\"><\/span><img decoding=\"async\" src=\"https:\/\/www.heimatverein-delligsen.de\/hvd20\/wp-content\/grand-media\/image\/20220409_121712.jpg\" data-src=\"https:\/\/www.heimatverein-delligsen.de\/hvd20\/wp-content\/grand-media\/image\/20220409_121712.jpg\" alt=\"09.04.2022: Ferienpass-Aktion\" data-protect=\"Eike Heuer\" class=\"noLazy gmpm_the_photo\"><\/div>\n\t\t<div class=\"swiper-slide\" data-hash=\"gmedia3768\" data-photo-id=\"3768\"><span class=\"gmpm_va\"><\/span><img decoding=\"async\" src=\"https:\/\/www.heimatverein-delligsen.de\/hvd20\/wp-content\/grand-media\/image\/20220409_121736.jpg\" data-src=\"https:\/\/www.heimatverein-delligsen.de\/hvd20\/wp-content\/grand-media\/image\/20220409_121736.jpg\" alt=\"09.04.2022: Ferienpass-Aktion\" data-protect=\"Eike Heuer\" class=\"noLazy gmpm_the_photo\"><\/div>\t\t\t\t<\/div>\n\t\t\t<\/div>\n\t\t<\/div>\n\n\t\t<div class=\"gmpm_photo_header\">\n\t\t\t<div class=\"gmpm_wrapper gmpm_clearfix\">\n\t\t\t\t<div class=\"gmpm_focus_actions\">\n\t\t\t\t\t\t\t\t\t\t\t\t\t\t\t<ul class=\"gmpm_focus_arrows gmpm_clearfix\">\n\t\t\t\t\t\t<li style=\"list-style:none;\"><a class=\"gmpm_button gmpm_photo_arrow_previous gmpm_prev\">Previous<\/a><\/li>\n\t\t\t\t\t\t<li style=\"list-style:none;\"><a class=\"gmpm_button gmpm_photo_arrow_next gmpm_next\">Next<\/a><\/li>\n\t\t\t\t\t<\/ul>\n\t\t\t\t<\/div>\n\t\t\t\t<div class=\"gmpm_name_wrap gmpm_clearfix gmpm_no_avatar\">\n\t\t\t\t\t\t\t\t\t\t<div class=\"gmpm_title_author\">\n\t\t\t\t\t\t<div class=\"gmpm_title\">09.04.2022: Ferienpass-Aktion<\/div>\n\t\t\t\t\t\t\t\t\t\t\t<\/div>\n\t\t\t\t<\/div>\n\t\t\t\t<div class=\"gmpm_actions gmpm_clearfix\">\n\t\t\t\t\t<div class=\"gmpm_carousel gmpm_has_previous gmpm_has_next\">\n\t\t\t\t\t\t<div class=\"gmpm_previous_button\"><\/div>\n\t\t\t\t\t\t<div class=\"gmpm_photo_carousel\">\n\t\t\t\t\t\t\t<div class=\"swiper-container swiper-small-images\">\n\t\t\t\t\t\t\t\t<div class=\"swiper-wrapper\">\n\t\t\t\t\t\t\t\t\t\n\t\t<div class=\"swiper-slide gmpm_photo\" data-photo-id=\"3769\"><img decoding=\"async\" src=\"https:\/\/www.heimatverein-delligsen.de\/hvd20\/wp-content\/grand-media\/image\/thumb\/20220409_085958.jpg\" data-src=\"https:\/\/www.heimatverein-delligsen.de\/hvd20\/wp-content\/grand-media\/image\/thumb\/20220409_085958.jpg\" alt=\"09.04.2022: Ferienpass-Aktion\" class=\"noLazy gmpm_photo swiper-lazy gmpm_photo_landscape\"><span class=\"swiper-lazy-preloader swiper-lazy-preloader-black\"><\/span><\/div>\n\t\t<div class=\"swiper-slide gmpm_photo\" data-photo-id=\"3770\"><img decoding=\"async\" src=\"https:\/\/www.heimatverein-delligsen.de\/hvd20\/wp-content\/grand-media\/image\/thumb\/20220409_101523.jpg\" data-src=\"https:\/\/www.heimatverein-delligsen.de\/hvd20\/wp-content\/grand-media\/image\/thumb\/20220409_101523.jpg\" alt=\"09.04.2022: Ferienpass-Aktion\" class=\"noLazy gmpm_photo swiper-lazy gmpm_photo_landscape\"><span class=\"swiper-lazy-preloader swiper-lazy-preloader-black\"><\/span><\/div>\n\t\t<div class=\"swiper-slide gmpm_photo\" data-photo-id=\"3771\"><img decoding=\"async\" src=\"https:\/\/www.heimatverein-delligsen.de\/hvd20\/wp-content\/grand-media\/image\/thumb\/20220409_114341.jpg\" data-src=\"https:\/\/www.heimatverein-delligsen.de\/hvd20\/wp-content\/grand-media\/image\/thumb\/20220409_114341.jpg\" alt=\"09.04.2022: Ferienpass-Aktion\" class=\"noLazy gmpm_photo swiper-lazy gmpm_photo_portrait\"><span class=\"swiper-lazy-preloader swiper-lazy-preloader-black\"><\/span><\/div>\n\t\t<div class=\"swiper-slide gmpm_photo\" data-photo-id=\"3772\"><img decoding=\"async\" src=\"https:\/\/www.heimatverein-delligsen.de\/hvd20\/wp-content\/grand-media\/image\/thumb\/20220409_114444.jpg\" data-src=\"https:\/\/www.heimatverein-delligsen.de\/hvd20\/wp-content\/grand-media\/image\/thumb\/20220409_114444.jpg\" alt=\"09.04.2022: Ferienpass-Aktion\" class=\"noLazy gmpm_photo swiper-lazy gmpm_photo_landscape\"><span class=\"swiper-lazy-preloader swiper-lazy-preloader-black\"><\/span><\/div>\n\t\t<div class=\"swiper-slide gmpm_photo\" data-photo-id=\"3765\"><img decoding=\"async\" src=\"https:\/\/www.heimatverein-delligsen.de\/hvd20\/wp-content\/grand-media\/image\/thumb\/20220409_114612.jpg\" data-src=\"https:\/\/www.heimatverein-delligsen.de\/hvd20\/wp-content\/grand-media\/image\/thumb\/20220409_114612.jpg\" alt=\"09.04.2022: Ferienpass-Aktion\" class=\"noLazy gmpm_photo swiper-lazy gmpm_photo_landscape\"><span class=\"swiper-lazy-preloader swiper-lazy-preloader-black\"><\/span><\/div>\n\t\t<div class=\"swiper-slide gmpm_photo\" data-photo-id=\"3766\"><img decoding=\"async\" src=\"https:\/\/www.heimatverein-delligsen.de\/hvd20\/wp-content\/grand-media\/image\/thumb\/20220409_121408.jpg\" data-src=\"https:\/\/www.heimatverein-delligsen.de\/hvd20\/wp-content\/grand-media\/image\/thumb\/20220409_121408.jpg\" alt=\"09.04.2022: Ferienpass-Aktion\" class=\"noLazy gmpm_photo swiper-lazy gmpm_photo_landscape\"><span class=\"swiper-lazy-preloader swiper-lazy-preloader-black\"><\/span><\/div>\n\t\t<div class=\"swiper-slide gmpm_photo\" data-photo-id=\"3767\"><img decoding=\"async\" src=\"https:\/\/www.heimatverein-delligsen.de\/hvd20\/wp-content\/grand-media\/image\/thumb\/20220409_121712.jpg\" data-src=\"https:\/\/www.heimatverein-delligsen.de\/hvd20\/wp-content\/grand-media\/image\/thumb\/20220409_121712.jpg\" alt=\"09.04.2022: Ferienpass-Aktion\" class=\"noLazy gmpm_photo swiper-lazy gmpm_photo_landscape\"><span class=\"swiper-lazy-preloader swiper-lazy-preloader-black\"><\/span><\/div>\n\t\t<div class=\"swiper-slide gmpm_photo\" data-photo-id=\"3768\"><img decoding=\"async\" src=\"https:\/\/www.heimatverein-delligsen.de\/hvd20\/wp-content\/grand-media\/image\/thumb\/20220409_121736.jpg\" data-src=\"https:\/\/www.heimatverein-delligsen.de\/hvd20\/wp-content\/grand-media\/image\/thumb\/20220409_121736.jpg\" alt=\"09.04.2022: Ferienpass-Aktion\" class=\"noLazy gmpm_photo swiper-lazy gmpm_photo_landscape\"><span class=\"swiper-lazy-preloader swiper-lazy-preloader-black\"><\/span><\/div>\t\t\t\t\t\t\t\t<\/div>\n\t\t\t\t\t\t\t<\/div>\n\t\t\t\t\t\t<\/div>\n\t\t\t\t\t\t<div class=\"gmpm_next_button\"><\/div>\n\t\t\t\t\t<\/div>\n\t\t\t\t\t\t\t\t\t\t\t\t\t\t\t\t\t\t\t\t\t\t\t\t<\/div>\n\t\t\t<\/div>\n\t\t<\/div>\n\t\t<div class=\"gmpm_focus_close_full\">\n\t\t\t<span><a class=\"gmpm_button gmpm_close\">Close<\/a><\/span>\n\t\t\t<span><a class=\"gmpm_button gmpm_full\">Full<\/a><\/span>\n\t\t<\/div>\n\t\t<div class=\"gmpm_photo_details\">\n\t\t\t<div class=\"gmpm_description_wrap empty-item-description\">\n\t\t\t\t\t\t\t<\/div>\n\t\t<\/div>\n\n\t\t<div class=\"gmpm_focus_footer\">\n\t\t\t<div class=\"gmpm_focus_keyboard\">\n\t\t\t\t<div class=\"gmpm_focus_keyboard_title\">Keyboard Shortcuts <a class=\"gmpm_focus_keyboard_dismiss\">Dismiss<\/a><\/div>\n\t\t\t\t<ul>\n\t\t\t\t\t<li style=\"list-style:none;\"><a data-key=\"p\" class=\"gmpm_key\">S<\/a><span class=\"gmpm_label\">Slideshow<\/span><\/li>\n\t\t\t\t\t<li style=\"list-style:none;\"><a data-key=\"m\" class=\"gmpm_key\">M<\/a><span class=\"gmpm_label\">Maximize<\/span><\/li>\n\t\t\t\t\t<li style=\"list-style:none;\"><a data-key=\"left\" class=\"gmpm_key\">&nbsp;<\/a><span class=\"gmpm_label\">Previous<\/span><\/li>\n\t\t\t\t\t<li style=\"list-style:none;\"><a data-key=\"right\" class=\"gmpm_key\">&nbsp;<\/a><span class=\"gmpm_label\">Next<\/span><\/li>\n\t\t\t\t\t<li style=\"list-style:none;\"><a data-key=\"escape\" class=\"gmpm_key gmpm_esc\">esc<\/a><span class=\"gmpm_label\">Close<\/span><\/li>\n\t\t\t\t<\/ul>\n\t\t\t<\/div>\n\t\t<\/div>\n\n\t<\/div>\n\n\t<script type=\"text\/javascript\">\n\t\t\tdocument.addEventListener( 'DOMContentLoaded', function() {\n\t\t\t\tjQuery( function( $ ) {\n\t\t\t\t\tvar settings = {\"show_comments\":\"0\",\"show_download_button\":\"0\",\"show_link_button\":\"0\",\"show_description\":\"0\",\"show_author_avatar\":\"0\",\"show_author_name\":\"0\",\"show_share_button\":\"0\",\"show_like_button\":\"0\",\"link_color\":\"096900\",\"link_color_hover\":\"096900\",\"description_title\":\"Beschreibung\",\"ID\":200,\"url\":\"https:\\\/\\\/www.heimatverein-delligsen.de?rest_route=%2Fwp%2Fv2%2Fpages%2F8748\",\"moduleUrl\":\"https:\\\/\\\/www.heimatverein-delligsen.de\\\/hvd20\\\/wp-content\\\/grand-media\\\/module\\\/photomania\",\"initial_slide\":0};\n\t\t\t\t\tvar content = {\"data\":[{\"id\":\"3769\",\"type\":\"image\",\"file\":\"20220409_085958.jpg\",\"meta\":{\"width\":2200,\"height\":1650,\"views\":804,\"likes\":0},\"title\":\"09.04.2022: Ferienpass-Aktion\",\"alt\":\"09.04.2022: Ferienpass-Aktion\",\"author\":{\"name\":\"Eike Heuer\",\"posts_link\":\"https:\\\/\\\/www.heimatverein-delligsen.de\\\/?author=1\"},\"post_link\":\"https:\\\/\\\/www.heimatverein-delligsen.de\\\/?gmedia=20220409_085958-jpg\",\"ratio\":1.3333333333333332593184650249895639717578887939453125},{\"id\":\"3770\",\"type\":\"image\",\"file\":\"20220409_101523.jpg\",\"meta\":{\"width\":2200,\"height\":1650,\"views\":107,\"likes\":0},\"title\":\"09.04.2022: Ferienpass-Aktion\",\"alt\":\"09.04.2022: Ferienpass-Aktion\",\"author\":{\"name\":\"Eike Heuer\",\"posts_link\":\"https:\\\/\\\/www.heimatverein-delligsen.de\\\/?author=1\"},\"post_link\":\"https:\\\/\\\/www.heimatverein-delligsen.de\\\/?gmedia=20220409_101523-jpg\",\"ratio\":1.3333333333333332593184650249895639717578887939453125},{\"id\":\"3771\",\"type\":\"image\",\"file\":\"20220409_114341.jpg\",\"meta\":{\"width\":1650,\"height\":2200,\"views\":124,\"likes\":0},\"title\":\"09.04.2022: Ferienpass-Aktion\",\"alt\":\"09.04.2022: Ferienpass-Aktion\",\"author\":{\"name\":\"Eike Heuer\",\"posts_link\":\"https:\\\/\\\/www.heimatverein-delligsen.de\\\/?author=1\"},\"post_link\":\"https:\\\/\\\/www.heimatverein-delligsen.de\\\/?gmedia=20220409_114341-jpg\",\"ratio\":0.75},{\"id\":\"3772\",\"type\":\"image\",\"file\":\"20220409_114444.jpg\",\"meta\":{\"width\":2200,\"height\":1650,\"views\":103,\"likes\":0},\"title\":\"09.04.2022: Ferienpass-Aktion\",\"alt\":\"09.04.2022: Ferienpass-Aktion\",\"author\":{\"name\":\"Eike Heuer\",\"posts_link\":\"https:\\\/\\\/www.heimatverein-delligsen.de\\\/?author=1\"},\"post_link\":\"https:\\\/\\\/www.heimatverein-delligsen.de\\\/?gmedia=20220409_114444-jpg\",\"ratio\":1.3333333333333332593184650249895639717578887939453125},{\"id\":\"3765\",\"type\":\"image\",\"file\":\"20220409_114612.jpg\",\"meta\":{\"width\":2200,\"height\":1650,\"views\":116,\"likes\":0},\"title\":\"09.04.2022: Ferienpass-Aktion\",\"alt\":\"09.04.2022: Ferienpass-Aktion\",\"author\":{\"name\":\"Eike Heuer\",\"posts_link\":\"https:\\\/\\\/www.heimatverein-delligsen.de\\\/?author=1\"},\"post_link\":\"https:\\\/\\\/www.heimatverein-delligsen.de\\\/?gmedia=20220409_114612-jpg\",\"ratio\":1.3333333333333332593184650249895639717578887939453125},{\"id\":\"3766\",\"type\":\"image\",\"file\":\"20220409_121408.jpg\",\"meta\":{\"width\":2200,\"height\":1650,\"views\":130,\"likes\":0},\"title\":\"09.04.2022: Ferienpass-Aktion\",\"alt\":\"09.04.2022: Ferienpass-Aktion\",\"author\":{\"name\":\"Eike Heuer\",\"posts_link\":\"https:\\\/\\\/www.heimatverein-delligsen.de\\\/?author=1\"},\"post_link\":\"https:\\\/\\\/www.heimatverein-delligsen.de\\\/?gmedia=20220409_121408-jpg\",\"ratio\":1.3333333333333332593184650249895639717578887939453125},{\"id\":\"3767\",\"type\":\"image\",\"file\":\"20220409_121712.jpg\",\"meta\":{\"width\":2200,\"height\":1650,\"views\":130,\"likes\":0},\"title\":\"09.04.2022: Ferienpass-Aktion\",\"alt\":\"09.04.2022: Ferienpass-Aktion\",\"author\":{\"name\":\"Eike Heuer\",\"posts_link\":\"https:\\\/\\\/www.heimatverein-delligsen.de\\\/?author=1\"},\"post_link\":\"https:\\\/\\\/www.heimatverein-delligsen.de\\\/?gmedia=20220409_121712-jpg\",\"ratio\":1.3333333333333332593184650249895639717578887939453125},{\"id\":\"3768\",\"type\":\"image\",\"file\":\"20220409_121736.jpg\",\"meta\":{\"width\":2200,\"height\":1650,\"views\":141,\"likes\":0},\"title\":\"09.04.2022: Ferienpass-Aktion\",\"alt\":\"09.04.2022: Ferienpass-Aktion\",\"author\":{\"name\":\"Eike Heuer\",\"posts_link\":\"https:\\\/\\\/www.heimatverein-delligsen.de\\\/?author=1\"},\"post_link\":\"https:\\\/\\\/www.heimatverein-delligsen.de\\\/?gmedia=20220409_121736-jpg\",\"ratio\":1.3333333333333332593184650249895639717578887939453125}],\"terms\":[]};\n\t\t\t\t\tvar container = $( '#GmediaGallery_200' );\n\t\t\t\t\tcontainer.photomania( settings, content );\n\t\t\t\t\twindow.GmediaGallery_200 = container.data( 'photomania' );\n\t\t\t\t} );\n\t\t\t} );\n\t<\/script><\/div>\n<h3>15.05.2022: Rundwanderung zur Barbara Baude<\/h3>\n<div class=\"gmedia_gallery photomania_module is_bot\" id=\"GmediaGallery_201\" data-gmid=\"201\" data-module=\"photomania\"><style class='gmedia_module_style_import'>\/**** .photomania_module #GmediaGallery_201 ****\/\n#GmediaGallery_201 .gmpm_preload {opacity:0;}\n#GmediaGallery_201 .swiper-big-images img.gmpm_the_photo { max-height:100%; max-width:100%; display:inline; width:auto; height:auto; object-fit:unset; vertical-align:middle; border:none; }\n#GmediaGallery_201 .gmpm_focus .swiper-big-images img.gmpm_the_photo { width:auto; height:auto; object-fit:unset; }\n#GmediaGallery_201 .swiper-small-images img.gmpm_photo { max-width:none; max-height:none; }\n#GmediaGallery_201 .swiper-small-images img.gmpm_photo.gmpm_photo_landscape { width:auto; height:100%; }\n#GmediaGallery_201 .swiper-small-images img.gmpm_photo.gmpm_photo_portrait { width:100%; height:auto; }\n#GmediaGallery_201 .gmpm_gallery_sources_list p { margin:7px 0; padding:0; font-size:inherit; }\n#GmediaGallery_201 .gmpm_photo_details .gmpm_description_wrap a,\n#GmediaGallery_201 .gmpm_big_button_wrap .gmpm_button.gmpm_like.gmpm_liked,\n#GmediaGallery_201 .gmpm_big_button_wrap .gmpm_button.gmpm_like.gmpm_liked:hover {color:#096900;}\n#GmediaGallery_201 .gmpm_photo_show .gmpm_big_button {background-color:#096900;}\n#GmediaGallery_201 .swiper-small-images div.gmpm_photo.swiper-slide-active {border-color:#096900;}\n#GmediaGallery_201 .gmpm_photo_header .gmpm_name_wrap .gmpm_title_author a:hover,\n#GmediaGallery_201 .gmpm_photo_details .gmpm_description_wrap a:hover {color:#096900;}\n#GmediaGallery_201 .gmpm_photo_show .gmpm_big_button:hover,\n#GmediaGallery_201 .gmpm_focus_actions ul .gmpm_button.like.gmpm_liked {background-color:#096900;}<\/style>\n\t<div class=\"gmpm_photo_show gmpm_w960 gmpm_w640 gmpm_w480\">\n\n\t\t<div class=\"gmpm_photo_wrap has_prev_photo has_next_photo\">\n\t\t\t<div class=\"swiper-container swiper-big-images\">\n\t\t\t\t<div class=\"gmpm_photo_arrow_next gmpm_photo_arrow gmpm_next\">\n\t\t\t\t\t<div title=\"Next\" class=\"gmpm_arrow\"><\/div>\n\t\t\t\t<\/div>\n\t\t\t\t<div class=\"gmpm_photo_arrow_previous gmpm_photo_arrow gmpm_prev\">\n\t\t\t\t\t<div title=\"Previous\" class=\"gmpm_arrow\"><\/div>\n\t\t\t\t<\/div>\n\t\t\t\t<div class=\"swiper-wrapper\">\n\t\t\t\t\t\n\t\t<div class=\"swiper-slide\" data-hash=\"gmedia3773\" data-photo-id=\"3773\"><span class=\"gmpm_va\"><\/span><img decoding=\"async\" src=\"https:\/\/www.heimatverein-delligsen.de\/hvd20\/wp-content\/grand-media\/image\/Auf_der_Wanderung_wurde_eine_dicke_Freundschaft_geschlossen.jpg\" data-src=\"https:\/\/www.heimatverein-delligsen.de\/hvd20\/wp-content\/grand-media\/image\/Auf_der_Wanderung_wurde_eine_dicke_Freundschaft_geschlossen.jpg\" alt=\"Auf der Wanderung wurde eine dicke Freundschaft geschlossen\" data-protect=\"Eike Heuer\" class=\"noLazy gmpm_the_photo\"><\/div>\n\t\t<div class=\"swiper-slide\" data-hash=\"gmedia3774\" data-photo-id=\"3774\"><span class=\"gmpm_va\"><\/span><img decoding=\"async\" src=\"https:\/\/www.heimatverein-delligsen.de\/hvd20\/wp-content\/grand-media\/image\/Die_Wanderer_an_der_Barbara_Baude.jpg\" data-src=\"https:\/\/www.heimatverein-delligsen.de\/hvd20\/wp-content\/grand-media\/image\/Die_Wanderer_an_der_Barbara_Baude.jpg\" alt=\"Die Wanderer an der Barbara Baude\" data-protect=\"Eike Heuer\" class=\"noLazy gmpm_the_photo\"><\/div>\n\t\t<div class=\"swiper-slide\" data-hash=\"gmedia3775\" data-photo-id=\"3775\"><span class=\"gmpm_va\"><\/span><img decoding=\"async\" src=\"https:\/\/www.heimatverein-delligsen.de\/hvd20\/wp-content\/grand-media\/image\/Die_Wanderer_vor_der_D_rpm_hle_1.jpg\" data-src=\"https:\/\/www.heimatverein-delligsen.de\/hvd20\/wp-content\/grand-media\/image\/Die_Wanderer_vor_der_D_rpm_hle_1.jpg\" alt=\"Die Wanderer vor der D\u00f6rpm\u00fchle\" data-protect=\"Eike Heuer\" class=\"noLazy gmpm_the_photo\"><\/div>\n\t\t<div class=\"swiper-slide\" data-hash=\"gmedia3776\" data-photo-id=\"3776\"><span class=\"gmpm_va\"><\/span><img decoding=\"async\" src=\"https:\/\/www.heimatverein-delligsen.de\/hvd20\/wp-content\/grand-media\/image\/Im_Hagental.jpg\" data-src=\"https:\/\/www.heimatverein-delligsen.de\/hvd20\/wp-content\/grand-media\/image\/Im_Hagental.jpg\" alt=\"Im Hagental\" data-protect=\"Eike Heuer\" class=\"noLazy gmpm_the_photo\"><\/div>\n\t\t<div class=\"swiper-slide\" data-hash=\"gmedia3777\" data-photo-id=\"3777\"><span class=\"gmpm_va\"><\/span><img decoding=\"async\" src=\"https:\/\/www.heimatverein-delligsen.de\/hvd20\/wp-content\/grand-media\/image\/Kurze_Pause.jpg\" data-src=\"https:\/\/www.heimatverein-delligsen.de\/hvd20\/wp-content\/grand-media\/image\/Kurze_Pause.jpg\" alt=\"Kurze Pause\" data-protect=\"Eike Heuer\" class=\"noLazy gmpm_the_photo\"><\/div>\t\t\t\t<\/div>\n\t\t\t<\/div>\n\t\t<\/div>\n\n\t\t<div class=\"gmpm_photo_header\">\n\t\t\t<div class=\"gmpm_wrapper gmpm_clearfix\">\n\t\t\t\t<div class=\"gmpm_focus_actions\">\n\t\t\t\t\t\t\t\t\t\t\t\t\t\t\t<ul class=\"gmpm_focus_arrows gmpm_clearfix\">\n\t\t\t\t\t\t<li style=\"list-style:none;\"><a class=\"gmpm_button gmpm_photo_arrow_previous gmpm_prev\">Previous<\/a><\/li>\n\t\t\t\t\t\t<li style=\"list-style:none;\"><a class=\"gmpm_button gmpm_photo_arrow_next gmpm_next\">Next<\/a><\/li>\n\t\t\t\t\t<\/ul>\n\t\t\t\t<\/div>\n\t\t\t\t<div class=\"gmpm_name_wrap gmpm_clearfix gmpm_no_avatar\">\n\t\t\t\t\t\t\t\t\t\t<div class=\"gmpm_title_author\">\n\t\t\t\t\t\t<div class=\"gmpm_title\">Auf der Wanderung wurde eine dicke Freundschaft geschlossen<\/div>\n\t\t\t\t\t\t\t\t\t\t\t<\/div>\n\t\t\t\t<\/div>\n\t\t\t\t<div class=\"gmpm_actions gmpm_clearfix\">\n\t\t\t\t\t<div class=\"gmpm_carousel gmpm_has_previous gmpm_has_next\">\n\t\t\t\t\t\t<div class=\"gmpm_previous_button\"><\/div>\n\t\t\t\t\t\t<div class=\"gmpm_photo_carousel\">\n\t\t\t\t\t\t\t<div class=\"swiper-container swiper-small-images\">\n\t\t\t\t\t\t\t\t<div class=\"swiper-wrapper\">\n\t\t\t\t\t\t\t\t\t\n\t\t<div class=\"swiper-slide gmpm_photo\" data-photo-id=\"3773\"><img decoding=\"async\" src=\"https:\/\/www.heimatverein-delligsen.de\/hvd20\/wp-content\/grand-media\/image\/thumb\/Auf_der_Wanderung_wurde_eine_dicke_Freundschaft_geschlossen.jpg\" data-src=\"https:\/\/www.heimatverein-delligsen.de\/hvd20\/wp-content\/grand-media\/image\/thumb\/Auf_der_Wanderung_wurde_eine_dicke_Freundschaft_geschlossen.jpg\" alt=\"Auf der Wanderung wurde eine dicke Freundschaft geschlossen\" class=\"noLazy gmpm_photo swiper-lazy gmpm_photo_landscape\"><span class=\"swiper-lazy-preloader swiper-lazy-preloader-black\"><\/span><\/div>\n\t\t<div class=\"swiper-slide gmpm_photo\" data-photo-id=\"3774\"><img decoding=\"async\" src=\"https:\/\/www.heimatverein-delligsen.de\/hvd20\/wp-content\/grand-media\/image\/thumb\/Die_Wanderer_an_der_Barbara_Baude.jpg\" data-src=\"https:\/\/www.heimatverein-delligsen.de\/hvd20\/wp-content\/grand-media\/image\/thumb\/Die_Wanderer_an_der_Barbara_Baude.jpg\" alt=\"Die Wanderer an der Barbara Baude\" class=\"noLazy gmpm_photo swiper-lazy gmpm_photo_landscape\"><span class=\"swiper-lazy-preloader swiper-lazy-preloader-black\"><\/span><\/div>\n\t\t<div class=\"swiper-slide gmpm_photo\" data-photo-id=\"3775\"><img decoding=\"async\" src=\"https:\/\/www.heimatverein-delligsen.de\/hvd20\/wp-content\/grand-media\/image\/thumb\/Die_Wanderer_vor_der_D_rpm_hle_1.jpg\" data-src=\"https:\/\/www.heimatverein-delligsen.de\/hvd20\/wp-content\/grand-media\/image\/thumb\/Die_Wanderer_vor_der_D_rpm_hle_1.jpg\" alt=\"Die Wanderer vor der D\u00f6rpm\u00fchle\" class=\"noLazy gmpm_photo swiper-lazy gmpm_photo_landscape\"><span class=\"swiper-lazy-preloader swiper-lazy-preloader-black\"><\/span><\/div>\n\t\t<div class=\"swiper-slide gmpm_photo\" data-photo-id=\"3776\"><img decoding=\"async\" src=\"https:\/\/www.heimatverein-delligsen.de\/hvd20\/wp-content\/grand-media\/image\/thumb\/Im_Hagental.jpg\" data-src=\"https:\/\/www.heimatverein-delligsen.de\/hvd20\/wp-content\/grand-media\/image\/thumb\/Im_Hagental.jpg\" alt=\"Im Hagental\" class=\"noLazy gmpm_photo swiper-lazy gmpm_photo_landscape\"><span class=\"swiper-lazy-preloader swiper-lazy-preloader-black\"><\/span><\/div>\n\t\t<div class=\"swiper-slide gmpm_photo\" data-photo-id=\"3777\"><img decoding=\"async\" src=\"https:\/\/www.heimatverein-delligsen.de\/hvd20\/wp-content\/grand-media\/image\/thumb\/Kurze_Pause.jpg\" data-src=\"https:\/\/www.heimatverein-delligsen.de\/hvd20\/wp-content\/grand-media\/image\/thumb\/Kurze_Pause.jpg\" alt=\"Kurze Pause\" class=\"noLazy gmpm_photo swiper-lazy gmpm_photo_landscape\"><span class=\"swiper-lazy-preloader swiper-lazy-preloader-black\"><\/span><\/div>\t\t\t\t\t\t\t\t<\/div>\n\t\t\t\t\t\t\t<\/div>\n\t\t\t\t\t\t<\/div>\n\t\t\t\t\t\t<div class=\"gmpm_next_button\"><\/div>\n\t\t\t\t\t<\/div>\n\t\t\t\t\t\t\t\t\t\t\t\t\t\t\t\t\t\t\t\t\t\t\t\t<\/div>\n\t\t\t<\/div>\n\t\t<\/div>\n\t\t<div class=\"gmpm_focus_close_full\">\n\t\t\t<span><a class=\"gmpm_button gmpm_close\">Close<\/a><\/span>\n\t\t\t<span><a class=\"gmpm_button gmpm_full\">Full<\/a><\/span>\n\t\t<\/div>\n\t\t<div class=\"gmpm_photo_details\">\n\t\t\t<div class=\"gmpm_description_wrap empty-item-description\">\n\t\t\t\t\t\t\t<\/div>\n\t\t<\/div>\n\n\t\t<div class=\"gmpm_focus_footer\">\n\t\t\t<div class=\"gmpm_focus_keyboard\">\n\t\t\t\t<div class=\"gmpm_focus_keyboard_title\">Keyboard Shortcuts <a class=\"gmpm_focus_keyboard_dismiss\">Dismiss<\/a><\/div>\n\t\t\t\t<ul>\n\t\t\t\t\t<li style=\"list-style:none;\"><a data-key=\"p\" class=\"gmpm_key\">S<\/a><span class=\"gmpm_label\">Slideshow<\/span><\/li>\n\t\t\t\t\t<li style=\"list-style:none;\"><a data-key=\"m\" class=\"gmpm_key\">M<\/a><span class=\"gmpm_label\">Maximize<\/span><\/li>\n\t\t\t\t\t<li style=\"list-style:none;\"><a data-key=\"left\" class=\"gmpm_key\">&nbsp;<\/a><span class=\"gmpm_label\">Previous<\/span><\/li>\n\t\t\t\t\t<li style=\"list-style:none;\"><a data-key=\"right\" class=\"gmpm_key\">&nbsp;<\/a><span class=\"gmpm_label\">Next<\/span><\/li>\n\t\t\t\t\t<li style=\"list-style:none;\"><a data-key=\"escape\" class=\"gmpm_key gmpm_esc\">esc<\/a><span class=\"gmpm_label\">Close<\/span><\/li>\n\t\t\t\t<\/ul>\n\t\t\t<\/div>\n\t\t<\/div>\n\n\t<\/div>\n\n\t<script type=\"text\/javascript\">\n\t\t\tdocument.addEventListener( 'DOMContentLoaded', function() {\n\t\t\t\tjQuery( function( $ ) {\n\t\t\t\t\tvar settings = {\"show_comments\":\"0\",\"show_download_button\":\"0\",\"show_link_button\":\"0\",\"show_description\":\"0\",\"show_author_avatar\":\"0\",\"show_author_name\":\"0\",\"show_share_button\":\"0\",\"show_like_button\":\"0\",\"link_color\":\"096900\",\"link_color_hover\":\"096900\",\"description_title\":\"Beschreibung\",\"ID\":201,\"url\":\"https:\\\/\\\/www.heimatverein-delligsen.de?rest_route=%2Fwp%2Fv2%2Fpages%2F8748\",\"moduleUrl\":\"https:\\\/\\\/www.heimatverein-delligsen.de\\\/hvd20\\\/wp-content\\\/grand-media\\\/module\\\/photomania\",\"initial_slide\":0};\n\t\t\t\t\tvar content = {\"data\":[{\"id\":\"3773\",\"type\":\"image\",\"file\":\"Auf_der_Wanderung_wurde_eine_dicke_Freundschaft_geschlossen.jpg\",\"meta\":{\"width\":2200,\"height\":1650,\"views\":757,\"likes\":0},\"title\":\"Auf der Wanderung wurde eine dicke Freundschaft geschlossen\",\"alt\":\"Auf der Wanderung wurde eine dicke Freundschaft geschlossen\",\"author\":{\"name\":\"Eike Heuer\",\"posts_link\":\"https:\\\/\\\/www.heimatverein-delligsen.de\\\/?author=1\"},\"post_link\":\"https:\\\/\\\/www.heimatverein-delligsen.de\\\/?gmedia=auf_der_wanderung_wurde_eine_dicke_freundschaft_geschlossen-jpg\",\"ratio\":1.3333333333333332593184650249895639717578887939453125},{\"id\":\"3774\",\"type\":\"image\",\"file\":\"Die_Wanderer_an_der_Barbara_Baude.jpg\",\"meta\":{\"width\":2200,\"height\":1650,\"views\":117,\"likes\":0},\"title\":\"Die Wanderer an der Barbara Baude\",\"alt\":\"Die Wanderer an der Barbara Baude\",\"author\":{\"name\":\"Eike Heuer\",\"posts_link\":\"https:\\\/\\\/www.heimatverein-delligsen.de\\\/?author=1\"},\"post_link\":\"https:\\\/\\\/www.heimatverein-delligsen.de\\\/?gmedia=die_wanderer_an_der_barbara_baude-jpg\",\"ratio\":1.3333333333333332593184650249895639717578887939453125},{\"id\":\"3775\",\"type\":\"image\",\"file\":\"Die_Wanderer_vor_der_D_rpm_hle_1.jpg\",\"meta\":{\"width\":2200,\"height\":1650,\"views\":117,\"likes\":0},\"title\":\"Die Wanderer vor der D\\u00f6rpm\\u00fchle\",\"alt\":\"Die Wanderer vor der D\\u00f6rpm\\u00fchle\",\"author\":{\"name\":\"Eike Heuer\",\"posts_link\":\"https:\\\/\\\/www.heimatverein-delligsen.de\\\/?author=1\"},\"post_link\":\"https:\\\/\\\/www.heimatverein-delligsen.de\\\/?gmedia=die_wanderer_vor_der_d_rpm_hle_1-jpg\",\"ratio\":1.3333333333333332593184650249895639717578887939453125},{\"id\":\"3776\",\"type\":\"image\",\"file\":\"Im_Hagental.jpg\",\"meta\":{\"width\":2200,\"height\":1650,\"views\":95,\"likes\":0},\"title\":\"Im Hagental\",\"alt\":\"Im Hagental\",\"author\":{\"name\":\"Eike Heuer\",\"posts_link\":\"https:\\\/\\\/www.heimatverein-delligsen.de\\\/?author=1\"},\"post_link\":\"https:\\\/\\\/www.heimatverein-delligsen.de\\\/?gmedia=im_hagental-jpg\",\"ratio\":1.3333333333333332593184650249895639717578887939453125},{\"id\":\"3777\",\"type\":\"image\",\"file\":\"Kurze_Pause.jpg\",\"meta\":{\"width\":2200,\"height\":1650,\"views\":109,\"likes\":0},\"title\":\"Kurze Pause\",\"alt\":\"Kurze Pause\",\"author\":{\"name\":\"Eike Heuer\",\"posts_link\":\"https:\\\/\\\/www.heimatverein-delligsen.de\\\/?author=1\"},\"post_link\":\"https:\\\/\\\/www.heimatverein-delligsen.de\\\/?gmedia=kurze_pause-jpg\",\"ratio\":1.3333333333333332593184650249895639717578887939453125}],\"terms\":[]};\n\t\t\t\t\tvar container = $( '#GmediaGallery_201' );\n\t\t\t\t\tcontainer.photomania( settings, content );\n\t\t\t\t\twindow.GmediaGallery_201 = container.data( 'photomania' );\n\t\t\t\t} );\n\t\t\t} );\n\t<\/script><\/div>\n<h3>26.05.2022: Himmelfahrtsausschank<\/h3>\n<div class=\"gmedia_gallery photomania_module is_bot\" id=\"GmediaGallery_202\" data-gmid=\"202\" data-module=\"photomania\"><style class='gmedia_module_style_import'>\/**** .photomania_module #GmediaGallery_202 ****\/\n#GmediaGallery_202 .gmpm_preload {opacity:0;}\n#GmediaGallery_202 .swiper-big-images img.gmpm_the_photo { max-height:100%; max-width:100%; display:inline; width:auto; height:auto; object-fit:unset; vertical-align:middle; border:none; }\n#GmediaGallery_202 .gmpm_focus .swiper-big-images img.gmpm_the_photo { width:auto; height:auto; object-fit:unset; }\n#GmediaGallery_202 .swiper-small-images img.gmpm_photo { max-width:none; max-height:none; }\n#GmediaGallery_202 .swiper-small-images img.gmpm_photo.gmpm_photo_landscape { width:auto; height:100%; }\n#GmediaGallery_202 .swiper-small-images img.gmpm_photo.gmpm_photo_portrait { width:100%; height:auto; }\n#GmediaGallery_202 .gmpm_gallery_sources_list p { margin:7px 0; padding:0; font-size:inherit; }\n#GmediaGallery_202 .gmpm_photo_details .gmpm_description_wrap a,\n#GmediaGallery_202 .gmpm_big_button_wrap .gmpm_button.gmpm_like.gmpm_liked,\n#GmediaGallery_202 .gmpm_big_button_wrap .gmpm_button.gmpm_like.gmpm_liked:hover {color:#096900;}\n#GmediaGallery_202 .gmpm_photo_show .gmpm_big_button {background-color:#096900;}\n#GmediaGallery_202 .swiper-small-images div.gmpm_photo.swiper-slide-active {border-color:#096900;}\n#GmediaGallery_202 .gmpm_photo_header .gmpm_name_wrap .gmpm_title_author a:hover,\n#GmediaGallery_202 .gmpm_photo_details .gmpm_description_wrap a:hover {color:#096900;}\n#GmediaGallery_202 .gmpm_photo_show .gmpm_big_button:hover,\n#GmediaGallery_202 .gmpm_focus_actions ul .gmpm_button.like.gmpm_liked {background-color:#096900;}<\/style>\n\t<div class=\"gmpm_photo_show gmpm_w960 gmpm_w640 gmpm_w480\">\n\n\t\t<div class=\"gmpm_photo_wrap has_prev_photo has_next_photo\">\n\t\t\t<div class=\"swiper-container swiper-big-images\">\n\t\t\t\t<div class=\"gmpm_photo_arrow_next gmpm_photo_arrow gmpm_next\">\n\t\t\t\t\t<div title=\"Next\" class=\"gmpm_arrow\"><\/div>\n\t\t\t\t<\/div>\n\t\t\t\t<div class=\"gmpm_photo_arrow_previous gmpm_photo_arrow gmpm_prev\">\n\t\t\t\t\t<div title=\"Previous\" class=\"gmpm_arrow\"><\/div>\n\t\t\t\t<\/div>\n\t\t\t\t<div class=\"swiper-wrapper\">\n\t\t\t\t\t\n\t\t<div class=\"swiper-slide\" data-hash=\"gmedia3784\" data-photo-id=\"3784\"><span class=\"gmpm_va\"><\/span><img decoding=\"async\" src=\"https:\/\/www.heimatverein-delligsen.de\/hvd20\/wp-content\/grand-media\/image\/Morgens_werden_B_nke_und_Tische.....jpg\" data-src=\"https:\/\/www.heimatverein-delligsen.de\/hvd20\/wp-content\/grand-media\/image\/Morgens_werden_B_nke_und_Tische.....jpg\" alt=\"Morgens werden B\u00e4nke und Tische....\" data-protect=\"Eike Heuer\" class=\"noLazy gmpm_the_photo\"><\/div>\n\t\t<div class=\"swiper-slide\" data-hash=\"gmedia3781\" data-photo-id=\"3781\"><span class=\"gmpm_va\"><\/span><img decoding=\"async\" src=\"https:\/\/www.heimatverein-delligsen.de\/hvd20\/wp-content\/grand-media\/image\/Grills_Speisen_und_Getr_nke_herangeschafft.jpg\" data-src=\"https:\/\/www.heimatverein-delligsen.de\/hvd20\/wp-content\/grand-media\/image\/Grills_Speisen_und_Getr_nke_herangeschafft.jpg\" alt=\"Grills, Speisen und Getr\u00e4nke herangeschafft\" data-protect=\"Eike Heuer\" class=\"noLazy gmpm_the_photo\"><\/div>\n\t\t<div class=\"swiper-slide\" data-hash=\"gmedia3785\" data-photo-id=\"3785\"><span class=\"gmpm_va\"><\/span><img decoding=\"async\" src=\"https:\/\/www.heimatverein-delligsen.de\/hvd20\/wp-content\/grand-media\/image\/Pfarrer_Paul-Gerhard_Feilcke_bei_seiner_Ansprache.jpg\" data-src=\"https:\/\/www.heimatverein-delligsen.de\/hvd20\/wp-content\/grand-media\/image\/Pfarrer_Paul-Gerhard_Feilcke_bei_seiner_Ansprache.jpg\" alt=\"Pfarrer Paul-Gerhard Feilcke bei seiner Ansprache\" data-protect=\"Eike Heuer\" class=\"noLazy gmpm_the_photo\"><\/div>\n\t\t<div class=\"swiper-slide\" data-hash=\"gmedia3783\" data-photo-id=\"3783\"><span class=\"gmpm_va\"><\/span><img decoding=\"async\" src=\"https:\/\/www.heimatverein-delligsen.de\/hvd20\/wp-content\/grand-media\/image\/Katrin_Feichtinger.jpg\" data-src=\"https:\/\/www.heimatverein-delligsen.de\/hvd20\/wp-content\/grand-media\/image\/Katrin_Feichtinger.jpg\" alt=\"Katrin Feichtinger\" data-protect=\"Eike Heuer\" class=\"noLazy gmpm_the_photo\"><\/div>\n\t\t<div class=\"swiper-slide\" data-hash=\"gmedia3779\" data-photo-id=\"3779\"><span class=\"gmpm_va\"><\/span><img decoding=\"async\" src=\"https:\/\/www.heimatverein-delligsen.de\/hvd20\/wp-content\/grand-media\/image\/Gesungen_wird_das_Lied_Droben_im_Hils.jpg\" data-src=\"https:\/\/www.heimatverein-delligsen.de\/hvd20\/wp-content\/grand-media\/image\/Gesungen_wird_das_Lied_Droben_im_Hils.jpg\" alt=\"Gesungen wird das Lied Droben im Hils\" data-protect=\"Eike Heuer\" class=\"noLazy gmpm_the_photo\"><\/div>\n\t\t<div class=\"swiper-slide\" data-hash=\"gmedia3787\" data-photo-id=\"3787\"><span class=\"gmpm_va\"><\/span><img decoding=\"async\" src=\"https:\/\/www.heimatverein-delligsen.de\/hvd20\/wp-content\/grand-media\/image\/Thomas_Krengel_ist_bereit_f_r_den_gro_en_Ansturm.jpg\" data-src=\"https:\/\/www.heimatverein-delligsen.de\/hvd20\/wp-content\/grand-media\/image\/Thomas_Krengel_ist_bereit_f_r_den_gro_en_Ansturm.jpg\" alt=\"Thomas Krengel ist bereit f\u00fcr den gro\u00dfen Ansturm\" data-protect=\"Eike Heuer\" class=\"noLazy gmpm_the_photo\"><\/div>\n\t\t<div class=\"swiper-slide\" data-hash=\"gmedia3780\" data-photo-id=\"3780\"><span class=\"gmpm_va\"><\/span><img decoding=\"async\" src=\"https:\/\/www.heimatverein-delligsen.de\/hvd20\/wp-content\/grand-media\/image\/Grillmeister.jpg\" data-src=\"https:\/\/www.heimatverein-delligsen.de\/hvd20\/wp-content\/grand-media\/image\/Grillmeister.jpg\" alt=\"Grillmeister\" data-protect=\"Eike Heuer\" class=\"noLazy gmpm_the_photo\"><\/div>\n\t\t<div class=\"swiper-slide\" data-hash=\"gmedia3786\" data-photo-id=\"3786\"><span class=\"gmpm_va\"><\/span><img decoding=\"async\" src=\"https:\/\/www.heimatverein-delligsen.de\/hvd20\/wp-content\/grand-media\/image\/Rolf-Henning_Koch_begr_t_die_G_ste.jpg\" data-src=\"https:\/\/www.heimatverein-delligsen.de\/hvd20\/wp-content\/grand-media\/image\/Rolf-Henning_Koch_begr_t_die_G_ste.jpg\" alt=\"Rolf-Henning Koch begr\u00fc\u00dft die G\u00e4ste\" data-protect=\"Eike Heuer\" class=\"noLazy gmpm_the_photo\"><\/div>\n\t\t<div class=\"swiper-slide\" data-hash=\"gmedia3778\" data-photo-id=\"3778\"><span class=\"gmpm_va\"><\/span><img decoding=\"async\" src=\"https:\/\/www.heimatverein-delligsen.de\/hvd20\/wp-content\/grand-media\/image\/Gesellige_Zusammenkunft.jpg\" data-src=\"https:\/\/www.heimatverein-delligsen.de\/hvd20\/wp-content\/grand-media\/image\/Gesellige_Zusammenkunft.jpg\" alt=\"Gesellige Zusammenkunft\" data-protect=\"Eike Heuer\" class=\"noLazy gmpm_the_photo\"><\/div>\n\t\t<div class=\"swiper-slide\" data-hash=\"gmedia3782\" data-photo-id=\"3782\"><span class=\"gmpm_va\"><\/span><img decoding=\"async\" src=\"https:\/\/www.heimatverein-delligsen.de\/hvd20\/wp-content\/grand-media\/image\/Himmelfahrt_2022.jpg\" data-src=\"https:\/\/www.heimatverein-delligsen.de\/hvd20\/wp-content\/grand-media\/image\/Himmelfahrt_2022.jpg\" alt=\"Himmelfahrt 2022\" data-protect=\"Eike Heuer\" class=\"noLazy gmpm_the_photo\"><\/div>\t\t\t\t<\/div>\n\t\t\t<\/div>\n\t\t<\/div>\n\n\t\t<div class=\"gmpm_photo_header\">\n\t\t\t<div class=\"gmpm_wrapper gmpm_clearfix\">\n\t\t\t\t<div class=\"gmpm_focus_actions\">\n\t\t\t\t\t\t\t\t\t\t\t\t\t\t\t<ul class=\"gmpm_focus_arrows gmpm_clearfix\">\n\t\t\t\t\t\t<li style=\"list-style:none;\"><a class=\"gmpm_button gmpm_photo_arrow_previous gmpm_prev\">Previous<\/a><\/li>\n\t\t\t\t\t\t<li style=\"list-style:none;\"><a class=\"gmpm_button gmpm_photo_arrow_next gmpm_next\">Next<\/a><\/li>\n\t\t\t\t\t<\/ul>\n\t\t\t\t<\/div>\n\t\t\t\t<div class=\"gmpm_name_wrap gmpm_clearfix gmpm_no_avatar\">\n\t\t\t\t\t\t\t\t\t\t<div class=\"gmpm_title_author\">\n\t\t\t\t\t\t<div class=\"gmpm_title\">Morgens werden B\u00e4nke und Tische....<\/div>\n\t\t\t\t\t\t\t\t\t\t\t<\/div>\n\t\t\t\t<\/div>\n\t\t\t\t<div class=\"gmpm_actions gmpm_clearfix\">\n\t\t\t\t\t<div class=\"gmpm_carousel gmpm_has_previous gmpm_has_next\">\n\t\t\t\t\t\t<div class=\"gmpm_previous_button\"><\/div>\n\t\t\t\t\t\t<div class=\"gmpm_photo_carousel\">\n\t\t\t\t\t\t\t<div class=\"swiper-container swiper-small-images\">\n\t\t\t\t\t\t\t\t<div class=\"swiper-wrapper\">\n\t\t\t\t\t\t\t\t\t\n\t\t<div class=\"swiper-slide gmpm_photo\" data-photo-id=\"3784\"><img decoding=\"async\" src=\"https:\/\/www.heimatverein-delligsen.de\/hvd20\/wp-content\/grand-media\/image\/thumb\/Morgens_werden_B_nke_und_Tische.....jpg\" data-src=\"https:\/\/www.heimatverein-delligsen.de\/hvd20\/wp-content\/grand-media\/image\/thumb\/Morgens_werden_B_nke_und_Tische.....jpg\" alt=\"Morgens werden B\u00e4nke und Tische....\" class=\"noLazy gmpm_photo swiper-lazy gmpm_photo_landscape\"><span class=\"swiper-lazy-preloader swiper-lazy-preloader-black\"><\/span><\/div>\n\t\t<div class=\"swiper-slide gmpm_photo\" data-photo-id=\"3781\"><img decoding=\"async\" src=\"https:\/\/www.heimatverein-delligsen.de\/hvd20\/wp-content\/grand-media\/image\/thumb\/Grills_Speisen_und_Getr_nke_herangeschafft.jpg\" data-src=\"https:\/\/www.heimatverein-delligsen.de\/hvd20\/wp-content\/grand-media\/image\/thumb\/Grills_Speisen_und_Getr_nke_herangeschafft.jpg\" alt=\"Grills, Speisen und Getr\u00e4nke herangeschafft\" class=\"noLazy gmpm_photo swiper-lazy gmpm_photo_landscape\"><span class=\"swiper-lazy-preloader swiper-lazy-preloader-black\"><\/span><\/div>\n\t\t<div class=\"swiper-slide gmpm_photo\" data-photo-id=\"3785\"><img decoding=\"async\" src=\"https:\/\/www.heimatverein-delligsen.de\/hvd20\/wp-content\/grand-media\/image\/thumb\/Pfarrer_Paul-Gerhard_Feilcke_bei_seiner_Ansprache.jpg\" data-src=\"https:\/\/www.heimatverein-delligsen.de\/hvd20\/wp-content\/grand-media\/image\/thumb\/Pfarrer_Paul-Gerhard_Feilcke_bei_seiner_Ansprache.jpg\" alt=\"Pfarrer Paul-Gerhard Feilcke bei seiner Ansprache\" class=\"noLazy gmpm_photo swiper-lazy gmpm_photo_landscape\"><span class=\"swiper-lazy-preloader swiper-lazy-preloader-black\"><\/span><\/div>\n\t\t<div class=\"swiper-slide gmpm_photo\" data-photo-id=\"3783\"><img decoding=\"async\" src=\"https:\/\/www.heimatverein-delligsen.de\/hvd20\/wp-content\/grand-media\/image\/thumb\/Katrin_Feichtinger.jpg\" data-src=\"https:\/\/www.heimatverein-delligsen.de\/hvd20\/wp-content\/grand-media\/image\/thumb\/Katrin_Feichtinger.jpg\" alt=\"Katrin Feichtinger\" class=\"noLazy gmpm_photo swiper-lazy gmpm_photo_landscape\"><span class=\"swiper-lazy-preloader swiper-lazy-preloader-black\"><\/span><\/div>\n\t\t<div class=\"swiper-slide gmpm_photo\" data-photo-id=\"3779\"><img decoding=\"async\" src=\"https:\/\/www.heimatverein-delligsen.de\/hvd20\/wp-content\/grand-media\/image\/thumb\/Gesungen_wird_das_Lied_Droben_im_Hils.jpg\" data-src=\"https:\/\/www.heimatverein-delligsen.de\/hvd20\/wp-content\/grand-media\/image\/thumb\/Gesungen_wird_das_Lied_Droben_im_Hils.jpg\" alt=\"Gesungen wird das Lied Droben im Hils\" class=\"noLazy gmpm_photo swiper-lazy gmpm_photo_landscape\"><span class=\"swiper-lazy-preloader swiper-lazy-preloader-black\"><\/span><\/div>\n\t\t<div class=\"swiper-slide gmpm_photo\" data-photo-id=\"3787\"><img decoding=\"async\" src=\"https:\/\/www.heimatverein-delligsen.de\/hvd20\/wp-content\/grand-media\/image\/thumb\/Thomas_Krengel_ist_bereit_f_r_den_gro_en_Ansturm.jpg\" data-src=\"https:\/\/www.heimatverein-delligsen.de\/hvd20\/wp-content\/grand-media\/image\/thumb\/Thomas_Krengel_ist_bereit_f_r_den_gro_en_Ansturm.jpg\" alt=\"Thomas Krengel ist bereit f\u00fcr den gro\u00dfen Ansturm\" class=\"noLazy gmpm_photo swiper-lazy gmpm_photo_landscape\"><span class=\"swiper-lazy-preloader swiper-lazy-preloader-black\"><\/span><\/div>\n\t\t<div class=\"swiper-slide gmpm_photo\" data-photo-id=\"3780\"><img decoding=\"async\" src=\"https:\/\/www.heimatverein-delligsen.de\/hvd20\/wp-content\/grand-media\/image\/thumb\/Grillmeister.jpg\" data-src=\"https:\/\/www.heimatverein-delligsen.de\/hvd20\/wp-content\/grand-media\/image\/thumb\/Grillmeister.jpg\" alt=\"Grillmeister\" class=\"noLazy gmpm_photo swiper-lazy gmpm_photo_landscape\"><span class=\"swiper-lazy-preloader swiper-lazy-preloader-black\"><\/span><\/div>\n\t\t<div class=\"swiper-slide gmpm_photo\" data-photo-id=\"3786\"><img decoding=\"async\" src=\"https:\/\/www.heimatverein-delligsen.de\/hvd20\/wp-content\/grand-media\/image\/thumb\/Rolf-Henning_Koch_begr_t_die_G_ste.jpg\" data-src=\"https:\/\/www.heimatverein-delligsen.de\/hvd20\/wp-content\/grand-media\/image\/thumb\/Rolf-Henning_Koch_begr_t_die_G_ste.jpg\" alt=\"Rolf-Henning Koch begr\u00fc\u00dft die G\u00e4ste\" class=\"noLazy gmpm_photo swiper-lazy gmpm_photo_landscape\"><span class=\"swiper-lazy-preloader swiper-lazy-preloader-black\"><\/span><\/div>\n\t\t<div class=\"swiper-slide gmpm_photo\" data-photo-id=\"3778\"><img decoding=\"async\" src=\"https:\/\/www.heimatverein-delligsen.de\/hvd20\/wp-content\/grand-media\/image\/thumb\/Gesellige_Zusammenkunft.jpg\" data-src=\"https:\/\/www.heimatverein-delligsen.de\/hvd20\/wp-content\/grand-media\/image\/thumb\/Gesellige_Zusammenkunft.jpg\" alt=\"Gesellige Zusammenkunft\" class=\"noLazy gmpm_photo swiper-lazy gmpm_photo_landscape\"><span class=\"swiper-lazy-preloader swiper-lazy-preloader-black\"><\/span><\/div>\n\t\t<div class=\"swiper-slide gmpm_photo\" data-photo-id=\"3782\"><img decoding=\"async\" src=\"https:\/\/www.heimatverein-delligsen.de\/hvd20\/wp-content\/grand-media\/image\/thumb\/Himmelfahrt_2022.jpg\" data-src=\"https:\/\/www.heimatverein-delligsen.de\/hvd20\/wp-content\/grand-media\/image\/thumb\/Himmelfahrt_2022.jpg\" alt=\"Himmelfahrt 2022\" class=\"noLazy gmpm_photo swiper-lazy gmpm_photo_landscape\"><span class=\"swiper-lazy-preloader swiper-lazy-preloader-black\"><\/span><\/div>\t\t\t\t\t\t\t\t<\/div>\n\t\t\t\t\t\t\t<\/div>\n\t\t\t\t\t\t<\/div>\n\t\t\t\t\t\t<div class=\"gmpm_next_button\"><\/div>\n\t\t\t\t\t<\/div>\n\t\t\t\t\t\t\t\t\t\t\t\t\t\t\t\t\t\t\t\t\t\t\t\t<\/div>\n\t\t\t<\/div>\n\t\t<\/div>\n\t\t<div class=\"gmpm_focus_close_full\">\n\t\t\t<span><a class=\"gmpm_button gmpm_close\">Close<\/a><\/span>\n\t\t\t<span><a class=\"gmpm_button gmpm_full\">Full<\/a><\/span>\n\t\t<\/div>\n\t\t<div class=\"gmpm_photo_details\">\n\t\t\t<div class=\"gmpm_description_wrap empty-item-description\">\n\t\t\t\t\t\t\t<\/div>\n\t\t<\/div>\n\n\t\t<div class=\"gmpm_focus_footer\">\n\t\t\t<div class=\"gmpm_focus_keyboard\">\n\t\t\t\t<div class=\"gmpm_focus_keyboard_title\">Keyboard Shortcuts <a class=\"gmpm_focus_keyboard_dismiss\">Dismiss<\/a><\/div>\n\t\t\t\t<ul>\n\t\t\t\t\t<li style=\"list-style:none;\"><a data-key=\"p\" class=\"gmpm_key\">S<\/a><span class=\"gmpm_label\">Slideshow<\/span><\/li>\n\t\t\t\t\t<li style=\"list-style:none;\"><a data-key=\"m\" class=\"gmpm_key\">M<\/a><span class=\"gmpm_label\">Maximize<\/span><\/li>\n\t\t\t\t\t<li style=\"list-style:none;\"><a data-key=\"left\" class=\"gmpm_key\">&nbsp;<\/a><span class=\"gmpm_label\">Previous<\/span><\/li>\n\t\t\t\t\t<li style=\"list-style:none;\"><a data-key=\"right\" class=\"gmpm_key\">&nbsp;<\/a><span class=\"gmpm_label\">Next<\/span><\/li>\n\t\t\t\t\t<li style=\"list-style:none;\"><a data-key=\"escape\" class=\"gmpm_key gmpm_esc\">esc<\/a><span class=\"gmpm_label\">Close<\/span><\/li>\n\t\t\t\t<\/ul>\n\t\t\t<\/div>\n\t\t<\/div>\n\n\t<\/div>\n\n\t<script type=\"text\/javascript\">\n\t\t\tdocument.addEventListener( 'DOMContentLoaded', function() {\n\t\t\t\tjQuery( function( $ ) {\n\t\t\t\t\tvar settings = {\"show_comments\":\"0\",\"show_download_button\":\"0\",\"show_link_button\":\"0\",\"show_description\":\"0\",\"show_author_avatar\":\"0\",\"show_author_name\":\"0\",\"show_share_button\":\"0\",\"show_like_button\":\"0\",\"link_color\":\"096900\",\"link_color_hover\":\"096900\",\"description_title\":\"Beschreibung\",\"ID\":202,\"url\":\"https:\\\/\\\/www.heimatverein-delligsen.de?rest_route=%2Fwp%2Fv2%2Fpages%2F8748\",\"moduleUrl\":\"https:\\\/\\\/www.heimatverein-delligsen.de\\\/hvd20\\\/wp-content\\\/grand-media\\\/module\\\/photomania\",\"initial_slide\":0};\n\t\t\t\t\tvar content = {\"data\":[{\"id\":\"3784\",\"type\":\"image\",\"file\":\"Morgens_werden_B_nke_und_Tische.....jpg\",\"meta\":{\"width\":1024,\"height\":681,\"views\":707,\"likes\":0},\"title\":\"Morgens werden B\\u00e4nke und Tische....\",\"alt\":\"Morgens werden B\\u00e4nke und Tische....\",\"author\":{\"name\":\"Eike Heuer\",\"posts_link\":\"https:\\\/\\\/www.heimatverein-delligsen.de\\\/?author=1\"},\"post_link\":\"https:\\\/\\\/www.heimatverein-delligsen.de\\\/?gmedia=morgens_werden_b_nke_und_tische-jpg\",\"ratio\":1.5036710719530101965091262172791175544261932373046875},{\"id\":\"3781\",\"type\":\"image\",\"file\":\"Grills_Speisen_und_Getr_nke_herangeschafft.jpg\",\"meta\":{\"width\":1024,\"height\":681,\"views\":111,\"likes\":0},\"title\":\"Grills, Speisen und Getr\\u00e4nke herangeschafft\",\"alt\":\"Grills, Speisen und Getr\\u00e4nke herangeschafft\",\"author\":{\"name\":\"Eike Heuer\",\"posts_link\":\"https:\\\/\\\/www.heimatverein-delligsen.de\\\/?author=1\"},\"post_link\":\"https:\\\/\\\/www.heimatverein-delligsen.de\\\/?gmedia=grills_speisen_und_getr_nke_herangeschafft-jpg\",\"ratio\":1.5036710719530101965091262172791175544261932373046875},{\"id\":\"3785\",\"type\":\"image\",\"file\":\"Pfarrer_Paul-Gerhard_Feilcke_bei_seiner_Ansprache.jpg\",\"meta\":{\"width\":1024,\"height\":681,\"views\":125,\"likes\":0},\"title\":\"Pfarrer Paul-Gerhard Feilcke bei seiner Ansprache\",\"alt\":\"Pfarrer Paul-Gerhard Feilcke bei seiner Ansprache\",\"author\":{\"name\":\"Eike Heuer\",\"posts_link\":\"https:\\\/\\\/www.heimatverein-delligsen.de\\\/?author=1\"},\"post_link\":\"https:\\\/\\\/www.heimatverein-delligsen.de\\\/?gmedia=pfarrer_paul-gerhard_feilcke_bei_seiner_ansprache-jpg\",\"ratio\":1.5036710719530101965091262172791175544261932373046875},{\"id\":\"3783\",\"type\":\"image\",\"file\":\"Katrin_Feichtinger.jpg\",\"meta\":{\"width\":1024,\"height\":681,\"views\":94,\"likes\":0},\"title\":\"Katrin Feichtinger\",\"alt\":\"Katrin Feichtinger\",\"author\":{\"name\":\"Eike Heuer\",\"posts_link\":\"https:\\\/\\\/www.heimatverein-delligsen.de\\\/?author=1\"},\"post_link\":\"https:\\\/\\\/www.heimatverein-delligsen.de\\\/?gmedia=katrin_feichtinger-jpg\",\"ratio\":1.5036710719530101965091262172791175544261932373046875},{\"id\":\"3779\",\"type\":\"image\",\"file\":\"Gesungen_wird_das_Lied_Droben_im_Hils.jpg\",\"meta\":{\"width\":1024,\"height\":681,\"views\":122,\"likes\":0},\"title\":\"Gesungen wird das Lied Droben im Hils\",\"alt\":\"Gesungen wird das Lied Droben im Hils\",\"author\":{\"name\":\"Eike Heuer\",\"posts_link\":\"https:\\\/\\\/www.heimatverein-delligsen.de\\\/?author=1\"},\"post_link\":\"https:\\\/\\\/www.heimatverein-delligsen.de\\\/?gmedia=gesungen_wird_das_lied_droben_im_hils-jpg\",\"ratio\":1.5036710719530101965091262172791175544261932373046875},{\"id\":\"3787\",\"type\":\"image\",\"file\":\"Thomas_Krengel_ist_bereit_f_r_den_gro_en_Ansturm.jpg\",\"meta\":{\"width\":1024,\"height\":681,\"views\":117,\"likes\":0},\"title\":\"Thomas Krengel ist bereit f\\u00fcr den gro\\u00dfen Ansturm\",\"alt\":\"Thomas Krengel ist bereit f\\u00fcr den gro\\u00dfen Ansturm\",\"author\":{\"name\":\"Eike Heuer\",\"posts_link\":\"https:\\\/\\\/www.heimatverein-delligsen.de\\\/?author=1\"},\"post_link\":\"https:\\\/\\\/www.heimatverein-delligsen.de\\\/?gmedia=thomas_krengel_ist_bereit_f_r_den_gro_en_ansturm-jpg\",\"ratio\":1.5036710719530101965091262172791175544261932373046875},{\"id\":\"3780\",\"type\":\"image\",\"file\":\"Grillmeister.jpg\",\"meta\":{\"width\":1024,\"height\":675,\"views\":123,\"likes\":0},\"title\":\"Grillmeister\",\"alt\":\"Grillmeister\",\"author\":{\"name\":\"Eike Heuer\",\"posts_link\":\"https:\\\/\\\/www.heimatverein-delligsen.de\\\/?author=1\"},\"post_link\":\"https:\\\/\\\/www.heimatverein-delligsen.de\\\/?gmedia=grillmeister-jpg\",\"ratio\":1.5170370370370369617063488476560451090335845947265625},{\"id\":\"3786\",\"type\":\"image\",\"file\":\"Rolf-Henning_Koch_begr_t_die_G_ste.jpg\",\"meta\":{\"width\":1024,\"height\":681,\"views\":109,\"likes\":0},\"title\":\"Rolf-Henning Koch begr\\u00fc\\u00dft die G\\u00e4ste\",\"alt\":\"Rolf-Henning Koch begr\\u00fc\\u00dft die G\\u00e4ste\",\"author\":{\"name\":\"Eike Heuer\",\"posts_link\":\"https:\\\/\\\/www.heimatverein-delligsen.de\\\/?author=1\"},\"post_link\":\"https:\\\/\\\/www.heimatverein-delligsen.de\\\/?gmedia=rolf-henning_koch_begr_t_die_g_ste-jpg\",\"ratio\":1.5036710719530101965091262172791175544261932373046875},{\"id\":\"3778\",\"type\":\"image\",\"file\":\"Gesellige_Zusammenkunft.jpg\",\"meta\":{\"width\":1024,\"height\":681,\"views\":106,\"likes\":0},\"title\":\"Gesellige Zusammenkunft\",\"alt\":\"Gesellige Zusammenkunft\",\"author\":{\"name\":\"Eike Heuer\",\"posts_link\":\"https:\\\/\\\/www.heimatverein-delligsen.de\\\/?author=1\"},\"post_link\":\"https:\\\/\\\/www.heimatverein-delligsen.de\\\/?gmedia=gesellige_zusammenkunft-jpg\",\"ratio\":1.5036710719530101965091262172791175544261932373046875},{\"id\":\"3782\",\"type\":\"image\",\"file\":\"Himmelfahrt_2022.jpg\",\"meta\":{\"width\":1024,\"height\":681,\"views\":122,\"likes\":0},\"title\":\"Himmelfahrt 2022\",\"alt\":\"Himmelfahrt 2022\",\"author\":{\"name\":\"Eike Heuer\",\"posts_link\":\"https:\\\/\\\/www.heimatverein-delligsen.de\\\/?author=1\"},\"post_link\":\"https:\\\/\\\/www.heimatverein-delligsen.de\\\/?gmedia=himmelfahrt_2022-jpg\",\"ratio\":1.5036710719530101965091262172791175544261932373046875}],\"terms\":[]};\n\t\t\t\t\tvar container = $( '#GmediaGallery_202' );\n\t\t\t\t\tcontainer.photomania( settings, content );\n\t\t\t\t\twindow.GmediaGallery_202 = container.data( 'photomania' );\n\t\t\t\t} );\n\t\t\t} );\n\t<\/script><\/div>\n<h3>18.06.2022: 50 Jahre K\u00f6hlerh\u00fctte<\/h3>\n<div class=\"gmedia_gallery photomania_module is_bot\" id=\"GmediaGallery_203\" data-gmid=\"203\" data-module=\"photomania\"><style class='gmedia_module_style_import'>\/**** .photomania_module #GmediaGallery_203 ****\/\n#GmediaGallery_203 .gmpm_preload {opacity:0;}\n#GmediaGallery_203 .swiper-big-images img.gmpm_the_photo { max-height:100%; max-width:100%; display:inline; width:auto; height:auto; object-fit:unset; vertical-align:middle; border:none; }\n#GmediaGallery_203 .gmpm_focus .swiper-big-images img.gmpm_the_photo { width:auto; height:auto; object-fit:unset; }\n#GmediaGallery_203 .swiper-small-images img.gmpm_photo { max-width:none; max-height:none; }\n#GmediaGallery_203 .swiper-small-images img.gmpm_photo.gmpm_photo_landscape { width:auto; height:100%; }\n#GmediaGallery_203 .swiper-small-images img.gmpm_photo.gmpm_photo_portrait { width:100%; height:auto; }\n#GmediaGallery_203 .gmpm_gallery_sources_list p { margin:7px 0; padding:0; font-size:inherit; }\n#GmediaGallery_203 .gmpm_photo_details .gmpm_description_wrap a,\n#GmediaGallery_203 .gmpm_big_button_wrap .gmpm_button.gmpm_like.gmpm_liked,\n#GmediaGallery_203 .gmpm_big_button_wrap .gmpm_button.gmpm_like.gmpm_liked:hover {color:#096900;}\n#GmediaGallery_203 .gmpm_photo_show .gmpm_big_button {background-color:#096900;}\n#GmediaGallery_203 .swiper-small-images div.gmpm_photo.swiper-slide-active {border-color:#096900;}\n#GmediaGallery_203 .gmpm_photo_header .gmpm_name_wrap .gmpm_title_author a:hover,\n#GmediaGallery_203 .gmpm_photo_details .gmpm_description_wrap a:hover {color:#096900;}\n#GmediaGallery_203 .gmpm_photo_show .gmpm_big_button:hover,\n#GmediaGallery_203 .gmpm_focus_actions ul .gmpm_button.like.gmpm_liked {background-color:#096900;}<\/style>\n\t<div class=\"gmpm_photo_show gmpm_w960 gmpm_w640 gmpm_w480\">\n\n\t\t<div class=\"gmpm_photo_wrap has_prev_photo has_next_photo\">\n\t\t\t<div class=\"swiper-container swiper-big-images\">\n\t\t\t\t<div class=\"gmpm_photo_arrow_next gmpm_photo_arrow gmpm_next\">\n\t\t\t\t\t<div title=\"Next\" class=\"gmpm_arrow\"><\/div>\n\t\t\t\t<\/div>\n\t\t\t\t<div class=\"gmpm_photo_arrow_previous gmpm_photo_arrow gmpm_prev\">\n\t\t\t\t\t<div title=\"Previous\" class=\"gmpm_arrow\"><\/div>\n\t\t\t\t<\/div>\n\t\t\t\t<div class=\"swiper-wrapper\">\n\t\t\t\t\t\n\t\t<div class=\"swiper-slide\" data-hash=\"gmedia3793\" data-photo-id=\"3793\"><span class=\"gmpm_va\"><\/span><img decoding=\"async\" src=\"https:\/\/www.heimatverein-delligsen.de\/hvd20\/wp-content\/grand-media\/image\/Der_Shuttleservice_wurde_gut_angenommen.jpg\" data-src=\"https:\/\/www.heimatverein-delligsen.de\/hvd20\/wp-content\/grand-media\/image\/Der_Shuttleservice_wurde_gut_angenommen.jpg\" alt=\"Der Shuttleservice wurde gut angenommen\" data-protect=\"Eike Heuer\" class=\"noLazy gmpm_the_photo\"><\/div>\n\t\t<div class=\"swiper-slide\" data-hash=\"gmedia3792\" data-photo-id=\"3792\"><span class=\"gmpm_va\"><\/span><img decoding=\"async\" src=\"https:\/\/www.heimatverein-delligsen.de\/hvd20\/wp-content\/grand-media\/image\/Auch_Olaf_Lies_und_Sabine_Tippelt_nutzen_den_Shuttleservice.jpg\" data-src=\"https:\/\/www.heimatverein-delligsen.de\/hvd20\/wp-content\/grand-media\/image\/Auch_Olaf_Lies_und_Sabine_Tippelt_nutzen_den_Shuttleservice.jpg\" alt=\"Auch Olaf Lies und Sabine Tippelt nutzen den Shuttleservice\" data-protect=\"Eike Heuer\" class=\"noLazy gmpm_the_photo\"><\/div>\n\t\t<div class=\"swiper-slide\" data-hash=\"gmedia3808\" data-photo-id=\"3808\"><span class=\"gmpm_va\"><\/span><img decoding=\"async\" src=\"https:\/\/www.heimatverein-delligsen.de\/hvd20\/wp-content\/grand-media\/image\/Rolf_Henning_Koch_begr_t_die_G_ste.jpg\" data-src=\"https:\/\/www.heimatverein-delligsen.de\/hvd20\/wp-content\/grand-media\/image\/Rolf_Henning_Koch_begr_t_die_G_ste.jpg\" alt=\"Rolf Henning Koch begr\u00fc\u00dft die G\u00e4ste\" data-protect=\"Eike Heuer\" class=\"noLazy gmpm_the_photo\"><\/div>\n\t\t<div class=\"swiper-slide\" data-hash=\"gmedia3799\" data-photo-id=\"3799\"><span class=\"gmpm_va\"><\/span><img decoding=\"async\" src=\"https:\/\/www.heimatverein-delligsen.de\/hvd20\/wp-content\/grand-media\/image\/Gru_wort_von_Stephan_Willudda.jpg\" data-src=\"https:\/\/www.heimatverein-delligsen.de\/hvd20\/wp-content\/grand-media\/image\/Gru_wort_von_Stephan_Willudda.jpg\" alt=\"Gru\u00dfwort von Stephan Willudda\" data-protect=\"Eike Heuer\" class=\"noLazy gmpm_the_photo\"><\/div>\n\t\t<div class=\"swiper-slide\" data-hash=\"gmedia3816\" data-photo-id=\"3816\"><span class=\"gmpm_va\"><\/span><img decoding=\"async\" src=\"https:\/\/www.heimatverein-delligsen.de\/hvd20\/wp-content\/grand-media\/image\/Willudda_berreicht_ein_flaches_Geschenk.jpg\" data-src=\"https:\/\/www.heimatverein-delligsen.de\/hvd20\/wp-content\/grand-media\/image\/Willudda_berreicht_ein_flaches_Geschenk.jpg\" alt=\"Willudda \u00fcberreicht ein flaches Geschenk\" data-protect=\"Eike Heuer\" class=\"noLazy gmpm_the_photo\"><\/div>\n\t\t<div class=\"swiper-slide\" data-hash=\"gmedia3798\" data-photo-id=\"3798\"><span class=\"gmpm_va\"><\/span><img decoding=\"async\" src=\"https:\/\/www.heimatverein-delligsen.de\/hvd20\/wp-content\/grand-media\/image\/Gru_wort_von_Sabine_Tippelt.jpg\" data-src=\"https:\/\/www.heimatverein-delligsen.de\/hvd20\/wp-content\/grand-media\/image\/Gru_wort_von_Sabine_Tippelt.jpg\" alt=\"Gru\u00dfwort von Sabine Tippelt\" data-protect=\"Eike Heuer\" class=\"noLazy gmpm_the_photo\"><\/div>\n\t\t<div class=\"swiper-slide\" data-hash=\"gmedia3795\" data-photo-id=\"3795\"><span class=\"gmpm_va\"><\/span><img decoding=\"async\" src=\"https:\/\/www.heimatverein-delligsen.de\/hvd20\/wp-content\/grand-media\/image\/Die_K_hlerh_tte_als_Torte_brachte_Tippelt_als_Geschenk_mit.jpg\" data-src=\"https:\/\/www.heimatverein-delligsen.de\/hvd20\/wp-content\/grand-media\/image\/Die_K_hlerh_tte_als_Torte_brachte_Tippelt_als_Geschenk_mit.jpg\" alt=\"Die K\u00f6hlerh\u00fctte als Torte brachte Tippelt als Geschenk mit\" data-protect=\"Eike Heuer\" class=\"noLazy gmpm_the_photo\"><\/div>\n\t\t<div class=\"swiper-slide\" data-hash=\"gmedia3817\" data-photo-id=\"3817\"><span class=\"gmpm_va\"><\/span><img decoding=\"async\" src=\"https:\/\/www.heimatverein-delligsen.de\/hvd20\/wp-content\/grand-media\/image\/01-Kuchen.jpeg\" data-src=\"https:\/\/www.heimatverein-delligsen.de\/hvd20\/wp-content\/grand-media\/image\/01-Kuchen.jpeg\" alt=\"Die K\u00f6hlerh\u00fctte als Torte\" data-protect=\"Eike Heuer\" class=\"noLazy gmpm_the_photo\"><\/div>\n\t\t<div class=\"swiper-slide\" data-hash=\"gmedia3797\" data-photo-id=\"3797\"><span class=\"gmpm_va\"><\/span><img decoding=\"async\" src=\"https:\/\/www.heimatverein-delligsen.de\/hvd20\/wp-content\/grand-media\/image\/Gru_wort_von_Olaf_Lies.jpg\" data-src=\"https:\/\/www.heimatverein-delligsen.de\/hvd20\/wp-content\/grand-media\/image\/Gru_wort_von_Olaf_Lies.jpg\" alt=\"Gru\u00dfwort von Olaf Lies\" data-protect=\"Eike Heuer\" class=\"noLazy gmpm_the_photo\"><\/div>\n\t\t<div class=\"swiper-slide\" data-hash=\"gmedia3807\" data-photo-id=\"3807\"><span class=\"gmpm_va\"><\/span><img decoding=\"async\" src=\"https:\/\/www.heimatverein-delligsen.de\/hvd20\/wp-content\/grand-media\/image\/Olaf_Lies_bekommt_eine_Buche_geschm_ckt_mit_Lik_r_aus_dem_Hils.jpg\" data-src=\"https:\/\/www.heimatverein-delligsen.de\/hvd20\/wp-content\/grand-media\/image\/Olaf_Lies_bekommt_eine_Buche_geschm_ckt_mit_Lik_r_aus_dem_Hils.jpg\" alt=\"Olaf Lies bekommt eine Buche, geschm\u00fcckt mit Lik\u00f6r aus dem Hils\" data-protect=\"Eike Heuer\" class=\"noLazy gmpm_the_photo\"><\/div>\n\t\t<div class=\"swiper-slide\" data-hash=\"gmedia3815\" data-photo-id=\"3815\"><span class=\"gmpm_va\"><\/span><img decoding=\"async\" src=\"https:\/\/www.heimatverein-delligsen.de\/hvd20\/wp-content\/grand-media\/image\/Unterhaltsame_Begegnungen.jpg\" data-src=\"https:\/\/www.heimatverein-delligsen.de\/hvd20\/wp-content\/grand-media\/image\/Unterhaltsame_Begegnungen.jpg\" alt=\"Unterhaltsame Begegnungen\" data-protect=\"Eike Heuer\" class=\"noLazy gmpm_the_photo\"><\/div>\n\t\t<div class=\"swiper-slide\" data-hash=\"gmedia3813\" data-photo-id=\"3813\"><span class=\"gmpm_va\"><\/span><img decoding=\"async\" src=\"https:\/\/www.heimatverein-delligsen.de\/hvd20\/wp-content\/grand-media\/image\/_berall_herrscht_gute_Stimmung.jpg\" data-src=\"https:\/\/www.heimatverein-delligsen.de\/hvd20\/wp-content\/grand-media\/image\/_berall_herrscht_gute_Stimmung.jpg\" alt=\"\u00dcberall herrscht gute Stimmung\" data-protect=\"Eike Heuer\" class=\"noLazy gmpm_the_photo\"><\/div>\n\t\t<div class=\"swiper-slide\" data-hash=\"gmedia3811\" data-photo-id=\"3811\"><span class=\"gmpm_va\"><\/span><img decoding=\"async\" src=\"https:\/\/www.heimatverein-delligsen.de\/hvd20\/wp-content\/grand-media\/image\/So_ein_Tag_so_wundersch_n_wie_heute.....jpg\" data-src=\"https:\/\/www.heimatverein-delligsen.de\/hvd20\/wp-content\/grand-media\/image\/So_ein_Tag_so_wundersch_n_wie_heute.....jpg\" alt=\"So ein Tag, so wundersch\u00f6n wie heute....\" data-protect=\"Eike Heuer\" class=\"noLazy gmpm_the_photo\"><\/div>\n\t\t<div class=\"swiper-slide\" data-hash=\"gmedia3809\" data-photo-id=\"3809\"><span class=\"gmpm_va\"><\/span><img decoding=\"async\" src=\"https:\/\/www.heimatverein-delligsen.de\/hvd20\/wp-content\/grand-media\/image\/Sabine_Tippelt_und_Olaf_Lies_im_Gespr_ch_mit_anderen_G_sten.jpg\" data-src=\"https:\/\/www.heimatverein-delligsen.de\/hvd20\/wp-content\/grand-media\/image\/Sabine_Tippelt_und_Olaf_Lies_im_Gespr_ch_mit_anderen_G_sten.jpg\" alt=\"Sabine Tippelt und Olaf Lies im Gespr\u00e4ch mit anderen G\u00e4sten\" data-protect=\"Eike Heuer\" class=\"noLazy gmpm_the_photo\"><\/div>\n\t\t<div class=\"swiper-slide\" data-hash=\"gmedia3805\" data-photo-id=\"3805\"><span class=\"gmpm_va\"><\/span><img decoding=\"async\" src=\"https:\/\/www.heimatverein-delligsen.de\/hvd20\/wp-content\/grand-media\/image\/Mit_Eifer_und_Geschick_dabei....jpg\" data-src=\"https:\/\/www.heimatverein-delligsen.de\/hvd20\/wp-content\/grand-media\/image\/Mit_Eifer_und_Geschick_dabei....jpg\" alt=\"Mit Eifer und Geschick dabei...\" data-protect=\"Eike Heuer\" class=\"noLazy gmpm_the_photo\"><\/div>\n\t\t<div class=\"swiper-slide\" data-hash=\"gmedia3812\" data-photo-id=\"3812\"><span class=\"gmpm_va\"><\/span><img decoding=\"async\" src=\"https:\/\/www.heimatverein-delligsen.de\/hvd20\/wp-content\/grand-media\/image\/_berall_gibt_es_was_zu_entdecken....jpg\" data-src=\"https:\/\/www.heimatverein-delligsen.de\/hvd20\/wp-content\/grand-media\/image\/_berall_gibt_es_was_zu_entdecken....jpg\" alt=\"\u00dcberall gibt es was zu entdecken...\" data-protect=\"Eike Heuer\" class=\"noLazy gmpm_the_photo\"><\/div>\n\t\t<div class=\"swiper-slide\" data-hash=\"gmedia3806\" data-photo-id=\"3806\"><span class=\"gmpm_va\"><\/span><img decoding=\"async\" src=\"https:\/\/www.heimatverein-delligsen.de\/hvd20\/wp-content\/grand-media\/image\/Musikzug_der_Freiwilligen_Feuerwehr_Delligsen.jpg\" data-src=\"https:\/\/www.heimatverein-delligsen.de\/hvd20\/wp-content\/grand-media\/image\/Musikzug_der_Freiwilligen_Feuerwehr_Delligsen.jpg\" alt=\"Musikzug der Freiwilligen Feuerwehr Delligsen\" data-protect=\"Eike Heuer\" class=\"noLazy gmpm_the_photo\"><\/div>\n\t\t<div class=\"swiper-slide\" data-hash=\"gmedia3790\" data-photo-id=\"3790\"><span class=\"gmpm_va\"><\/span><img decoding=\"async\" src=\"https:\/\/www.heimatverein-delligsen.de\/hvd20\/wp-content\/grand-media\/image\/50_Jahre_K_hlerh_tte-9.jpg\" data-src=\"https:\/\/www.heimatverein-delligsen.de\/hvd20\/wp-content\/grand-media\/image\/50_Jahre_K_hlerh_tte-9.jpg\" alt=\"50 Jahre K\u00f6hlerh\u00fctte\" data-protect=\"Eike Heuer\" class=\"noLazy gmpm_the_photo\"><\/div>\n\t\t<div class=\"swiper-slide\" data-hash=\"gmedia3814\" data-photo-id=\"3814\"><span class=\"gmpm_va\"><\/span><img decoding=\"async\" src=\"https:\/\/www.heimatverein-delligsen.de\/hvd20\/wp-content\/grand-media\/image\/Unentwegt_sind_Helfer_im_Einsatz.jpg\" data-src=\"https:\/\/www.heimatverein-delligsen.de\/hvd20\/wp-content\/grand-media\/image\/Unentwegt_sind_Helfer_im_Einsatz.jpg\" alt=\"Unentwegt sind Helfer im Einsatz\" data-protect=\"Eike Heuer\" class=\"noLazy gmpm_the_photo\"><\/div>\n\t\t<div class=\"swiper-slide\" data-hash=\"gmedia3789\" data-photo-id=\"3789\"><span class=\"gmpm_va\"><\/span><img decoding=\"async\" src=\"https:\/\/www.heimatverein-delligsen.de\/hvd20\/wp-content\/grand-media\/image\/50_Jahre_K_hlerh_tte-2.jpg\" data-src=\"https:\/\/www.heimatverein-delligsen.de\/hvd20\/wp-content\/grand-media\/image\/50_Jahre_K_hlerh_tte-2.jpg\" alt=\"50 Jahre K\u00f6hlerh\u00fctte\" data-protect=\"Eike Heuer\" class=\"noLazy gmpm_the_photo\"><\/div>\n\t\t<div class=\"swiper-slide\" data-hash=\"gmedia3810\" data-photo-id=\"3810\"><span class=\"gmpm_va\"><\/span><img decoding=\"async\" src=\"https:\/\/www.heimatverein-delligsen.de\/hvd20\/wp-content\/grand-media\/image\/Schunkelrunde.jpg\" data-src=\"https:\/\/www.heimatverein-delligsen.de\/hvd20\/wp-content\/grand-media\/image\/Schunkelrunde.jpg\" alt=\"Schunkelrunde\" data-protect=\"Eike Heuer\" class=\"noLazy gmpm_the_photo\"><\/div>\n\t\t<div class=\"swiper-slide\" data-hash=\"gmedia3804\" data-photo-id=\"3804\"><span class=\"gmpm_va\"><\/span><img decoding=\"async\" src=\"https:\/\/www.heimatverein-delligsen.de\/hvd20\/wp-content\/grand-media\/image\/Karlis_Luca_Max_und_Jannis_spielen_an_der_Mini_K_hlerh_tte.jpg\" data-src=\"https:\/\/www.heimatverein-delligsen.de\/hvd20\/wp-content\/grand-media\/image\/Karlis_Luca_Max_und_Jannis_spielen_an_der_Mini_K_hlerh_tte.jpg\" alt=\"Karlis, Luca, Max und Jannis spielen an der Mini-K\u00f6hlerh\u00fctte\" data-protect=\"Eike Heuer\" class=\"noLazy gmpm_the_photo\"><\/div>\n\t\t<div class=\"swiper-slide\" data-hash=\"gmedia3803\" data-photo-id=\"3803\"><span class=\"gmpm_va\"><\/span><img decoding=\"async\" src=\"https:\/\/www.heimatverein-delligsen.de\/hvd20\/wp-content\/grand-media\/image\/Kaierder_Jagdhornbl_ser.jpg\" data-src=\"https:\/\/www.heimatverein-delligsen.de\/hvd20\/wp-content\/grand-media\/image\/Kaierder_Jagdhornbl_ser.jpg\" alt=\"Kaierder Jagdhornbl\u00e4ser\" data-protect=\"Eike Heuer\" class=\"noLazy gmpm_the_photo\"><\/div>\n\t\t<div class=\"swiper-slide\" data-hash=\"gmedia3802\" data-photo-id=\"3802\"><span class=\"gmpm_va\"><\/span><img decoding=\"async\" src=\"https:\/\/www.heimatverein-delligsen.de\/hvd20\/wp-content\/grand-media\/image\/Ina_Ingrid_Brigitte_und_Angelika_im_Einsatz.jpg\" data-src=\"https:\/\/www.heimatverein-delligsen.de\/hvd20\/wp-content\/grand-media\/image\/Ina_Ingrid_Brigitte_und_Angelika_im_Einsatz.jpg\" alt=\"Ina, Ingrid, Brigitte und Angelika im Einsatz\" data-protect=\"Eike Heuer\" class=\"noLazy gmpm_the_photo\"><\/div>\n\t\t<div class=\"swiper-slide\" data-hash=\"gmedia3801\" data-photo-id=\"3801\"><span class=\"gmpm_va\"><\/span><img decoding=\"async\" src=\"https:\/\/www.heimatverein-delligsen.de\/hvd20\/wp-content\/grand-media\/image\/In_der_K_hlerh_tte_gibt_es_Stockbrot.jpg\" data-src=\"https:\/\/www.heimatverein-delligsen.de\/hvd20\/wp-content\/grand-media\/image\/In_der_K_hlerh_tte_gibt_es_Stockbrot.jpg\" alt=\"In Der K\u00f6hlerh\u00fctte gibt es Stockbrot\" data-protect=\"Eike Heuer\" class=\"noLazy gmpm_the_photo\"><\/div>\n\t\t<div class=\"swiper-slide\" data-hash=\"gmedia3796\" data-photo-id=\"3796\"><span class=\"gmpm_va\"><\/span><img decoding=\"async\" src=\"https:\/\/www.heimatverein-delligsen.de\/hvd20\/wp-content\/grand-media\/image\/Flotte_Rhythmem_laden_zum_Tanz_ein.jpg\" data-src=\"https:\/\/www.heimatverein-delligsen.de\/hvd20\/wp-content\/grand-media\/image\/Flotte_Rhythmem_laden_zum_Tanz_ein.jpg\" alt=\"Flotte Rhythmen laden zum Tanz ein\" data-protect=\"Eike Heuer\" class=\"noLazy gmpm_the_photo\"><\/div>\n\t\t<div class=\"swiper-slide\" data-hash=\"gmedia3794\" data-photo-id=\"3794\"><span class=\"gmpm_va\"><\/span><img decoding=\"async\" src=\"https:\/\/www.heimatverein-delligsen.de\/hvd20\/wp-content\/grand-media\/image\/Die_Ehrenamtlichen_Helfer_erkennt_man_an_den_hellgr_nen_T-Shirts.jpg\" data-src=\"https:\/\/www.heimatverein-delligsen.de\/hvd20\/wp-content\/grand-media\/image\/Die_Ehrenamtlichen_Helfer_erkennt_man_an_den_hellgr_nen_T-Shirts.jpg\" alt=\"Die ehrenamtlichen Helfer erkennt man an den hellgr\u00fcnen T-Shirts\" data-protect=\"Eike Heuer\" class=\"noLazy gmpm_the_photo\"><\/div>\n\t\t<div class=\"swiper-slide\" data-hash=\"gmedia3788\" data-photo-id=\"3788\"><span class=\"gmpm_va\"><\/span><img decoding=\"async\" src=\"https:\/\/www.heimatverein-delligsen.de\/hvd20\/wp-content\/grand-media\/image\/50_Jahre_K_hlerh_tte.jpg\" data-src=\"https:\/\/www.heimatverein-delligsen.de\/hvd20\/wp-content\/grand-media\/image\/50_Jahre_K_hlerh_tte.jpg\" alt=\"50 Jahre K\u00f6hlerh\u00fctte\" data-protect=\"Eike Heuer\" class=\"noLazy gmpm_the_photo\"><\/div>\n\t\t<div class=\"swiper-slide\" data-hash=\"gmedia3800\" data-photo-id=\"3800\"><span class=\"gmpm_va\"><\/span><img decoding=\"async\" src=\"https:\/\/www.heimatverein-delligsen.de\/hvd20\/wp-content\/grand-media\/image\/Helfer_beim_Abbauen.jpg\" data-src=\"https:\/\/www.heimatverein-delligsen.de\/hvd20\/wp-content\/grand-media\/image\/Helfer_beim_Abbauen.jpg\" alt=\"Helfer beim Abbauen\" data-protect=\"Eike Heuer\" class=\"noLazy gmpm_the_photo\"><\/div>\t\t\t\t<\/div>\n\t\t\t<\/div>\n\t\t<\/div>\n\n\t\t<div class=\"gmpm_photo_header\">\n\t\t\t<div class=\"gmpm_wrapper gmpm_clearfix\">\n\t\t\t\t<div class=\"gmpm_focus_actions\">\n\t\t\t\t\t\t\t\t\t\t\t\t\t\t\t<ul class=\"gmpm_focus_arrows gmpm_clearfix\">\n\t\t\t\t\t\t<li style=\"list-style:none;\"><a class=\"gmpm_button gmpm_photo_arrow_previous gmpm_prev\">Previous<\/a><\/li>\n\t\t\t\t\t\t<li style=\"list-style:none;\"><a class=\"gmpm_button gmpm_photo_arrow_next gmpm_next\">Next<\/a><\/li>\n\t\t\t\t\t<\/ul>\n\t\t\t\t<\/div>\n\t\t\t\t<div class=\"gmpm_name_wrap gmpm_clearfix gmpm_no_avatar\">\n\t\t\t\t\t\t\t\t\t\t<div class=\"gmpm_title_author\">\n\t\t\t\t\t\t<div class=\"gmpm_title\">Der Shuttleservice wurde gut angenommen<\/div>\n\t\t\t\t\t\t\t\t\t\t\t<\/div>\n\t\t\t\t<\/div>\n\t\t\t\t<div class=\"gmpm_actions gmpm_clearfix\">\n\t\t\t\t\t<div class=\"gmpm_carousel gmpm_has_previous gmpm_has_next\">\n\t\t\t\t\t\t<div class=\"gmpm_previous_button\"><\/div>\n\t\t\t\t\t\t<div class=\"gmpm_photo_carousel\">\n\t\t\t\t\t\t\t<div class=\"swiper-container swiper-small-images\">\n\t\t\t\t\t\t\t\t<div class=\"swiper-wrapper\">\n\t\t\t\t\t\t\t\t\t\n\t\t<div class=\"swiper-slide gmpm_photo\" data-photo-id=\"3793\"><img decoding=\"async\" src=\"https:\/\/www.heimatverein-delligsen.de\/hvd20\/wp-content\/grand-media\/image\/thumb\/Der_Shuttleservice_wurde_gut_angenommen.jpg\" data-src=\"https:\/\/www.heimatverein-delligsen.de\/hvd20\/wp-content\/grand-media\/image\/thumb\/Der_Shuttleservice_wurde_gut_angenommen.jpg\" alt=\"Der Shuttleservice wurde gut angenommen\" class=\"noLazy gmpm_photo swiper-lazy gmpm_photo_landscape\"><span class=\"swiper-lazy-preloader swiper-lazy-preloader-black\"><\/span><\/div>\n\t\t<div class=\"swiper-slide gmpm_photo\" data-photo-id=\"3792\"><img decoding=\"async\" src=\"https:\/\/www.heimatverein-delligsen.de\/hvd20\/wp-content\/grand-media\/image\/thumb\/Auch_Olaf_Lies_und_Sabine_Tippelt_nutzen_den_Shuttleservice.jpg\" data-src=\"https:\/\/www.heimatverein-delligsen.de\/hvd20\/wp-content\/grand-media\/image\/thumb\/Auch_Olaf_Lies_und_Sabine_Tippelt_nutzen_den_Shuttleservice.jpg\" alt=\"Auch Olaf Lies und Sabine Tippelt nutzen den Shuttleservice\" class=\"noLazy gmpm_photo swiper-lazy gmpm_photo_landscape\"><span class=\"swiper-lazy-preloader swiper-lazy-preloader-black\"><\/span><\/div>\n\t\t<div class=\"swiper-slide gmpm_photo\" data-photo-id=\"3808\"><img decoding=\"async\" src=\"https:\/\/www.heimatverein-delligsen.de\/hvd20\/wp-content\/grand-media\/image\/thumb\/Rolf_Henning_Koch_begr_t_die_G_ste.jpg\" data-src=\"https:\/\/www.heimatverein-delligsen.de\/hvd20\/wp-content\/grand-media\/image\/thumb\/Rolf_Henning_Koch_begr_t_die_G_ste.jpg\" alt=\"Rolf Henning Koch begr\u00fc\u00dft die G\u00e4ste\" class=\"noLazy gmpm_photo swiper-lazy gmpm_photo_landscape\"><span class=\"swiper-lazy-preloader swiper-lazy-preloader-black\"><\/span><\/div>\n\t\t<div class=\"swiper-slide gmpm_photo\" data-photo-id=\"3799\"><img decoding=\"async\" src=\"https:\/\/www.heimatverein-delligsen.de\/hvd20\/wp-content\/grand-media\/image\/thumb\/Gru_wort_von_Stephan_Willudda.jpg\" data-src=\"https:\/\/www.heimatverein-delligsen.de\/hvd20\/wp-content\/grand-media\/image\/thumb\/Gru_wort_von_Stephan_Willudda.jpg\" alt=\"Gru\u00dfwort von Stephan Willudda\" class=\"noLazy gmpm_photo swiper-lazy gmpm_photo_landscape\"><span class=\"swiper-lazy-preloader swiper-lazy-preloader-black\"><\/span><\/div>\n\t\t<div class=\"swiper-slide gmpm_photo\" data-photo-id=\"3816\"><img decoding=\"async\" src=\"https:\/\/www.heimatverein-delligsen.de\/hvd20\/wp-content\/grand-media\/image\/thumb\/Willudda_berreicht_ein_flaches_Geschenk.jpg\" data-src=\"https:\/\/www.heimatverein-delligsen.de\/hvd20\/wp-content\/grand-media\/image\/thumb\/Willudda_berreicht_ein_flaches_Geschenk.jpg\" alt=\"Willudda \u00fcberreicht ein flaches Geschenk\" class=\"noLazy gmpm_photo swiper-lazy gmpm_photo_landscape\"><span class=\"swiper-lazy-preloader swiper-lazy-preloader-black\"><\/span><\/div>\n\t\t<div class=\"swiper-slide gmpm_photo\" data-photo-id=\"3798\"><img decoding=\"async\" src=\"https:\/\/www.heimatverein-delligsen.de\/hvd20\/wp-content\/grand-media\/image\/thumb\/Gru_wort_von_Sabine_Tippelt.jpg\" data-src=\"https:\/\/www.heimatverein-delligsen.de\/hvd20\/wp-content\/grand-media\/image\/thumb\/Gru_wort_von_Sabine_Tippelt.jpg\" alt=\"Gru\u00dfwort von Sabine Tippelt\" class=\"noLazy gmpm_photo swiper-lazy gmpm_photo_landscape\"><span class=\"swiper-lazy-preloader swiper-lazy-preloader-black\"><\/span><\/div>\n\t\t<div class=\"swiper-slide gmpm_photo\" data-photo-id=\"3795\"><img decoding=\"async\" src=\"https:\/\/www.heimatverein-delligsen.de\/hvd20\/wp-content\/grand-media\/image\/thumb\/Die_K_hlerh_tte_als_Torte_brachte_Tippelt_als_Geschenk_mit.jpg\" data-src=\"https:\/\/www.heimatverein-delligsen.de\/hvd20\/wp-content\/grand-media\/image\/thumb\/Die_K_hlerh_tte_als_Torte_brachte_Tippelt_als_Geschenk_mit.jpg\" alt=\"Die K\u00f6hlerh\u00fctte als Torte brachte Tippelt als Geschenk mit\" class=\"noLazy gmpm_photo swiper-lazy gmpm_photo_landscape\"><span class=\"swiper-lazy-preloader swiper-lazy-preloader-black\"><\/span><\/div>\n\t\t<div class=\"swiper-slide gmpm_photo\" data-photo-id=\"3817\"><img decoding=\"async\" src=\"https:\/\/www.heimatverein-delligsen.de\/hvd20\/wp-content\/grand-media\/image\/thumb\/01-Kuchen.jpeg\" data-src=\"https:\/\/www.heimatverein-delligsen.de\/hvd20\/wp-content\/grand-media\/image\/thumb\/01-Kuchen.jpeg\" alt=\"Die K\u00f6hlerh\u00fctte als Torte\" class=\"noLazy gmpm_photo swiper-lazy gmpm_photo_portrait\"><span class=\"swiper-lazy-preloader swiper-lazy-preloader-black\"><\/span><\/div>\n\t\t<div class=\"swiper-slide gmpm_photo\" data-photo-id=\"3797\"><img decoding=\"async\" src=\"https:\/\/www.heimatverein-delligsen.de\/hvd20\/wp-content\/grand-media\/image\/thumb\/Gru_wort_von_Olaf_Lies.jpg\" data-src=\"https:\/\/www.heimatverein-delligsen.de\/hvd20\/wp-content\/grand-media\/image\/thumb\/Gru_wort_von_Olaf_Lies.jpg\" alt=\"Gru\u00dfwort von Olaf Lies\" class=\"noLazy gmpm_photo swiper-lazy gmpm_photo_landscape\"><span class=\"swiper-lazy-preloader swiper-lazy-preloader-black\"><\/span><\/div>\n\t\t<div class=\"swiper-slide gmpm_photo\" data-photo-id=\"3807\"><img decoding=\"async\" src=\"https:\/\/www.heimatverein-delligsen.de\/hvd20\/wp-content\/grand-media\/image\/thumb\/Olaf_Lies_bekommt_eine_Buche_geschm_ckt_mit_Lik_r_aus_dem_Hils.jpg\" data-src=\"https:\/\/www.heimatverein-delligsen.de\/hvd20\/wp-content\/grand-media\/image\/thumb\/Olaf_Lies_bekommt_eine_Buche_geschm_ckt_mit_Lik_r_aus_dem_Hils.jpg\" alt=\"Olaf Lies bekommt eine Buche, geschm\u00fcckt mit Lik\u00f6r aus dem Hils\" class=\"noLazy gmpm_photo swiper-lazy gmpm_photo_landscape\"><span class=\"swiper-lazy-preloader swiper-lazy-preloader-black\"><\/span><\/div>\n\t\t<div class=\"swiper-slide gmpm_photo\" data-photo-id=\"3815\"><img decoding=\"async\" src=\"https:\/\/www.heimatverein-delligsen.de\/hvd20\/wp-content\/grand-media\/image\/thumb\/Unterhaltsame_Begegnungen.jpg\" data-src=\"https:\/\/www.heimatverein-delligsen.de\/hvd20\/wp-content\/grand-media\/image\/thumb\/Unterhaltsame_Begegnungen.jpg\" alt=\"Unterhaltsame Begegnungen\" class=\"noLazy gmpm_photo swiper-lazy gmpm_photo_landscape\"><span class=\"swiper-lazy-preloader swiper-lazy-preloader-black\"><\/span><\/div>\n\t\t<div class=\"swiper-slide gmpm_photo\" data-photo-id=\"3813\"><img decoding=\"async\" src=\"https:\/\/www.heimatverein-delligsen.de\/hvd20\/wp-content\/grand-media\/image\/thumb\/_berall_herrscht_gute_Stimmung.jpg\" data-src=\"https:\/\/www.heimatverein-delligsen.de\/hvd20\/wp-content\/grand-media\/image\/thumb\/_berall_herrscht_gute_Stimmung.jpg\" alt=\"\u00dcberall herrscht gute Stimmung\" class=\"noLazy gmpm_photo swiper-lazy gmpm_photo_landscape\"><span class=\"swiper-lazy-preloader swiper-lazy-preloader-black\"><\/span><\/div>\n\t\t<div class=\"swiper-slide gmpm_photo\" data-photo-id=\"3811\"><img decoding=\"async\" src=\"https:\/\/www.heimatverein-delligsen.de\/hvd20\/wp-content\/grand-media\/image\/thumb\/So_ein_Tag_so_wundersch_n_wie_heute.....jpg\" data-src=\"https:\/\/www.heimatverein-delligsen.de\/hvd20\/wp-content\/grand-media\/image\/thumb\/So_ein_Tag_so_wundersch_n_wie_heute.....jpg\" alt=\"So ein Tag, so wundersch\u00f6n wie heute....\" class=\"noLazy gmpm_photo swiper-lazy gmpm_photo_landscape\"><span class=\"swiper-lazy-preloader swiper-lazy-preloader-black\"><\/span><\/div>\n\t\t<div class=\"swiper-slide gmpm_photo\" data-photo-id=\"3809\"><img decoding=\"async\" src=\"https:\/\/www.heimatverein-delligsen.de\/hvd20\/wp-content\/grand-media\/image\/thumb\/Sabine_Tippelt_und_Olaf_Lies_im_Gespr_ch_mit_anderen_G_sten.jpg\" data-src=\"https:\/\/www.heimatverein-delligsen.de\/hvd20\/wp-content\/grand-media\/image\/thumb\/Sabine_Tippelt_und_Olaf_Lies_im_Gespr_ch_mit_anderen_G_sten.jpg\" alt=\"Sabine Tippelt und Olaf Lies im Gespr\u00e4ch mit anderen G\u00e4sten\" class=\"noLazy gmpm_photo swiper-lazy gmpm_photo_landscape\"><span class=\"swiper-lazy-preloader swiper-lazy-preloader-black\"><\/span><\/div>\n\t\t<div class=\"swiper-slide gmpm_photo\" data-photo-id=\"3805\"><img decoding=\"async\" src=\"https:\/\/www.heimatverein-delligsen.de\/hvd20\/wp-content\/grand-media\/image\/thumb\/Mit_Eifer_und_Geschick_dabei....jpg\" data-src=\"https:\/\/www.heimatverein-delligsen.de\/hvd20\/wp-content\/grand-media\/image\/thumb\/Mit_Eifer_und_Geschick_dabei....jpg\" alt=\"Mit Eifer und Geschick dabei...\" class=\"noLazy gmpm_photo swiper-lazy gmpm_photo_landscape\"><span class=\"swiper-lazy-preloader swiper-lazy-preloader-black\"><\/span><\/div>\n\t\t<div class=\"swiper-slide gmpm_photo\" data-photo-id=\"3812\"><img decoding=\"async\" src=\"https:\/\/www.heimatverein-delligsen.de\/hvd20\/wp-content\/grand-media\/image\/thumb\/_berall_gibt_es_was_zu_entdecken....jpg\" data-src=\"https:\/\/www.heimatverein-delligsen.de\/hvd20\/wp-content\/grand-media\/image\/thumb\/_berall_gibt_es_was_zu_entdecken....jpg\" alt=\"\u00dcberall gibt es was zu entdecken...\" class=\"noLazy gmpm_photo swiper-lazy gmpm_photo_landscape\"><span class=\"swiper-lazy-preloader swiper-lazy-preloader-black\"><\/span><\/div>\n\t\t<div class=\"swiper-slide gmpm_photo\" data-photo-id=\"3806\"><img decoding=\"async\" src=\"https:\/\/www.heimatverein-delligsen.de\/hvd20\/wp-content\/grand-media\/image\/thumb\/Musikzug_der_Freiwilligen_Feuerwehr_Delligsen.jpg\" data-src=\"https:\/\/www.heimatverein-delligsen.de\/hvd20\/wp-content\/grand-media\/image\/thumb\/Musikzug_der_Freiwilligen_Feuerwehr_Delligsen.jpg\" alt=\"Musikzug der Freiwilligen Feuerwehr Delligsen\" class=\"noLazy gmpm_photo swiper-lazy gmpm_photo_landscape\"><span class=\"swiper-lazy-preloader swiper-lazy-preloader-black\"><\/span><\/div>\n\t\t<div class=\"swiper-slide gmpm_photo\" data-photo-id=\"3790\"><img decoding=\"async\" src=\"https:\/\/www.heimatverein-delligsen.de\/hvd20\/wp-content\/grand-media\/image\/thumb\/50_Jahre_K_hlerh_tte-9.jpg\" data-src=\"https:\/\/www.heimatverein-delligsen.de\/hvd20\/wp-content\/grand-media\/image\/thumb\/50_Jahre_K_hlerh_tte-9.jpg\" alt=\"50 Jahre K\u00f6hlerh\u00fctte\" class=\"noLazy gmpm_photo swiper-lazy gmpm_photo_landscape\"><span class=\"swiper-lazy-preloader swiper-lazy-preloader-black\"><\/span><\/div>\n\t\t<div class=\"swiper-slide gmpm_photo\" data-photo-id=\"3814\"><img decoding=\"async\" src=\"https:\/\/www.heimatverein-delligsen.de\/hvd20\/wp-content\/grand-media\/image\/thumb\/Unentwegt_sind_Helfer_im_Einsatz.jpg\" data-src=\"https:\/\/www.heimatverein-delligsen.de\/hvd20\/wp-content\/grand-media\/image\/thumb\/Unentwegt_sind_Helfer_im_Einsatz.jpg\" alt=\"Unentwegt sind Helfer im Einsatz\" class=\"noLazy gmpm_photo swiper-lazy gmpm_photo_landscape\"><span class=\"swiper-lazy-preloader swiper-lazy-preloader-black\"><\/span><\/div>\n\t\t<div class=\"swiper-slide gmpm_photo\" data-photo-id=\"3789\"><img decoding=\"async\" src=\"https:\/\/www.heimatverein-delligsen.de\/hvd20\/wp-content\/grand-media\/image\/thumb\/50_Jahre_K_hlerh_tte-2.jpg\" data-src=\"https:\/\/www.heimatverein-delligsen.de\/hvd20\/wp-content\/grand-media\/image\/thumb\/50_Jahre_K_hlerh_tte-2.jpg\" alt=\"50 Jahre K\u00f6hlerh\u00fctte\" class=\"noLazy gmpm_photo swiper-lazy gmpm_photo_landscape\"><span class=\"swiper-lazy-preloader swiper-lazy-preloader-black\"><\/span><\/div>\n\t\t<div class=\"swiper-slide gmpm_photo\" data-photo-id=\"3810\"><img decoding=\"async\" src=\"https:\/\/www.heimatverein-delligsen.de\/hvd20\/wp-content\/grand-media\/image\/thumb\/Schunkelrunde.jpg\" data-src=\"https:\/\/www.heimatverein-delligsen.de\/hvd20\/wp-content\/grand-media\/image\/thumb\/Schunkelrunde.jpg\" alt=\"Schunkelrunde\" class=\"noLazy gmpm_photo swiper-lazy gmpm_photo_landscape\"><span class=\"swiper-lazy-preloader swiper-lazy-preloader-black\"><\/span><\/div>\n\t\t<div class=\"swiper-slide gmpm_photo\" data-photo-id=\"3804\"><img decoding=\"async\" src=\"https:\/\/www.heimatverein-delligsen.de\/hvd20\/wp-content\/grand-media\/image\/thumb\/Karlis_Luca_Max_und_Jannis_spielen_an_der_Mini_K_hlerh_tte.jpg\" data-src=\"https:\/\/www.heimatverein-delligsen.de\/hvd20\/wp-content\/grand-media\/image\/thumb\/Karlis_Luca_Max_und_Jannis_spielen_an_der_Mini_K_hlerh_tte.jpg\" alt=\"Karlis, Luca, Max und Jannis spielen an der Mini-K\u00f6hlerh\u00fctte\" class=\"noLazy gmpm_photo swiper-lazy gmpm_photo_landscape\"><span class=\"swiper-lazy-preloader swiper-lazy-preloader-black\"><\/span><\/div>\n\t\t<div class=\"swiper-slide gmpm_photo\" data-photo-id=\"3803\"><img decoding=\"async\" src=\"https:\/\/www.heimatverein-delligsen.de\/hvd20\/wp-content\/grand-media\/image\/thumb\/Kaierder_Jagdhornbl_ser.jpg\" data-src=\"https:\/\/www.heimatverein-delligsen.de\/hvd20\/wp-content\/grand-media\/image\/thumb\/Kaierder_Jagdhornbl_ser.jpg\" alt=\"Kaierder Jagdhornbl\u00e4ser\" class=\"noLazy gmpm_photo swiper-lazy gmpm_photo_landscape\"><span class=\"swiper-lazy-preloader swiper-lazy-preloader-black\"><\/span><\/div>\n\t\t<div class=\"swiper-slide gmpm_photo\" data-photo-id=\"3802\"><img decoding=\"async\" src=\"https:\/\/www.heimatverein-delligsen.de\/hvd20\/wp-content\/grand-media\/image\/thumb\/Ina_Ingrid_Brigitte_und_Angelika_im_Einsatz.jpg\" data-src=\"https:\/\/www.heimatverein-delligsen.de\/hvd20\/wp-content\/grand-media\/image\/thumb\/Ina_Ingrid_Brigitte_und_Angelika_im_Einsatz.jpg\" alt=\"Ina, Ingrid, Brigitte und Angelika im Einsatz\" class=\"noLazy gmpm_photo swiper-lazy gmpm_photo_landscape\"><span class=\"swiper-lazy-preloader swiper-lazy-preloader-black\"><\/span><\/div>\n\t\t<div class=\"swiper-slide gmpm_photo\" data-photo-id=\"3801\"><img decoding=\"async\" src=\"https:\/\/www.heimatverein-delligsen.de\/hvd20\/wp-content\/grand-media\/image\/thumb\/In_der_K_hlerh_tte_gibt_es_Stockbrot.jpg\" data-src=\"https:\/\/www.heimatverein-delligsen.de\/hvd20\/wp-content\/grand-media\/image\/thumb\/In_der_K_hlerh_tte_gibt_es_Stockbrot.jpg\" alt=\"In Der K\u00f6hlerh\u00fctte gibt es Stockbrot\" class=\"noLazy gmpm_photo swiper-lazy gmpm_photo_landscape\"><span class=\"swiper-lazy-preloader swiper-lazy-preloader-black\"><\/span><\/div>\n\t\t<div class=\"swiper-slide gmpm_photo\" data-photo-id=\"3796\"><img decoding=\"async\" src=\"https:\/\/www.heimatverein-delligsen.de\/hvd20\/wp-content\/grand-media\/image\/thumb\/Flotte_Rhythmem_laden_zum_Tanz_ein.jpg\" data-src=\"https:\/\/www.heimatverein-delligsen.de\/hvd20\/wp-content\/grand-media\/image\/thumb\/Flotte_Rhythmem_laden_zum_Tanz_ein.jpg\" alt=\"Flotte Rhythmen laden zum Tanz ein\" class=\"noLazy gmpm_photo swiper-lazy gmpm_photo_landscape\"><span class=\"swiper-lazy-preloader swiper-lazy-preloader-black\"><\/span><\/div>\n\t\t<div class=\"swiper-slide gmpm_photo\" data-photo-id=\"3794\"><img decoding=\"async\" src=\"https:\/\/www.heimatverein-delligsen.de\/hvd20\/wp-content\/grand-media\/image\/thumb\/Die_Ehrenamtlichen_Helfer_erkennt_man_an_den_hellgr_nen_T-Shirts.jpg\" data-src=\"https:\/\/www.heimatverein-delligsen.de\/hvd20\/wp-content\/grand-media\/image\/thumb\/Die_Ehrenamtlichen_Helfer_erkennt_man_an_den_hellgr_nen_T-Shirts.jpg\" alt=\"Die ehrenamtlichen Helfer erkennt man an den hellgr\u00fcnen T-Shirts\" class=\"noLazy gmpm_photo swiper-lazy gmpm_photo_landscape\"><span class=\"swiper-lazy-preloader swiper-lazy-preloader-black\"><\/span><\/div>\n\t\t<div class=\"swiper-slide gmpm_photo\" data-photo-id=\"3788\"><img decoding=\"async\" src=\"https:\/\/www.heimatverein-delligsen.de\/hvd20\/wp-content\/grand-media\/image\/thumb\/50_Jahre_K_hlerh_tte.jpg\" data-src=\"https:\/\/www.heimatverein-delligsen.de\/hvd20\/wp-content\/grand-media\/image\/thumb\/50_Jahre_K_hlerh_tte.jpg\" alt=\"50 Jahre K\u00f6hlerh\u00fctte\" class=\"noLazy gmpm_photo swiper-lazy gmpm_photo_landscape\"><span class=\"swiper-lazy-preloader swiper-lazy-preloader-black\"><\/span><\/div>\n\t\t<div class=\"swiper-slide gmpm_photo\" data-photo-id=\"3800\"><img decoding=\"async\" src=\"https:\/\/www.heimatverein-delligsen.de\/hvd20\/wp-content\/grand-media\/image\/thumb\/Helfer_beim_Abbauen.jpg\" data-src=\"https:\/\/www.heimatverein-delligsen.de\/hvd20\/wp-content\/grand-media\/image\/thumb\/Helfer_beim_Abbauen.jpg\" alt=\"Helfer beim Abbauen\" class=\"noLazy gmpm_photo swiper-lazy gmpm_photo_landscape\"><span class=\"swiper-lazy-preloader swiper-lazy-preloader-black\"><\/span><\/div>\t\t\t\t\t\t\t\t<\/div>\n\t\t\t\t\t\t\t<\/div>\n\t\t\t\t\t\t<\/div>\n\t\t\t\t\t\t<div class=\"gmpm_next_button\"><\/div>\n\t\t\t\t\t<\/div>\n\t\t\t\t\t\t\t\t\t\t\t\t\t\t\t\t\t\t\t\t\t\t\t\t<\/div>\n\t\t\t<\/div>\n\t\t<\/div>\n\t\t<div class=\"gmpm_focus_close_full\">\n\t\t\t<span><a class=\"gmpm_button gmpm_close\">Close<\/a><\/span>\n\t\t\t<span><a class=\"gmpm_button gmpm_full\">Full<\/a><\/span>\n\t\t<\/div>\n\t\t<div class=\"gmpm_photo_details\">\n\t\t\t<div class=\"gmpm_description_wrap empty-item-description\">\n\t\t\t\t\t\t\t<\/div>\n\t\t<\/div>\n\n\t\t<div class=\"gmpm_focus_footer\">\n\t\t\t<div class=\"gmpm_focus_keyboard\">\n\t\t\t\t<div class=\"gmpm_focus_keyboard_title\">Keyboard Shortcuts <a class=\"gmpm_focus_keyboard_dismiss\">Dismiss<\/a><\/div>\n\t\t\t\t<ul>\n\t\t\t\t\t<li style=\"list-style:none;\"><a data-key=\"p\" class=\"gmpm_key\">S<\/a><span class=\"gmpm_label\">Slideshow<\/span><\/li>\n\t\t\t\t\t<li style=\"list-style:none;\"><a data-key=\"m\" class=\"gmpm_key\">M<\/a><span class=\"gmpm_label\">Maximize<\/span><\/li>\n\t\t\t\t\t<li style=\"list-style:none;\"><a data-key=\"left\" class=\"gmpm_key\">&nbsp;<\/a><span class=\"gmpm_label\">Previous<\/span><\/li>\n\t\t\t\t\t<li style=\"list-style:none;\"><a data-key=\"right\" class=\"gmpm_key\">&nbsp;<\/a><span class=\"gmpm_label\">Next<\/span><\/li>\n\t\t\t\t\t<li style=\"list-style:none;\"><a data-key=\"escape\" class=\"gmpm_key gmpm_esc\">esc<\/a><span class=\"gmpm_label\">Close<\/span><\/li>\n\t\t\t\t<\/ul>\n\t\t\t<\/div>\n\t\t<\/div>\n\n\t<\/div>\n\n\t<script type=\"text\/javascript\">\n\t\t\tdocument.addEventListener( 'DOMContentLoaded', function() {\n\t\t\t\tjQuery( function( $ ) {\n\t\t\t\t\tvar settings = {\"show_comments\":\"0\",\"show_download_button\":\"0\",\"show_link_button\":\"0\",\"show_description\":\"0\",\"show_author_avatar\":\"0\",\"show_author_name\":\"0\",\"show_share_button\":\"0\",\"show_like_button\":\"0\",\"link_color\":\"096900\",\"link_color_hover\":\"096900\",\"description_title\":\"Beschreibung\",\"ID\":203,\"url\":\"https:\\\/\\\/www.heimatverein-delligsen.de?rest_route=%2Fwp%2Fv2%2Fpages%2F8748\",\"moduleUrl\":\"https:\\\/\\\/www.heimatverein-delligsen.de\\\/hvd20\\\/wp-content\\\/grand-media\\\/module\\\/photomania\",\"initial_slide\":0};\n\t\t\t\t\tvar content = {\"data\":[{\"id\":\"3793\",\"type\":\"image\",\"file\":\"Der_Shuttleservice_wurde_gut_angenommen.jpg\",\"meta\":{\"width\":1002,\"height\":682,\"views\":917,\"likes\":0},\"title\":\"Der Shuttleservice wurde gut angenommen\",\"alt\":\"Der Shuttleservice wurde gut angenommen\",\"author\":{\"name\":\"Eike Heuer\",\"posts_link\":\"https:\\\/\\\/www.heimatverein-delligsen.de\\\/?author=1\"},\"post_link\":\"https:\\\/\\\/www.heimatverein-delligsen.de\\\/?gmedia=der_shuttleservice_wurde_gut_angenommen-jpg\",\"ratio\":1.469208211143695042011358964373357594013214111328125},{\"id\":\"3792\",\"type\":\"image\",\"file\":\"Auch_Olaf_Lies_und_Sabine_Tippelt_nutzen_den_Shuttleservice.jpg\",\"meta\":{\"width\":1024,\"height\":681,\"views\":187,\"likes\":0},\"title\":\"Auch Olaf Lies und Sabine Tippelt nutzen den Shuttleservice\",\"alt\":\"Auch Olaf Lies und Sabine Tippelt nutzen den Shuttleservice\",\"author\":{\"name\":\"Eike Heuer\",\"posts_link\":\"https:\\\/\\\/www.heimatverein-delligsen.de\\\/?author=1\"},\"post_link\":\"https:\\\/\\\/www.heimatverein-delligsen.de\\\/?gmedia=auch_olaf_lies_und_sabine_tippelt_nutzen_den_shuttleservice-jpg\",\"ratio\":1.5036710719530101965091262172791175544261932373046875},{\"id\":\"3808\",\"type\":\"image\",\"file\":\"Rolf_Henning_Koch_begr_t_die_G_ste.jpg\",\"meta\":{\"width\":1024,\"height\":681,\"views\":177,\"likes\":0},\"title\":\"Rolf Henning Koch begr\\u00fc\\u00dft die G\\u00e4ste\",\"alt\":\"Rolf Henning Koch begr\\u00fc\\u00dft die G\\u00e4ste\",\"author\":{\"name\":\"Eike Heuer\",\"posts_link\":\"https:\\\/\\\/www.heimatverein-delligsen.de\\\/?author=1\"},\"post_link\":\"https:\\\/\\\/www.heimatverein-delligsen.de\\\/?gmedia=rolf_henning_koch_begr_t_die_g_ste-jpg\",\"ratio\":1.5036710719530101965091262172791175544261932373046875},{\"id\":\"3799\",\"type\":\"image\",\"file\":\"Gru_wort_von_Stephan_Willudda.jpg\",\"meta\":{\"width\":1024,\"height\":681,\"views\":150,\"likes\":0},\"title\":\"Gru\\u00dfwort von Stephan Willudda\",\"alt\":\"Gru\\u00dfwort von Stephan Willudda\",\"author\":{\"name\":\"Eike Heuer\",\"posts_link\":\"https:\\\/\\\/www.heimatverein-delligsen.de\\\/?author=1\"},\"post_link\":\"https:\\\/\\\/www.heimatverein-delligsen.de\\\/?gmedia=gru_wort_von_stephan_willudda-jpg\",\"ratio\":1.5036710719530101965091262172791175544261932373046875},{\"id\":\"3816\",\"type\":\"image\",\"file\":\"Willudda_berreicht_ein_flaches_Geschenk.jpg\",\"meta\":{\"width\":1024,\"height\":681,\"views\":141,\"likes\":0},\"title\":\"Willudda \\u00fcberreicht ein flaches Geschenk\",\"alt\":\"Willudda \\u00fcberreicht ein flaches Geschenk\",\"author\":{\"name\":\"Eike Heuer\",\"posts_link\":\"https:\\\/\\\/www.heimatverein-delligsen.de\\\/?author=1\"},\"post_link\":\"https:\\\/\\\/www.heimatverein-delligsen.de\\\/?gmedia=willudda_berreicht_ein_flaches_geschenk-jpg\",\"ratio\":1.5036710719530101965091262172791175544261932373046875},{\"id\":\"3798\",\"type\":\"image\",\"file\":\"Gru_wort_von_Sabine_Tippelt.jpg\",\"meta\":{\"width\":1024,\"height\":667,\"views\":145,\"likes\":0},\"title\":\"Gru\\u00dfwort von Sabine Tippelt\",\"alt\":\"Gru\\u00dfwort von Sabine Tippelt\",\"author\":{\"name\":\"Eike Heuer\",\"posts_link\":\"https:\\\/\\\/www.heimatverein-delligsen.de\\\/?author=1\"},\"post_link\":\"https:\\\/\\\/www.heimatverein-delligsen.de\\\/?gmedia=gru_wort_von_sabine_tippelt-jpg\",\"ratio\":1.5352323838080959017560189749929122626781463623046875},{\"id\":\"3795\",\"type\":\"image\",\"file\":\"Die_K_hlerh_tte_als_Torte_brachte_Tippelt_als_Geschenk_mit.jpg\",\"meta\":{\"width\":1017,\"height\":682,\"views\":176,\"likes\":0},\"title\":\"Die K\\u00f6hlerh\\u00fctte als Torte brachte Tippelt als Geschenk mit\",\"alt\":\"Die K\\u00f6hlerh\\u00fctte als Torte brachte Tippelt als Geschenk mit\",\"author\":{\"name\":\"Eike Heuer\",\"posts_link\":\"https:\\\/\\\/www.heimatverein-delligsen.de\\\/?author=1\"},\"post_link\":\"https:\\\/\\\/www.heimatverein-delligsen.de\\\/?gmedia=die_k_hlerh_tte_als_torte_brachte_tippelt_als_geschenk_mit-jpg\",\"ratio\":1.49120234604105572628895970410667359828948974609375},{\"id\":\"3817\",\"type\":\"image\",\"file\":\"01-Kuchen.jpeg\",\"meta\":{\"width\":1726,\"height\":2048,\"views\":133,\"likes\":0},\"title\":\"Die K\\u00f6hlerh\\u00fctte als Torte\",\"alt\":\"Die K\\u00f6hlerh\\u00fctte als Torte\",\"author\":{\"name\":\"Eike Heuer\",\"posts_link\":\"https:\\\/\\\/www.heimatverein-delligsen.de\\\/?author=1\"},\"post_link\":\"https:\\\/\\\/www.heimatverein-delligsen.de\\\/?gmedia=01-kuchen-jpeg\",\"ratio\":0.8427734375},{\"id\":\"3797\",\"type\":\"image\",\"file\":\"Gru_wort_von_Olaf_Lies.jpg\",\"meta\":{\"width\":1024,\"height\":681,\"views\":142,\"likes\":0},\"title\":\"Gru\\u00dfwort von Olaf Lies\",\"alt\":\"Gru\\u00dfwort von Olaf Lies\",\"author\":{\"name\":\"Eike Heuer\",\"posts_link\":\"https:\\\/\\\/www.heimatverein-delligsen.de\\\/?author=1\"},\"post_link\":\"https:\\\/\\\/www.heimatverein-delligsen.de\\\/?gmedia=gru_wort_von_olaf_lies-jpg\",\"ratio\":1.5036710719530101965091262172791175544261932373046875},{\"id\":\"3807\",\"type\":\"image\",\"file\":\"Olaf_Lies_bekommt_eine_Buche_geschm_ckt_mit_Lik_r_aus_dem_Hils.jpg\",\"meta\":{\"width\":1024,\"height\":681,\"views\":162,\"likes\":0},\"title\":\"Olaf Lies bekommt eine Buche, geschm\\u00fcckt mit Lik\\u00f6r aus dem Hils\",\"alt\":\"Olaf Lies bekommt eine Buche, geschm\\u00fcckt mit Lik\\u00f6r aus dem Hils\",\"author\":{\"name\":\"Eike Heuer\",\"posts_link\":\"https:\\\/\\\/www.heimatverein-delligsen.de\\\/?author=1\"},\"post_link\":\"https:\\\/\\\/www.heimatverein-delligsen.de\\\/?gmedia=olaf_lies_bekommt_eine_buche_geschm_ckt_mit_lik_r_aus_dem_hils-jpg\",\"ratio\":1.5036710719530101965091262172791175544261932373046875},{\"id\":\"3815\",\"type\":\"image\",\"file\":\"Unterhaltsame_Begegnungen.jpg\",\"meta\":{\"width\":1024,\"height\":681,\"views\":172,\"likes\":0},\"title\":\"Unterhaltsame Begegnungen\",\"alt\":\"Unterhaltsame Begegnungen\",\"author\":{\"name\":\"Eike Heuer\",\"posts_link\":\"https:\\\/\\\/www.heimatverein-delligsen.de\\\/?author=1\"},\"post_link\":\"https:\\\/\\\/www.heimatverein-delligsen.de\\\/?gmedia=unterhaltsame_begegnungen-jpg\",\"ratio\":1.5036710719530101965091262172791175544261932373046875},{\"id\":\"3813\",\"type\":\"image\",\"file\":\"_berall_herrscht_gute_Stimmung.jpg\",\"meta\":{\"width\":1024,\"height\":681,\"views\":160,\"likes\":0},\"title\":\"\\u00dcberall herrscht gute Stimmung\",\"alt\":\"\\u00dcberall herrscht gute Stimmung\",\"author\":{\"name\":\"Eike Heuer\",\"posts_link\":\"https:\\\/\\\/www.heimatverein-delligsen.de\\\/?author=1\"},\"post_link\":\"https:\\\/\\\/www.heimatverein-delligsen.de\\\/?gmedia=_berall_herrscht_gute_stimmung-jpg\",\"ratio\":1.5036710719530101965091262172791175544261932373046875},{\"id\":\"3811\",\"type\":\"image\",\"file\":\"So_ein_Tag_so_wundersch_n_wie_heute.....jpg\",\"meta\":{\"width\":1024,\"height\":681,\"views\":163,\"likes\":0},\"title\":\"So ein Tag, so wundersch\\u00f6n wie heute....\",\"alt\":\"So ein Tag, so wundersch\\u00f6n wie heute....\",\"author\":{\"name\":\"Eike Heuer\",\"posts_link\":\"https:\\\/\\\/www.heimatverein-delligsen.de\\\/?author=1\"},\"post_link\":\"https:\\\/\\\/www.heimatverein-delligsen.de\\\/?gmedia=so_ein_tag_so_wundersch_n_wie_heute-jpg\",\"ratio\":1.5036710719530101965091262172791175544261932373046875},{\"id\":\"3809\",\"type\":\"image\",\"file\":\"Sabine_Tippelt_und_Olaf_Lies_im_Gespr_ch_mit_anderen_G_sten.jpg\",\"meta\":{\"width\":1024,\"height\":681,\"views\":157,\"likes\":0},\"title\":\"Sabine Tippelt und Olaf Lies im Gespr\\u00e4ch mit anderen G\\u00e4sten\",\"alt\":\"Sabine Tippelt und Olaf Lies im Gespr\\u00e4ch mit anderen G\\u00e4sten\",\"author\":{\"name\":\"Eike Heuer\",\"posts_link\":\"https:\\\/\\\/www.heimatverein-delligsen.de\\\/?author=1\"},\"post_link\":\"https:\\\/\\\/www.heimatverein-delligsen.de\\\/?gmedia=sabine_tippelt_und_olaf_lies_im_gespr_ch_mit_anderen_g_sten-jpg\",\"ratio\":1.5036710719530101965091262172791175544261932373046875},{\"id\":\"3805\",\"type\":\"image\",\"file\":\"Mit_Eifer_und_Geschick_dabei....jpg\",\"meta\":{\"width\":962,\"height\":682,\"views\":161,\"likes\":0},\"title\":\"Mit Eifer und Geschick dabei...\",\"alt\":\"Mit Eifer und Geschick dabei...\",\"author\":{\"name\":\"Eike Heuer\",\"posts_link\":\"https:\\\/\\\/www.heimatverein-delligsen.de\\\/?author=1\"},\"post_link\":\"https:\\\/\\\/www.heimatverein-delligsen.de\\\/?gmedia=mit_eifer_und_geschick_dabei-jpg\",\"ratio\":1.410557184750733217271090325084514915943145751953125},{\"id\":\"3812\",\"type\":\"image\",\"file\":\"_berall_gibt_es_was_zu_entdecken....jpg\",\"meta\":{\"width\":1024,\"height\":660,\"views\":147,\"likes\":0},\"title\":\"\\u00dcberall gibt es was zu entdecken...\",\"alt\":\"\\u00dcberall gibt es was zu entdecken...\",\"author\":{\"name\":\"Eike Heuer\",\"posts_link\":\"https:\\\/\\\/www.heimatverein-delligsen.de\\\/?author=1\"},\"post_link\":\"https:\\\/\\\/www.heimatverein-delligsen.de\\\/?gmedia=_berall_gibt_es_was_zu_entdecken-jpg\",\"ratio\":1.5515151515151515138057902731816284358501434326171875},{\"id\":\"3806\",\"type\":\"image\",\"file\":\"Musikzug_der_Freiwilligen_Feuerwehr_Delligsen.jpg\",\"meta\":{\"width\":1024,\"height\":681,\"views\":143,\"likes\":0},\"title\":\"Musikzug der Freiwilligen Feuerwehr Delligsen\",\"alt\":\"Musikzug der Freiwilligen Feuerwehr Delligsen\",\"author\":{\"name\":\"Eike Heuer\",\"posts_link\":\"https:\\\/\\\/www.heimatverein-delligsen.de\\\/?author=1\"},\"post_link\":\"https:\\\/\\\/www.heimatverein-delligsen.de\\\/?gmedia=musikzug_der_freiwilligen_feuerwehr_delligsen-jpg\",\"ratio\":1.5036710719530101965091262172791175544261932373046875},{\"id\":\"3790\",\"type\":\"image\",\"file\":\"50_Jahre_K_hlerh_tte-9.jpg\",\"meta\":{\"width\":1024,\"height\":681,\"views\":150,\"likes\":0},\"title\":\"50 Jahre K\\u00f6hlerh\\u00fctte\",\"alt\":\"50 Jahre K\\u00f6hlerh\\u00fctte\",\"author\":{\"name\":\"Eike Heuer\",\"posts_link\":\"https:\\\/\\\/www.heimatverein-delligsen.de\\\/?author=1\"},\"post_link\":\"https:\\\/\\\/www.heimatverein-delligsen.de\\\/?gmedia=50_jahre_k_hlerh_tte-9-jpg\",\"ratio\":1.5036710719530101965091262172791175544261932373046875},{\"id\":\"3814\",\"type\":\"image\",\"file\":\"Unentwegt_sind_Helfer_im_Einsatz.jpg\",\"meta\":{\"width\":1024,\"height\":681,\"views\":156,\"likes\":0},\"title\":\"Unentwegt sind Helfer im Einsatz\",\"alt\":\"Unentwegt sind Helfer im Einsatz\",\"author\":{\"name\":\"Eike Heuer\",\"posts_link\":\"https:\\\/\\\/www.heimatverein-delligsen.de\\\/?author=1\"},\"post_link\":\"https:\\\/\\\/www.heimatverein-delligsen.de\\\/?gmedia=unentwegt_sind_helfer_im_einsatz-jpg\",\"ratio\":1.5036710719530101965091262172791175544261932373046875},{\"id\":\"3789\",\"type\":\"image\",\"file\":\"50_Jahre_K_hlerh_tte-2.jpg\",\"meta\":{\"width\":1024,\"height\":681,\"views\":146,\"likes\":0},\"title\":\"50 Jahre K\\u00f6hlerh\\u00fctte\",\"alt\":\"50 Jahre K\\u00f6hlerh\\u00fctte\",\"author\":{\"name\":\"Eike Heuer\",\"posts_link\":\"https:\\\/\\\/www.heimatverein-delligsen.de\\\/?author=1\"},\"post_link\":\"https:\\\/\\\/www.heimatverein-delligsen.de\\\/?gmedia=50_jahre_k_hlerh_tte-2-jpg\",\"ratio\":1.5036710719530101965091262172791175544261932373046875},{\"id\":\"3810\",\"type\":\"image\",\"file\":\"Schunkelrunde.jpg\",\"meta\":{\"width\":1024,\"height\":681,\"views\":149,\"likes\":0},\"title\":\"Schunkelrunde\",\"alt\":\"Schunkelrunde\",\"author\":{\"name\":\"Eike Heuer\",\"posts_link\":\"https:\\\/\\\/www.heimatverein-delligsen.de\\\/?author=1\"},\"post_link\":\"https:\\\/\\\/www.heimatverein-delligsen.de\\\/?gmedia=schunkelrunde-jpg\",\"ratio\":1.5036710719530101965091262172791175544261932373046875},{\"id\":\"3804\",\"type\":\"image\",\"file\":\"Karlis_Luca_Max_und_Jannis_spielen_an_der_Mini_K_hlerh_tte.jpg\",\"meta\":{\"width\":1024,\"height\":681,\"views\":135,\"likes\":0},\"title\":\"Karlis, Luca, Max und Jannis spielen an der Mini-K\\u00f6hlerh\\u00fctte\",\"alt\":\"Karlis, Luca, Max und Jannis spielen an der Mini-K\\u00f6hlerh\\u00fctte\",\"author\":{\"name\":\"Eike Heuer\",\"posts_link\":\"https:\\\/\\\/www.heimatverein-delligsen.de\\\/?author=1\"},\"post_link\":\"https:\\\/\\\/www.heimatverein-delligsen.de\\\/?gmedia=karlis_luca_max_und_jannis_spielen_an_der_mini_k_hlerh_tte-jpg\",\"ratio\":1.5036710719530101965091262172791175544261932373046875},{\"id\":\"3803\",\"type\":\"image\",\"file\":\"Kaierder_Jagdhornbl_ser.jpg\",\"meta\":{\"width\":1024,\"height\":642,\"views\":126,\"likes\":0},\"title\":\"Kaierder Jagdhornbl\\u00e4ser\",\"alt\":\"Kaierder Jagdhornbl\\u00e4ser\",\"author\":{\"name\":\"Eike Heuer\",\"posts_link\":\"https:\\\/\\\/www.heimatverein-delligsen.de\\\/?author=1\"},\"post_link\":\"https:\\\/\\\/www.heimatverein-delligsen.de\\\/?gmedia=kaierder_jagdhornbl_ser-jpg\",\"ratio\":1.5950155763239874939785067908815108239650726318359375},{\"id\":\"3802\",\"type\":\"image\",\"file\":\"Ina_Ingrid_Brigitte_und_Angelika_im_Einsatz.jpg\",\"meta\":{\"width\":1024,\"height\":681,\"views\":141,\"likes\":0},\"title\":\"Ina, Ingrid, Brigitte und Angelika im Einsatz\",\"alt\":\"Ina, Ingrid, Brigitte und Angelika im Einsatz\",\"author\":{\"name\":\"Eike Heuer\",\"posts_link\":\"https:\\\/\\\/www.heimatverein-delligsen.de\\\/?author=1\"},\"post_link\":\"https:\\\/\\\/www.heimatverein-delligsen.de\\\/?gmedia=ina_ingrid_brigitte_und_angelika_im_einsatz-jpg\",\"ratio\":1.5036710719530101965091262172791175544261932373046875},{\"id\":\"3801\",\"type\":\"image\",\"file\":\"In_der_K_hlerh_tte_gibt_es_Stockbrot.jpg\",\"meta\":{\"width\":1024,\"height\":681,\"views\":152,\"likes\":0},\"title\":\"In Der K\\u00f6hlerh\\u00fctte gibt es Stockbrot\",\"alt\":\"In Der K\\u00f6hlerh\\u00fctte gibt es Stockbrot\",\"author\":{\"name\":\"Eike Heuer\",\"posts_link\":\"https:\\\/\\\/www.heimatverein-delligsen.de\\\/?author=1\"},\"post_link\":\"https:\\\/\\\/www.heimatverein-delligsen.de\\\/?gmedia=in_der_k_hlerh_tte_gibt_es_stockbrot-jpg\",\"ratio\":1.5036710719530101965091262172791175544261932373046875},{\"id\":\"3796\",\"type\":\"image\",\"file\":\"Flotte_Rhythmem_laden_zum_Tanz_ein.jpg\",\"meta\":{\"width\":1024,\"height\":681,\"views\":141,\"likes\":0},\"title\":\"Flotte Rhythmen laden zum Tanz ein\",\"alt\":\"Flotte Rhythmen laden zum Tanz ein\",\"author\":{\"name\":\"Eike Heuer\",\"posts_link\":\"https:\\\/\\\/www.heimatverein-delligsen.de\\\/?author=1\"},\"post_link\":\"https:\\\/\\\/www.heimatverein-delligsen.de\\\/?gmedia=flotte_rhythmem_laden_zum_tanz_ein-jpg\",\"ratio\":1.5036710719530101965091262172791175544261932373046875},{\"id\":\"3794\",\"type\":\"image\",\"file\":\"Die_Ehrenamtlichen_Helfer_erkennt_man_an_den_hellgr_nen_T-Shirts.jpg\",\"meta\":{\"width\":1024,\"height\":681,\"views\":153,\"likes\":0},\"title\":\"Die ehrenamtlichen Helfer erkennt man an den hellgr\\u00fcnen T-Shirts\",\"alt\":\"Die ehrenamtlichen Helfer erkennt man an den hellgr\\u00fcnen T-Shirts\",\"author\":{\"name\":\"Eike Heuer\",\"posts_link\":\"https:\\\/\\\/www.heimatverein-delligsen.de\\\/?author=1\"},\"post_link\":\"https:\\\/\\\/www.heimatverein-delligsen.de\\\/?gmedia=die_ehrenamtlichen_helfer_erkennt_man_an_den_hellgr_nen_t-shirts-jpg\",\"ratio\":1.5036710719530101965091262172791175544261932373046875},{\"id\":\"3788\",\"type\":\"image\",\"file\":\"50_Jahre_K_hlerh_tte.jpg\",\"meta\":{\"width\":1024,\"height\":681,\"views\":122,\"likes\":0},\"title\":\"50 Jahre K\\u00f6hlerh\\u00fctte\",\"alt\":\"50 Jahre K\\u00f6hlerh\\u00fctte\",\"author\":{\"name\":\"Eike Heuer\",\"posts_link\":\"https:\\\/\\\/www.heimatverein-delligsen.de\\\/?author=1\"},\"post_link\":\"https:\\\/\\\/www.heimatverein-delligsen.de\\\/?gmedia=50_jahre_k_hlerh_tte-jpg\",\"ratio\":1.5036710719530101965091262172791175544261932373046875},{\"id\":\"3800\",\"type\":\"image\",\"file\":\"Helfer_beim_Abbauen.jpg\",\"meta\":{\"width\":1024,\"height\":681,\"views\":149,\"likes\":0},\"title\":\"Helfer beim Abbauen\",\"alt\":\"Helfer beim Abbauen\",\"author\":{\"name\":\"Eike Heuer\",\"posts_link\":\"https:\\\/\\\/www.heimatverein-delligsen.de\\\/?author=1\"},\"post_link\":\"https:\\\/\\\/www.heimatverein-delligsen.de\\\/?gmedia=helfer_beim_abbauen-jpg\",\"ratio\":1.5036710719530101965091262172791175544261932373046875}],\"terms\":[]};\n\t\t\t\t\tvar container = $( '#GmediaGallery_203' );\n\t\t\t\t\tcontainer.photomania( settings, content );\n\t\t\t\t\twindow.GmediaGallery_203 = container.data( 'photomania' );\n\t\t\t\t} );\n\t\t\t} );\n\t<\/script><\/div>\n<h3>03.07.2022: Fr\u00fchwanderung<\/h3>\n<div class=\"gmedia_gallery photomania_module is_bot\" id=\"GmediaGallery_204\" data-gmid=\"204\" data-module=\"photomania\"><style class='gmedia_module_style_import'>\/**** .photomania_module #GmediaGallery_204 ****\/\n#GmediaGallery_204 .gmpm_preload {opacity:0;}\n#GmediaGallery_204 .swiper-big-images img.gmpm_the_photo { max-height:100%; max-width:100%; display:inline; width:auto; height:auto; object-fit:unset; vertical-align:middle; border:none; }\n#GmediaGallery_204 .gmpm_focus .swiper-big-images img.gmpm_the_photo { width:auto; height:auto; object-fit:unset; }\n#GmediaGallery_204 .swiper-small-images img.gmpm_photo { max-width:none; max-height:none; }\n#GmediaGallery_204 .swiper-small-images img.gmpm_photo.gmpm_photo_landscape { width:auto; height:100%; }\n#GmediaGallery_204 .swiper-small-images img.gmpm_photo.gmpm_photo_portrait { width:100%; height:auto; }\n#GmediaGallery_204 .gmpm_gallery_sources_list p { margin:7px 0; padding:0; font-size:inherit; }\n#GmediaGallery_204 .gmpm_photo_details .gmpm_description_wrap a,\n#GmediaGallery_204 .gmpm_big_button_wrap .gmpm_button.gmpm_like.gmpm_liked,\n#GmediaGallery_204 .gmpm_big_button_wrap .gmpm_button.gmpm_like.gmpm_liked:hover {color:#096900;}\n#GmediaGallery_204 .gmpm_photo_show .gmpm_big_button {background-color:#096900;}\n#GmediaGallery_204 .swiper-small-images div.gmpm_photo.swiper-slide-active {border-color:#096900;}\n#GmediaGallery_204 .gmpm_photo_header .gmpm_name_wrap .gmpm_title_author a:hover,\n#GmediaGallery_204 .gmpm_photo_details .gmpm_description_wrap a:hover {color:#096900;}\n#GmediaGallery_204 .gmpm_photo_show .gmpm_big_button:hover,\n#GmediaGallery_204 .gmpm_focus_actions ul .gmpm_button.like.gmpm_liked {background-color:#096900;}<\/style>\n\t<div class=\"gmpm_photo_show gmpm_w960 gmpm_w640 gmpm_w480\">\n\n\t\t<div class=\"gmpm_photo_wrap has_prev_photo has_next_photo\">\n\t\t\t<div class=\"swiper-container swiper-big-images\">\n\t\t\t\t<div class=\"gmpm_photo_arrow_next gmpm_photo_arrow gmpm_next\">\n\t\t\t\t\t<div title=\"Next\" class=\"gmpm_arrow\"><\/div>\n\t\t\t\t<\/div>\n\t\t\t\t<div class=\"gmpm_photo_arrow_previous gmpm_photo_arrow gmpm_prev\">\n\t\t\t\t\t<div title=\"Previous\" class=\"gmpm_arrow\"><\/div>\n\t\t\t\t<\/div>\n\t\t\t\t<div class=\"swiper-wrapper\">\n\t\t\t\t\t\n\t\t<div class=\"swiper-slide\" data-hash=\"gmedia3819\" data-photo-id=\"3819\"><span class=\"gmpm_va\"><\/span><img decoding=\"async\" src=\"https:\/\/www.heimatverein-delligsen.de\/hvd20\/wp-content\/grand-media\/image\/Die_Wandergruppe_startet_um_6_Uhr_an_der_D_rpm_hle.jpg\" data-src=\"https:\/\/www.heimatverein-delligsen.de\/hvd20\/wp-content\/grand-media\/image\/Die_Wandergruppe_startet_um_6_Uhr_an_der_D_rpm_hle.jpg\" alt=\"Die Wandergruppe startet um 6 Uhr an der D\u00f6rpm\u00fchle\" data-protect=\"Eike Heuer\" class=\"noLazy gmpm_the_photo\"><\/div>\n\t\t<div class=\"swiper-slide\" data-hash=\"gmedia3821\" data-photo-id=\"3821\"><span class=\"gmpm_va\"><\/span><img decoding=\"async\" src=\"https:\/\/www.heimatverein-delligsen.de\/hvd20\/wp-content\/grand-media\/image\/Fr_hwanderung.jpg\" data-src=\"https:\/\/www.heimatverein-delligsen.de\/hvd20\/wp-content\/grand-media\/image\/Fr_hwanderung.jpg\" alt=\"Fr\u00fchwanderung\" data-protect=\"Eike Heuer\" class=\"noLazy gmpm_the_photo\"><\/div>\n\t\t<div class=\"swiper-slide\" data-hash=\"gmedia3824\" data-photo-id=\"3824\"><span class=\"gmpm_va\"><\/span><img decoding=\"async\" src=\"https:\/\/www.heimatverein-delligsen.de\/hvd20\/wp-content\/grand-media\/image\/Rast_an_der_Braunschweiger_H_tte.jpg\" data-src=\"https:\/\/www.heimatverein-delligsen.de\/hvd20\/wp-content\/grand-media\/image\/Rast_an_der_Braunschweiger_H_tte.jpg\" alt=\"Rast an der Braunschweiger H\u00fctte\" data-protect=\"Eike Heuer\" class=\"noLazy gmpm_the_photo\"><\/div>\n\t\t<div class=\"swiper-slide\" data-hash=\"gmedia3827\" data-photo-id=\"3827\"><span class=\"gmpm_va\"><\/span><img decoding=\"async\" src=\"https:\/\/www.heimatverein-delligsen.de\/hvd20\/wp-content\/grand-media\/image\/Wanderer_bei_Schloss_Delligsen.jpg\" data-src=\"https:\/\/www.heimatverein-delligsen.de\/hvd20\/wp-content\/grand-media\/image\/Wanderer_bei_Schloss_Delligsen.jpg\" alt=\"Wanderer bei Schloss Delligsen\" data-protect=\"Eike Heuer\" class=\"noLazy gmpm_the_photo\"><\/div>\n\t\t<div class=\"swiper-slide\" data-hash=\"gmedia3826\" data-photo-id=\"3826\"><span class=\"gmpm_va\"><\/span><img decoding=\"async\" src=\"https:\/\/www.heimatverein-delligsen.de\/hvd20\/wp-content\/grand-media\/image\/Schloss_Delligsen.jpg\" data-src=\"https:\/\/www.heimatverein-delligsen.de\/hvd20\/wp-content\/grand-media\/image\/Schloss_Delligsen.jpg\" alt=\"Schloss Delligsen\" data-protect=\"Eike Heuer\" class=\"noLazy gmpm_the_photo\"><\/div>\n\t\t<div class=\"swiper-slide\" data-hash=\"gmedia3828\" data-photo-id=\"3828\"><span class=\"gmpm_va\"><\/span><img decoding=\"async\" src=\"https:\/\/www.heimatverein-delligsen.de\/hvd20\/wp-content\/grand-media\/image\/An_der_K_hlerh_tte_wird_gefr_hst_ckt.jpg\" data-src=\"https:\/\/www.heimatverein-delligsen.de\/hvd20\/wp-content\/grand-media\/image\/An_der_K_hlerh_tte_wird_gefr_hst_ckt.jpg\" alt=\"An der K\u00f6hlerh\u00fctte wird gefr\u00fchst\u00fcckt\" data-protect=\"Eike Heuer\" class=\"noLazy gmpm_the_photo\"><\/div>\n\t\t<div class=\"swiper-slide\" data-hash=\"gmedia3818\" data-photo-id=\"3818\"><span class=\"gmpm_va\"><\/span><img decoding=\"async\" src=\"https:\/\/www.heimatverein-delligsen.de\/hvd20\/wp-content\/grand-media\/image\/Das_Fr_hst_cksbuffet_ist_er_ffnet.jpg\" data-src=\"https:\/\/www.heimatverein-delligsen.de\/hvd20\/wp-content\/grand-media\/image\/Das_Fr_hst_cksbuffet_ist_er_ffnet.jpg\" alt=\"Das Fr\u00fchst\u00fccksbuffet ist er\u00f6ffnet\" data-protect=\"Eike Heuer\" class=\"noLazy gmpm_the_photo\"><\/div>\n\t\t<div class=\"swiper-slide\" data-hash=\"gmedia3825\" data-photo-id=\"3825\"><span class=\"gmpm_va\"><\/span><img decoding=\"async\" src=\"https:\/\/www.heimatverein-delligsen.de\/hvd20\/wp-content\/grand-media\/image\/Rolf-Henning_bereitet_R_reier_zu.jpg\" data-src=\"https:\/\/www.heimatverein-delligsen.de\/hvd20\/wp-content\/grand-media\/image\/Rolf-Henning_bereitet_R_reier_zu.jpg\" alt=\"Rolf-Henning bereitet R\u00fchreier zu\" data-protect=\"Eike Heuer\" class=\"noLazy gmpm_the_photo\"><\/div>\n\t\t<div class=\"swiper-slide\" data-hash=\"gmedia3823\" data-photo-id=\"3823\"><span class=\"gmpm_va\"><\/span><img decoding=\"async\" src=\"https:\/\/www.heimatverein-delligsen.de\/hvd20\/wp-content\/grand-media\/image\/Lecker_.jpg\" data-src=\"https:\/\/www.heimatverein-delligsen.de\/hvd20\/wp-content\/grand-media\/image\/Lecker_.jpg\" alt=\"Lecker!\" data-protect=\"Eike Heuer\" class=\"noLazy gmpm_the_photo\"><\/div>\n\t\t<div class=\"swiper-slide\" data-hash=\"gmedia3822\" data-photo-id=\"3822\"><span class=\"gmpm_va\"><\/span><img decoding=\"async\" src=\"https:\/\/www.heimatverein-delligsen.de\/hvd20\/wp-content\/grand-media\/image\/Kurze_Rast_im_Schatten.jpg\" data-src=\"https:\/\/www.heimatverein-delligsen.de\/hvd20\/wp-content\/grand-media\/image\/Kurze_Rast_im_Schatten.jpg\" alt=\"Kurze Rast im Schatten\" data-protect=\"Eike Heuer\" class=\"noLazy gmpm_the_photo\"><\/div>\n\t\t<div class=\"swiper-slide\" data-hash=\"gmedia3820\" data-photo-id=\"3820\"><span class=\"gmpm_va\"><\/span><img decoding=\"async\" src=\"https:\/\/www.heimatverein-delligsen.de\/hvd20\/wp-content\/grand-media\/image\/Es_braucht_4_M_nner_um_die_m_chtige_Buche_unterhalb_vom_Schweinsberg_zu_umarmen.jpg\" data-src=\"https:\/\/www.heimatverein-delligsen.de\/hvd20\/wp-content\/grand-media\/image\/Es_braucht_4_M_nner_um_die_m_chtige_Buche_unterhalb_vom_Schweinsberg_zu_umarmen.jpg\" alt=\"Es braucht 4 M\u00e4nner, um die m\u00e4chtige Buche unterhalb vom Schweinsberg zu umarmen\" data-protect=\"Eike Heuer\" class=\"noLazy gmpm_the_photo\"><\/div>\t\t\t\t<\/div>\n\t\t\t<\/div>\n\t\t<\/div>\n\n\t\t<div class=\"gmpm_photo_header\">\n\t\t\t<div class=\"gmpm_wrapper gmpm_clearfix\">\n\t\t\t\t<div class=\"gmpm_focus_actions\">\n\t\t\t\t\t\t\t\t\t\t\t\t\t\t\t<ul class=\"gmpm_focus_arrows gmpm_clearfix\">\n\t\t\t\t\t\t<li style=\"list-style:none;\"><a class=\"gmpm_button gmpm_photo_arrow_previous gmpm_prev\">Previous<\/a><\/li>\n\t\t\t\t\t\t<li style=\"list-style:none;\"><a class=\"gmpm_button gmpm_photo_arrow_next gmpm_next\">Next<\/a><\/li>\n\t\t\t\t\t<\/ul>\n\t\t\t\t<\/div>\n\t\t\t\t<div class=\"gmpm_name_wrap gmpm_clearfix gmpm_no_avatar\">\n\t\t\t\t\t\t\t\t\t\t<div class=\"gmpm_title_author\">\n\t\t\t\t\t\t<div class=\"gmpm_title\">Die Wandergruppe startet um 6 Uhr an der D\u00f6rpm\u00fchle<\/div>\n\t\t\t\t\t\t\t\t\t\t\t<\/div>\n\t\t\t\t<\/div>\n\t\t\t\t<div class=\"gmpm_actions gmpm_clearfix\">\n\t\t\t\t\t<div class=\"gmpm_carousel gmpm_has_previous gmpm_has_next\">\n\t\t\t\t\t\t<div class=\"gmpm_previous_button\"><\/div>\n\t\t\t\t\t\t<div class=\"gmpm_photo_carousel\">\n\t\t\t\t\t\t\t<div class=\"swiper-container swiper-small-images\">\n\t\t\t\t\t\t\t\t<div class=\"swiper-wrapper\">\n\t\t\t\t\t\t\t\t\t\n\t\t<div class=\"swiper-slide gmpm_photo\" data-photo-id=\"3819\"><img decoding=\"async\" src=\"https:\/\/www.heimatverein-delligsen.de\/hvd20\/wp-content\/grand-media\/image\/thumb\/Die_Wandergruppe_startet_um_6_Uhr_an_der_D_rpm_hle.jpg\" data-src=\"https:\/\/www.heimatverein-delligsen.de\/hvd20\/wp-content\/grand-media\/image\/thumb\/Die_Wandergruppe_startet_um_6_Uhr_an_der_D_rpm_hle.jpg\" alt=\"Die Wandergruppe startet um 6 Uhr an der D\u00f6rpm\u00fchle\" class=\"noLazy gmpm_photo swiper-lazy gmpm_photo_landscape\"><span class=\"swiper-lazy-preloader swiper-lazy-preloader-black\"><\/span><\/div>\n\t\t<div class=\"swiper-slide gmpm_photo\" data-photo-id=\"3821\"><img decoding=\"async\" src=\"https:\/\/www.heimatverein-delligsen.de\/hvd20\/wp-content\/grand-media\/image\/thumb\/Fr_hwanderung.jpg\" data-src=\"https:\/\/www.heimatverein-delligsen.de\/hvd20\/wp-content\/grand-media\/image\/thumb\/Fr_hwanderung.jpg\" alt=\"Fr\u00fchwanderung\" class=\"noLazy gmpm_photo swiper-lazy gmpm_photo_landscape\"><span class=\"swiper-lazy-preloader swiper-lazy-preloader-black\"><\/span><\/div>\n\t\t<div class=\"swiper-slide gmpm_photo\" data-photo-id=\"3824\"><img decoding=\"async\" src=\"https:\/\/www.heimatverein-delligsen.de\/hvd20\/wp-content\/grand-media\/image\/thumb\/Rast_an_der_Braunschweiger_H_tte.jpg\" data-src=\"https:\/\/www.heimatverein-delligsen.de\/hvd20\/wp-content\/grand-media\/image\/thumb\/Rast_an_der_Braunschweiger_H_tte.jpg\" alt=\"Rast an der Braunschweiger H\u00fctte\" class=\"noLazy gmpm_photo swiper-lazy gmpm_photo_landscape\"><span class=\"swiper-lazy-preloader swiper-lazy-preloader-black\"><\/span><\/div>\n\t\t<div class=\"swiper-slide gmpm_photo\" data-photo-id=\"3827\"><img decoding=\"async\" src=\"https:\/\/www.heimatverein-delligsen.de\/hvd20\/wp-content\/grand-media\/image\/thumb\/Wanderer_bei_Schloss_Delligsen.jpg\" data-src=\"https:\/\/www.heimatverein-delligsen.de\/hvd20\/wp-content\/grand-media\/image\/thumb\/Wanderer_bei_Schloss_Delligsen.jpg\" alt=\"Wanderer bei Schloss Delligsen\" class=\"noLazy gmpm_photo swiper-lazy gmpm_photo_landscape\"><span class=\"swiper-lazy-preloader swiper-lazy-preloader-black\"><\/span><\/div>\n\t\t<div class=\"swiper-slide gmpm_photo\" data-photo-id=\"3826\"><img decoding=\"async\" src=\"https:\/\/www.heimatverein-delligsen.de\/hvd20\/wp-content\/grand-media\/image\/thumb\/Schloss_Delligsen.jpg\" data-src=\"https:\/\/www.heimatverein-delligsen.de\/hvd20\/wp-content\/grand-media\/image\/thumb\/Schloss_Delligsen.jpg\" alt=\"Schloss Delligsen\" class=\"noLazy gmpm_photo swiper-lazy gmpm_photo_landscape\"><span class=\"swiper-lazy-preloader swiper-lazy-preloader-black\"><\/span><\/div>\n\t\t<div class=\"swiper-slide gmpm_photo\" data-photo-id=\"3828\"><img decoding=\"async\" src=\"https:\/\/www.heimatverein-delligsen.de\/hvd20\/wp-content\/grand-media\/image\/thumb\/An_der_K_hlerh_tte_wird_gefr_hst_ckt.jpg\" data-src=\"https:\/\/www.heimatverein-delligsen.de\/hvd20\/wp-content\/grand-media\/image\/thumb\/An_der_K_hlerh_tte_wird_gefr_hst_ckt.jpg\" alt=\"An der K\u00f6hlerh\u00fctte wird gefr\u00fchst\u00fcckt\" class=\"noLazy gmpm_photo swiper-lazy gmpm_photo_landscape\"><span class=\"swiper-lazy-preloader swiper-lazy-preloader-black\"><\/span><\/div>\n\t\t<div class=\"swiper-slide gmpm_photo\" data-photo-id=\"3818\"><img decoding=\"async\" src=\"https:\/\/www.heimatverein-delligsen.de\/hvd20\/wp-content\/grand-media\/image\/thumb\/Das_Fr_hst_cksbuffet_ist_er_ffnet.jpg\" data-src=\"https:\/\/www.heimatverein-delligsen.de\/hvd20\/wp-content\/grand-media\/image\/thumb\/Das_Fr_hst_cksbuffet_ist_er_ffnet.jpg\" alt=\"Das Fr\u00fchst\u00fccksbuffet ist er\u00f6ffnet\" class=\"noLazy gmpm_photo swiper-lazy gmpm_photo_landscape\"><span class=\"swiper-lazy-preloader swiper-lazy-preloader-black\"><\/span><\/div>\n\t\t<div class=\"swiper-slide gmpm_photo\" data-photo-id=\"3825\"><img decoding=\"async\" src=\"https:\/\/www.heimatverein-delligsen.de\/hvd20\/wp-content\/grand-media\/image\/thumb\/Rolf-Henning_bereitet_R_reier_zu.jpg\" data-src=\"https:\/\/www.heimatverein-delligsen.de\/hvd20\/wp-content\/grand-media\/image\/thumb\/Rolf-Henning_bereitet_R_reier_zu.jpg\" alt=\"Rolf-Henning bereitet R\u00fchreier zu\" class=\"noLazy gmpm_photo swiper-lazy gmpm_photo_landscape\"><span class=\"swiper-lazy-preloader swiper-lazy-preloader-black\"><\/span><\/div>\n\t\t<div class=\"swiper-slide gmpm_photo\" data-photo-id=\"3823\"><img decoding=\"async\" src=\"https:\/\/www.heimatverein-delligsen.de\/hvd20\/wp-content\/grand-media\/image\/thumb\/Lecker_.jpg\" data-src=\"https:\/\/www.heimatverein-delligsen.de\/hvd20\/wp-content\/grand-media\/image\/thumb\/Lecker_.jpg\" alt=\"Lecker!\" class=\"noLazy gmpm_photo swiper-lazy gmpm_photo_landscape\"><span class=\"swiper-lazy-preloader swiper-lazy-preloader-black\"><\/span><\/div>\n\t\t<div class=\"swiper-slide gmpm_photo\" data-photo-id=\"3822\"><img decoding=\"async\" src=\"https:\/\/www.heimatverein-delligsen.de\/hvd20\/wp-content\/grand-media\/image\/thumb\/Kurze_Rast_im_Schatten.jpg\" data-src=\"https:\/\/www.heimatverein-delligsen.de\/hvd20\/wp-content\/grand-media\/image\/thumb\/Kurze_Rast_im_Schatten.jpg\" alt=\"Kurze Rast im Schatten\" class=\"noLazy gmpm_photo swiper-lazy gmpm_photo_landscape\"><span class=\"swiper-lazy-preloader swiper-lazy-preloader-black\"><\/span><\/div>\n\t\t<div class=\"swiper-slide gmpm_photo\" data-photo-id=\"3820\"><img decoding=\"async\" src=\"https:\/\/www.heimatverein-delligsen.de\/hvd20\/wp-content\/grand-media\/image\/thumb\/Es_braucht_4_M_nner_um_die_m_chtige_Buche_unterhalb_vom_Schweinsberg_zu_umarmen.jpg\" data-src=\"https:\/\/www.heimatverein-delligsen.de\/hvd20\/wp-content\/grand-media\/image\/thumb\/Es_braucht_4_M_nner_um_die_m_chtige_Buche_unterhalb_vom_Schweinsberg_zu_umarmen.jpg\" alt=\"Es braucht 4 M\u00e4nner, um die m\u00e4chtige Buche unterhalb vom Schweinsberg zu umarmen\" class=\"noLazy gmpm_photo swiper-lazy gmpm_photo_landscape\"><span class=\"swiper-lazy-preloader swiper-lazy-preloader-black\"><\/span><\/div>\t\t\t\t\t\t\t\t<\/div>\n\t\t\t\t\t\t\t<\/div>\n\t\t\t\t\t\t<\/div>\n\t\t\t\t\t\t<div class=\"gmpm_next_button\"><\/div>\n\t\t\t\t\t<\/div>\n\t\t\t\t\t\t\t\t\t\t\t\t\t\t\t\t\t\t\t\t\t\t\t\t<\/div>\n\t\t\t<\/div>\n\t\t<\/div>\n\t\t<div class=\"gmpm_focus_close_full\">\n\t\t\t<span><a class=\"gmpm_button gmpm_close\">Close<\/a><\/span>\n\t\t\t<span><a class=\"gmpm_button gmpm_full\">Full<\/a><\/span>\n\t\t<\/div>\n\t\t<div class=\"gmpm_photo_details\">\n\t\t\t<div class=\"gmpm_description_wrap empty-item-description\">\n\t\t\t\t\t\t\t<\/div>\n\t\t<\/div>\n\n\t\t<div class=\"gmpm_focus_footer\">\n\t\t\t<div class=\"gmpm_focus_keyboard\">\n\t\t\t\t<div class=\"gmpm_focus_keyboard_title\">Keyboard Shortcuts <a class=\"gmpm_focus_keyboard_dismiss\">Dismiss<\/a><\/div>\n\t\t\t\t<ul>\n\t\t\t\t\t<li style=\"list-style:none;\"><a data-key=\"p\" class=\"gmpm_key\">S<\/a><span class=\"gmpm_label\">Slideshow<\/span><\/li>\n\t\t\t\t\t<li style=\"list-style:none;\"><a data-key=\"m\" class=\"gmpm_key\">M<\/a><span class=\"gmpm_label\">Maximize<\/span><\/li>\n\t\t\t\t\t<li style=\"list-style:none;\"><a data-key=\"left\" class=\"gmpm_key\">&nbsp;<\/a><span class=\"gmpm_label\">Previous<\/span><\/li>\n\t\t\t\t\t<li style=\"list-style:none;\"><a data-key=\"right\" class=\"gmpm_key\">&nbsp;<\/a><span class=\"gmpm_label\">Next<\/span><\/li>\n\t\t\t\t\t<li style=\"list-style:none;\"><a data-key=\"escape\" class=\"gmpm_key gmpm_esc\">esc<\/a><span class=\"gmpm_label\">Close<\/span><\/li>\n\t\t\t\t<\/ul>\n\t\t\t<\/div>\n\t\t<\/div>\n\n\t<\/div>\n\n\t<script type=\"text\/javascript\">\n\t\t\tdocument.addEventListener( 'DOMContentLoaded', function() {\n\t\t\t\tjQuery( function( $ ) {\n\t\t\t\t\tvar settings = {\"show_comments\":\"0\",\"show_download_button\":\"0\",\"show_link_button\":\"0\",\"show_description\":\"0\",\"show_author_avatar\":\"0\",\"show_author_name\":\"0\",\"show_share_button\":\"0\",\"show_like_button\":\"0\",\"link_color\":\"096900\",\"link_color_hover\":\"096900\",\"description_title\":\"Beschreibung\",\"ID\":204,\"url\":\"https:\\\/\\\/www.heimatverein-delligsen.de?rest_route=%2Fwp%2Fv2%2Fpages%2F8748\",\"moduleUrl\":\"https:\\\/\\\/www.heimatverein-delligsen.de\\\/hvd20\\\/wp-content\\\/grand-media\\\/module\\\/photomania\",\"initial_slide\":0};\n\t\t\t\t\tvar content = {\"data\":[{\"id\":\"3819\",\"type\":\"image\",\"file\":\"Die_Wandergruppe_startet_um_6_Uhr_an_der_D_rpm_hle.jpg\",\"meta\":{\"width\":909,\"height\":682,\"views\":577,\"likes\":0},\"title\":\"Die Wandergruppe startet um 6 Uhr an der D\\u00f6rpm\\u00fchle\",\"alt\":\"Die Wandergruppe startet um 6 Uhr an der D\\u00f6rpm\\u00fchle\",\"author\":{\"name\":\"Eike Heuer\",\"posts_link\":\"https:\\\/\\\/www.heimatverein-delligsen.de\\\/?author=1\"},\"post_link\":\"https:\\\/\\\/www.heimatverein-delligsen.de\\\/?gmedia=die_wandergruppe_startet_um_6_uhr_an_der_d_rpm_hle-jpg\",\"ratio\":1.3328445747800585774456294529954902827739715576171875},{\"id\":\"3821\",\"type\":\"image\",\"file\":\"Fr_hwanderung.jpg\",\"meta\":{\"width\":909,\"height\":682,\"views\":45,\"likes\":0},\"title\":\"Fr\\u00fchwanderung\",\"alt\":\"Fr\\u00fchwanderung\",\"author\":{\"name\":\"Eike Heuer\",\"posts_link\":\"https:\\\/\\\/www.heimatverein-delligsen.de\\\/?author=1\"},\"post_link\":\"https:\\\/\\\/www.heimatverein-delligsen.de\\\/?gmedia=fr_hwanderung-jpg\",\"ratio\":1.3328445747800585774456294529954902827739715576171875},{\"id\":\"3824\",\"type\":\"image\",\"file\":\"Rast_an_der_Braunschweiger_H_tte.jpg\",\"meta\":{\"width\":909,\"height\":682,\"views\":49,\"likes\":0},\"title\":\"Rast an der Braunschweiger H\\u00fctte\",\"alt\":\"Rast an der Braunschweiger H\\u00fctte\",\"author\":{\"name\":\"Eike Heuer\",\"posts_link\":\"https:\\\/\\\/www.heimatverein-delligsen.de\\\/?author=1\"},\"post_link\":\"https:\\\/\\\/www.heimatverein-delligsen.de\\\/?gmedia=rast_an_der_braunschweiger_h_tte-jpg\",\"ratio\":1.3328445747800585774456294529954902827739715576171875},{\"id\":\"3827\",\"type\":\"image\",\"file\":\"Wanderer_bei_Schloss_Delligsen.jpg\",\"meta\":{\"width\":909,\"height\":682,\"views\":45,\"likes\":0},\"title\":\"Wanderer bei Schloss Delligsen\",\"alt\":\"Wanderer bei Schloss Delligsen\",\"author\":{\"name\":\"Eike Heuer\",\"posts_link\":\"https:\\\/\\\/www.heimatverein-delligsen.de\\\/?author=1\"},\"post_link\":\"https:\\\/\\\/www.heimatverein-delligsen.de\\\/?gmedia=wanderer_bei_schloss_delligsen-jpg\",\"ratio\":1.3328445747800585774456294529954902827739715576171875},{\"id\":\"3826\",\"type\":\"image\",\"file\":\"Schloss_Delligsen.jpg\",\"meta\":{\"width\":909,\"height\":682,\"views\":41,\"likes\":0},\"title\":\"Schloss Delligsen\",\"alt\":\"Schloss Delligsen\",\"author\":{\"name\":\"Eike Heuer\",\"posts_link\":\"https:\\\/\\\/www.heimatverein-delligsen.de\\\/?author=1\"},\"post_link\":\"https:\\\/\\\/www.heimatverein-delligsen.de\\\/?gmedia=schloss_delligsen-jpg\",\"ratio\":1.3328445747800585774456294529954902827739715576171875},{\"id\":\"3828\",\"type\":\"image\",\"file\":\"An_der_K_hlerh_tte_wird_gefr_hst_ckt.jpg\",\"meta\":{\"width\":909,\"height\":682,\"views\":47,\"likes\":0},\"title\":\"An der K\\u00f6hlerh\\u00fctte wird gefr\\u00fchst\\u00fcckt\",\"alt\":\"An der K\\u00f6hlerh\\u00fctte wird gefr\\u00fchst\\u00fcckt\",\"author\":{\"name\":\"Eike Heuer\",\"posts_link\":\"https:\\\/\\\/www.heimatverein-delligsen.de\\\/?author=1\"},\"post_link\":\"https:\\\/\\\/www.heimatverein-delligsen.de\\\/?gmedia=an_der_k_hlerh_tte_wird_gefr_hst_ckt-jpg\",\"ratio\":1.3328445747800585774456294529954902827739715576171875},{\"id\":\"3818\",\"type\":\"image\",\"file\":\"Das_Fr_hst_cksbuffet_ist_er_ffnet.jpg\",\"meta\":{\"width\":909,\"height\":682,\"views\":49,\"likes\":0},\"title\":\"Das Fr\\u00fchst\\u00fccksbuffet ist er\\u00f6ffnet\",\"alt\":\"Das Fr\\u00fchst\\u00fccksbuffet ist er\\u00f6ffnet\",\"author\":{\"name\":\"Eike Heuer\",\"posts_link\":\"https:\\\/\\\/www.heimatverein-delligsen.de\\\/?author=1\"},\"post_link\":\"https:\\\/\\\/www.heimatverein-delligsen.de\\\/?gmedia=das_fr_hst_cksbuffet_ist_er_ffnet-jpg\",\"ratio\":1.3328445747800585774456294529954902827739715576171875},{\"id\":\"3825\",\"type\":\"image\",\"file\":\"Rolf-Henning_bereitet_R_reier_zu.jpg\",\"meta\":{\"width\":909,\"height\":682,\"views\":46,\"likes\":0},\"title\":\"Rolf-Henning bereitet R\\u00fchreier zu\",\"alt\":\"Rolf-Henning bereitet R\\u00fchreier zu\",\"author\":{\"name\":\"Eike Heuer\",\"posts_link\":\"https:\\\/\\\/www.heimatverein-delligsen.de\\\/?author=1\"},\"post_link\":\"https:\\\/\\\/www.heimatverein-delligsen.de\\\/?gmedia=rolf-henning_bereitet_r_reier_zu-jpg\",\"ratio\":1.3328445747800585774456294529954902827739715576171875},{\"id\":\"3823\",\"type\":\"image\",\"file\":\"Lecker_.jpg\",\"meta\":{\"width\":909,\"height\":682,\"views\":38,\"likes\":0},\"title\":\"Lecker!\",\"alt\":\"Lecker!\",\"author\":{\"name\":\"Eike Heuer\",\"posts_link\":\"https:\\\/\\\/www.heimatverein-delligsen.de\\\/?author=1\"},\"post_link\":\"https:\\\/\\\/www.heimatverein-delligsen.de\\\/?gmedia=lecker_-jpg\",\"ratio\":1.3328445747800585774456294529954902827739715576171875},{\"id\":\"3822\",\"type\":\"image\",\"file\":\"Kurze_Rast_im_Schatten.jpg\",\"meta\":{\"width\":909,\"height\":682,\"views\":44,\"likes\":0},\"title\":\"Kurze Rast im Schatten\",\"alt\":\"Kurze Rast im Schatten\",\"author\":{\"name\":\"Eike Heuer\",\"posts_link\":\"https:\\\/\\\/www.heimatverein-delligsen.de\\\/?author=1\"},\"post_link\":\"https:\\\/\\\/www.heimatverein-delligsen.de\\\/?gmedia=kurze_rast_im_schatten-jpg\",\"ratio\":1.3328445747800585774456294529954902827739715576171875},{\"id\":\"3820\",\"type\":\"image\",\"file\":\"Es_braucht_4_M_nner_um_die_m_chtige_Buche_unterhalb_vom_Schweinsberg_zu_umarmen.jpg\",\"meta\":{\"width\":909,\"height\":682,\"views\":45,\"likes\":0},\"title\":\"Es braucht 4 M\\u00e4nner, um die m\\u00e4chtige Buche unterhalb vom Schweinsberg zu umarmen\",\"alt\":\"Es braucht 4 M\\u00e4nner, um die m\\u00e4chtige Buche unterhalb vom Schweinsberg zu umarmen\",\"author\":{\"name\":\"Eike Heuer\",\"posts_link\":\"https:\\\/\\\/www.heimatverein-delligsen.de\\\/?author=1\"},\"post_link\":\"https:\\\/\\\/www.heimatverein-delligsen.de\\\/?gmedia=es_braucht_4_m_nner_um_die_m_chtige_buche_unterhalb_vom_schweinsberg_zu_umarmen-jpg\",\"ratio\":1.3328445747800585774456294529954902827739715576171875}],\"terms\":[]};\n\t\t\t\t\tvar container = $( '#GmediaGallery_204' );\n\t\t\t\t\tcontainer.photomania( settings, content );\n\t\t\t\t\twindow.GmediaGallery_204 = container.data( 'photomania' );\n\t\t\t\t} );\n\t\t\t} );\n\t<\/script><\/div>\n<h3>14.08.2022: Wanderung Weserbergland<\/h3>\n<div class=\"gmedia_gallery photomania_module is_bot\" id=\"GmediaGallery_205\" data-gmid=\"205\" data-module=\"photomania\"><style class='gmedia_module_style_import'>\/**** .photomania_module #GmediaGallery_205 ****\/\n#GmediaGallery_205 .gmpm_preload {opacity:0;}\n#GmediaGallery_205 .swiper-big-images img.gmpm_the_photo { max-height:100%; max-width:100%; display:inline; width:auto; height:auto; object-fit:unset; vertical-align:middle; border:none; }\n#GmediaGallery_205 .gmpm_focus .swiper-big-images img.gmpm_the_photo { width:auto; height:auto; object-fit:unset; }\n#GmediaGallery_205 .swiper-small-images img.gmpm_photo { max-width:none; max-height:none; }\n#GmediaGallery_205 .swiper-small-images img.gmpm_photo.gmpm_photo_landscape { width:auto; height:100%; }\n#GmediaGallery_205 .swiper-small-images img.gmpm_photo.gmpm_photo_portrait { width:100%; height:auto; }\n#GmediaGallery_205 .gmpm_gallery_sources_list p { margin:7px 0; padding:0; font-size:inherit; }\n#GmediaGallery_205 .gmpm_photo_details .gmpm_description_wrap a,\n#GmediaGallery_205 .gmpm_big_button_wrap .gmpm_button.gmpm_like.gmpm_liked,\n#GmediaGallery_205 .gmpm_big_button_wrap .gmpm_button.gmpm_like.gmpm_liked:hover {color:#096900;}\n#GmediaGallery_205 .gmpm_photo_show .gmpm_big_button {background-color:#096900;}\n#GmediaGallery_205 .swiper-small-images div.gmpm_photo.swiper-slide-active {border-color:#096900;}\n#GmediaGallery_205 .gmpm_photo_header .gmpm_name_wrap .gmpm_title_author a:hover,\n#GmediaGallery_205 .gmpm_photo_details .gmpm_description_wrap a:hover {color:#096900;}\n#GmediaGallery_205 .gmpm_photo_show .gmpm_big_button:hover,\n#GmediaGallery_205 .gmpm_focus_actions ul .gmpm_button.like.gmpm_liked {background-color:#096900;}<\/style>\n\t<div class=\"gmpm_photo_show gmpm_w960 gmpm_w640 gmpm_w480\">\n\n\t\t<div class=\"gmpm_photo_wrap has_prev_photo has_next_photo\">\n\t\t\t<div class=\"swiper-container swiper-big-images\">\n\t\t\t\t<div class=\"gmpm_photo_arrow_next gmpm_photo_arrow gmpm_next\">\n\t\t\t\t\t<div title=\"Next\" class=\"gmpm_arrow\"><\/div>\n\t\t\t\t<\/div>\n\t\t\t\t<div class=\"gmpm_photo_arrow_previous gmpm_photo_arrow gmpm_prev\">\n\t\t\t\t\t<div title=\"Previous\" class=\"gmpm_arrow\"><\/div>\n\t\t\t\t<\/div>\n\t\t\t\t<div class=\"swiper-wrapper\">\n\t\t\t\t\t\n\t\t<div class=\"swiper-slide\" data-hash=\"gmedia3829\" data-photo-id=\"3829\"><span class=\"gmpm_va\"><\/span><img decoding=\"async\" src=\"https:\/\/www.heimatverein-delligsen.de\/hvd20\/wp-content\/grand-media\/image\/Bodoturm.jpg\" data-src=\"https:\/\/www.heimatverein-delligsen.de\/hvd20\/wp-content\/grand-media\/image\/Bodoturm.jpg\" alt=\"Bodoturm\" data-protect=\"Eike Heuer\" class=\"noLazy gmpm_the_photo\"><\/div>\n\t\t<div class=\"swiper-slide\" data-hash=\"gmedia3830\" data-photo-id=\"3830\"><span class=\"gmpm_va\"><\/span><img decoding=\"async\" src=\"https:\/\/www.heimatverein-delligsen.de\/hvd20\/wp-content\/grand-media\/image\/Die_Wanderer_am_Bodoturm.jpg\" data-src=\"https:\/\/www.heimatverein-delligsen.de\/hvd20\/wp-content\/grand-media\/image\/Die_Wanderer_am_Bodoturm.jpg\" alt=\"Die Wanderer am Bodoturm\" data-protect=\"Eike Heuer\" class=\"noLazy gmpm_the_photo\"><\/div>\n\t\t<div class=\"swiper-slide\" data-hash=\"gmedia3831\" data-photo-id=\"3831\"><span class=\"gmpm_va\"><\/span><img decoding=\"async\" src=\"https:\/\/www.heimatverein-delligsen.de\/hvd20\/wp-content\/grand-media\/image\/Die_Wanderer_vor_dem_Bodoturm.jpg\" data-src=\"https:\/\/www.heimatverein-delligsen.de\/hvd20\/wp-content\/grand-media\/image\/Die_Wanderer_vor_dem_Bodoturm.jpg\" alt=\"Die Wanderer vor dem Bodoturm\" data-protect=\"Eike Heuer\" class=\"noLazy gmpm_the_photo\"><\/div>\n\t\t<div class=\"swiper-slide\" data-hash=\"gmedia3832\" data-photo-id=\"3832\"><span class=\"gmpm_va\"><\/span><img decoding=\"async\" src=\"https:\/\/www.heimatverein-delligsen.de\/hvd20\/wp-content\/grand-media\/image\/Sch_ne_Aussicht.jpg\" data-src=\"https:\/\/www.heimatverein-delligsen.de\/hvd20\/wp-content\/grand-media\/image\/Sch_ne_Aussicht.jpg\" alt=\"Sch\u00f6ne Aussicht\" data-protect=\"Eike Heuer\" class=\"noLazy gmpm_the_photo\"><\/div>\n\t\t<div class=\"swiper-slide\" data-hash=\"gmedia3833\" data-photo-id=\"3833\"><span class=\"gmpm_va\"><\/span><img decoding=\"async\" src=\"https:\/\/www.heimatverein-delligsen.de\/hvd20\/wp-content\/grand-media\/image\/Tolle_Aussicht.jpg\" data-src=\"https:\/\/www.heimatverein-delligsen.de\/hvd20\/wp-content\/grand-media\/image\/Tolle_Aussicht.jpg\" alt=\"Tolle Aussicht\" data-protect=\"Eike Heuer\" class=\"noLazy gmpm_the_photo\"><\/div>\n\t\t<div class=\"swiper-slide\" data-hash=\"gmedia3834\" data-photo-id=\"3834\"><span class=\"gmpm_va\"><\/span><img decoding=\"async\" src=\"https:\/\/www.heimatverein-delligsen.de\/hvd20\/wp-content\/grand-media\/image\/Wanderung_im_Weserbergland.jpg\" data-src=\"https:\/\/www.heimatverein-delligsen.de\/hvd20\/wp-content\/grand-media\/image\/Wanderung_im_Weserbergland.jpg\" alt=\"Wanderung im Weserbergland\" data-protect=\"Eike Heuer\" class=\"noLazy gmpm_the_photo\"><\/div>\t\t\t\t<\/div>\n\t\t\t<\/div>\n\t\t<\/div>\n\n\t\t<div class=\"gmpm_photo_header\">\n\t\t\t<div class=\"gmpm_wrapper gmpm_clearfix\">\n\t\t\t\t<div class=\"gmpm_focus_actions\">\n\t\t\t\t\t\t\t\t\t\t\t\t\t\t\t<ul class=\"gmpm_focus_arrows gmpm_clearfix\">\n\t\t\t\t\t\t<li style=\"list-style:none;\"><a class=\"gmpm_button gmpm_photo_arrow_previous gmpm_prev\">Previous<\/a><\/li>\n\t\t\t\t\t\t<li style=\"list-style:none;\"><a class=\"gmpm_button gmpm_photo_arrow_next gmpm_next\">Next<\/a><\/li>\n\t\t\t\t\t<\/ul>\n\t\t\t\t<\/div>\n\t\t\t\t<div class=\"gmpm_name_wrap gmpm_clearfix gmpm_no_avatar\">\n\t\t\t\t\t\t\t\t\t\t<div class=\"gmpm_title_author\">\n\t\t\t\t\t\t<div class=\"gmpm_title\">Bodoturm<\/div>\n\t\t\t\t\t\t\t\t\t\t\t<\/div>\n\t\t\t\t<\/div>\n\t\t\t\t<div class=\"gmpm_actions gmpm_clearfix\">\n\t\t\t\t\t<div class=\"gmpm_carousel gmpm_has_previous gmpm_has_next\">\n\t\t\t\t\t\t<div class=\"gmpm_previous_button\"><\/div>\n\t\t\t\t\t\t<div class=\"gmpm_photo_carousel\">\n\t\t\t\t\t\t\t<div class=\"swiper-container swiper-small-images\">\n\t\t\t\t\t\t\t\t<div class=\"swiper-wrapper\">\n\t\t\t\t\t\t\t\t\t\n\t\t<div class=\"swiper-slide gmpm_photo\" data-photo-id=\"3829\"><img decoding=\"async\" src=\"https:\/\/www.heimatverein-delligsen.de\/hvd20\/wp-content\/grand-media\/image\/thumb\/Bodoturm.jpg\" data-src=\"https:\/\/www.heimatverein-delligsen.de\/hvd20\/wp-content\/grand-media\/image\/thumb\/Bodoturm.jpg\" alt=\"Bodoturm\" class=\"noLazy gmpm_photo swiper-lazy gmpm_photo_portrait\"><span class=\"swiper-lazy-preloader swiper-lazy-preloader-black\"><\/span><\/div>\n\t\t<div class=\"swiper-slide gmpm_photo\" data-photo-id=\"3830\"><img decoding=\"async\" src=\"https:\/\/www.heimatverein-delligsen.de\/hvd20\/wp-content\/grand-media\/image\/thumb\/Die_Wanderer_am_Bodoturm.jpg\" data-src=\"https:\/\/www.heimatverein-delligsen.de\/hvd20\/wp-content\/grand-media\/image\/thumb\/Die_Wanderer_am_Bodoturm.jpg\" alt=\"Die Wanderer am Bodoturm\" class=\"noLazy gmpm_photo swiper-lazy gmpm_photo_landscape\"><span class=\"swiper-lazy-preloader swiper-lazy-preloader-black\"><\/span><\/div>\n\t\t<div class=\"swiper-slide gmpm_photo\" data-photo-id=\"3831\"><img decoding=\"async\" src=\"https:\/\/www.heimatverein-delligsen.de\/hvd20\/wp-content\/grand-media\/image\/thumb\/Die_Wanderer_vor_dem_Bodoturm.jpg\" data-src=\"https:\/\/www.heimatverein-delligsen.de\/hvd20\/wp-content\/grand-media\/image\/thumb\/Die_Wanderer_vor_dem_Bodoturm.jpg\" alt=\"Die Wanderer vor dem Bodoturm\" class=\"noLazy gmpm_photo swiper-lazy gmpm_photo_landscape\"><span class=\"swiper-lazy-preloader swiper-lazy-preloader-black\"><\/span><\/div>\n\t\t<div class=\"swiper-slide gmpm_photo\" data-photo-id=\"3832\"><img decoding=\"async\" src=\"https:\/\/www.heimatverein-delligsen.de\/hvd20\/wp-content\/grand-media\/image\/thumb\/Sch_ne_Aussicht.jpg\" data-src=\"https:\/\/www.heimatverein-delligsen.de\/hvd20\/wp-content\/grand-media\/image\/thumb\/Sch_ne_Aussicht.jpg\" alt=\"Sch\u00f6ne Aussicht\" class=\"noLazy gmpm_photo swiper-lazy gmpm_photo_portrait\"><span class=\"swiper-lazy-preloader swiper-lazy-preloader-black\"><\/span><\/div>\n\t\t<div class=\"swiper-slide gmpm_photo\" data-photo-id=\"3833\"><img decoding=\"async\" src=\"https:\/\/www.heimatverein-delligsen.de\/hvd20\/wp-content\/grand-media\/image\/thumb\/Tolle_Aussicht.jpg\" data-src=\"https:\/\/www.heimatverein-delligsen.de\/hvd20\/wp-content\/grand-media\/image\/thumb\/Tolle_Aussicht.jpg\" alt=\"Tolle Aussicht\" class=\"noLazy gmpm_photo swiper-lazy gmpm_photo_landscape\"><span class=\"swiper-lazy-preloader swiper-lazy-preloader-black\"><\/span><\/div>\n\t\t<div class=\"swiper-slide gmpm_photo\" data-photo-id=\"3834\"><img decoding=\"async\" src=\"https:\/\/www.heimatverein-delligsen.de\/hvd20\/wp-content\/grand-media\/image\/thumb\/Wanderung_im_Weserbergland.jpg\" data-src=\"https:\/\/www.heimatverein-delligsen.de\/hvd20\/wp-content\/grand-media\/image\/thumb\/Wanderung_im_Weserbergland.jpg\" alt=\"Wanderung im Weserbergland\" class=\"noLazy gmpm_photo swiper-lazy gmpm_photo_portrait\"><span class=\"swiper-lazy-preloader swiper-lazy-preloader-black\"><\/span><\/div>\t\t\t\t\t\t\t\t<\/div>\n\t\t\t\t\t\t\t<\/div>\n\t\t\t\t\t\t<\/div>\n\t\t\t\t\t\t<div class=\"gmpm_next_button\"><\/div>\n\t\t\t\t\t<\/div>\n\t\t\t\t\t\t\t\t\t\t\t\t\t\t\t\t\t\t\t\t\t\t\t\t<\/div>\n\t\t\t<\/div>\n\t\t<\/div>\n\t\t<div class=\"gmpm_focus_close_full\">\n\t\t\t<span><a class=\"gmpm_button gmpm_close\">Close<\/a><\/span>\n\t\t\t<span><a class=\"gmpm_button gmpm_full\">Full<\/a><\/span>\n\t\t<\/div>\n\t\t<div class=\"gmpm_photo_details\">\n\t\t\t<div class=\"gmpm_description_wrap empty-item-description\">\n\t\t\t\t\t\t\t<\/div>\n\t\t<\/div>\n\n\t\t<div class=\"gmpm_focus_footer\">\n\t\t\t<div class=\"gmpm_focus_keyboard\">\n\t\t\t\t<div class=\"gmpm_focus_keyboard_title\">Keyboard Shortcuts <a class=\"gmpm_focus_keyboard_dismiss\">Dismiss<\/a><\/div>\n\t\t\t\t<ul>\n\t\t\t\t\t<li style=\"list-style:none;\"><a data-key=\"p\" class=\"gmpm_key\">S<\/a><span class=\"gmpm_label\">Slideshow<\/span><\/li>\n\t\t\t\t\t<li style=\"list-style:none;\"><a data-key=\"m\" class=\"gmpm_key\">M<\/a><span class=\"gmpm_label\">Maximize<\/span><\/li>\n\t\t\t\t\t<li style=\"list-style:none;\"><a data-key=\"left\" class=\"gmpm_key\">&nbsp;<\/a><span class=\"gmpm_label\">Previous<\/span><\/li>\n\t\t\t\t\t<li style=\"list-style:none;\"><a data-key=\"right\" class=\"gmpm_key\">&nbsp;<\/a><span class=\"gmpm_label\">Next<\/span><\/li>\n\t\t\t\t\t<li style=\"list-style:none;\"><a data-key=\"escape\" class=\"gmpm_key gmpm_esc\">esc<\/a><span class=\"gmpm_label\">Close<\/span><\/li>\n\t\t\t\t<\/ul>\n\t\t\t<\/div>\n\t\t<\/div>\n\n\t<\/div>\n\n\t<script type=\"text\/javascript\">\n\t\t\tdocument.addEventListener( 'DOMContentLoaded', function() {\n\t\t\t\tjQuery( function( $ ) {\n\t\t\t\t\tvar settings = {\"show_comments\":\"0\",\"show_download_button\":\"0\",\"show_link_button\":\"0\",\"show_description\":\"0\",\"show_author_avatar\":\"0\",\"show_author_name\":\"0\",\"show_share_button\":\"0\",\"show_like_button\":\"0\",\"link_color\":\"096900\",\"link_color_hover\":\"096900\",\"description_title\":\"Beschreibung\",\"ID\":205,\"url\":\"https:\\\/\\\/www.heimatverein-delligsen.de?rest_route=%2Fwp%2Fv2%2Fpages%2F8748\",\"moduleUrl\":\"https:\\\/\\\/www.heimatverein-delligsen.de\\\/hvd20\\\/wp-content\\\/grand-media\\\/module\\\/photomania\",\"initial_slide\":0};\n\t\t\t\t\tvar content = {\"data\":[{\"id\":\"3829\",\"type\":\"image\",\"file\":\"Bodoturm.jpg\",\"meta\":{\"width\":379,\"height\":800,\"views\":617,\"likes\":0},\"title\":\"Bodoturm\",\"alt\":\"Bodoturm\",\"author\":{\"name\":\"Eike Heuer\",\"posts_link\":\"https:\\\/\\\/www.heimatverein-delligsen.de\\\/?author=1\"},\"post_link\":\"https:\\\/\\\/www.heimatverein-delligsen.de\\\/?gmedia=bodoturm-jpg\",\"ratio\":0.47375000000000000444089209850062616169452667236328125},{\"id\":\"3830\",\"type\":\"image\",\"file\":\"Die_Wanderer_am_Bodoturm.jpg\",\"meta\":{\"width\":1600,\"height\":1197,\"views\":43,\"likes\":0},\"title\":\"Die Wanderer am Bodoturm\",\"alt\":\"Die Wanderer am Bodoturm\",\"author\":{\"name\":\"Eike Heuer\",\"posts_link\":\"https:\\\/\\\/www.heimatverein-delligsen.de\\\/?author=1\"},\"post_link\":\"https:\\\/\\\/www.heimatverein-delligsen.de\\\/?gmedia=die_wanderer_am_bodoturm-jpg\",\"ratio\":1.336675020885547127136305789463222026824951171875},{\"id\":\"3831\",\"type\":\"image\",\"file\":\"Die_Wanderer_vor_dem_Bodoturm.jpg\",\"meta\":{\"width\":800,\"height\":379,\"views\":42,\"likes\":0},\"title\":\"Die Wanderer vor dem Bodoturm\",\"alt\":\"Die Wanderer vor dem Bodoturm\",\"author\":{\"name\":\"Eike Heuer\",\"posts_link\":\"https:\\\/\\\/www.heimatverein-delligsen.de\\\/?author=1\"},\"post_link\":\"https:\\\/\\\/www.heimatverein-delligsen.de\\\/?gmedia=die_wanderer_vor_dem_bodoturm-jpg\",\"ratio\":2.110817941952506604508243981399573385715484619140625},{\"id\":\"3832\",\"type\":\"image\",\"file\":\"Sch_ne_Aussicht.jpg\",\"meta\":{\"width\":352,\"height\":745,\"views\":20,\"likes\":0},\"title\":\"Sch\\u00f6ne Aussicht\",\"alt\":\"Sch\\u00f6ne Aussicht\",\"author\":{\"name\":\"Eike Heuer\",\"posts_link\":\"https:\\\/\\\/www.heimatverein-delligsen.de\\\/?author=1\"},\"post_link\":\"https:\\\/\\\/www.heimatverein-delligsen.de\\\/?gmedia=sch_ne_aussicht-jpg\",\"ratio\":0.472483221476510062419862379101687110960483551025390625},{\"id\":\"3833\",\"type\":\"image\",\"file\":\"Tolle_Aussicht.jpg\",\"meta\":{\"width\":745,\"height\":352,\"views\":15,\"likes\":0},\"title\":\"Tolle Aussicht\",\"alt\":\"Tolle Aussicht\",\"author\":{\"name\":\"Eike Heuer\",\"posts_link\":\"https:\\\/\\\/www.heimatverein-delligsen.de\\\/?author=1\"},\"post_link\":\"https:\\\/\\\/www.heimatverein-delligsen.de\\\/?gmedia=tolle_aussicht-jpg\",\"ratio\":2.116477272727272929131459022755734622478485107421875},{\"id\":\"3834\",\"type\":\"image\",\"file\":\"Wanderung_im_Weserbergland.jpg\",\"meta\":{\"width\":352,\"height\":745,\"views\":39,\"likes\":0},\"title\":\"Wanderung im Weserbergland\",\"alt\":\"Wanderung im Weserbergland\",\"author\":{\"name\":\"Eike Heuer\",\"posts_link\":\"https:\\\/\\\/www.heimatverein-delligsen.de\\\/?author=1\"},\"post_link\":\"https:\\\/\\\/www.heimatverein-delligsen.de\\\/?gmedia=wanderung_im_weserbergland-jpg\",\"ratio\":0.472483221476510062419862379101687110960483551025390625}],\"terms\":[]};\n\t\t\t\t\tvar container = $( '#GmediaGallery_205' );\n\t\t\t\t\tcontainer.photomania( settings, content );\n\t\t\t\t\twindow.GmediaGallery_205 = container.data( 'photomania' );\n\t\t\t\t} );\n\t\t\t} );\n\t<\/script><\/div>\n<h3>18.09.2022: 3. Ith-Hils-Wandertag<\/h3>\n<div class=\"gmedia_gallery photomania_module is_bot\" id=\"GmediaGallery_206\" data-gmid=\"206\" data-module=\"photomania\"><style class='gmedia_module_style_import'>\/**** .photomania_module #GmediaGallery_206 ****\/\n#GmediaGallery_206 .gmpm_preload {opacity:0;}\n#GmediaGallery_206 .swiper-big-images img.gmpm_the_photo { max-height:100%; max-width:100%; display:inline; width:auto; height:auto; object-fit:unset; vertical-align:middle; border:none; }\n#GmediaGallery_206 .gmpm_focus .swiper-big-images img.gmpm_the_photo { width:auto; height:auto; object-fit:unset; }\n#GmediaGallery_206 .swiper-small-images img.gmpm_photo { max-width:none; max-height:none; }\n#GmediaGallery_206 .swiper-small-images img.gmpm_photo.gmpm_photo_landscape { width:auto; height:100%; }\n#GmediaGallery_206 .swiper-small-images img.gmpm_photo.gmpm_photo_portrait { width:100%; height:auto; }\n#GmediaGallery_206 .gmpm_gallery_sources_list p { margin:7px 0; padding:0; font-size:inherit; }\n#GmediaGallery_206 .gmpm_photo_details .gmpm_description_wrap a,\n#GmediaGallery_206 .gmpm_big_button_wrap .gmpm_button.gmpm_like.gmpm_liked,\n#GmediaGallery_206 .gmpm_big_button_wrap .gmpm_button.gmpm_like.gmpm_liked:hover {color:#096900;}\n#GmediaGallery_206 .gmpm_photo_show .gmpm_big_button {background-color:#096900;}\n#GmediaGallery_206 .swiper-small-images div.gmpm_photo.swiper-slide-active {border-color:#096900;}\n#GmediaGallery_206 .gmpm_photo_header .gmpm_name_wrap .gmpm_title_author a:hover,\n#GmediaGallery_206 .gmpm_photo_details .gmpm_description_wrap a:hover {color:#096900;}\n#GmediaGallery_206 .gmpm_photo_show .gmpm_big_button:hover,\n#GmediaGallery_206 .gmpm_focus_actions ul .gmpm_button.like.gmpm_liked {background-color:#096900;}<\/style>\n\t<div class=\"gmpm_photo_show gmpm_w960 gmpm_w640 gmpm_w480\">\n\n\t\t<div class=\"gmpm_photo_wrap has_prev_photo has_next_photo\">\n\t\t\t<div class=\"swiper-container swiper-big-images\">\n\t\t\t\t<div class=\"gmpm_photo_arrow_next gmpm_photo_arrow gmpm_next\">\n\t\t\t\t\t<div title=\"Next\" class=\"gmpm_arrow\"><\/div>\n\t\t\t\t<\/div>\n\t\t\t\t<div class=\"gmpm_photo_arrow_previous gmpm_photo_arrow gmpm_prev\">\n\t\t\t\t\t<div title=\"Previous\" class=\"gmpm_arrow\"><\/div>\n\t\t\t\t<\/div>\n\t\t\t\t<div class=\"swiper-wrapper\">\n\t\t\t\t\t\n\t\t<div class=\"swiper-slide\" data-hash=\"gmedia3835\" data-photo-id=\"3835\"><span class=\"gmpm_va\"><\/span><img decoding=\"async\" src=\"https:\/\/www.heimatverein-delligsen.de\/hvd20\/wp-content\/grand-media\/image\/Die_Wanderer_vor_der_D_rpm_hle_2.jpg\" data-src=\"https:\/\/www.heimatverein-delligsen.de\/hvd20\/wp-content\/grand-media\/image\/Die_Wanderer_vor_der_D_rpm_hle_2.jpg\" alt=\"Die Wanderer vor der D\u00f6rpm\u00fchle\" data-protect=\"Eike Heuer\" class=\"noLazy gmpm_the_photo\"><\/div>\n\t\t<div class=\"swiper-slide\" data-hash=\"gmedia3836\" data-photo-id=\"3836\"><span class=\"gmpm_va\"><\/span><img decoding=\"async\" src=\"https:\/\/www.heimatverein-delligsen.de\/hvd20\/wp-content\/grand-media\/image\/Herrlicher_Blick_auf_Delligsen_und_die_Hilsmulde.jpg\" data-src=\"https:\/\/www.heimatverein-delligsen.de\/hvd20\/wp-content\/grand-media\/image\/Herrlicher_Blick_auf_Delligsen_und_die_Hilsmulde.jpg\" alt=\"Herrlicher Blick auf Delligsen und die Hilsmulde\" data-protect=\"Eike Heuer\" class=\"noLazy gmpm_the_photo\"><\/div>\n\t\t<div class=\"swiper-slide\" data-hash=\"gmedia3837\" data-photo-id=\"3837\"><span class=\"gmpm_va\"><\/span><img decoding=\"async\" src=\"https:\/\/www.heimatverein-delligsen.de\/hvd20\/wp-content\/grand-media\/image\/Ith-Hils-Wandertag.jpg\" data-src=\"https:\/\/www.heimatverein-delligsen.de\/hvd20\/wp-content\/grand-media\/image\/Ith-Hils-Wandertag.jpg\" alt=\"Ith-Hils-Wandertag\" data-protect=\"Eike Heuer\" class=\"noLazy gmpm_the_photo\"><\/div>\n\t\t<div class=\"swiper-slide\" data-hash=\"gmedia3838\" data-photo-id=\"3838\"><span class=\"gmpm_va\"><\/span><img decoding=\"async\" src=\"https:\/\/www.heimatverein-delligsen.de\/hvd20\/wp-content\/grand-media\/image\/Sch_ne_Aussicht_auf_Delligsen.jpg\" data-src=\"https:\/\/www.heimatverein-delligsen.de\/hvd20\/wp-content\/grand-media\/image\/Sch_ne_Aussicht_auf_Delligsen.jpg\" alt=\"Sch\u00f6ne Aussicht auf Delligsen\" data-protect=\"Eike Heuer\" class=\"noLazy gmpm_the_photo\"><\/div>\n\t\t<div class=\"swiper-slide\" data-hash=\"gmedia3839\" data-photo-id=\"3839\"><span class=\"gmpm_va\"><\/span><img decoding=\"async\" src=\"https:\/\/www.heimatverein-delligsen.de\/hvd20\/wp-content\/grand-media\/image\/Vom_Steinberg_geht_es_hinab_in_den_Ort.jpg\" data-src=\"https:\/\/www.heimatverein-delligsen.de\/hvd20\/wp-content\/grand-media\/image\/Vom_Steinberg_geht_es_hinab_in_den_Ort.jpg\" alt=\"Vom Steinberg geht es hinab in den Ort\" data-protect=\"Eike Heuer\" class=\"noLazy gmpm_the_photo\"><\/div>\n\t\t<div class=\"swiper-slide\" data-hash=\"gmedia3840\" data-photo-id=\"3840\"><span class=\"gmpm_va\"><\/span><img decoding=\"async\" src=\"https:\/\/www.heimatverein-delligsen.de\/hvd20\/wp-content\/grand-media\/image\/Wegen_starken_Regen_wird_die_Tour_abgebrochen.jpg\" data-src=\"https:\/\/www.heimatverein-delligsen.de\/hvd20\/wp-content\/grand-media\/image\/Wegen_starken_Regen_wird_die_Tour_abgebrochen.jpg\" alt=\"Wegen Starken Regen wird die Tour abgebrochen\" data-protect=\"Eike Heuer\" class=\"noLazy gmpm_the_photo\"><\/div>\t\t\t\t<\/div>\n\t\t\t<\/div>\n\t\t<\/div>\n\n\t\t<div class=\"gmpm_photo_header\">\n\t\t\t<div class=\"gmpm_wrapper gmpm_clearfix\">\n\t\t\t\t<div class=\"gmpm_focus_actions\">\n\t\t\t\t\t\t\t\t\t\t\t\t\t\t\t<ul class=\"gmpm_focus_arrows gmpm_clearfix\">\n\t\t\t\t\t\t<li style=\"list-style:none;\"><a class=\"gmpm_button gmpm_photo_arrow_previous gmpm_prev\">Previous<\/a><\/li>\n\t\t\t\t\t\t<li style=\"list-style:none;\"><a class=\"gmpm_button gmpm_photo_arrow_next gmpm_next\">Next<\/a><\/li>\n\t\t\t\t\t<\/ul>\n\t\t\t\t<\/div>\n\t\t\t\t<div class=\"gmpm_name_wrap gmpm_clearfix gmpm_no_avatar\">\n\t\t\t\t\t\t\t\t\t\t<div class=\"gmpm_title_author\">\n\t\t\t\t\t\t<div class=\"gmpm_title\">Die Wanderer vor der D\u00f6rpm\u00fchle<\/div>\n\t\t\t\t\t\t\t\t\t\t\t<\/div>\n\t\t\t\t<\/div>\n\t\t\t\t<div class=\"gmpm_actions gmpm_clearfix\">\n\t\t\t\t\t<div class=\"gmpm_carousel gmpm_has_previous gmpm_has_next\">\n\t\t\t\t\t\t<div class=\"gmpm_previous_button\"><\/div>\n\t\t\t\t\t\t<div class=\"gmpm_photo_carousel\">\n\t\t\t\t\t\t\t<div class=\"swiper-container swiper-small-images\">\n\t\t\t\t\t\t\t\t<div class=\"swiper-wrapper\">\n\t\t\t\t\t\t\t\t\t\n\t\t<div class=\"swiper-slide gmpm_photo\" data-photo-id=\"3835\"><img decoding=\"async\" src=\"https:\/\/www.heimatverein-delligsen.de\/hvd20\/wp-content\/grand-media\/image\/thumb\/Die_Wanderer_vor_der_D_rpm_hle_2.jpg\" data-src=\"https:\/\/www.heimatverein-delligsen.de\/hvd20\/wp-content\/grand-media\/image\/thumb\/Die_Wanderer_vor_der_D_rpm_hle_2.jpg\" alt=\"Die Wanderer vor der D\u00f6rpm\u00fchle\" class=\"noLazy gmpm_photo swiper-lazy gmpm_photo_landscape\"><span class=\"swiper-lazy-preloader swiper-lazy-preloader-black\"><\/span><\/div>\n\t\t<div class=\"swiper-slide gmpm_photo\" data-photo-id=\"3836\"><img decoding=\"async\" src=\"https:\/\/www.heimatverein-delligsen.de\/hvd20\/wp-content\/grand-media\/image\/thumb\/Herrlicher_Blick_auf_Delligsen_und_die_Hilsmulde.jpg\" data-src=\"https:\/\/www.heimatverein-delligsen.de\/hvd20\/wp-content\/grand-media\/image\/thumb\/Herrlicher_Blick_auf_Delligsen_und_die_Hilsmulde.jpg\" alt=\"Herrlicher Blick auf Delligsen und die Hilsmulde\" class=\"noLazy gmpm_photo swiper-lazy gmpm_photo_landscape\"><span class=\"swiper-lazy-preloader swiper-lazy-preloader-black\"><\/span><\/div>\n\t\t<div class=\"swiper-slide gmpm_photo\" data-photo-id=\"3837\"><img decoding=\"async\" src=\"https:\/\/www.heimatverein-delligsen.de\/hvd20\/wp-content\/grand-media\/image\/thumb\/Ith-Hils-Wandertag.jpg\" data-src=\"https:\/\/www.heimatverein-delligsen.de\/hvd20\/wp-content\/grand-media\/image\/thumb\/Ith-Hils-Wandertag.jpg\" alt=\"Ith-Hils-Wandertag\" class=\"noLazy gmpm_photo swiper-lazy gmpm_photo_landscape\"><span class=\"swiper-lazy-preloader swiper-lazy-preloader-black\"><\/span><\/div>\n\t\t<div class=\"swiper-slide gmpm_photo\" data-photo-id=\"3838\"><img decoding=\"async\" src=\"https:\/\/www.heimatverein-delligsen.de\/hvd20\/wp-content\/grand-media\/image\/thumb\/Sch_ne_Aussicht_auf_Delligsen.jpg\" data-src=\"https:\/\/www.heimatverein-delligsen.de\/hvd20\/wp-content\/grand-media\/image\/thumb\/Sch_ne_Aussicht_auf_Delligsen.jpg\" alt=\"Sch\u00f6ne Aussicht auf Delligsen\" class=\"noLazy gmpm_photo swiper-lazy gmpm_photo_landscape\"><span class=\"swiper-lazy-preloader swiper-lazy-preloader-black\"><\/span><\/div>\n\t\t<div class=\"swiper-slide gmpm_photo\" data-photo-id=\"3839\"><img decoding=\"async\" src=\"https:\/\/www.heimatverein-delligsen.de\/hvd20\/wp-content\/grand-media\/image\/thumb\/Vom_Steinberg_geht_es_hinab_in_den_Ort.jpg\" data-src=\"https:\/\/www.heimatverein-delligsen.de\/hvd20\/wp-content\/grand-media\/image\/thumb\/Vom_Steinberg_geht_es_hinab_in_den_Ort.jpg\" alt=\"Vom Steinberg geht es hinab in den Ort\" class=\"noLazy gmpm_photo swiper-lazy gmpm_photo_landscape\"><span class=\"swiper-lazy-preloader swiper-lazy-preloader-black\"><\/span><\/div>\n\t\t<div class=\"swiper-slide gmpm_photo\" data-photo-id=\"3840\"><img decoding=\"async\" src=\"https:\/\/www.heimatverein-delligsen.de\/hvd20\/wp-content\/grand-media\/image\/thumb\/Wegen_starken_Regen_wird_die_Tour_abgebrochen.jpg\" data-src=\"https:\/\/www.heimatverein-delligsen.de\/hvd20\/wp-content\/grand-media\/image\/thumb\/Wegen_starken_Regen_wird_die_Tour_abgebrochen.jpg\" alt=\"Wegen Starken Regen wird die Tour abgebrochen\" class=\"noLazy gmpm_photo swiper-lazy gmpm_photo_landscape\"><span class=\"swiper-lazy-preloader swiper-lazy-preloader-black\"><\/span><\/div>\t\t\t\t\t\t\t\t<\/div>\n\t\t\t\t\t\t\t<\/div>\n\t\t\t\t\t\t<\/div>\n\t\t\t\t\t\t<div class=\"gmpm_next_button\"><\/div>\n\t\t\t\t\t<\/div>\n\t\t\t\t\t\t\t\t\t\t\t\t\t\t\t\t\t\t\t\t\t\t\t\t<\/div>\n\t\t\t<\/div>\n\t\t<\/div>\n\t\t<div class=\"gmpm_focus_close_full\">\n\t\t\t<span><a class=\"gmpm_button gmpm_close\">Close<\/a><\/span>\n\t\t\t<span><a class=\"gmpm_button gmpm_full\">Full<\/a><\/span>\n\t\t<\/div>\n\t\t<div class=\"gmpm_photo_details\">\n\t\t\t<div class=\"gmpm_description_wrap empty-item-description\">\n\t\t\t\t\t\t\t<\/div>\n\t\t<\/div>\n\n\t\t<div class=\"gmpm_focus_footer\">\n\t\t\t<div class=\"gmpm_focus_keyboard\">\n\t\t\t\t<div class=\"gmpm_focus_keyboard_title\">Keyboard Shortcuts <a class=\"gmpm_focus_keyboard_dismiss\">Dismiss<\/a><\/div>\n\t\t\t\t<ul>\n\t\t\t\t\t<li style=\"list-style:none;\"><a data-key=\"p\" class=\"gmpm_key\">S<\/a><span class=\"gmpm_label\">Slideshow<\/span><\/li>\n\t\t\t\t\t<li style=\"list-style:none;\"><a data-key=\"m\" class=\"gmpm_key\">M<\/a><span class=\"gmpm_label\">Maximize<\/span><\/li>\n\t\t\t\t\t<li style=\"list-style:none;\"><a data-key=\"left\" class=\"gmpm_key\">&nbsp;<\/a><span class=\"gmpm_label\">Previous<\/span><\/li>\n\t\t\t\t\t<li style=\"list-style:none;\"><a data-key=\"right\" class=\"gmpm_key\">&nbsp;<\/a><span class=\"gmpm_label\">Next<\/span><\/li>\n\t\t\t\t\t<li style=\"list-style:none;\"><a data-key=\"escape\" class=\"gmpm_key gmpm_esc\">esc<\/a><span class=\"gmpm_label\">Close<\/span><\/li>\n\t\t\t\t<\/ul>\n\t\t\t<\/div>\n\t\t<\/div>\n\n\t<\/div>\n\n\t<script type=\"text\/javascript\">\n\t\t\tdocument.addEventListener( 'DOMContentLoaded', function() {\n\t\t\t\tjQuery( function( $ ) {\n\t\t\t\t\tvar settings = {\"show_comments\":\"0\",\"show_download_button\":\"0\",\"show_link_button\":\"0\",\"show_description\":\"0\",\"show_author_avatar\":\"0\",\"show_author_name\":\"0\",\"show_share_button\":\"0\",\"show_like_button\":\"0\",\"link_color\":\"096900\",\"link_color_hover\":\"096900\",\"description_title\":\"Beschreibung\",\"ID\":206,\"url\":\"https:\\\/\\\/www.heimatverein-delligsen.de?rest_route=%2Fwp%2Fv2%2Fpages%2F8748\",\"moduleUrl\":\"https:\\\/\\\/www.heimatverein-delligsen.de\\\/hvd20\\\/wp-content\\\/grand-media\\\/module\\\/photomania\",\"initial_slide\":0};\n\t\t\t\t\tvar content = {\"data\":[{\"id\":\"3835\",\"type\":\"image\",\"file\":\"Die_Wanderer_vor_der_D_rpm_hle_2.jpg\",\"meta\":{\"width\":909,\"height\":682,\"views\":607,\"likes\":0},\"title\":\"Die Wanderer vor der D\\u00f6rpm\\u00fchle\",\"alt\":\"Die Wanderer vor der D\\u00f6rpm\\u00fchle\",\"author\":{\"name\":\"Eike Heuer\",\"posts_link\":\"https:\\\/\\\/www.heimatverein-delligsen.de\\\/?author=1\"},\"post_link\":\"https:\\\/\\\/www.heimatverein-delligsen.de\\\/?gmedia=die_wanderer_vor_der_d_rpm_hle_2-jpg\",\"ratio\":1.3328445747800585774456294529954902827739715576171875},{\"id\":\"3836\",\"type\":\"image\",\"file\":\"Herrlicher_Blick_auf_Delligsen_und_die_Hilsmulde.jpg\",\"meta\":{\"width\":909,\"height\":682,\"views\":48,\"likes\":0},\"title\":\"Herrlicher Blick auf Delligsen und die Hilsmulde\",\"alt\":\"Herrlicher Blick auf Delligsen und die Hilsmulde\",\"author\":{\"name\":\"Eike Heuer\",\"posts_link\":\"https:\\\/\\\/www.heimatverein-delligsen.de\\\/?author=1\"},\"post_link\":\"https:\\\/\\\/www.heimatverein-delligsen.de\\\/?gmedia=herrlicher_blick_auf_delligsen_und_die_hilsmulde-jpg\",\"ratio\":1.3328445747800585774456294529954902827739715576171875},{\"id\":\"3837\",\"type\":\"image\",\"file\":\"Ith-Hils-Wandertag.jpg\",\"meta\":{\"width\":909,\"height\":682,\"views\":46,\"likes\":0},\"title\":\"Ith-Hils-Wandertag\",\"alt\":\"Ith-Hils-Wandertag\",\"author\":{\"name\":\"Eike Heuer\",\"posts_link\":\"https:\\\/\\\/www.heimatverein-delligsen.de\\\/?author=1\"},\"post_link\":\"https:\\\/\\\/www.heimatverein-delligsen.de\\\/?gmedia=ith-hils-wandertag-jpg\",\"ratio\":1.3328445747800585774456294529954902827739715576171875},{\"id\":\"3838\",\"type\":\"image\",\"file\":\"Sch_ne_Aussicht_auf_Delligsen.jpg\",\"meta\":{\"width\":909,\"height\":682,\"views\":57,\"likes\":0},\"title\":\"Sch\\u00f6ne Aussicht auf Delligsen\",\"alt\":\"Sch\\u00f6ne Aussicht auf Delligsen\",\"author\":{\"name\":\"Eike Heuer\",\"posts_link\":\"https:\\\/\\\/www.heimatverein-delligsen.de\\\/?author=1\"},\"post_link\":\"https:\\\/\\\/www.heimatverein-delligsen.de\\\/?gmedia=sch_ne_aussicht_auf_delligsen-jpg\",\"ratio\":1.3328445747800585774456294529954902827739715576171875},{\"id\":\"3839\",\"type\":\"image\",\"file\":\"Vom_Steinberg_geht_es_hinab_in_den_Ort.jpg\",\"meta\":{\"width\":909,\"height\":682,\"views\":40,\"likes\":0},\"title\":\"Vom Steinberg geht es hinab in den Ort\",\"alt\":\"Vom Steinberg geht es hinab in den Ort\",\"author\":{\"name\":\"Eike Heuer\",\"posts_link\":\"https:\\\/\\\/www.heimatverein-delligsen.de\\\/?author=1\"},\"post_link\":\"https:\\\/\\\/www.heimatverein-delligsen.de\\\/?gmedia=vom_steinberg_geht_es_hinab_in_den_ort-jpg\",\"ratio\":1.3328445747800585774456294529954902827739715576171875},{\"id\":\"3840\",\"type\":\"image\",\"file\":\"Wegen_starken_Regen_wird_die_Tour_abgebrochen.jpg\",\"meta\":{\"width\":909,\"height\":682,\"views\":64,\"likes\":0},\"title\":\"Wegen Starken Regen wird die Tour abgebrochen\",\"alt\":\"Wegen Starken Regen wird die Tour abgebrochen\",\"author\":{\"name\":\"Eike Heuer\",\"posts_link\":\"https:\\\/\\\/www.heimatverein-delligsen.de\\\/?author=1\"},\"post_link\":\"https:\\\/\\\/www.heimatverein-delligsen.de\\\/?gmedia=wegen_starken_regen_wird_die_tour_abgebrochen-jpg\",\"ratio\":1.3328445747800585774456294529954902827739715576171875}],\"terms\":[]};\n\t\t\t\t\tvar container = $( '#GmediaGallery_206' );\n\t\t\t\t\tcontainer.photomania( settings, content );\n\t\t\t\t\twindow.GmediaGallery_206 = container.data( 'photomania' );\n\t\t\t\t} );\n\t\t\t} );\n\t<\/script><\/div>\n<h3>18.10.2022: Ferienpass-Aktion<\/h3>\n<div class=\"gmedia_gallery photomania_module is_bot\" id=\"GmediaGallery_207\" data-gmid=\"207\" data-module=\"photomania\"><style class='gmedia_module_style_import'>\/**** .photomania_module #GmediaGallery_207 ****\/\n#GmediaGallery_207 .gmpm_preload {opacity:0;}\n#GmediaGallery_207 .swiper-big-images img.gmpm_the_photo { max-height:100%; max-width:100%; display:inline; width:auto; height:auto; object-fit:unset; vertical-align:middle; border:none; }\n#GmediaGallery_207 .gmpm_focus .swiper-big-images img.gmpm_the_photo { width:auto; height:auto; object-fit:unset; }\n#GmediaGallery_207 .swiper-small-images img.gmpm_photo { max-width:none; max-height:none; }\n#GmediaGallery_207 .swiper-small-images img.gmpm_photo.gmpm_photo_landscape { width:auto; height:100%; }\n#GmediaGallery_207 .swiper-small-images img.gmpm_photo.gmpm_photo_portrait { width:100%; height:auto; }\n#GmediaGallery_207 .gmpm_gallery_sources_list p { margin:7px 0; padding:0; font-size:inherit; }\n#GmediaGallery_207 .gmpm_photo_details .gmpm_description_wrap a,\n#GmediaGallery_207 .gmpm_big_button_wrap .gmpm_button.gmpm_like.gmpm_liked,\n#GmediaGallery_207 .gmpm_big_button_wrap .gmpm_button.gmpm_like.gmpm_liked:hover {color:#096900;}\n#GmediaGallery_207 .gmpm_photo_show .gmpm_big_button {background-color:#096900;}\n#GmediaGallery_207 .swiper-small-images div.gmpm_photo.swiper-slide-active {border-color:#096900;}\n#GmediaGallery_207 .gmpm_photo_header .gmpm_name_wrap .gmpm_title_author a:hover,\n#GmediaGallery_207 .gmpm_photo_details .gmpm_description_wrap a:hover {color:#096900;}\n#GmediaGallery_207 .gmpm_photo_show .gmpm_big_button:hover,\n#GmediaGallery_207 .gmpm_focus_actions ul .gmpm_button.like.gmpm_liked {background-color:#096900;}<\/style>\n\t<div class=\"gmpm_photo_show gmpm_w960 gmpm_w640 gmpm_w480\">\n\n\t\t<div class=\"gmpm_photo_wrap has_prev_photo has_next_photo\">\n\t\t\t<div class=\"swiper-container swiper-big-images\">\n\t\t\t\t<div class=\"gmpm_photo_arrow_next gmpm_photo_arrow gmpm_next\">\n\t\t\t\t\t<div title=\"Next\" class=\"gmpm_arrow\"><\/div>\n\t\t\t\t<\/div>\n\t\t\t\t<div class=\"gmpm_photo_arrow_previous gmpm_photo_arrow gmpm_prev\">\n\t\t\t\t\t<div title=\"Previous\" class=\"gmpm_arrow\"><\/div>\n\t\t\t\t<\/div>\n\t\t\t\t<div class=\"swiper-wrapper\">\n\t\t\t\t\t\n\t\t<div class=\"swiper-slide\" data-hash=\"gmedia3847\" data-photo-id=\"3847\"><span class=\"gmpm_va\"><\/span><img decoding=\"async\" src=\"https:\/\/www.heimatverein-delligsen.de\/hvd20\/wp-content\/grand-media\/image\/Jedes_Kind_bekommt_eine_Kastanie_als_Handschmeichler.jpg\" data-src=\"https:\/\/www.heimatverein-delligsen.de\/hvd20\/wp-content\/grand-media\/image\/Jedes_Kind_bekommt_eine_Kastanie_als_Handschmeichler.jpg\" alt=\"Jedes Kind bekommt eine Kastanie als Handschmeichler\" data-protect=\"Eike Heuer\" class=\"noLazy gmpm_the_photo\"><\/div>\n\t\t<div class=\"swiper-slide\" data-hash=\"gmedia3848\" data-photo-id=\"3848\"><span class=\"gmpm_va\"><\/span><img decoding=\"async\" src=\"https:\/\/www.heimatverein-delligsen.de\/hvd20\/wp-content\/grand-media\/image\/Mit_dem_F_rster_durch_den_Wald.jpg\" data-src=\"https:\/\/www.heimatverein-delligsen.de\/hvd20\/wp-content\/grand-media\/image\/Mit_dem_F_rster_durch_den_Wald.jpg\" alt=\"Mit dem F\u00f6rster durch den Wald\" data-protect=\"Eike Heuer\" class=\"noLazy gmpm_the_photo\"><\/div>\n\t\t<div class=\"swiper-slide\" data-hash=\"gmedia3853\" data-photo-id=\"3853\"><span class=\"gmpm_va\"><\/span><img decoding=\"async\" src=\"https:\/\/www.heimatverein-delligsen.de\/hvd20\/wp-content\/grand-media\/image\/Was_kriecht_und_krabbelt_denn_da....jpg\" data-src=\"https:\/\/www.heimatverein-delligsen.de\/hvd20\/wp-content\/grand-media\/image\/Was_kriecht_und_krabbelt_denn_da....jpg\" alt=\"Was Kriecht Und Krabbelt Denn Da...\" data-protect=\"Eike Heuer\" class=\"noLazy gmpm_the_photo\"><\/div>\n\t\t<div class=\"swiper-slide\" data-hash=\"gmedia3852\" data-photo-id=\"3852\"><span class=\"gmpm_va\"><\/span><img decoding=\"async\" src=\"https:\/\/www.heimatverein-delligsen.de\/hvd20\/wp-content\/grand-media\/image\/Thomas_beantwortet_die_vielen_Fragen_der_Kinder.jpg\" data-src=\"https:\/\/www.heimatverein-delligsen.de\/hvd20\/wp-content\/grand-media\/image\/Thomas_beantwortet_die_vielen_Fragen_der_Kinder.jpg\" alt=\"Thomas beantwortet die vielen Fragen der Kinder\" data-protect=\"Eike Heuer\" class=\"noLazy gmpm_the_photo\"><\/div>\n\t\t<div class=\"swiper-slide\" data-hash=\"gmedia3851\" data-photo-id=\"3851\"><span class=\"gmpm_va\"><\/span><img decoding=\"async\" src=\"https:\/\/www.heimatverein-delligsen.de\/hvd20\/wp-content\/grand-media\/image\/Spa_beim_Raupenspiel.jpg\" data-src=\"https:\/\/www.heimatverein-delligsen.de\/hvd20\/wp-content\/grand-media\/image\/Spa_beim_Raupenspiel.jpg\" alt=\"Spa\u00df beim Raupenspiel\" data-protect=\"Eike Heuer\" class=\"noLazy gmpm_the_photo\"><\/div>\n\t\t<div class=\"swiper-slide\" data-hash=\"gmedia3850\" data-photo-id=\"3850\"><span class=\"gmpm_va\"><\/span><img decoding=\"async\" src=\"https:\/\/www.heimatverein-delligsen.de\/hvd20\/wp-content\/grand-media\/image\/Spa_bei_lustigen_Spielen.jpg\" data-src=\"https:\/\/www.heimatverein-delligsen.de\/hvd20\/wp-content\/grand-media\/image\/Spa_bei_lustigen_Spielen.jpg\" alt=\"Spa\u00df bei lustigen Spielen\" data-protect=\"Eike Heuer\" class=\"noLazy gmpm_the_photo\"><\/div>\n\t\t<div class=\"swiper-slide\" data-hash=\"gmedia3841\" data-photo-id=\"3841\"><span class=\"gmpm_va\"><\/span><img decoding=\"async\" src=\"https:\/\/www.heimatverein-delligsen.de\/hvd20\/wp-content\/grand-media\/image\/Beim_Raupenspiel.jpg\" data-src=\"https:\/\/www.heimatverein-delligsen.de\/hvd20\/wp-content\/grand-media\/image\/Beim_Raupenspiel.jpg\" alt=\"Beim Raupenspiel\" data-protect=\"Eike Heuer\" class=\"noLazy gmpm_the_photo\"><\/div>\n\t\t<div class=\"swiper-slide\" data-hash=\"gmedia3849\" data-photo-id=\"3849\"><span class=\"gmpm_va\"><\/span><img decoding=\"async\" src=\"https:\/\/www.heimatverein-delligsen.de\/hvd20\/wp-content\/grand-media\/image\/So_macht_Lernen_Freude.jpg\" data-src=\"https:\/\/www.heimatverein-delligsen.de\/hvd20\/wp-content\/grand-media\/image\/So_macht_Lernen_Freude.jpg\" alt=\"So macht Lernen Freude\" data-protect=\"Eike Heuer\" class=\"noLazy gmpm_the_photo\"><\/div>\n\t\t<div class=\"swiper-slide\" data-hash=\"gmedia3845\" data-photo-id=\"3845\"><span class=\"gmpm_va\"><\/span><img decoding=\"async\" src=\"https:\/\/www.heimatverein-delligsen.de\/hvd20\/wp-content\/grand-media\/image\/Im_Herbstwald.jpg\" data-src=\"https:\/\/www.heimatverein-delligsen.de\/hvd20\/wp-content\/grand-media\/image\/Im_Herbstwald.jpg\" alt=\"Im Herbstwald\" data-protect=\"Eike Heuer\" class=\"noLazy gmpm_the_photo\"><\/div>\n\t\t<div class=\"swiper-slide\" data-hash=\"gmedia3843\" data-photo-id=\"3843\"><span class=\"gmpm_va\"><\/span><img decoding=\"async\" src=\"https:\/\/www.heimatverein-delligsen.de\/hvd20\/wp-content\/grand-media\/image\/Die_gesammelten_Bl_tter_werden_bestimmt.jpg\" data-src=\"https:\/\/www.heimatverein-delligsen.de\/hvd20\/wp-content\/grand-media\/image\/Die_gesammelten_Bl_tter_werden_bestimmt.jpg\" alt=\"Die gesammelten Bl\u00e4tter werden bestimmt\" data-protect=\"Eike Heuer\" class=\"noLazy gmpm_the_photo\"><\/div>\n\t\t<div class=\"swiper-slide\" data-hash=\"gmedia3842\" data-photo-id=\"3842\"><span class=\"gmpm_va\"><\/span><img decoding=\"async\" src=\"https:\/\/www.heimatverein-delligsen.de\/hvd20\/wp-content\/grand-media\/image\/Der_Waldboden_wird_nach_kleinen_Waldtierchen_abgesucht.jpg\" data-src=\"https:\/\/www.heimatverein-delligsen.de\/hvd20\/wp-content\/grand-media\/image\/Der_Waldboden_wird_nach_kleinen_Waldtierchen_abgesucht.jpg\" alt=\"Der Waldboden wird nach kleinen Waldtierchen abgesucht\" data-protect=\"Eike Heuer\" class=\"noLazy gmpm_the_photo\"><\/div>\n\t\t<div class=\"swiper-slide\" data-hash=\"gmedia3844\" data-photo-id=\"3844\"><span class=\"gmpm_va\"><\/span><img decoding=\"async\" src=\"https:\/\/www.heimatverein-delligsen.de\/hvd20\/wp-content\/grand-media\/image\/Die_kleinen_Tierchen_werden_bestimmt.jpg\" data-src=\"https:\/\/www.heimatverein-delligsen.de\/hvd20\/wp-content\/grand-media\/image\/Die_kleinen_Tierchen_werden_bestimmt.jpg\" alt=\"Die kleinen Tierchen werden bestimmt\" data-protect=\"Eike Heuer\" class=\"noLazy gmpm_the_photo\"><\/div>\n\t\t<div class=\"swiper-slide\" data-hash=\"gmedia3846\" data-photo-id=\"3846\"><span class=\"gmpm_va\"><\/span><img decoding=\"async\" src=\"https:\/\/www.heimatverein-delligsen.de\/hvd20\/wp-content\/grand-media\/image\/Imbiss_an_der_K_hlerh_tte.jpg\" data-src=\"https:\/\/www.heimatverein-delligsen.de\/hvd20\/wp-content\/grand-media\/image\/Imbiss_an_der_K_hlerh_tte.jpg\" alt=\"Imbiss an der K\u00f6hlerh\u00fctte\" data-protect=\"Eike Heuer\" class=\"noLazy gmpm_the_photo\"><\/div>\t\t\t\t<\/div>\n\t\t\t<\/div>\n\t\t<\/div>\n\n\t\t<div class=\"gmpm_photo_header\">\n\t\t\t<div class=\"gmpm_wrapper gmpm_clearfix\">\n\t\t\t\t<div class=\"gmpm_focus_actions\">\n\t\t\t\t\t\t\t\t\t\t\t\t\t\t\t<ul class=\"gmpm_focus_arrows gmpm_clearfix\">\n\t\t\t\t\t\t<li style=\"list-style:none;\"><a class=\"gmpm_button gmpm_photo_arrow_previous gmpm_prev\">Previous<\/a><\/li>\n\t\t\t\t\t\t<li style=\"list-style:none;\"><a class=\"gmpm_button gmpm_photo_arrow_next gmpm_next\">Next<\/a><\/li>\n\t\t\t\t\t<\/ul>\n\t\t\t\t<\/div>\n\t\t\t\t<div class=\"gmpm_name_wrap gmpm_clearfix gmpm_no_avatar\">\n\t\t\t\t\t\t\t\t\t\t<div class=\"gmpm_title_author\">\n\t\t\t\t\t\t<div class=\"gmpm_title\">Jedes Kind bekommt eine Kastanie als Handschmeichler<\/div>\n\t\t\t\t\t\t\t\t\t\t\t<\/div>\n\t\t\t\t<\/div>\n\t\t\t\t<div class=\"gmpm_actions gmpm_clearfix\">\n\t\t\t\t\t<div class=\"gmpm_carousel gmpm_has_previous gmpm_has_next\">\n\t\t\t\t\t\t<div class=\"gmpm_previous_button\"><\/div>\n\t\t\t\t\t\t<div class=\"gmpm_photo_carousel\">\n\t\t\t\t\t\t\t<div class=\"swiper-container swiper-small-images\">\n\t\t\t\t\t\t\t\t<div class=\"swiper-wrapper\">\n\t\t\t\t\t\t\t\t\t\n\t\t<div class=\"swiper-slide gmpm_photo\" data-photo-id=\"3847\"><img decoding=\"async\" src=\"https:\/\/www.heimatverein-delligsen.de\/hvd20\/wp-content\/grand-media\/image\/thumb\/Jedes_Kind_bekommt_eine_Kastanie_als_Handschmeichler.jpg\" data-src=\"https:\/\/www.heimatverein-delligsen.de\/hvd20\/wp-content\/grand-media\/image\/thumb\/Jedes_Kind_bekommt_eine_Kastanie_als_Handschmeichler.jpg\" alt=\"Jedes Kind bekommt eine Kastanie als Handschmeichler\" class=\"noLazy gmpm_photo swiper-lazy gmpm_photo_landscape\"><span class=\"swiper-lazy-preloader swiper-lazy-preloader-black\"><\/span><\/div>\n\t\t<div class=\"swiper-slide gmpm_photo\" data-photo-id=\"3848\"><img decoding=\"async\" src=\"https:\/\/www.heimatverein-delligsen.de\/hvd20\/wp-content\/grand-media\/image\/thumb\/Mit_dem_F_rster_durch_den_Wald.jpg\" data-src=\"https:\/\/www.heimatverein-delligsen.de\/hvd20\/wp-content\/grand-media\/image\/thumb\/Mit_dem_F_rster_durch_den_Wald.jpg\" alt=\"Mit dem F\u00f6rster durch den Wald\" class=\"noLazy gmpm_photo swiper-lazy gmpm_photo_landscape\"><span class=\"swiper-lazy-preloader swiper-lazy-preloader-black\"><\/span><\/div>\n\t\t<div class=\"swiper-slide gmpm_photo\" data-photo-id=\"3853\"><img decoding=\"async\" src=\"https:\/\/www.heimatverein-delligsen.de\/hvd20\/wp-content\/grand-media\/image\/thumb\/Was_kriecht_und_krabbelt_denn_da....jpg\" data-src=\"https:\/\/www.heimatverein-delligsen.de\/hvd20\/wp-content\/grand-media\/image\/thumb\/Was_kriecht_und_krabbelt_denn_da....jpg\" alt=\"Was Kriecht Und Krabbelt Denn Da...\" class=\"noLazy gmpm_photo swiper-lazy gmpm_photo_landscape\"><span class=\"swiper-lazy-preloader swiper-lazy-preloader-black\"><\/span><\/div>\n\t\t<div class=\"swiper-slide gmpm_photo\" data-photo-id=\"3852\"><img decoding=\"async\" src=\"https:\/\/www.heimatverein-delligsen.de\/hvd20\/wp-content\/grand-media\/image\/thumb\/Thomas_beantwortet_die_vielen_Fragen_der_Kinder.jpg\" data-src=\"https:\/\/www.heimatverein-delligsen.de\/hvd20\/wp-content\/grand-media\/image\/thumb\/Thomas_beantwortet_die_vielen_Fragen_der_Kinder.jpg\" alt=\"Thomas beantwortet die vielen Fragen der Kinder\" class=\"noLazy gmpm_photo swiper-lazy gmpm_photo_landscape\"><span class=\"swiper-lazy-preloader swiper-lazy-preloader-black\"><\/span><\/div>\n\t\t<div class=\"swiper-slide gmpm_photo\" data-photo-id=\"3851\"><img decoding=\"async\" src=\"https:\/\/www.heimatverein-delligsen.de\/hvd20\/wp-content\/grand-media\/image\/thumb\/Spa_beim_Raupenspiel.jpg\" data-src=\"https:\/\/www.heimatverein-delligsen.de\/hvd20\/wp-content\/grand-media\/image\/thumb\/Spa_beim_Raupenspiel.jpg\" alt=\"Spa\u00df beim Raupenspiel\" class=\"noLazy gmpm_photo swiper-lazy gmpm_photo_landscape\"><span class=\"swiper-lazy-preloader swiper-lazy-preloader-black\"><\/span><\/div>\n\t\t<div class=\"swiper-slide gmpm_photo\" data-photo-id=\"3850\"><img decoding=\"async\" src=\"https:\/\/www.heimatverein-delligsen.de\/hvd20\/wp-content\/grand-media\/image\/thumb\/Spa_bei_lustigen_Spielen.jpg\" data-src=\"https:\/\/www.heimatverein-delligsen.de\/hvd20\/wp-content\/grand-media\/image\/thumb\/Spa_bei_lustigen_Spielen.jpg\" alt=\"Spa\u00df bei lustigen Spielen\" class=\"noLazy gmpm_photo swiper-lazy gmpm_photo_landscape\"><span class=\"swiper-lazy-preloader swiper-lazy-preloader-black\"><\/span><\/div>\n\t\t<div class=\"swiper-slide gmpm_photo\" data-photo-id=\"3841\"><img decoding=\"async\" src=\"https:\/\/www.heimatverein-delligsen.de\/hvd20\/wp-content\/grand-media\/image\/thumb\/Beim_Raupenspiel.jpg\" data-src=\"https:\/\/www.heimatverein-delligsen.de\/hvd20\/wp-content\/grand-media\/image\/thumb\/Beim_Raupenspiel.jpg\" alt=\"Beim Raupenspiel\" class=\"noLazy gmpm_photo swiper-lazy gmpm_photo_portrait\"><span class=\"swiper-lazy-preloader swiper-lazy-preloader-black\"><\/span><\/div>\n\t\t<div class=\"swiper-slide gmpm_photo\" data-photo-id=\"3849\"><img decoding=\"async\" src=\"https:\/\/www.heimatverein-delligsen.de\/hvd20\/wp-content\/grand-media\/image\/thumb\/So_macht_Lernen_Freude.jpg\" data-src=\"https:\/\/www.heimatverein-delligsen.de\/hvd20\/wp-content\/grand-media\/image\/thumb\/So_macht_Lernen_Freude.jpg\" alt=\"So macht Lernen Freude\" class=\"noLazy gmpm_photo swiper-lazy gmpm_photo_landscape\"><span class=\"swiper-lazy-preloader swiper-lazy-preloader-black\"><\/span><\/div>\n\t\t<div class=\"swiper-slide gmpm_photo\" data-photo-id=\"3845\"><img decoding=\"async\" src=\"https:\/\/www.heimatverein-delligsen.de\/hvd20\/wp-content\/grand-media\/image\/thumb\/Im_Herbstwald.jpg\" data-src=\"https:\/\/www.heimatverein-delligsen.de\/hvd20\/wp-content\/grand-media\/image\/thumb\/Im_Herbstwald.jpg\" alt=\"Im Herbstwald\" class=\"noLazy gmpm_photo swiper-lazy gmpm_photo_landscape\"><span class=\"swiper-lazy-preloader swiper-lazy-preloader-black\"><\/span><\/div>\n\t\t<div class=\"swiper-slide gmpm_photo\" data-photo-id=\"3843\"><img decoding=\"async\" src=\"https:\/\/www.heimatverein-delligsen.de\/hvd20\/wp-content\/grand-media\/image\/thumb\/Die_gesammelten_Bl_tter_werden_bestimmt.jpg\" data-src=\"https:\/\/www.heimatverein-delligsen.de\/hvd20\/wp-content\/grand-media\/image\/thumb\/Die_gesammelten_Bl_tter_werden_bestimmt.jpg\" alt=\"Die gesammelten Bl\u00e4tter werden bestimmt\" class=\"noLazy gmpm_photo swiper-lazy gmpm_photo_landscape\"><span class=\"swiper-lazy-preloader swiper-lazy-preloader-black\"><\/span><\/div>\n\t\t<div class=\"swiper-slide gmpm_photo\" data-photo-id=\"3842\"><img decoding=\"async\" src=\"https:\/\/www.heimatverein-delligsen.de\/hvd20\/wp-content\/grand-media\/image\/thumb\/Der_Waldboden_wird_nach_kleinen_Waldtierchen_abgesucht.jpg\" data-src=\"https:\/\/www.heimatverein-delligsen.de\/hvd20\/wp-content\/grand-media\/image\/thumb\/Der_Waldboden_wird_nach_kleinen_Waldtierchen_abgesucht.jpg\" alt=\"Der Waldboden wird nach kleinen Waldtierchen abgesucht\" class=\"noLazy gmpm_photo swiper-lazy gmpm_photo_landscape\"><span class=\"swiper-lazy-preloader swiper-lazy-preloader-black\"><\/span><\/div>\n\t\t<div class=\"swiper-slide gmpm_photo\" data-photo-id=\"3844\"><img decoding=\"async\" src=\"https:\/\/www.heimatverein-delligsen.de\/hvd20\/wp-content\/grand-media\/image\/thumb\/Die_kleinen_Tierchen_werden_bestimmt.jpg\" data-src=\"https:\/\/www.heimatverein-delligsen.de\/hvd20\/wp-content\/grand-media\/image\/thumb\/Die_kleinen_Tierchen_werden_bestimmt.jpg\" alt=\"Die kleinen Tierchen werden bestimmt\" class=\"noLazy gmpm_photo swiper-lazy gmpm_photo_landscape\"><span class=\"swiper-lazy-preloader swiper-lazy-preloader-black\"><\/span><\/div>\n\t\t<div class=\"swiper-slide gmpm_photo\" data-photo-id=\"3846\"><img decoding=\"async\" src=\"https:\/\/www.heimatverein-delligsen.de\/hvd20\/wp-content\/grand-media\/image\/thumb\/Imbiss_an_der_K_hlerh_tte.jpg\" data-src=\"https:\/\/www.heimatverein-delligsen.de\/hvd20\/wp-content\/grand-media\/image\/thumb\/Imbiss_an_der_K_hlerh_tte.jpg\" alt=\"Imbiss an der K\u00f6hlerh\u00fctte\" class=\"noLazy gmpm_photo swiper-lazy gmpm_photo_landscape\"><span class=\"swiper-lazy-preloader swiper-lazy-preloader-black\"><\/span><\/div>\t\t\t\t\t\t\t\t<\/div>\n\t\t\t\t\t\t\t<\/div>\n\t\t\t\t\t\t<\/div>\n\t\t\t\t\t\t<div class=\"gmpm_next_button\"><\/div>\n\t\t\t\t\t<\/div>\n\t\t\t\t\t\t\t\t\t\t\t\t\t\t\t\t\t\t\t\t\t\t\t\t<\/div>\n\t\t\t<\/div>\n\t\t<\/div>\n\t\t<div class=\"gmpm_focus_close_full\">\n\t\t\t<span><a class=\"gmpm_button gmpm_close\">Close<\/a><\/span>\n\t\t\t<span><a class=\"gmpm_button gmpm_full\">Full<\/a><\/span>\n\t\t<\/div>\n\t\t<div class=\"gmpm_photo_details\">\n\t\t\t<div class=\"gmpm_description_wrap empty-item-description\">\n\t\t\t\t\t\t\t<\/div>\n\t\t<\/div>\n\n\t\t<div class=\"gmpm_focus_footer\">\n\t\t\t<div class=\"gmpm_focus_keyboard\">\n\t\t\t\t<div class=\"gmpm_focus_keyboard_title\">Keyboard Shortcuts <a class=\"gmpm_focus_keyboard_dismiss\">Dismiss<\/a><\/div>\n\t\t\t\t<ul>\n\t\t\t\t\t<li style=\"list-style:none;\"><a data-key=\"p\" class=\"gmpm_key\">S<\/a><span class=\"gmpm_label\">Slideshow<\/span><\/li>\n\t\t\t\t\t<li style=\"list-style:none;\"><a data-key=\"m\" class=\"gmpm_key\">M<\/a><span class=\"gmpm_label\">Maximize<\/span><\/li>\n\t\t\t\t\t<li style=\"list-style:none;\"><a data-key=\"left\" class=\"gmpm_key\">&nbsp;<\/a><span class=\"gmpm_label\">Previous<\/span><\/li>\n\t\t\t\t\t<li style=\"list-style:none;\"><a data-key=\"right\" class=\"gmpm_key\">&nbsp;<\/a><span class=\"gmpm_label\">Next<\/span><\/li>\n\t\t\t\t\t<li style=\"list-style:none;\"><a data-key=\"escape\" class=\"gmpm_key gmpm_esc\">esc<\/a><span class=\"gmpm_label\">Close<\/span><\/li>\n\t\t\t\t<\/ul>\n\t\t\t<\/div>\n\t\t<\/div>\n\n\t<\/div>\n\n\t<script type=\"text\/javascript\">\n\t\t\tdocument.addEventListener( 'DOMContentLoaded', function() {\n\t\t\t\tjQuery( function( $ ) {\n\t\t\t\t\tvar settings = {\"show_comments\":\"0\",\"show_download_button\":\"0\",\"show_link_button\":\"0\",\"show_description\":\"0\",\"show_author_avatar\":\"0\",\"show_author_name\":\"0\",\"show_share_button\":\"0\",\"show_like_button\":\"0\",\"link_color\":\"096900\",\"link_color_hover\":\"096900\",\"description_title\":\"Beschreibung\",\"ID\":207,\"url\":\"https:\\\/\\\/www.heimatverein-delligsen.de?rest_route=%2Fwp%2Fv2%2Fpages%2F8748\",\"moduleUrl\":\"https:\\\/\\\/www.heimatverein-delligsen.de\\\/hvd20\\\/wp-content\\\/grand-media\\\/module\\\/photomania\",\"initial_slide\":0};\n\t\t\t\t\tvar content = {\"data\":[{\"id\":\"3847\",\"type\":\"image\",\"file\":\"Jedes_Kind_bekommt_eine_Kastanie_als_Handschmeichler.jpg\",\"meta\":{\"width\":1024,\"height\":681,\"views\":804,\"likes\":0},\"title\":\"Jedes Kind bekommt eine Kastanie als Handschmeichler\",\"alt\":\"Jedes Kind bekommt eine Kastanie als Handschmeichler\",\"author\":{\"name\":\"Eike Heuer\",\"posts_link\":\"https:\\\/\\\/www.heimatverein-delligsen.de\\\/?author=1\"},\"post_link\":\"https:\\\/\\\/www.heimatverein-delligsen.de\\\/?gmedia=jedes_kind_bekommt_eine_kastanie_als_handschmeichler-jpg\",\"ratio\":1.5036710719530101965091262172791175544261932373046875},{\"id\":\"3848\",\"type\":\"image\",\"file\":\"Mit_dem_F_rster_durch_den_Wald.jpg\",\"meta\":{\"width\":1024,\"height\":681,\"views\":125,\"likes\":0},\"title\":\"Mit dem F\\u00f6rster durch den Wald\",\"alt\":\"Mit dem F\\u00f6rster durch den Wald\",\"author\":{\"name\":\"Eike Heuer\",\"posts_link\":\"https:\\\/\\\/www.heimatverein-delligsen.de\\\/?author=1\"},\"post_link\":\"https:\\\/\\\/www.heimatverein-delligsen.de\\\/?gmedia=mit_dem_f_rster_durch_den_wald-jpg\",\"ratio\":1.5036710719530101965091262172791175544261932373046875},{\"id\":\"3853\",\"type\":\"image\",\"file\":\"Was_kriecht_und_krabbelt_denn_da....jpg\",\"meta\":{\"width\":1024,\"height\":681,\"views\":97,\"likes\":0},\"title\":\"Was Kriecht Und Krabbelt Denn Da...\",\"alt\":\"Was Kriecht Und Krabbelt Denn Da...\",\"author\":{\"name\":\"Eike Heuer\",\"posts_link\":\"https:\\\/\\\/www.heimatverein-delligsen.de\\\/?author=1\"},\"post_link\":\"https:\\\/\\\/www.heimatverein-delligsen.de\\\/?gmedia=was_kriecht_und_krabbelt_denn_da-jpg\",\"ratio\":1.5036710719530101965091262172791175544261932373046875},{\"id\":\"3852\",\"type\":\"image\",\"file\":\"Thomas_beantwortet_die_vielen_Fragen_der_Kinder.jpg\",\"meta\":{\"width\":1024,\"height\":681,\"views\":112,\"likes\":0},\"title\":\"Thomas beantwortet die vielen Fragen der Kinder\",\"alt\":\"Thomas beantwortet die vielen Fragen der Kinder\",\"author\":{\"name\":\"Eike Heuer\",\"posts_link\":\"https:\\\/\\\/www.heimatverein-delligsen.de\\\/?author=1\"},\"post_link\":\"https:\\\/\\\/www.heimatverein-delligsen.de\\\/?gmedia=thomas_beantwortet_die_vielen_fragen_der_kinder-jpg\",\"ratio\":1.5036710719530101965091262172791175544261932373046875},{\"id\":\"3851\",\"type\":\"image\",\"file\":\"Spa_beim_Raupenspiel.jpg\",\"meta\":{\"width\":1024,\"height\":681,\"views\":97,\"likes\":0},\"title\":\"Spa\\u00df beim Raupenspiel\",\"alt\":\"Spa\\u00df beim Raupenspiel\",\"author\":{\"name\":\"Eike Heuer\",\"posts_link\":\"https:\\\/\\\/www.heimatverein-delligsen.de\\\/?author=1\"},\"post_link\":\"https:\\\/\\\/www.heimatverein-delligsen.de\\\/?gmedia=spa_beim_raupenspiel-jpg\",\"ratio\":1.5036710719530101965091262172791175544261932373046875},{\"id\":\"3850\",\"type\":\"image\",\"file\":\"Spa_bei_lustigen_Spielen.jpg\",\"meta\":{\"width\":1024,\"height\":681,\"views\":99,\"likes\":0},\"title\":\"Spa\\u00df bei lustigen Spielen\",\"alt\":\"Spa\\u00df bei lustigen Spielen\",\"author\":{\"name\":\"Eike Heuer\",\"posts_link\":\"https:\\\/\\\/www.heimatverein-delligsen.de\\\/?author=1\"},\"post_link\":\"https:\\\/\\\/www.heimatverein-delligsen.de\\\/?gmedia=spa_bei_lustigen_spielen-jpg\",\"ratio\":1.5036710719530101965091262172791175544261932373046875},{\"id\":\"3841\",\"type\":\"image\",\"file\":\"Beim_Raupenspiel.jpg\",\"meta\":{\"width\":1536,\"height\":2048,\"views\":73,\"likes\":0},\"title\":\"Beim Raupenspiel\",\"alt\":\"Beim Raupenspiel\",\"author\":{\"name\":\"Eike Heuer\",\"posts_link\":\"https:\\\/\\\/www.heimatverein-delligsen.de\\\/?author=1\"},\"post_link\":\"https:\\\/\\\/www.heimatverein-delligsen.de\\\/?gmedia=beim_raupenspiel-jpg\",\"ratio\":0.75},{\"id\":\"3849\",\"type\":\"image\",\"file\":\"So_macht_Lernen_Freude.jpg\",\"meta\":{\"width\":1024,\"height\":681,\"views\":99,\"likes\":0},\"title\":\"So macht Lernen Freude\",\"alt\":\"So macht Lernen Freude\",\"author\":{\"name\":\"Eike Heuer\",\"posts_link\":\"https:\\\/\\\/www.heimatverein-delligsen.de\\\/?author=1\"},\"post_link\":\"https:\\\/\\\/www.heimatverein-delligsen.de\\\/?gmedia=so_macht_lernen_freude-jpg\",\"ratio\":1.5036710719530101965091262172791175544261932373046875},{\"id\":\"3845\",\"type\":\"image\",\"file\":\"Im_Herbstwald.jpg\",\"meta\":{\"width\":2048,\"height\":1536,\"views\":73,\"likes\":0},\"title\":\"Im Herbstwald\",\"alt\":\"Im Herbstwald\",\"author\":{\"name\":\"Eike Heuer\",\"posts_link\":\"https:\\\/\\\/www.heimatverein-delligsen.de\\\/?author=1\"},\"post_link\":\"https:\\\/\\\/www.heimatverein-delligsen.de\\\/?gmedia=im_herbstwald-jpg\",\"ratio\":1.3333333333333332593184650249895639717578887939453125},{\"id\":\"3843\",\"type\":\"image\",\"file\":\"Die_gesammelten_Bl_tter_werden_bestimmt.jpg\",\"meta\":{\"width\":1024,\"height\":681,\"views\":92,\"likes\":0},\"title\":\"Die gesammelten Bl\\u00e4tter werden bestimmt\",\"alt\":\"Die gesammelten Bl\\u00e4tter werden bestimmt\",\"author\":{\"name\":\"Eike Heuer\",\"posts_link\":\"https:\\\/\\\/www.heimatverein-delligsen.de\\\/?author=1\"},\"post_link\":\"https:\\\/\\\/www.heimatverein-delligsen.de\\\/?gmedia=die_gesammelten_bl_tter_werden_bestimmt-jpg\",\"ratio\":1.5036710719530101965091262172791175544261932373046875},{\"id\":\"3842\",\"type\":\"image\",\"file\":\"Der_Waldboden_wird_nach_kleinen_Waldtierchen_abgesucht.jpg\",\"meta\":{\"width\":1024,\"height\":681,\"views\":62,\"likes\":0},\"title\":\"Der Waldboden wird nach kleinen Waldtierchen abgesucht\",\"alt\":\"Der Waldboden wird nach kleinen Waldtierchen abgesucht\",\"author\":{\"name\":\"Eike Heuer\",\"posts_link\":\"https:\\\/\\\/www.heimatverein-delligsen.de\\\/?author=1\"},\"post_link\":\"https:\\\/\\\/www.heimatverein-delligsen.de\\\/?gmedia=der_waldboden_wird_nach_kleinen_waldtierchen_abgesucht-jpg\",\"ratio\":1.5036710719530101965091262172791175544261932373046875},{\"id\":\"3844\",\"type\":\"image\",\"file\":\"Die_kleinen_Tierchen_werden_bestimmt.jpg\",\"meta\":{\"width\":1024,\"height\":681,\"views\":83,\"likes\":0},\"title\":\"Die kleinen Tierchen werden bestimmt\",\"alt\":\"Die kleinen Tierchen werden bestimmt\",\"author\":{\"name\":\"Eike Heuer\",\"posts_link\":\"https:\\\/\\\/www.heimatverein-delligsen.de\\\/?author=1\"},\"post_link\":\"https:\\\/\\\/www.heimatverein-delligsen.de\\\/?gmedia=die_kleinen_tierchen_werden_bestimmt-jpg\",\"ratio\":1.5036710719530101965091262172791175544261932373046875},{\"id\":\"3846\",\"type\":\"image\",\"file\":\"Imbiss_an_der_K_hlerh_tte.jpg\",\"meta\":{\"width\":1024,\"height\":681,\"views\":91,\"likes\":0},\"title\":\"Imbiss an der K\\u00f6hlerh\\u00fctte\",\"alt\":\"Imbiss an der K\\u00f6hlerh\\u00fctte\",\"author\":{\"name\":\"Eike Heuer\",\"posts_link\":\"https:\\\/\\\/www.heimatverein-delligsen.de\\\/?author=1\"},\"post_link\":\"https:\\\/\\\/www.heimatverein-delligsen.de\\\/?gmedia=imbiss_an_der_k_hlerh_tte-jpg\",\"ratio\":1.5036710719530101965091262172791175544261932373046875}],\"terms\":[]};\n\t\t\t\t\tvar container = $( '#GmediaGallery_207' );\n\t\t\t\t\tcontainer.photomania( settings, content );\n\t\t\t\t\twindow.GmediaGallery_207 = container.data( 'photomania' );\n\t\t\t\t} );\n\t\t\t} );\n\t<\/script><\/div>\n<h3>23.10.2022: Wanderung zur Burg Grubenhagen<\/h3>\n<div class=\"gmedia_gallery photomania_module is_bot\" id=\"GmediaGallery_208\" data-gmid=\"208\" data-module=\"photomania\"><style class='gmedia_module_style_import'>\/**** .photomania_module #GmediaGallery_208 ****\/\n#GmediaGallery_208 .gmpm_preload {opacity:0;}\n#GmediaGallery_208 .swiper-big-images img.gmpm_the_photo { max-height:100%; max-width:100%; display:inline; width:auto; height:auto; object-fit:unset; vertical-align:middle; border:none; }\n#GmediaGallery_208 .gmpm_focus .swiper-big-images img.gmpm_the_photo { width:auto; height:auto; object-fit:unset; }\n#GmediaGallery_208 .swiper-small-images img.gmpm_photo { max-width:none; max-height:none; }\n#GmediaGallery_208 .swiper-small-images img.gmpm_photo.gmpm_photo_landscape { width:auto; height:100%; }\n#GmediaGallery_208 .swiper-small-images img.gmpm_photo.gmpm_photo_portrait { width:100%; height:auto; }\n#GmediaGallery_208 .gmpm_gallery_sources_list p { margin:7px 0; padding:0; font-size:inherit; }\n#GmediaGallery_208 .gmpm_photo_details .gmpm_description_wrap a,\n#GmediaGallery_208 .gmpm_big_button_wrap .gmpm_button.gmpm_like.gmpm_liked,\n#GmediaGallery_208 .gmpm_big_button_wrap .gmpm_button.gmpm_like.gmpm_liked:hover {color:#096900;}\n#GmediaGallery_208 .gmpm_photo_show .gmpm_big_button {background-color:#096900;}\n#GmediaGallery_208 .swiper-small-images div.gmpm_photo.swiper-slide-active {border-color:#096900;}\n#GmediaGallery_208 .gmpm_photo_header .gmpm_name_wrap .gmpm_title_author a:hover,\n#GmediaGallery_208 .gmpm_photo_details .gmpm_description_wrap a:hover {color:#096900;}\n#GmediaGallery_208 .gmpm_photo_show .gmpm_big_button:hover,\n#GmediaGallery_208 .gmpm_focus_actions ul .gmpm_button.like.gmpm_liked {background-color:#096900;}<\/style>\n\t<div class=\"gmpm_photo_show gmpm_w960 gmpm_w640 gmpm_w480\">\n\n\t\t<div class=\"gmpm_photo_wrap has_prev_photo has_next_photo\">\n\t\t\t<div class=\"swiper-container swiper-big-images\">\n\t\t\t\t<div class=\"gmpm_photo_arrow_next gmpm_photo_arrow gmpm_next\">\n\t\t\t\t\t<div title=\"Next\" class=\"gmpm_arrow\"><\/div>\n\t\t\t\t<\/div>\n\t\t\t\t<div class=\"gmpm_photo_arrow_previous gmpm_photo_arrow gmpm_prev\">\n\t\t\t\t\t<div title=\"Previous\" class=\"gmpm_arrow\"><\/div>\n\t\t\t\t<\/div>\n\t\t\t\t<div class=\"swiper-wrapper\">\n\t\t\t\t\t\n\t\t<div class=\"swiper-slide\" data-hash=\"gmedia3860\" data-photo-id=\"3860\"><span class=\"gmpm_va\"><\/span><img decoding=\"async\" src=\"https:\/\/www.heimatverein-delligsen.de\/hvd20\/wp-content\/grand-media\/image\/Die_Wanderer_vor_der_D_rpm_hle_3.jpg\" data-src=\"https:\/\/www.heimatverein-delligsen.de\/hvd20\/wp-content\/grand-media\/image\/Die_Wanderer_vor_der_D_rpm_hle_3.jpg\" alt=\"Die Wanderer vor der D\u00f6rpm\u00fchle\" data-protect=\"Eike Heuer\" class=\"noLazy gmpm_the_photo\"><\/div>\n\t\t<div class=\"swiper-slide\" data-hash=\"gmedia3859\" data-photo-id=\"3859\"><span class=\"gmpm_va\"><\/span><img decoding=\"async\" src=\"https:\/\/www.heimatverein-delligsen.de\/hvd20\/wp-content\/grand-media\/image\/Die_Wanderer_im_herbstlichen_Wald.jpg\" data-src=\"https:\/\/www.heimatverein-delligsen.de\/hvd20\/wp-content\/grand-media\/image\/Die_Wanderer_im_herbstlichen_Wald.jpg\" alt=\"Die Wanderer im herbstlichen Wald\" data-protect=\"Eike Heuer\" class=\"noLazy gmpm_the_photo\"><\/div>\n\t\t<div class=\"swiper-slide\" data-hash=\"gmedia3854\" data-photo-id=\"3854\"><span class=\"gmpm_va\"><\/span><img decoding=\"async\" src=\"https:\/\/www.heimatverein-delligsen.de\/hvd20\/wp-content\/grand-media\/image\/Aufstieg_zur_Burg_Grubenhagen.jpg\" data-src=\"https:\/\/www.heimatverein-delligsen.de\/hvd20\/wp-content\/grand-media\/image\/Aufstieg_zur_Burg_Grubenhagen.jpg\" alt=\"Aufstieg zur Burg Grubenhagen\" data-protect=\"Eike Heuer\" class=\"noLazy gmpm_the_photo\"><\/div>\n\t\t<div class=\"swiper-slide\" data-hash=\"gmedia3856\" data-photo-id=\"3856\"><span class=\"gmpm_va\"><\/span><img decoding=\"async\" src=\"https:\/\/www.heimatverein-delligsen.de\/hvd20\/wp-content\/grand-media\/image\/Bergfried_der_Burg_Grubenhagen.jpg\" data-src=\"https:\/\/www.heimatverein-delligsen.de\/hvd20\/wp-content\/grand-media\/image\/Bergfried_der_Burg_Grubenhagen.jpg\" alt=\"Bergfried der Burg Grubenhagen\" data-protect=\"Eike Heuer\" class=\"noLazy gmpm_the_photo\"><\/div>\n\t\t<div class=\"swiper-slide\" data-hash=\"gmedia3855\" data-photo-id=\"3855\"><span class=\"gmpm_va\"><\/span><img decoding=\"async\" src=\"https:\/\/www.heimatverein-delligsen.de\/hvd20\/wp-content\/grand-media\/image\/Aussicht_vom_Turm.jpg\" data-src=\"https:\/\/www.heimatverein-delligsen.de\/hvd20\/wp-content\/grand-media\/image\/Aussicht_vom_Turm.jpg\" alt=\"Aussicht vom Turm\" data-protect=\"Eike Heuer\" class=\"noLazy gmpm_the_photo\"><\/div>\n\t\t<div class=\"swiper-slide\" data-hash=\"gmedia3858\" data-photo-id=\"3858\"><span class=\"gmpm_va\"><\/span><img decoding=\"async\" src=\"https:\/\/www.heimatverein-delligsen.de\/hvd20\/wp-content\/grand-media\/image\/Die_Wanderer_an_der_Burg_Grubenhagen.jpg\" data-src=\"https:\/\/www.heimatverein-delligsen.de\/hvd20\/wp-content\/grand-media\/image\/Die_Wanderer_an_der_Burg_Grubenhagen.jpg\" alt=\"Die Wanderer an der Burg Grubenhagen\" data-protect=\"Eike Heuer\" class=\"noLazy gmpm_the_photo\"><\/div>\n\t\t<div class=\"swiper-slide\" data-hash=\"gmedia3857\" data-photo-id=\"3857\"><span class=\"gmpm_va\"><\/span><img decoding=\"async\" src=\"https:\/\/www.heimatverein-delligsen.de\/hvd20\/wp-content\/grand-media\/image\/Brotzeit.jpg\" data-src=\"https:\/\/www.heimatverein-delligsen.de\/hvd20\/wp-content\/grand-media\/image\/Brotzeit.jpg\" alt=\"Brotzeit\" data-protect=\"Eike Heuer\" class=\"noLazy gmpm_the_photo\"><\/div>\t\t\t\t<\/div>\n\t\t\t<\/div>\n\t\t<\/div>\n\n\t\t<div class=\"gmpm_photo_header\">\n\t\t\t<div class=\"gmpm_wrapper gmpm_clearfix\">\n\t\t\t\t<div class=\"gmpm_focus_actions\">\n\t\t\t\t\t\t\t\t\t\t\t\t\t\t\t<ul class=\"gmpm_focus_arrows gmpm_clearfix\">\n\t\t\t\t\t\t<li style=\"list-style:none;\"><a class=\"gmpm_button gmpm_photo_arrow_previous gmpm_prev\">Previous<\/a><\/li>\n\t\t\t\t\t\t<li style=\"list-style:none;\"><a class=\"gmpm_button gmpm_photo_arrow_next gmpm_next\">Next<\/a><\/li>\n\t\t\t\t\t<\/ul>\n\t\t\t\t<\/div>\n\t\t\t\t<div class=\"gmpm_name_wrap gmpm_clearfix gmpm_no_avatar\">\n\t\t\t\t\t\t\t\t\t\t<div class=\"gmpm_title_author\">\n\t\t\t\t\t\t<div class=\"gmpm_title\">Die Wanderer vor der D\u00f6rpm\u00fchle<\/div>\n\t\t\t\t\t\t\t\t\t\t\t<\/div>\n\t\t\t\t<\/div>\n\t\t\t\t<div class=\"gmpm_actions gmpm_clearfix\">\n\t\t\t\t\t<div class=\"gmpm_carousel gmpm_has_previous gmpm_has_next\">\n\t\t\t\t\t\t<div class=\"gmpm_previous_button\"><\/div>\n\t\t\t\t\t\t<div class=\"gmpm_photo_carousel\">\n\t\t\t\t\t\t\t<div class=\"swiper-container swiper-small-images\">\n\t\t\t\t\t\t\t\t<div class=\"swiper-wrapper\">\n\t\t\t\t\t\t\t\t\t\n\t\t<div class=\"swiper-slide gmpm_photo\" data-photo-id=\"3860\"><img decoding=\"async\" src=\"https:\/\/www.heimatverein-delligsen.de\/hvd20\/wp-content\/grand-media\/image\/thumb\/Die_Wanderer_vor_der_D_rpm_hle_3.jpg\" data-src=\"https:\/\/www.heimatverein-delligsen.de\/hvd20\/wp-content\/grand-media\/image\/thumb\/Die_Wanderer_vor_der_D_rpm_hle_3.jpg\" alt=\"Die Wanderer vor der D\u00f6rpm\u00fchle\" class=\"noLazy gmpm_photo swiper-lazy gmpm_photo_landscape\"><span class=\"swiper-lazy-preloader swiper-lazy-preloader-black\"><\/span><\/div>\n\t\t<div class=\"swiper-slide gmpm_photo\" data-photo-id=\"3859\"><img decoding=\"async\" src=\"https:\/\/www.heimatverein-delligsen.de\/hvd20\/wp-content\/grand-media\/image\/thumb\/Die_Wanderer_im_herbstlichen_Wald.jpg\" data-src=\"https:\/\/www.heimatverein-delligsen.de\/hvd20\/wp-content\/grand-media\/image\/thumb\/Die_Wanderer_im_herbstlichen_Wald.jpg\" alt=\"Die Wanderer im herbstlichen Wald\" class=\"noLazy gmpm_photo swiper-lazy gmpm_photo_portrait\"><span class=\"swiper-lazy-preloader swiper-lazy-preloader-black\"><\/span><\/div>\n\t\t<div class=\"swiper-slide gmpm_photo\" data-photo-id=\"3854\"><img decoding=\"async\" src=\"https:\/\/www.heimatverein-delligsen.de\/hvd20\/wp-content\/grand-media\/image\/thumb\/Aufstieg_zur_Burg_Grubenhagen.jpg\" data-src=\"https:\/\/www.heimatverein-delligsen.de\/hvd20\/wp-content\/grand-media\/image\/thumb\/Aufstieg_zur_Burg_Grubenhagen.jpg\" alt=\"Aufstieg zur Burg Grubenhagen\" class=\"noLazy gmpm_photo swiper-lazy gmpm_photo_landscape\"><span class=\"swiper-lazy-preloader swiper-lazy-preloader-black\"><\/span><\/div>\n\t\t<div class=\"swiper-slide gmpm_photo\" data-photo-id=\"3856\"><img decoding=\"async\" src=\"https:\/\/www.heimatverein-delligsen.de\/hvd20\/wp-content\/grand-media\/image\/thumb\/Bergfried_der_Burg_Grubenhagen.jpg\" data-src=\"https:\/\/www.heimatverein-delligsen.de\/hvd20\/wp-content\/grand-media\/image\/thumb\/Bergfried_der_Burg_Grubenhagen.jpg\" alt=\"Bergfried der Burg Grubenhagen\" class=\"noLazy gmpm_photo swiper-lazy gmpm_photo_portrait\"><span class=\"swiper-lazy-preloader swiper-lazy-preloader-black\"><\/span><\/div>\n\t\t<div class=\"swiper-slide gmpm_photo\" data-photo-id=\"3855\"><img decoding=\"async\" src=\"https:\/\/www.heimatverein-delligsen.de\/hvd20\/wp-content\/grand-media\/image\/thumb\/Aussicht_vom_Turm.jpg\" data-src=\"https:\/\/www.heimatverein-delligsen.de\/hvd20\/wp-content\/grand-media\/image\/thumb\/Aussicht_vom_Turm.jpg\" alt=\"Aussicht vom Turm\" class=\"noLazy gmpm_photo swiper-lazy gmpm_photo_landscape\"><span class=\"swiper-lazy-preloader swiper-lazy-preloader-black\"><\/span><\/div>\n\t\t<div class=\"swiper-slide gmpm_photo\" data-photo-id=\"3858\"><img decoding=\"async\" src=\"https:\/\/www.heimatverein-delligsen.de\/hvd20\/wp-content\/grand-media\/image\/thumb\/Die_Wanderer_an_der_Burg_Grubenhagen.jpg\" data-src=\"https:\/\/www.heimatverein-delligsen.de\/hvd20\/wp-content\/grand-media\/image\/thumb\/Die_Wanderer_an_der_Burg_Grubenhagen.jpg\" alt=\"Die Wanderer an der Burg Grubenhagen\" class=\"noLazy gmpm_photo swiper-lazy gmpm_photo_landscape\"><span class=\"swiper-lazy-preloader swiper-lazy-preloader-black\"><\/span><\/div>\n\t\t<div class=\"swiper-slide gmpm_photo\" data-photo-id=\"3857\"><img decoding=\"async\" src=\"https:\/\/www.heimatverein-delligsen.de\/hvd20\/wp-content\/grand-media\/image\/thumb\/Brotzeit.jpg\" data-src=\"https:\/\/www.heimatverein-delligsen.de\/hvd20\/wp-content\/grand-media\/image\/thumb\/Brotzeit.jpg\" alt=\"Brotzeit\" class=\"noLazy gmpm_photo swiper-lazy gmpm_photo_landscape\"><span class=\"swiper-lazy-preloader swiper-lazy-preloader-black\"><\/span><\/div>\t\t\t\t\t\t\t\t<\/div>\n\t\t\t\t\t\t\t<\/div>\n\t\t\t\t\t\t<\/div>\n\t\t\t\t\t\t<div class=\"gmpm_next_button\"><\/div>\n\t\t\t\t\t<\/div>\n\t\t\t\t\t\t\t\t\t\t\t\t\t\t\t\t\t\t\t\t\t\t\t\t<\/div>\n\t\t\t<\/div>\n\t\t<\/div>\n\t\t<div class=\"gmpm_focus_close_full\">\n\t\t\t<span><a class=\"gmpm_button gmpm_close\">Close<\/a><\/span>\n\t\t\t<span><a class=\"gmpm_button gmpm_full\">Full<\/a><\/span>\n\t\t<\/div>\n\t\t<div class=\"gmpm_photo_details\">\n\t\t\t<div class=\"gmpm_description_wrap empty-item-description\">\n\t\t\t\t\t\t\t<\/div>\n\t\t<\/div>\n\n\t\t<div class=\"gmpm_focus_footer\">\n\t\t\t<div class=\"gmpm_focus_keyboard\">\n\t\t\t\t<div class=\"gmpm_focus_keyboard_title\">Keyboard Shortcuts <a class=\"gmpm_focus_keyboard_dismiss\">Dismiss<\/a><\/div>\n\t\t\t\t<ul>\n\t\t\t\t\t<li style=\"list-style:none;\"><a data-key=\"p\" class=\"gmpm_key\">S<\/a><span class=\"gmpm_label\">Slideshow<\/span><\/li>\n\t\t\t\t\t<li style=\"list-style:none;\"><a data-key=\"m\" class=\"gmpm_key\">M<\/a><span class=\"gmpm_label\">Maximize<\/span><\/li>\n\t\t\t\t\t<li style=\"list-style:none;\"><a data-key=\"left\" class=\"gmpm_key\">&nbsp;<\/a><span class=\"gmpm_label\">Previous<\/span><\/li>\n\t\t\t\t\t<li style=\"list-style:none;\"><a data-key=\"right\" class=\"gmpm_key\">&nbsp;<\/a><span class=\"gmpm_label\">Next<\/span><\/li>\n\t\t\t\t\t<li style=\"list-style:none;\"><a data-key=\"escape\" class=\"gmpm_key gmpm_esc\">esc<\/a><span class=\"gmpm_label\">Close<\/span><\/li>\n\t\t\t\t<\/ul>\n\t\t\t<\/div>\n\t\t<\/div>\n\n\t<\/div>\n\n\t<script type=\"text\/javascript\">\n\t\t\tdocument.addEventListener( 'DOMContentLoaded', function() {\n\t\t\t\tjQuery( function( $ ) {\n\t\t\t\t\tvar settings = {\"show_comments\":\"0\",\"show_download_button\":\"0\",\"show_link_button\":\"0\",\"show_description\":\"0\",\"show_author_avatar\":\"0\",\"show_author_name\":\"0\",\"show_share_button\":\"0\",\"show_like_button\":\"0\",\"link_color\":\"096900\",\"link_color_hover\":\"096900\",\"description_title\":\"Beschreibung\",\"ID\":208,\"url\":\"https:\\\/\\\/www.heimatverein-delligsen.de?rest_route=%2Fwp%2Fv2%2Fpages%2F8748\",\"moduleUrl\":\"https:\\\/\\\/www.heimatverein-delligsen.de\\\/hvd20\\\/wp-content\\\/grand-media\\\/module\\\/photomania\",\"initial_slide\":0};\n\t\t\t\t\tvar content = {\"data\":[{\"id\":\"3860\",\"type\":\"image\",\"file\":\"Die_Wanderer_vor_der_D_rpm_hle_3.jpg\",\"meta\":{\"width\":2200,\"height\":1650,\"views\":730,\"likes\":0},\"title\":\"Die Wanderer vor der D\\u00f6rpm\\u00fchle\",\"alt\":\"Die Wanderer vor der D\\u00f6rpm\\u00fchle\",\"author\":{\"name\":\"Eike Heuer\",\"posts_link\":\"https:\\\/\\\/www.heimatverein-delligsen.de\\\/?author=1\"},\"post_link\":\"https:\\\/\\\/www.heimatverein-delligsen.de\\\/?gmedia=die_wanderer_vor_der_d_rpm_hle_3-jpg\",\"ratio\":1.3333333333333332593184650249895639717578887939453125},{\"id\":\"3859\",\"type\":\"image\",\"file\":\"Die_Wanderer_im_herbstlichen_Wald.jpg\",\"meta\":{\"width\":1650,\"height\":2200,\"views\":47,\"likes\":0},\"title\":\"Die Wanderer im herbstlichen Wald\",\"alt\":\"Die Wanderer im herbstlichen Wald\",\"author\":{\"name\":\"Eike Heuer\",\"posts_link\":\"https:\\\/\\\/www.heimatverein-delligsen.de\\\/?author=1\"},\"post_link\":\"https:\\\/\\\/www.heimatverein-delligsen.de\\\/?gmedia=die_wanderer_im_herbstlichen_wald-jpg\",\"ratio\":0.75},{\"id\":\"3854\",\"type\":\"image\",\"file\":\"Aufstieg_zur_Burg_Grubenhagen.jpg\",\"meta\":{\"width\":2200,\"height\":1650,\"views\":56,\"likes\":0},\"title\":\"Aufstieg zur Burg Grubenhagen\",\"alt\":\"Aufstieg zur Burg Grubenhagen\",\"author\":{\"name\":\"Eike Heuer\",\"posts_link\":\"https:\\\/\\\/www.heimatverein-delligsen.de\\\/?author=1\"},\"post_link\":\"https:\\\/\\\/www.heimatverein-delligsen.de\\\/?gmedia=aufstieg_zur_burg_grubenhagen-jpg\",\"ratio\":1.3333333333333332593184650249895639717578887939453125},{\"id\":\"3856\",\"type\":\"image\",\"file\":\"Bergfried_der_Burg_Grubenhagen.jpg\",\"meta\":{\"width\":1650,\"height\":2200,\"views\":36,\"likes\":0},\"title\":\"Bergfried der Burg Grubenhagen\",\"alt\":\"Bergfried der Burg Grubenhagen\",\"author\":{\"name\":\"Eike Heuer\",\"posts_link\":\"https:\\\/\\\/www.heimatverein-delligsen.de\\\/?author=1\"},\"post_link\":\"https:\\\/\\\/www.heimatverein-delligsen.de\\\/?gmedia=bergfried_der_burg_grubenhagen-jpg\",\"ratio\":0.75},{\"id\":\"3855\",\"type\":\"image\",\"file\":\"Aussicht_vom_Turm.jpg\",\"meta\":{\"width\":2200,\"height\":1650,\"views\":30,\"likes\":0},\"title\":\"Aussicht vom Turm\",\"alt\":\"Aussicht vom Turm\",\"author\":{\"name\":\"Eike Heuer\",\"posts_link\":\"https:\\\/\\\/www.heimatverein-delligsen.de\\\/?author=1\"},\"post_link\":\"https:\\\/\\\/www.heimatverein-delligsen.de\\\/?gmedia=aussicht_vom_turm-jpg\",\"ratio\":1.3333333333333332593184650249895639717578887939453125},{\"id\":\"3858\",\"type\":\"image\",\"file\":\"Die_Wanderer_an_der_Burg_Grubenhagen.jpg\",\"meta\":{\"width\":2200,\"height\":1650,\"views\":46,\"likes\":0},\"title\":\"Die Wanderer an der Burg Grubenhagen\",\"alt\":\"Die Wanderer an der Burg Grubenhagen\",\"author\":{\"name\":\"Eike Heuer\",\"posts_link\":\"https:\\\/\\\/www.heimatverein-delligsen.de\\\/?author=1\"},\"post_link\":\"https:\\\/\\\/www.heimatverein-delligsen.de\\\/?gmedia=die_wanderer_an_der_burg_grubenhagen-jpg\",\"ratio\":1.3333333333333332593184650249895639717578887939453125},{\"id\":\"3857\",\"type\":\"image\",\"file\":\"Brotzeit.jpg\",\"meta\":{\"width\":2200,\"height\":1650,\"views\":47,\"likes\":0},\"title\":\"Brotzeit\",\"alt\":\"Brotzeit\",\"author\":{\"name\":\"Eike Heuer\",\"posts_link\":\"https:\\\/\\\/www.heimatverein-delligsen.de\\\/?author=1\"},\"post_link\":\"https:\\\/\\\/www.heimatverein-delligsen.de\\\/?gmedia=brotzeit-jpg\",\"ratio\":1.3333333333333332593184650249895639717578887939453125}],\"terms\":[]};\n\t\t\t\t\tvar container = $( '#GmediaGallery_208' );\n\t\t\t\t\tcontainer.photomania( settings, content );\n\t\t\t\t\twindow.GmediaGallery_208 = container.data( 'photomania' );\n\t\t\t\t} );\n\t\t\t} );\n\t<\/script><\/div>\n<p style=\"text-align: center;\"><a href=\"http:\/\/www.heimatverein-delligsen.de\/?page_id=8623\">&lt; Fotoalbum 2021<\/a> | <a href=\"\/?page_id=14\">Jahres\u00fcbersicht<\/a> | <a href=\"\/?page_id=9703\">Fotoalbum 2023 &gt;<\/a><\/p>\n<div data-animation=\"no-animation\" data-icons-animation=\"wobble\" data-overlay=\"\" data-change-size=\"\" data-button-size=\"1\" style=\"font-size:1em!important;display:none;\" class=\"supsystic-social-sharing supsystic-social-sharing-package-flat supsystic-social-sharing-hide-on-homepage supsystic-social-sharing-hide-on-mobile supsystic-social-sharing-spacing supsystic-social-sharing-content supsystic-social-sharing-content-align-right\" data-text=\"\"><a data-networks=\"[]\" class=\"social-sharing-button sharer-flat sharer-flat-4 counter-standard without-counter facebook\" target=\"_blank\" title=\"Facebook\" href=\"http:\/\/www.facebook.com\/sharer.php?u=https%3A%2F%2Fwww.heimatverein-delligsen.de%2F%3Fpage_id%3D8748\" data-main-href=\"http:\/\/www.facebook.com\/sharer.php?u={url}\" data-nid=\"1\" data-name=\"\" data-pid=\"1\" data-post-id=\"8748\" data-url=\"https:\/\/www.heimatverein-delligsen.de\/hvd20\/wp-admin\/admin-ajax.php\" rel=\"nofollow\" data-mailto=\"\"><i class=\"fa-ssbs fa-ssbs-fw fa-ssbs-facebook\"><\/i><div class=\"counter-wrap standard\"><span class=\"counter\">0<\/span><\/div><\/a><a data-networks=\"[]\" class=\"social-sharing-button sharer-flat sharer-flat-4 counter-standard without-counter twitter\" target=\"_blank\" title=\"Twitter\" href=\"https:\/\/twitter.com\/share?url=https%3A%2F%2Fwww.heimatverein-delligsen.de%2F%3Fpage_id%3D8748&text=Fotoalbum+2022\" data-main-href=\"https:\/\/twitter.com\/share?url={url}&text={title}\" data-nid=\"2\" data-name=\"\" data-pid=\"1\" data-post-id=\"8748\" data-url=\"https:\/\/www.heimatverein-delligsen.de\/hvd20\/wp-admin\/admin-ajax.php\" rel=\"nofollow\" data-mailto=\"\"><i class=\"fa-ssbs fa-ssbs-fw fa-ssbs-twitter\"><\/i><div class=\"counter-wrap standard\"><span class=\"counter\">0<\/span><\/div><\/a><a data-networks=\"[]\" class=\"social-sharing-button sharer-flat sharer-flat-4 counter-standard without-counter googleplus\" target=\"_blank\" title=\"Google+\" href=\"https:\/\/plus.google.com\/share?url=https%3A%2F%2Fwww.heimatverein-delligsen.de%2F%3Fpage_id%3D8748\" data-main-href=\"https:\/\/plus.google.com\/share?url={url}\" data-nid=\"3\" data-name=\"\" data-pid=\"1\" data-post-id=\"8748\" data-url=\"https:\/\/www.heimatverein-delligsen.de\/hvd20\/wp-admin\/admin-ajax.php\" rel=\"nofollow\" data-mailto=\"\"><i class=\"fa-ssbs fa-ssbs-fw fa-ssbs-google-plus\"><\/i><div class=\"counter-wrap standard\"><span class=\"counter\">0<\/span><\/div><\/a><a data-networks=\"[]\" class=\"social-sharing-button sharer-flat sharer-flat-4 counter-standard without-counter mail\" target=\"_blank\" title=\"Mail\" href=\"#\" data-main-href=\"#\" data-nid=\"16\" data-name=\"\" data-pid=\"1\" data-post-id=\"8748\" data-url=\"https:\/\/www.heimatverein-delligsen.de\/hvd20\/wp-admin\/admin-ajax.php\" rel=\"nofollow\" data-mailto=\"\"><i class=\"fa-ssbs fa-ssbs-fw fa-ssbs-envelope-o\"><\/i><div class=\"counter-wrap standard\"><span class=\"counter\">0<\/span><\/div><\/a><a data-networks=\"[]\" class=\"social-sharing-button sharer-flat sharer-flat-4 counter-standard without-counter print\" target=\"_blank\" title=\"Drucken\" href=\"#\" data-main-href=\"#\" data-nid=\"14\" data-name=\"\" data-pid=\"1\" data-post-id=\"8748\" data-url=\"https:\/\/www.heimatverein-delligsen.de\/hvd20\/wp-admin\/admin-ajax.php\" rel=\"nofollow\" data-mailto=\"\"><i class=\"fa-ssbs fa-ssbs-fw fa-ssbs-print\"><\/i><div class=\"counter-wrap standard\"><span class=\"counter\">0<\/span><\/div><\/a><\/div>","protected":false},"excerpt":{"rendered":"<div data-animation=\"no-animation\" data-icons-animation=\"wobble\" data-overlay=\"\" data-change-size=\"\" data-button-size=\"1\" style=\"font-size:1em!important;display:none;\" class=\"supsystic-social-sharing supsystic-social-sharing-package-flat supsystic-social-sharing-hide-on-homepage supsystic-social-sharing-hide-on-mobile supsystic-social-sharing-spacing supsystic-social-sharing-content supsystic-social-sharing-content-align-right\" data-text=\"\"><a data-networks=\"[]\" class=\"social-sharing-button sharer-flat sharer-flat-4 counter-standard without-counter facebook\" target=\"_blank\" title=\"Facebook\" href=\"http:\/\/www.facebook.com\/sharer.php?u=https%3A%2F%2Fwww.heimatverein-delligsen.de%2F%3Fpage_id%3D8748\" data-main-href=\"http:\/\/www.facebook.com\/sharer.php?u={url}\" data-nid=\"1\" data-name=\"\" data-pid=\"1\" data-post-id=\"8748\" data-url=\"https:\/\/www.heimatverein-delligsen.de\/hvd20\/wp-admin\/admin-ajax.php\" rel=\"nofollow\" data-mailto=\"\"><i class=\"fa-ssbs fa-ssbs-fw fa-ssbs-facebook\"><\/i><div class=\"counter-wrap standard\"><span class=\"counter\">0<\/span><\/div><\/a><a data-networks=\"[]\" class=\"social-sharing-button sharer-flat sharer-flat-4 counter-standard without-counter twitter\" target=\"_blank\" title=\"Twitter\" href=\"https:\/\/twitter.com\/share?url=https%3A%2F%2Fwww.heimatverein-delligsen.de%2F%3Fpage_id%3D8748&text=Fotoalbum+2022\" data-main-href=\"https:\/\/twitter.com\/share?url={url}&text={title}\" data-nid=\"2\" data-name=\"\" data-pid=\"1\" data-post-id=\"8748\" data-url=\"https:\/\/www.heimatverein-delligsen.de\/hvd20\/wp-admin\/admin-ajax.php\" rel=\"nofollow\" data-mailto=\"\"><i class=\"fa-ssbs fa-ssbs-fw fa-ssbs-twitter\"><\/i><div class=\"counter-wrap standard\"><span class=\"counter\">0<\/span><\/div><\/a><a data-networks=\"[]\" class=\"social-sharing-button sharer-flat sharer-flat-4 counter-standard without-counter googleplus\" target=\"_blank\" title=\"Google+\" href=\"https:\/\/plus.google.com\/share?url=https%3A%2F%2Fwww.heimatverein-delligsen.de%2F%3Fpage_id%3D8748\" data-main-href=\"https:\/\/plus.google.com\/share?url={url}\" data-nid=\"3\" data-name=\"\" data-pid=\"1\" data-post-id=\"8748\" data-url=\"https:\/\/www.heimatverein-delligsen.de\/hvd20\/wp-admin\/admin-ajax.php\" rel=\"nofollow\" data-mailto=\"\"><i class=\"fa-ssbs fa-ssbs-fw fa-ssbs-google-plus\"><\/i><div class=\"counter-wrap standard\"><span class=\"counter\">0<\/span><\/div><\/a><a data-networks=\"[]\" class=\"social-sharing-button sharer-flat sharer-flat-4 counter-standard without-counter mail\" target=\"_blank\" title=\"Mail\" href=\"#\" data-main-href=\"#\" data-nid=\"16\" data-name=\"\" data-pid=\"1\" data-post-id=\"8748\" data-url=\"https:\/\/www.heimatverein-delligsen.de\/hvd20\/wp-admin\/admin-ajax.php\" rel=\"nofollow\" data-mailto=\"\"><i class=\"fa-ssbs fa-ssbs-fw fa-ssbs-envelope-o\"><\/i><div class=\"counter-wrap standard\"><span class=\"counter\">0<\/span><\/div><\/a><a data-networks=\"[]\" class=\"social-sharing-button sharer-flat sharer-flat-4 counter-standard without-counter print\" target=\"_blank\" title=\"Drucken\" href=\"#\" data-main-href=\"#\" data-nid=\"14\" data-name=\"\" data-pid=\"1\" data-post-id=\"8748\" data-url=\"https:\/\/www.heimatverein-delligsen.de\/hvd20\/wp-admin\/admin-ajax.php\" rel=\"nofollow\" data-mailto=\"\"><i class=\"fa-ssbs fa-ssbs-fw fa-ssbs-print\"><\/i><div class=\"counter-wrap standard\"><span class=\"counter\">0<\/span><\/div><\/a><\/div><div data-animation=\"no-animation\" data-icons-animation=\"no-animation\" data-overlay=\"\" data-change-size=\"\" data-button-size=\"0.7\" style=\"font-size:0.7em!important;display:none;\" class=\"supsystic-social-sharing supsystic-social-sharing-package-flat supsystic-social-sharing-hide-on-homepage supsystic-social-sharing-show-only-on-mobile supsystic-social-sharing-spacing supsystic-social-sharing-content supsystic-social-sharing-content-align-center\" data-text=\"\"><a data-networks=\"[]\" class=\"social-sharing-button sharer-flat sharer-flat-4 counter-standard without-counter facebook\" target=\"_blank\" title=\"Facebook\" href=\"http:\/\/www.facebook.com\/sharer.php?u=https%3A%2F%2Fwww.heimatverein-delligsen.de%2F%3Fpage_id%3D8748\" data-main-href=\"http:\/\/www.facebook.com\/sharer.php?u={url}\" data-nid=\"1\" data-name=\"\" data-pid=\"2\" data-post-id=\"8748\" data-url=\"https:\/\/www.heimatverein-delligsen.de\/hvd20\/wp-admin\/admin-ajax.php\" rel=\"nofollow\" data-mailto=\"\"><i class=\"fa-ssbs fa-ssbs-fw fa-ssbs-facebook\"><\/i><div class=\"counter-wrap standard\"><span class=\"counter\">0<\/span><\/div><\/a><a data-networks=\"[]\" class=\"social-sharing-button sharer-flat sharer-flat-4 counter-standard without-counter whatsapp\" target=\"_blank\" title=\"WhatsApp\" href=\"https:\/\/web.whatsapp.com\/send?text=https%3A%2F%2Fwww.heimatverein-delligsen.de%2F%3Fpage_id%3D8748\" data-main-href=\"https:\/\/web.whatsapp.com\/send?text={url}\" data-nid=\"18\" data-name=\"\" data-pid=\"2\" data-post-id=\"8748\" data-url=\"https:\/\/www.heimatverein-delligsen.de\/hvd20\/wp-admin\/admin-ajax.php\" rel=\"nofollow\" data-mailto=\"\"><i class=\"fa-ssbs fa-ssbs-fw fa-ssbs-whatsapp\"><\/i><div class=\"counter-wrap standard\"><span class=\"counter\">0<\/span><\/div><\/a><a data-networks=\"[]\" class=\"social-sharing-button sharer-flat sharer-flat-4 counter-standard without-counter twitter\" target=\"_blank\" title=\"Twitter\" href=\"https:\/\/twitter.com\/share?url=https%3A%2F%2Fwww.heimatverein-delligsen.de%2F%3Fpage_id%3D8748&text=Fotoalbum+2022\" data-main-href=\"https:\/\/twitter.com\/share?url={url}&text={title}\" data-nid=\"2\" data-name=\"\" data-pid=\"2\" data-post-id=\"8748\" data-url=\"https:\/\/www.heimatverein-delligsen.de\/hvd20\/wp-admin\/admin-ajax.php\" rel=\"nofollow\" data-mailto=\"\"><i class=\"fa-ssbs fa-ssbs-fw fa-ssbs-twitter\"><\/i><div class=\"counter-wrap standard\"><span class=\"counter\">0<\/span><\/div><\/a><a data-networks=\"[]\" class=\"social-sharing-button sharer-flat sharer-flat-4 counter-standard without-counter googleplus\" target=\"_blank\" title=\"Google+\" href=\"https:\/\/plus.google.com\/share?url=https%3A%2F%2Fwww.heimatverein-delligsen.de%2F%3Fpage_id%3D8748\" data-main-href=\"https:\/\/plus.google.com\/share?url={url}\" data-nid=\"3\" data-name=\"\" data-pid=\"2\" data-post-id=\"8748\" data-url=\"https:\/\/www.heimatverein-delligsen.de\/hvd20\/wp-admin\/admin-ajax.php\" rel=\"nofollow\" data-mailto=\"\"><i class=\"fa-ssbs fa-ssbs-fw fa-ssbs-google-plus\"><\/i><div class=\"counter-wrap standard\"><span class=\"counter\">0<\/span><\/div><\/a><a data-networks=\"[]\" class=\"social-sharing-button sharer-flat sharer-flat-4 counter-standard without-counter mail\" target=\"_blank\" title=\"Mail\" href=\"#\" data-main-href=\"#\" data-nid=\"16\" data-name=\"\" data-pid=\"2\" data-post-id=\"8748\" data-url=\"https:\/\/www.heimatverein-delligsen.de\/hvd20\/wp-admin\/admin-ajax.php\" rel=\"nofollow\" data-mailto=\"\"><i class=\"fa-ssbs fa-ssbs-fw fa-ssbs-envelope-o\"><\/i><div class=\"counter-wrap standard\"><span class=\"counter\">0<\/span><\/div><\/a><\/div><p>&lt; Fotoalbum 2021 | Jahres\u00fcbersicht | Fotoalbum 2023 &gt; 15.05.2022: Rundwanderung zur Barbara Baude 26.05.2022: Himmelfahrtsausschank 18.06.2022: 50 Jahre K\u00f6hlerh\u00fctte<\/p>\n<div data-animation=\"no-animation\" data-icons-animation=\"wobble\" data-overlay=\"\" data-change-size=\"\" data-button-size=\"1\" style=\"font-size:1em!important;display:none;\" class=\"supsystic-social-sharing supsystic-social-sharing-package-flat supsystic-social-sharing-hide-on-homepage supsystic-social-sharing-hide-on-mobile supsystic-social-sharing-spacing supsystic-social-sharing-content supsystic-social-sharing-content-align-right\" data-text=\"\"><a data-networks=\"[]\" class=\"social-sharing-button sharer-flat sharer-flat-4 counter-standard without-counter facebook\" target=\"_blank\" title=\"Facebook\" href=\"http:\/\/www.facebook.com\/sharer.php?u=https%3A%2F%2Fwww.heimatverein-delligsen.de%2F%3Fpage_id%3D8748\" data-main-href=\"http:\/\/www.facebook.com\/sharer.php?u={url}\" data-nid=\"1\" data-name=\"\" data-pid=\"1\" data-post-id=\"8748\" data-url=\"https:\/\/www.heimatverein-delligsen.de\/hvd20\/wp-admin\/admin-ajax.php\" rel=\"nofollow\" data-mailto=\"\"><i class=\"fa-ssbs fa-ssbs-fw fa-ssbs-facebook\"><\/i><div class=\"counter-wrap standard\"><span class=\"counter\">0<\/span><\/div><\/a><a data-networks=\"[]\" class=\"social-sharing-button sharer-flat sharer-flat-4 counter-standard without-counter twitter\" target=\"_blank\" title=\"Twitter\" href=\"https:\/\/twitter.com\/share?url=https%3A%2F%2Fwww.heimatverein-delligsen.de%2F%3Fpage_id%3D8748&text=Fotoalbum+2022\" data-main-href=\"https:\/\/twitter.com\/share?url={url}&text={title}\" data-nid=\"2\" data-name=\"\" data-pid=\"1\" data-post-id=\"8748\" data-url=\"https:\/\/www.heimatverein-delligsen.de\/hvd20\/wp-admin\/admin-ajax.php\" rel=\"nofollow\" data-mailto=\"\"><i class=\"fa-ssbs fa-ssbs-fw fa-ssbs-twitter\"><\/i><div class=\"counter-wrap standard\"><span class=\"counter\">0<\/span><\/div><\/a><a data-networks=\"[]\" class=\"social-sharing-button sharer-flat sharer-flat-4 counter-standard without-counter googleplus\" target=\"_blank\" title=\"Google+\" href=\"https:\/\/plus.google.com\/share?url=https%3A%2F%2Fwww.heimatverein-delligsen.de%2F%3Fpage_id%3D8748\" data-main-href=\"https:\/\/plus.google.com\/share?url={url}\" data-nid=\"3\" data-name=\"\" data-pid=\"1\" data-post-id=\"8748\" data-url=\"https:\/\/www.heimatverein-delligsen.de\/hvd20\/wp-admin\/admin-ajax.php\" rel=\"nofollow\" data-mailto=\"\"><i class=\"fa-ssbs fa-ssbs-fw fa-ssbs-google-plus\"><\/i><div class=\"counter-wrap standard\"><span class=\"counter\">0<\/span><\/div><\/a><a data-networks=\"[]\" class=\"social-sharing-button sharer-flat sharer-flat-4 counter-standard without-counter mail\" target=\"_blank\" title=\"Mail\" href=\"#\" data-main-href=\"#\" data-nid=\"16\" data-name=\"\" data-pid=\"1\" data-post-id=\"8748\" data-url=\"https:\/\/www.heimatverein-delligsen.de\/hvd20\/wp-admin\/admin-ajax.php\" rel=\"nofollow\" data-mailto=\"\"><i class=\"fa-ssbs fa-ssbs-fw fa-ssbs-envelope-o\"><\/i><div class=\"counter-wrap standard\"><span class=\"counter\">0<\/span><\/div><\/a><a data-networks=\"[]\" class=\"social-sharing-button sharer-flat sharer-flat-4 counter-standard without-counter print\" target=\"_blank\" title=\"Drucken\" href=\"#\" data-main-href=\"#\" data-nid=\"14\" data-name=\"\" data-pid=\"1\" data-post-id=\"8748\" data-url=\"https:\/\/www.heimatverein-delligsen.de\/hvd20\/wp-admin\/admin-ajax.php\" rel=\"nofollow\" data-mailto=\"\"><i class=\"fa-ssbs fa-ssbs-fw fa-ssbs-print\"><\/i><div class=\"counter-wrap standard\"><span class=\"counter\">0<\/span><\/div><\/a><\/div>","protected":false},"author":1,"featured_media":0,"parent":0,"menu_order":0,"comment_status":"closed","ping_status":"closed","template":"","meta":{"footnotes":""},"class_list":["post-8748","page","type-page","status-publish","hentry"],"_links":{"self":[{"href":"https:\/\/www.heimatverein-delligsen.de\/index.php?rest_route=\/wp\/v2\/pages\/8748","targetHints":{"allow":["GET"]}}],"collection":[{"href":"https:\/\/www.heimatverein-delligsen.de\/index.php?rest_route=\/wp\/v2\/pages"}],"about":[{"href":"https:\/\/www.heimatverein-delligsen.de\/index.php?rest_route=\/wp\/v2\/types\/page"}],"author":[{"embeddable":true,"href":"https:\/\/www.heimatverein-delligsen.de\/index.php?rest_route=\/wp\/v2\/users\/1"}],"replies":[{"embeddable":true,"href":"https:\/\/www.heimatverein-delligsen.de\/index.php?rest_route=%2Fwp%2Fv2%2Fcomments&post=8748"}],"version-history":[{"count":6,"href":"https:\/\/www.heimatverein-delligsen.de\/index.php?rest_route=\/wp\/v2\/pages\/8748\/revisions"}],"predecessor-version":[{"id":9708,"href":"https:\/\/www.heimatverein-delligsen.de\/index.php?rest_route=\/wp\/v2\/pages\/8748\/revisions\/9708"}],"wp:attachment":[{"href":"https:\/\/www.heimatverein-delligsen.de\/index.php?rest_route=%2Fwp%2Fv2%2Fmedia&parent=8748"}],"curies":[{"name":"wp","href":"https:\/\/api.w.org\/{rel}","templated":true}]}}