{"id":9,"date":"2009-10-01T23:32:27","date_gmt":"2009-10-01T21:32:27","guid":{"rendered":"http:\/\/www.heimatverein-delligsen.de\/hvd20\/?page_id=9"},"modified":"2023-11-05T21:07:00","modified_gmt":"2023-11-05T20:07:00","slug":"testseite-2","status":"publish","type":"page","link":"https:\/\/www.heimatverein-delligsen.de\/?page_id=9","title":{"rendered":"Wandergruppe"},"content":{"rendered":"<div data-animation=\"no-animation\" data-icons-animation=\"wobble\" data-overlay=\"\" data-change-size=\"\" data-button-size=\"1\" style=\"font-size:1em!important;display:none;\" class=\"supsystic-social-sharing supsystic-social-sharing-package-flat supsystic-social-sharing-hide-on-homepage supsystic-social-sharing-hide-on-mobile supsystic-social-sharing-spacing supsystic-social-sharing-content supsystic-social-sharing-content-align-right\" data-text=\"\"><a data-networks=\"[]\" class=\"social-sharing-button sharer-flat sharer-flat-4 counter-standard without-counter facebook\" target=\"_blank\" title=\"Facebook\" href=\"http:\/\/www.facebook.com\/sharer.php?u=https%3A%2F%2Fwww.heimatverein-delligsen.de%2F%3Fpage_id%3D9\" data-main-href=\"http:\/\/www.facebook.com\/sharer.php?u={url}\" data-nid=\"1\" data-name=\"\" data-pid=\"1\" data-post-id=\"9\" data-url=\"https:\/\/www.heimatverein-delligsen.de\/hvd20\/wp-admin\/admin-ajax.php\" rel=\"nofollow\" data-mailto=\"\"><i class=\"fa-ssbs fa-ssbs-fw fa-ssbs-facebook\"><\/i><div class=\"counter-wrap standard\"><span class=\"counter\">5<\/span><\/div><\/a><a data-networks=\"[]\" class=\"social-sharing-button sharer-flat sharer-flat-4 counter-standard without-counter twitter\" target=\"_blank\" title=\"Twitter\" href=\"https:\/\/twitter.com\/share?url=https%3A%2F%2Fwww.heimatverein-delligsen.de%2F%3Fpage_id%3D9&text=Wandergruppe\" data-main-href=\"https:\/\/twitter.com\/share?url={url}&text={title}\" data-nid=\"2\" data-name=\"\" data-pid=\"1\" data-post-id=\"9\" data-url=\"https:\/\/www.heimatverein-delligsen.de\/hvd20\/wp-admin\/admin-ajax.php\" rel=\"nofollow\" data-mailto=\"\"><i class=\"fa-ssbs fa-ssbs-fw fa-ssbs-twitter\"><\/i><div class=\"counter-wrap standard\"><span class=\"counter\">4<\/span><\/div><\/a><a data-networks=\"[]\" class=\"social-sharing-button sharer-flat sharer-flat-4 counter-standard without-counter googleplus\" target=\"_blank\" title=\"Google+\" href=\"https:\/\/plus.google.com\/share?url=https%3A%2F%2Fwww.heimatverein-delligsen.de%2F%3Fpage_id%3D9\" data-main-href=\"https:\/\/plus.google.com\/share?url={url}\" data-nid=\"3\" data-name=\"\" data-pid=\"1\" data-post-id=\"9\" data-url=\"https:\/\/www.heimatverein-delligsen.de\/hvd20\/wp-admin\/admin-ajax.php\" rel=\"nofollow\" data-mailto=\"\"><i class=\"fa-ssbs fa-ssbs-fw fa-ssbs-google-plus\"><\/i><div class=\"counter-wrap standard\"><span class=\"counter\">1<\/span><\/div><\/a><a data-networks=\"[]\" class=\"social-sharing-button sharer-flat sharer-flat-4 counter-standard without-counter mail\" target=\"_blank\" title=\"Mail\" href=\"#\" data-main-href=\"#\" data-nid=\"16\" data-name=\"\" data-pid=\"1\" data-post-id=\"9\" data-url=\"https:\/\/www.heimatverein-delligsen.de\/hvd20\/wp-admin\/admin-ajax.php\" rel=\"nofollow\" data-mailto=\"\"><i class=\"fa-ssbs fa-ssbs-fw fa-ssbs-envelope-o\"><\/i><div class=\"counter-wrap standard\"><span class=\"counter\">2<\/span><\/div><\/a><a data-networks=\"[]\" class=\"social-sharing-button sharer-flat sharer-flat-4 counter-standard without-counter print\" target=\"_blank\" title=\"Drucken\" href=\"#\" data-main-href=\"#\" data-nid=\"14\" data-name=\"\" data-pid=\"1\" data-post-id=\"9\" data-url=\"https:\/\/www.heimatverein-delligsen.de\/hvd20\/wp-admin\/admin-ajax.php\" rel=\"nofollow\" data-mailto=\"\"><i class=\"fa-ssbs fa-ssbs-fw fa-ssbs-print\"><\/i><div class=\"counter-wrap standard\"><span class=\"counter\">0<\/span><\/div><\/a><\/div><div data-animation=\"no-animation\" data-icons-animation=\"no-animation\" data-overlay=\"\" data-change-size=\"\" data-button-size=\"0.7\" style=\"font-size:0.7em!important;display:none;\" class=\"supsystic-social-sharing supsystic-social-sharing-package-flat supsystic-social-sharing-hide-on-homepage supsystic-social-sharing-show-only-on-mobile supsystic-social-sharing-spacing supsystic-social-sharing-content supsystic-social-sharing-content-align-center\" data-text=\"\"><a data-networks=\"[]\" class=\"social-sharing-button sharer-flat sharer-flat-4 counter-standard without-counter facebook\" target=\"_blank\" title=\"Facebook\" href=\"http:\/\/www.facebook.com\/sharer.php?u=https%3A%2F%2Fwww.heimatverein-delligsen.de%2F%3Fpage_id%3D9\" data-main-href=\"http:\/\/www.facebook.com\/sharer.php?u={url}\" data-nid=\"1\" data-name=\"\" data-pid=\"2\" data-post-id=\"9\" data-url=\"https:\/\/www.heimatverein-delligsen.de\/hvd20\/wp-admin\/admin-ajax.php\" rel=\"nofollow\" data-mailto=\"\"><i class=\"fa-ssbs fa-ssbs-fw fa-ssbs-facebook\"><\/i><div class=\"counter-wrap standard\"><span class=\"counter\">2<\/span><\/div><\/a><a data-networks=\"[]\" class=\"social-sharing-button sharer-flat sharer-flat-4 counter-standard without-counter whatsapp\" target=\"_blank\" title=\"WhatsApp\" href=\"https:\/\/web.whatsapp.com\/send?text=https%3A%2F%2Fwww.heimatverein-delligsen.de%2F%3Fpage_id%3D9\" data-main-href=\"https:\/\/web.whatsapp.com\/send?text={url}\" data-nid=\"18\" data-name=\"\" data-pid=\"2\" data-post-id=\"9\" data-url=\"https:\/\/www.heimatverein-delligsen.de\/hvd20\/wp-admin\/admin-ajax.php\" rel=\"nofollow\" data-mailto=\"\"><i class=\"fa-ssbs fa-ssbs-fw fa-ssbs-whatsapp\"><\/i><div class=\"counter-wrap standard\"><span class=\"counter\">1<\/span><\/div><\/a><a data-networks=\"[]\" class=\"social-sharing-button sharer-flat sharer-flat-4 counter-standard without-counter twitter\" target=\"_blank\" title=\"Twitter\" href=\"https:\/\/twitter.com\/share?url=https%3A%2F%2Fwww.heimatverein-delligsen.de%2F%3Fpage_id%3D9&text=Wandergruppe\" data-main-href=\"https:\/\/twitter.com\/share?url={url}&text={title}\" data-nid=\"2\" data-name=\"\" data-pid=\"2\" data-post-id=\"9\" data-url=\"https:\/\/www.heimatverein-delligsen.de\/hvd20\/wp-admin\/admin-ajax.php\" rel=\"nofollow\" data-mailto=\"\"><i class=\"fa-ssbs fa-ssbs-fw fa-ssbs-twitter\"><\/i><div class=\"counter-wrap standard\"><span class=\"counter\">0<\/span><\/div><\/a><a data-networks=\"[]\" class=\"social-sharing-button sharer-flat sharer-flat-4 counter-standard without-counter googleplus\" target=\"_blank\" title=\"Google+\" href=\"https:\/\/plus.google.com\/share?url=https%3A%2F%2Fwww.heimatverein-delligsen.de%2F%3Fpage_id%3D9\" data-main-href=\"https:\/\/plus.google.com\/share?url={url}\" data-nid=\"3\" data-name=\"\" data-pid=\"2\" data-post-id=\"9\" data-url=\"https:\/\/www.heimatverein-delligsen.de\/hvd20\/wp-admin\/admin-ajax.php\" rel=\"nofollow\" data-mailto=\"\"><i class=\"fa-ssbs fa-ssbs-fw fa-ssbs-google-plus\"><\/i><div class=\"counter-wrap standard\"><span class=\"counter\">0<\/span><\/div><\/a><a data-networks=\"[]\" class=\"social-sharing-button sharer-flat sharer-flat-4 counter-standard without-counter mail\" target=\"_blank\" title=\"Mail\" href=\"#\" data-main-href=\"#\" data-nid=\"16\" data-name=\"\" data-pid=\"2\" data-post-id=\"9\" data-url=\"https:\/\/www.heimatverein-delligsen.de\/hvd20\/wp-admin\/admin-ajax.php\" rel=\"nofollow\" data-mailto=\"\"><i class=\"fa-ssbs fa-ssbs-fw fa-ssbs-envelope-o\"><\/i><div class=\"counter-wrap standard\"><span class=\"counter\">2<\/span><\/div><\/a><\/div><p>Die Wandergruppe wurde am 7. Juni 1976 ins Leben gerufen. Zum heutigen Zeitpunkt z\u00e4hlt sie rund 40 Mitglieder unter der Leitung von Gruppenleiterin Waltraud Zeeb. Einmal im Monat treffen sich die wanderbegeisterten Heimatfreunde, um die W\u00e4lder rings um Delligsen auf circa 10 Kilometer langen Touren zu erkunden. Bei monatlichen Treffen werden Ideen ausgetauscht und neue Wanderrouten geplant.<\/p>\n<p><img loading=\"lazy\" decoding=\"async\" class=\"size-full wp-image-212 aligncenter\" title=\"In z\u00fcnftiger Wandertracht\" src=\"http:\/\/www.heimatverein-delligsen.de\/hvd20\/wp-content\/uploads\/2009\/10\/Wander1.jpg\" alt=\"Wander1\" width=\"400\" height=\"273\" srcset=\"https:\/\/www.heimatverein-delligsen.de\/hvd20\/wp-content\/uploads\/2009\/10\/Wander1.jpg 400w, https:\/\/www.heimatverein-delligsen.de\/hvd20\/wp-content\/uploads\/2009\/10\/Wander1-300x204.jpg 300w\" sizes=\"auto, (max-width: 400px) 100vw, 400px\" \/><\/p>\n<p>Jeden Sommer wird eine Grillparty auf der Ranch gefeiert, au\u00dferdem gibt es im Herbst ein Kartoffelbratschen. Abgeschlossen wird das Jahr schlie\u00dflich mit der traditionellen Weihnachtsfeier im Dezember. Auch Tagesfahrten stehen auf dem Programm<\/p>\n<p><img loading=\"lazy\" decoding=\"async\" class=\"size-full wp-image-213 aligncenter\" title=\"Auf Tagesfahrt nach Hannover (2009)\" src=\"http:\/\/www.heimatverein-delligsen.de\/hvd20\/wp-content\/uploads\/2009\/10\/Wander2.jpg\" alt=\"Auf Tagesfahrt nach Hannover\" width=\"400\" height=\"300\" srcset=\"https:\/\/www.heimatverein-delligsen.de\/hvd20\/wp-content\/uploads\/2009\/10\/Wander2.jpg 400w, https:\/\/www.heimatverein-delligsen.de\/hvd20\/wp-content\/uploads\/2009\/10\/Wander2-300x225.jpg 300w\" sizes=\"auto, (max-width: 400px) 100vw, 400px\" \/><\/p>\n<p>Seit Oktober 2018 ist die Wandergruppe unter Leitung von Peter Scholz und Wolfgang Kaste\u00a0 wieder aktiv.<\/p>\n<p><img loading=\"lazy\" decoding=\"async\" class=\"aligncenter size-large wp-image-7615\" src=\"http:\/\/www.heimatverein-delligsen.de\/hvd20\/wp-content\/uploads\/2018\/11\/P1010686-1024x683.jpg\" alt=\"\" width=\"840\" height=\"560\" srcset=\"https:\/\/www.heimatverein-delligsen.de\/hvd20\/wp-content\/uploads\/2018\/11\/P1010686-1024x683.jpg 1024w, https:\/\/www.heimatverein-delligsen.de\/hvd20\/wp-content\/uploads\/2018\/11\/P1010686-300x200.jpg 300w, https:\/\/www.heimatverein-delligsen.de\/hvd20\/wp-content\/uploads\/2018\/11\/P1010686-768x512.jpg 768w, https:\/\/www.heimatverein-delligsen.de\/hvd20\/wp-content\/uploads\/2018\/11\/P1010686-120x80.jpg 120w\" sizes=\"auto, (max-width: 840px) 100vw, 840px\" \/><\/p>\n<p><strong>Wanderungen seit 2018:<\/strong><\/p>\n<ul>\n<li><a href=\"https:\/\/www.heimatverein-delligsen.de\/?p=9351\" target=\"_blank\" rel=\"noopener\">Im Herbstregen durch die malerische Heimat<\/a><\/li>\n<li><a href=\"https:\/\/www.heimatverein-delligsen.de\/?p=9299\" target=\"_blank\" rel=\"noopener\">Ausflug der Delligser Wandergruppe zum Schloss Derneburg<\/a><\/li>\n<li><a href=\"https:\/\/www.heimatverein-delligsen.de\/?p=9253\" target=\"_blank\" rel=\"noopener\">Selter-Hils Wanderung<\/a><\/li>\n<li><a href=\"https:\/\/www.heimatverein-delligsen.de\/?p=9221\" target=\"_blank\" rel=\"noopener\">Kirsch-Erlebnis-Wanderung in der R\u00fchler Schweiz<\/a><\/li>\n<li><a href=\"https:\/\/www.heimatverein-delligsen.de\/?p=9153\" target=\"_blank\" rel=\"noopener\">Wandergruppe wandert zur Greener Burg<\/a><\/li>\n<li><a href=\"https:\/\/www.heimatverein-delligsen.de\/?p=9048\" target=\"_blank\" rel=\"noopener\">Traditionelle Sohlwanderung am 4. Advent 2022<\/a><\/li>\n<li><a href=\"https:\/\/www.heimatverein-delligsen.de\/?p=8994\" target=\"_blank\" rel=\"noopener\">Delligser Wanderfreunde besuchen die Domstadt Hildesheim<\/a><\/li>\n<li><a href=\"https:\/\/www.heimatverein-delligsen.de\/?p=8916\" target=\"_blank\" rel=\"noopener\">Wandergruppe vom Heimatverein Delligsen wandert zur Burg Grubenhagen<\/a><\/li>\n<li><a href=\"https:\/\/www.heimatverein-delligsen.de\/?p=8879\" target=\"_blank\" rel=\"noopener\">3. Ith-Hils-Wandertag \u2013 Tour rund um Delligsen<\/a><\/li>\n<li><a href=\"https:\/\/www.heimatverein-delligsen.de\/?p=8860\" target=\"_blank\" rel=\"noopener\">Wandergruppe vom Heimatverein Delligsen wandert im Weserbergland<\/a><\/li>\n<li><a href=\"https:\/\/www.heimatverein-delligsen.de\/?p=8831\" target=\"_blank\" rel=\"noopener\">Fr\u00fchwanderung zur K\u00f6hlerh\u00fctte<\/a><\/li>\n<li><a href=\"https:\/\/www.heimatverein-delligsen.de\/?p=8762\" target=\"_blank\" rel=\"noopener\">Rundwanderung zur Barbara Baude<\/a><\/li>\n<li><a href=\"https:\/\/www.heimatverein-delligsen.de\/?p=8646\" target=\"_blank\" rel=\"noopener\">Wandergruppe vom Heimatverein Delligsen unternimmt Ausflug ins Ilsetal<\/a><\/li>\n<li><a href=\"https:\/\/www.heimatverein-delligsen.de\/?p=8524\" target=\"_blank\" rel=\"noopener\">Wanderung auf dem Liebesbankweg<\/a><\/li>\n<li><a href=\"https:\/\/www.heimatverein-delligsen.de\/?p=8375\" target=\"_blank\" rel=\"noopener\">Wanderung zu Top-Wanderzielen im Harz: Burg Regenstein, Regensteinm\u00fchle und Sandsteinh\u00f6hlen<\/a><\/li>\n<li><a href=\"https:\/\/www.heimatverein-delligsen.de\/?p=8356\" target=\"_blank\" rel=\"noopener\">Wanderung im Selter und Besichtigung der Stroiter M\u00fchle<\/a><\/li>\n<li><a href=\"https:\/\/www.heimatverein-delligsen.de\/?p=8334\" target=\"_blank\" rel=\"noopener\">\u201eWenn Engel wandern, dann lacht die Sonne\u201c<\/a><\/li>\n<li><a href=\"https:\/\/www.heimatverein-delligsen.de\/?p=8174\" target=\"_blank\" rel=\"noopener\">Winterwanderung der Wandergruppe vom Heimatverein Delligsen<\/a><\/li>\n<li><a href=\"https:\/\/www.heimatverein-delligsen.de\/?p=7999\" target=\"_blank\" rel=\"noopener\">Wandergruppe wandert auf dem Hilskamm zum Roten Fuchs<\/a><\/li>\n<li><a href=\"https:\/\/www.heimatverein-delligsen.de\/?p=7961\" target=\"_blank\" rel=\"noopener\">Wandergruppe vom Heimatverein auf Teufels Spuren im Harz unterwegs<\/a><\/li>\n<li><a href=\"https:\/\/www.heimatverein-delligsen.de\/?p=7915\" target=\"_blank\" rel=\"noopener\">Letzte Etappe des Ith-Hils-Wanderwegs<\/a><\/li>\n<li><a href=\"https:\/\/www.heimatverein-delligsen.de\/?p=7680\" target=\"_blank\" rel=\"noopener\">Winterwanderung von Elze nach Banteln<\/a><\/li>\n<li><a href=\"https:\/\/www.heimatverein-delligsen.de\/?p=7614\" target=\"_blank\" rel=\"noopener\">Heimatverein wandert den Ith-Hils Weg<\/a><\/li>\n<\/ul>\n<p><a href=\"http:\/\/www.heimatverein-delligsen.de\/?page_id=2\">&lt; Zur Gruppen\u00fcbersicht<\/a><\/p>\n<div data-animation=\"no-animation\" data-icons-animation=\"wobble\" data-overlay=\"\" data-change-size=\"\" data-button-size=\"1\" style=\"font-size:1em!important;display:none;\" class=\"supsystic-social-sharing supsystic-social-sharing-package-flat supsystic-social-sharing-hide-on-homepage supsystic-social-sharing-hide-on-mobile supsystic-social-sharing-spacing supsystic-social-sharing-content supsystic-social-sharing-content-align-right\" data-text=\"\"><a data-networks=\"[]\" class=\"social-sharing-button sharer-flat sharer-flat-4 counter-standard without-counter facebook\" target=\"_blank\" title=\"Facebook\" href=\"http:\/\/www.facebook.com\/sharer.php?u=https%3A%2F%2Fwww.heimatverein-delligsen.de%2F%3Fpage_id%3D9\" data-main-href=\"http:\/\/www.facebook.com\/sharer.php?u={url}\" data-nid=\"1\" data-name=\"\" data-pid=\"1\" data-post-id=\"9\" data-url=\"https:\/\/www.heimatverein-delligsen.de\/hvd20\/wp-admin\/admin-ajax.php\" rel=\"nofollow\" data-mailto=\"\"><i class=\"fa-ssbs fa-ssbs-fw fa-ssbs-facebook\"><\/i><div class=\"counter-wrap standard\"><span class=\"counter\">5<\/span><\/div><\/a><a data-networks=\"[]\" class=\"social-sharing-button sharer-flat sharer-flat-4 counter-standard without-counter twitter\" target=\"_blank\" title=\"Twitter\" href=\"https:\/\/twitter.com\/share?url=https%3A%2F%2Fwww.heimatverein-delligsen.de%2F%3Fpage_id%3D9&text=Wandergruppe\" data-main-href=\"https:\/\/twitter.com\/share?url={url}&text={title}\" data-nid=\"2\" data-name=\"\" data-pid=\"1\" data-post-id=\"9\" data-url=\"https:\/\/www.heimatverein-delligsen.de\/hvd20\/wp-admin\/admin-ajax.php\" rel=\"nofollow\" data-mailto=\"\"><i class=\"fa-ssbs fa-ssbs-fw fa-ssbs-twitter\"><\/i><div class=\"counter-wrap standard\"><span class=\"counter\">4<\/span><\/div><\/a><a data-networks=\"[]\" class=\"social-sharing-button sharer-flat sharer-flat-4 counter-standard without-counter googleplus\" target=\"_blank\" title=\"Google+\" href=\"https:\/\/plus.google.com\/share?url=https%3A%2F%2Fwww.heimatverein-delligsen.de%2F%3Fpage_id%3D9\" data-main-href=\"https:\/\/plus.google.com\/share?url={url}\" data-nid=\"3\" data-name=\"\" data-pid=\"1\" data-post-id=\"9\" data-url=\"https:\/\/www.heimatverein-delligsen.de\/hvd20\/wp-admin\/admin-ajax.php\" rel=\"nofollow\" data-mailto=\"\"><i class=\"fa-ssbs fa-ssbs-fw fa-ssbs-google-plus\"><\/i><div class=\"counter-wrap standard\"><span class=\"counter\">1<\/span><\/div><\/a><a data-networks=\"[]\" class=\"social-sharing-button sharer-flat sharer-flat-4 counter-standard without-counter mail\" target=\"_blank\" title=\"Mail\" href=\"#\" data-main-href=\"#\" data-nid=\"16\" data-name=\"\" data-pid=\"1\" data-post-id=\"9\" data-url=\"https:\/\/www.heimatverein-delligsen.de\/hvd20\/wp-admin\/admin-ajax.php\" rel=\"nofollow\" data-mailto=\"\"><i class=\"fa-ssbs fa-ssbs-fw fa-ssbs-envelope-o\"><\/i><div class=\"counter-wrap standard\"><span class=\"counter\">2<\/span><\/div><\/a><a data-networks=\"[]\" class=\"social-sharing-button sharer-flat sharer-flat-4 counter-standard without-counter print\" target=\"_blank\" title=\"Drucken\" href=\"#\" data-main-href=\"#\" data-nid=\"14\" data-name=\"\" data-pid=\"1\" data-post-id=\"9\" data-url=\"https:\/\/www.heimatverein-delligsen.de\/hvd20\/wp-admin\/admin-ajax.php\" rel=\"nofollow\" data-mailto=\"\"><i class=\"fa-ssbs fa-ssbs-fw fa-ssbs-print\"><\/i><div class=\"counter-wrap standard\"><span class=\"counter\">0<\/span><\/div><\/a><\/div>","protected":false},"excerpt":{"rendered":"<div data-animation=\"no-animation\" data-icons-animation=\"wobble\" data-overlay=\"\" data-change-size=\"\" data-button-size=\"1\" style=\"font-size:1em!important;display:none;\" class=\"supsystic-social-sharing supsystic-social-sharing-package-flat supsystic-social-sharing-hide-on-homepage supsystic-social-sharing-hide-on-mobile supsystic-social-sharing-spacing supsystic-social-sharing-content supsystic-social-sharing-content-align-right\" data-text=\"\"><a data-networks=\"[]\" class=\"social-sharing-button sharer-flat sharer-flat-4 counter-standard without-counter facebook\" target=\"_blank\" title=\"Facebook\" href=\"http:\/\/www.facebook.com\/sharer.php?u=https%3A%2F%2Fwww.heimatverein-delligsen.de%2F%3Fpage_id%3D9\" data-main-href=\"http:\/\/www.facebook.com\/sharer.php?u={url}\" data-nid=\"1\" data-name=\"\" data-pid=\"1\" data-post-id=\"9\" data-url=\"https:\/\/www.heimatverein-delligsen.de\/hvd20\/wp-admin\/admin-ajax.php\" rel=\"nofollow\" data-mailto=\"\"><i class=\"fa-ssbs fa-ssbs-fw fa-ssbs-facebook\"><\/i><div class=\"counter-wrap standard\"><span class=\"counter\">5<\/span><\/div><\/a><a data-networks=\"[]\" class=\"social-sharing-button sharer-flat sharer-flat-4 counter-standard without-counter twitter\" target=\"_blank\" title=\"Twitter\" href=\"https:\/\/twitter.com\/share?url=https%3A%2F%2Fwww.heimatverein-delligsen.de%2F%3Fpage_id%3D9&text=Wandergruppe\" data-main-href=\"https:\/\/twitter.com\/share?url={url}&text={title}\" data-nid=\"2\" data-name=\"\" data-pid=\"1\" data-post-id=\"9\" data-url=\"https:\/\/www.heimatverein-delligsen.de\/hvd20\/wp-admin\/admin-ajax.php\" rel=\"nofollow\" data-mailto=\"\"><i class=\"fa-ssbs fa-ssbs-fw fa-ssbs-twitter\"><\/i><div class=\"counter-wrap standard\"><span class=\"counter\">4<\/span><\/div><\/a><a data-networks=\"[]\" class=\"social-sharing-button sharer-flat sharer-flat-4 counter-standard without-counter googleplus\" target=\"_blank\" title=\"Google+\" href=\"https:\/\/plus.google.com\/share?url=https%3A%2F%2Fwww.heimatverein-delligsen.de%2F%3Fpage_id%3D9\" data-main-href=\"https:\/\/plus.google.com\/share?url={url}\" data-nid=\"3\" data-name=\"\" data-pid=\"1\" data-post-id=\"9\" data-url=\"https:\/\/www.heimatverein-delligsen.de\/hvd20\/wp-admin\/admin-ajax.php\" rel=\"nofollow\" data-mailto=\"\"><i class=\"fa-ssbs fa-ssbs-fw fa-ssbs-google-plus\"><\/i><div class=\"counter-wrap standard\"><span class=\"counter\">1<\/span><\/div><\/a><a data-networks=\"[]\" class=\"social-sharing-button sharer-flat sharer-flat-4 counter-standard without-counter mail\" target=\"_blank\" title=\"Mail\" href=\"#\" data-main-href=\"#\" data-nid=\"16\" data-name=\"\" data-pid=\"1\" data-post-id=\"9\" data-url=\"https:\/\/www.heimatverein-delligsen.de\/hvd20\/wp-admin\/admin-ajax.php\" rel=\"nofollow\" data-mailto=\"\"><i class=\"fa-ssbs fa-ssbs-fw fa-ssbs-envelope-o\"><\/i><div class=\"counter-wrap standard\"><span class=\"counter\">2<\/span><\/div><\/a><a data-networks=\"[]\" class=\"social-sharing-button sharer-flat sharer-flat-4 counter-standard without-counter print\" target=\"_blank\" title=\"Drucken\" href=\"#\" data-main-href=\"#\" data-nid=\"14\" data-name=\"\" data-pid=\"1\" data-post-id=\"9\" data-url=\"https:\/\/www.heimatverein-delligsen.de\/hvd20\/wp-admin\/admin-ajax.php\" rel=\"nofollow\" data-mailto=\"\"><i class=\"fa-ssbs fa-ssbs-fw fa-ssbs-print\"><\/i><div class=\"counter-wrap standard\"><span class=\"counter\">0<\/span><\/div><\/a><\/div><div data-animation=\"no-animation\" data-icons-animation=\"no-animation\" data-overlay=\"\" data-change-size=\"\" data-button-size=\"0.7\" style=\"font-size:0.7em!important;display:none;\" class=\"supsystic-social-sharing supsystic-social-sharing-package-flat supsystic-social-sharing-hide-on-homepage supsystic-social-sharing-show-only-on-mobile supsystic-social-sharing-spacing supsystic-social-sharing-content supsystic-social-sharing-content-align-center\" data-text=\"\"><a data-networks=\"[]\" class=\"social-sharing-button sharer-flat sharer-flat-4 counter-standard without-counter facebook\" target=\"_blank\" title=\"Facebook\" href=\"http:\/\/www.facebook.com\/sharer.php?u=https%3A%2F%2Fwww.heimatverein-delligsen.de%2F%3Fpage_id%3D9\" data-main-href=\"http:\/\/www.facebook.com\/sharer.php?u={url}\" data-nid=\"1\" data-name=\"\" data-pid=\"2\" data-post-id=\"9\" data-url=\"https:\/\/www.heimatverein-delligsen.de\/hvd20\/wp-admin\/admin-ajax.php\" rel=\"nofollow\" data-mailto=\"\"><i class=\"fa-ssbs fa-ssbs-fw fa-ssbs-facebook\"><\/i><div class=\"counter-wrap standard\"><span class=\"counter\">2<\/span><\/div><\/a><a data-networks=\"[]\" class=\"social-sharing-button sharer-flat sharer-flat-4 counter-standard without-counter whatsapp\" target=\"_blank\" title=\"WhatsApp\" href=\"https:\/\/web.whatsapp.com\/send?text=https%3A%2F%2Fwww.heimatverein-delligsen.de%2F%3Fpage_id%3D9\" data-main-href=\"https:\/\/web.whatsapp.com\/send?text={url}\" data-nid=\"18\" data-name=\"\" data-pid=\"2\" data-post-id=\"9\" data-url=\"https:\/\/www.heimatverein-delligsen.de\/hvd20\/wp-admin\/admin-ajax.php\" rel=\"nofollow\" data-mailto=\"\"><i class=\"fa-ssbs fa-ssbs-fw fa-ssbs-whatsapp\"><\/i><div class=\"counter-wrap standard\"><span class=\"counter\">1<\/span><\/div><\/a><a data-networks=\"[]\" class=\"social-sharing-button sharer-flat sharer-flat-4 counter-standard without-counter twitter\" target=\"_blank\" title=\"Twitter\" href=\"https:\/\/twitter.com\/share?url=https%3A%2F%2Fwww.heimatverein-delligsen.de%2F%3Fpage_id%3D9&text=Wandergruppe\" data-main-href=\"https:\/\/twitter.com\/share?url={url}&text={title}\" data-nid=\"2\" data-name=\"\" data-pid=\"2\" data-post-id=\"9\" data-url=\"https:\/\/www.heimatverein-delligsen.de\/hvd20\/wp-admin\/admin-ajax.php\" rel=\"nofollow\" data-mailto=\"\"><i class=\"fa-ssbs fa-ssbs-fw fa-ssbs-twitter\"><\/i><div class=\"counter-wrap standard\"><span class=\"counter\">0<\/span><\/div><\/a><a data-networks=\"[]\" class=\"social-sharing-button sharer-flat sharer-flat-4 counter-standard without-counter googleplus\" target=\"_blank\" title=\"Google+\" href=\"https:\/\/plus.google.com\/share?url=https%3A%2F%2Fwww.heimatverein-delligsen.de%2F%3Fpage_id%3D9\" data-main-href=\"https:\/\/plus.google.com\/share?url={url}\" data-nid=\"3\" data-name=\"\" data-pid=\"2\" data-post-id=\"9\" data-url=\"https:\/\/www.heimatverein-delligsen.de\/hvd20\/wp-admin\/admin-ajax.php\" rel=\"nofollow\" data-mailto=\"\"><i class=\"fa-ssbs fa-ssbs-fw fa-ssbs-google-plus\"><\/i><div class=\"counter-wrap standard\"><span class=\"counter\">0<\/span><\/div><\/a><a data-networks=\"[]\" class=\"social-sharing-button sharer-flat sharer-flat-4 counter-standard without-counter mail\" target=\"_blank\" title=\"Mail\" href=\"#\" data-main-href=\"#\" data-nid=\"16\" data-name=\"\" data-pid=\"2\" data-post-id=\"9\" data-url=\"https:\/\/www.heimatverein-delligsen.de\/hvd20\/wp-admin\/admin-ajax.php\" rel=\"nofollow\" data-mailto=\"\"><i class=\"fa-ssbs fa-ssbs-fw fa-ssbs-envelope-o\"><\/i><div class=\"counter-wrap standard\"><span class=\"counter\">2<\/span><\/div><\/a><\/div><p>54120Die Wandergruppe wurde am 7. Juni 1976 ins Leben gerufen. Zum heutigen Zeitpunkt z\u00e4hlt sie rund 40 Mitglieder unter der<\/p>\n<div data-animation=\"no-animation\" data-icons-animation=\"wobble\" data-overlay=\"\" data-change-size=\"\" data-button-size=\"1\" style=\"font-size:1em!important;display:none;\" class=\"supsystic-social-sharing supsystic-social-sharing-package-flat supsystic-social-sharing-hide-on-homepage supsystic-social-sharing-hide-on-mobile supsystic-social-sharing-spacing supsystic-social-sharing-content supsystic-social-sharing-content-align-right\" data-text=\"\"><a data-networks=\"[]\" class=\"social-sharing-button sharer-flat sharer-flat-4 counter-standard without-counter facebook\" target=\"_blank\" title=\"Facebook\" href=\"http:\/\/www.facebook.com\/sharer.php?u=https%3A%2F%2Fwww.heimatverein-delligsen.de%2F%3Fpage_id%3D9\" data-main-href=\"http:\/\/www.facebook.com\/sharer.php?u={url}\" data-nid=\"1\" data-name=\"\" data-pid=\"1\" data-post-id=\"9\" data-url=\"https:\/\/www.heimatverein-delligsen.de\/hvd20\/wp-admin\/admin-ajax.php\" rel=\"nofollow\" data-mailto=\"\"><i class=\"fa-ssbs fa-ssbs-fw fa-ssbs-facebook\"><\/i><div class=\"counter-wrap standard\"><span class=\"counter\">5<\/span><\/div><\/a><a data-networks=\"[]\" class=\"social-sharing-button sharer-flat sharer-flat-4 counter-standard without-counter twitter\" target=\"_blank\" title=\"Twitter\" href=\"https:\/\/twitter.com\/share?url=https%3A%2F%2Fwww.heimatverein-delligsen.de%2F%3Fpage_id%3D9&text=Wandergruppe\" data-main-href=\"https:\/\/twitter.com\/share?url={url}&text={title}\" data-nid=\"2\" data-name=\"\" data-pid=\"1\" data-post-id=\"9\" data-url=\"https:\/\/www.heimatverein-delligsen.de\/hvd20\/wp-admin\/admin-ajax.php\" rel=\"nofollow\" data-mailto=\"\"><i class=\"fa-ssbs fa-ssbs-fw fa-ssbs-twitter\"><\/i><div class=\"counter-wrap standard\"><span class=\"counter\">4<\/span><\/div><\/a><a data-networks=\"[]\" class=\"social-sharing-button sharer-flat sharer-flat-4 counter-standard without-counter googleplus\" target=\"_blank\" title=\"Google+\" href=\"https:\/\/plus.google.com\/share?url=https%3A%2F%2Fwww.heimatverein-delligsen.de%2F%3Fpage_id%3D9\" data-main-href=\"https:\/\/plus.google.com\/share?url={url}\" data-nid=\"3\" data-name=\"\" data-pid=\"1\" data-post-id=\"9\" data-url=\"https:\/\/www.heimatverein-delligsen.de\/hvd20\/wp-admin\/admin-ajax.php\" rel=\"nofollow\" data-mailto=\"\"><i class=\"fa-ssbs fa-ssbs-fw fa-ssbs-google-plus\"><\/i><div class=\"counter-wrap standard\"><span class=\"counter\">1<\/span><\/div><\/a><a data-networks=\"[]\" class=\"social-sharing-button sharer-flat sharer-flat-4 counter-standard without-counter mail\" target=\"_blank\" title=\"Mail\" href=\"#\" data-main-href=\"#\" data-nid=\"16\" data-name=\"\" data-pid=\"1\" data-post-id=\"9\" data-url=\"https:\/\/www.heimatverein-delligsen.de\/hvd20\/wp-admin\/admin-ajax.php\" rel=\"nofollow\" data-mailto=\"\"><i class=\"fa-ssbs fa-ssbs-fw fa-ssbs-envelope-o\"><\/i><div class=\"counter-wrap standard\"><span class=\"counter\">2<\/span><\/div><\/a><a data-networks=\"[]\" class=\"social-sharing-button sharer-flat sharer-flat-4 counter-standard without-counter print\" target=\"_blank\" title=\"Drucken\" href=\"#\" data-main-href=\"#\" data-nid=\"14\" data-name=\"\" data-pid=\"1\" data-post-id=\"9\" data-url=\"https:\/\/www.heimatverein-delligsen.de\/hvd20\/wp-admin\/admin-ajax.php\" rel=\"nofollow\" data-mailto=\"\"><i class=\"fa-ssbs fa-ssbs-fw fa-ssbs-print\"><\/i><div class=\"counter-wrap standard\"><span class=\"counter\">0<\/span><\/div><\/a><\/div>","protected":false},"author":1,"featured_media":0,"parent":2,"menu_order":0,"comment_status":"closed","ping_status":"open","template":"","meta":{"footnotes":""},"class_list":["post-9","page","type-page","status-publish","hentry"],"_links":{"self":[{"href":"https:\/\/www.heimatverein-delligsen.de\/index.php?rest_route=\/wp\/v2\/pages\/9","targetHints":{"allow":["GET"]}}],"collection":[{"href":"https:\/\/www.heimatverein-delligsen.de\/index.php?rest_route=\/wp\/v2\/pages"}],"about":[{"href":"https:\/\/www.heimatverein-delligsen.de\/index.php?rest_route=\/wp\/v2\/types\/page"}],"author":[{"embeddable":true,"href":"https:\/\/www.heimatverein-delligsen.de\/index.php?rest_route=\/wp\/v2\/users\/1"}],"replies":[{"embeddable":true,"href":"https:\/\/www.heimatverein-delligsen.de\/index.php?rest_route=%2Fwp%2Fv2%2Fcomments&post=9"}],"version-history":[{"count":15,"href":"https:\/\/www.heimatverein-delligsen.de\/index.php?rest_route=\/wp\/v2\/pages\/9\/revisions"}],"predecessor-version":[{"id":9355,"href":"https:\/\/www.heimatverein-delligsen.de\/index.php?rest_route=\/wp\/v2\/pages\/9\/revisions\/9355"}],"up":[{"embeddable":true,"href":"https:\/\/www.heimatverein-delligsen.de\/index.php?rest_route=\/wp\/v2\/pages\/2"}],"wp:attachment":[{"href":"https:\/\/www.heimatverein-delligsen.de\/index.php?rest_route=%2Fwp%2Fv2%2Fmedia&parent=9"}],"curies":[{"name":"wp","href":"https:\/\/api.w.org\/{rel}","templated":true}]}}